{"id":633,"date":"2019-09-11T18:36:13","date_gmt":"2019-09-11T16:36:13","guid":{"rendered":"http:\/\/ask.almargen.de\/?page_id=633"},"modified":"2019-12-01T15:37:18","modified_gmt":"2019-12-01T14:37:18","slug":"sitemap","status":"publish","type":"page","link":"https:\/\/kolko.net\/askonline\/sitemap","title":{"rendered":"Sitemap"},"content":{"rendered":"<p>[et_pb_section fb_built=&#8220;1&#8243; admin_label=&#8220;Header&#8220; _builder_version=&#8220;3.27.4&#8243; use_background_color_gradient=&#8220;on&#8220; background_color_gradient_start=&#8220;rgba(165,206,199,0.6)&#8220; background_color_gradient_end=&#8220;#151f33&#8243; background_color_gradient_type=&#8220;radial&#8220; background_color_gradient_overlays_image=&#8220;on&#8220; background_enable_image=&#8220;off&#8220; custom_padding=&#8220;0vw||0||false|false&#8220; locked=&#8220;off&#8220; background_color_gradient_start__hover=&#8220;#2b87da&#8220; background_color_gradient_start__hover_enabled=&#8220;#2b87da&#8220; background_color_gradient_end__hover=&#8220;#29c4a9&#8243; background_color_gradient_end__hover_enabled=&#8220;#29c4a9&#8243; use_background_color_gradient__hover=&#8220;off&#8220; use_background_color_gradient__hover_enabled=&#8220;off&#8220; background_color_gradient_type__hover=&#8220;linear&#8220; background_color_gradient_type__hover_enabled=&#8220;linear&#8220; background_color_gradient_direction__hover=&#8220;180deg&#8220; background_color_gradient_direction__hover_enabled=&#8220;180deg&#8220; background_color_gradient_direction_radial__hover=&#8220;center&#8220; background_color_gradient_direction_radial__hover_enabled=&#8220;center&#8220; background_color_gradient_start_position__hover=&#8220;0%&#8220; background_color_gradient_start_position__hover_enabled=&#8220;0%&#8220; background_color_gradient_end_position__hover=&#8220;100%&#8220; background_color_gradient_end_position__hover_enabled=&#8220;100%&#8220; background_color_gradient_overlays_image__hover=&#8220;off&#8220; background_color_gradient_overlays_image__hover_enabled=&#8220;off&#8220;][et_pb_row _builder_version=&#8220;3.27.4&#8243; max_width=&#8220;80%&#8220; use_custom_width=&#8220;on&#8220; width_unit=&#8220;off&#8220; custom_width_px__hover=&#8220;1080px&#8220; custom_width_px__hover_enabled=&#8220;1080px&#8220; custom_width_percent__hover=&#8220;80%&#8220; custom_width_percent__hover_enabled=&#8220;80%&#8220; gutter_width__hover=&#8220;3&#8243; gutter_width__hover_enabled=&#8220;3&#8243; parallax_1__hover=&#8220;off&#8220; parallax_1__hover_enabled=&#8220;off&#8220; parallax_2__hover=&#8220;off&#8220; parallax_2__hover_enabled=&#8220;off&#8220; parallax_3__hover=&#8220;off&#8220; parallax_3__hover_enabled=&#8220;off&#8220; parallax_4__hover=&#8220;off&#8220; parallax_4__hover_enabled=&#8220;off&#8220; parallax_5__hover=&#8220;off&#8220; parallax_5__hover_enabled=&#8220;off&#8220; parallax_6__hover=&#8220;off&#8220; parallax_6__hover_enabled=&#8220;off&#8220; parallax_method_1__hover=&#8220;on&#8220; parallax_method_1__hover_enabled=&#8220;on&#8220; parallax_method_2__hover=&#8220;on&#8220; parallax_method_2__hover_enabled=&#8220;on&#8220; parallax_method_3__hover=&#8220;on&#8220; parallax_method_3__hover_enabled=&#8220;on&#8220; parallax_method_4__hover=&#8220;on&#8220; parallax_method_4__hover_enabled=&#8220;on&#8220; parallax_method_5__hover=&#8220;on&#8220; parallax_method_5__hover_enabled=&#8220;on&#8220; parallax_method_6__hover=&#8220;on&#8220; parallax_method_6__hover_enabled=&#8220;on&#8220; use_background_color_gradient__hover=&#8220;off&#8220; use_background_color_gradient__hover_enabled=&#8220;off&#8220; background_color_gradient_start__hover=&#8220;#2b87da&#8220; background_color_gradient_start__hover_enabled=&#8220;#2b87da&#8220; background_color_gradient_end__hover=&#8220;#29c4a9&#8243; background_color_gradient_end__hover_enabled=&#8220;#29c4a9&#8243; background_color_gradient_type__hover=&#8220;linear&#8220; background_color_gradient_type__hover_enabled=&#8220;linear&#8220; background_color_gradient_direction__hover=&#8220;180deg&#8220; background_color_gradient_direction__hover_enabled=&#8220;180deg&#8220; background_color_gradient_direction_radial__hover=&#8220;center&#8220; background_color_gradient_direction_radial__hover_enabled=&#8220;center&#8220; background_color_gradient_start_position__hover=&#8220;0%&#8220; background_color_gradient_start_position__hover_enabled=&#8220;0%&#8220; background_color_gradient_end_position__hover=&#8220;100%&#8220; background_color_gradient_end_position__hover_enabled=&#8220;100%&#8220; background_color_gradient_overlays_image__hover=&#8220;off&#8220; background_color_gradient_overlays_image__hover_enabled=&#8220;off&#8220; parallax__hover=&#8220;off&#8220; parallax__hover_enabled=&#8220;off&#8220; parallax_method__hover=&#8220;on&#8220; parallax_method__hover_enabled=&#8220;on&#8220; background_size__hover=&#8220;cover&#8220; background_size__hover_enabled=&#8220;cover&#8220; background_position__hover=&#8220;center&#8220; background_position__hover_enabled=&#8220;center&#8220; background_repeat__hover=&#8220;no-repeat&#8220; background_repeat__hover_enabled=&#8220;no-repeat&#8220; background_blend__hover=&#8220;normal&#8220; background_blend__hover_enabled=&#8220;normal&#8220; allow_player_pause__hover=&#8220;off&#8220; allow_player_pause__hover_enabled=&#8220;off&#8220; background_video_pause_outside_viewport__hover=&#8220;on&#8220; background_video_pause_outside_viewport__hover_enabled=&#8220;on&#8220; make_fullwidth__hover=&#8220;off&#8220; make_fullwidth__hover_enabled=&#8220;off&#8220; use_custom_width__hover=&#8220;off&#8220; use_custom_width__hover_enabled=&#8220;off&#8220; width_unit__hover=&#8220;on&#8220; width_unit__hover_enabled=&#8220;on&#8220; use_custom_gutter__hover=&#8220;off&#8220; use_custom_gutter__hover_enabled=&#8220;off&#8220; make_equal__hover=&#8220;off&#8220; make_equal__hover_enabled=&#8220;off&#8220; border_radii__hover=&#8220;on||||&#8220; border_radii__hover_enabled=&#8220;on||||&#8220; box_shadow_style__hover=&#8220;none&#8220; box_shadow_style__hover_enabled=&#8220;none&#8220; box_shadow_color__hover=&#8220;rgba(0,0,0,0.3)&#8220; box_shadow_color__hover_enabled=&#8220;rgba(0,0,0,0.3)&#8220; filter_hue_rotate__hover=&#8220;0deg&#8220; filter_hue_rotate__hover_enabled=&#8220;0deg&#8220; filter_saturate__hover=&#8220;100%&#8220; filter_saturate__hover_enabled=&#8220;100%&#8220; filter_brightness__hover=&#8220;100%&#8220; filter_brightness__hover_enabled=&#8220;100%&#8220; filter_contrast__hover=&#8220;100%&#8220; filter_contrast__hover_enabled=&#8220;100%&#8220; filter_invert__hover=&#8220;0%&#8220; filter_invert__hover_enabled=&#8220;0%&#8220; filter_sepia__hover=&#8220;0%&#8220; filter_sepia__hover_enabled=&#8220;0%&#8220; filter_opacity__hover=&#8220;100%&#8220; filter_opacity__hover_enabled=&#8220;100%&#8220; filter_blur__hover=&#8220;0px&#8220; filter_blur__hover_enabled=&#8220;0px&#8220; mix_blend_mode__hover=&#8220;normal&#8220; mix_blend_mode__hover_enabled=&#8220;normal&#8220; animation_style__hover=&#8220;none&#8220; animation_style__hover_enabled=&#8220;none&#8220; animation_repeat__hover=&#8220;once&#8220; animation_repeat__hover_enabled=&#8220;once&#8220; animation_direction__hover=&#8220;center&#8220; animation_direction__hover_enabled=&#8220;center&#8220; animation_duration__hover=&#8220;1000ms&#8220; animation_duration__hover_enabled=&#8220;1000ms&#8220; animation_delay__hover=&#8220;0ms&#8220; animation_delay__hover_enabled=&#8220;0ms&#8220; animation_intensity_slide__hover=&#8220;50%&#8220; animation_intensity_slide__hover_enabled=&#8220;50%&#8220; animation_intensity_zoom__hover=&#8220;50%&#8220; animation_intensity_zoom__hover_enabled=&#8220;50%&#8220; animation_intensity_flip__hover=&#8220;50%&#8220; animation_intensity_flip__hover_enabled=&#8220;50%&#8220; animation_intensity_fold__hover=&#8220;50%&#8220; animation_intensity_fold__hover_enabled=&#8220;50%&#8220; animation_intensity_roll__hover=&#8220;50%&#8220; animation_intensity_roll__hover_enabled=&#8220;50%&#8220; animation_starting_opacity__hover=&#8220;0%&#8220; animation_starting_opacity__hover_enabled=&#8220;0%&#8220; animation_speed_curve__hover=&#8220;ease-in-out&#8220; animation_speed_curve__hover_enabled=&#8220;ease-in-out&#8220; hover_transition_duration__hover=&#8220;300ms&#8220; hover_transition_duration__hover_enabled=&#8220;300ms&#8220; hover_transition_delay__hover=&#8220;0ms&#8220; hover_transition_delay__hover_enabled=&#8220;0ms&#8220; hover_transition_speed_curve__hover=&#8220;ease&#8220; hover_transition_speed_curve__hover_enabled=&#8220;ease&#8220; width__hover=&#8220;80%&#8220; width__hover_enabled=&#8220;80%&#8220; max_width__hover=&#8220;80%&#8220; max_width__hover_enabled=&#8220;80%&#8220;][et_pb_column type=&#8220;4_4&#8243; _builder_version=&#8220;3.27.4&#8243; custom_padding=&#8220;|||&#8220; custom_padding__hover=&#8220;|||&#8220;][et_pb_text content_tablet=&#8220;<\/p>\n<h1>Sitemap<\/h1>\n<p>&#8220; content_phone=&#8220;<\/p>\n<h1>Sitemap<\/h1>\n<p>&#8220; content_last_edited=&#8220;on|phone&#8220; _builder_version=&#8220;4.0.7&#8243; text_font=&#8220;||||||||&#8220; text_line_height=&#8220;2em&#8220; header_font=&#8220;Noto Serif||||||||&#8220; header_text_color=&#8220;#ffffff&#8220; header_font_size=&#8220;5vw&#8220; header_line_height=&#8220;1.2em&#8220; header_2_font=&#8220;||||||||&#8220; header_5_font=&#8220;||||||||&#8220; header_6_font=&#8220;Source Sans Pro|||on|||||&#8220; header_6_font_size=&#8220;24px&#8220; header_6_letter_spacing=&#8220;8px&#8220; header_6_line_height=&#8220;1.8em&#8220; text_orientation=&#8220;center&#8220; background_layout=&#8220;dark&#8220; max_width=&#8220;80%&#8220; max_width_tablet=&#8220;&#8220; max_width_phone=&#8220;&#8220; max_width_last_edited=&#8220;on|tablet&#8220; module_alignment=&#8220;center&#8220; custom_margin=&#8220;||-27px|||&#8220; custom_padding=&#8220;||26px|||&#8220; animation_style=&#8220;slide&#8220; animation_intensity_slide=&#8220;4%&#8220; hover_enabled=&#8220;0&#8243; header_font_size_tablet=&#8220;&#8220; header_font_size_phone=&#8220;36px&#8220; header_font_size_last_edited=&#8220;on|phone&#8220; header_text_shadow_style=&#8220;preset3&#8243; header_text_shadow_blur_strength=&#8220;0.8em&#8220; header_text_shadow_color=&#8220;rgba(0,17,51,0.55)&#8220; text_font_size__hover=&#8220;14px&#8220; text_font_size__hover_enabled=&#8220;14px&#8220; text_letter_spacing__hover=&#8220;0px&#8220; text_letter_spacing__hover_enabled=&#8220;0px&#8220; text_line_height__hover=&#8220;1.7em&#8220; text_line_height__hover_enabled=&#8220;1.7em&#8220; text_text_shadow_style__hover=&#8220;none&#8220; text_text_shadow_style__hover_enabled=&#8220;none&#8220; text_text_shadow_color__hover=&#8220;rgba(0,0,0,0.4)&#8220; text_text_shadow_color__hover_enabled=&#8220;rgba(0,0,0,0.4)&#8220; link_font_size__hover=&#8220;14px&#8220; link_font_size__hover_enabled=&#8220;14px&#8220; link_letter_spacing__hover=&#8220;0px&#8220; link_letter_spacing__hover_enabled=&#8220;0px&#8220; link_line_height__hover=&#8220;1em&#8220; link_line_height__hover_enabled=&#8220;1em&#8220; link_text_shadow_style__hover=&#8220;none&#8220; link_text_shadow_style__hover_enabled=&#8220;none&#8220; link_text_shadow_color__hover=&#8220;rgba(0,0,0,0.4)&#8220; link_text_shadow_color__hover_enabled=&#8220;rgba(0,0,0,0.4)&#8220; ul_font_size__hover=&#8220;14px&#8220; ul_font_size__hover_enabled=&#8220;14px&#8220; ul_letter_spacing__hover=&#8220;0px&#8220; ul_letter_spacing__hover_enabled=&#8220;0px&#8220; ul_line_height__hover=&#8220;1em&#8220; ul_line_height__hover_enabled=&#8220;1em&#8220; ul_text_shadow_style__hover=&#8220;none&#8220; ul_text_shadow_style__hover_enabled=&#8220;none&#8220; ul_text_shadow_color__hover=&#8220;rgba(0,0,0,0.4)&#8220; ul_text_shadow_color__hover_enabled=&#8220;rgba(0,0,0,0.4)&#8220; ol_font_size__hover=&#8220;14px&#8220; ol_font_size__hover_enabled=&#8220;14px&#8220; ol_letter_spacing__hover=&#8220;0px&#8220; ol_letter_spacing__hover_enabled=&#8220;0px&#8220; ol_line_height__hover=&#8220;1em&#8220; ol_line_height__hover_enabled=&#8220;1em&#8220; ol_text_shadow_style__hover=&#8220;none&#8220; ol_text_shadow_style__hover_enabled=&#8220;none&#8220; ol_text_shadow_color__hover=&#8220;rgba(0,0,0,0.4)&#8220; ol_text_shadow_color__hover_enabled=&#8220;rgba(0,0,0,0.4)&#8220; quote_font_size__hover=&#8220;14px&#8220; quote_font_size__hover_enabled=&#8220;14px&#8220; quote_letter_spacing__hover=&#8220;0px&#8220; quote_letter_spacing__hover_enabled=&#8220;0px&#8220; quote_line_height__hover=&#8220;1em&#8220; quote_line_height__hover_enabled=&#8220;1em&#8220; quote_text_shadow_style__hover=&#8220;none&#8220; quote_text_shadow_style__hover_enabled=&#8220;none&#8220; quote_text_shadow_color__hover=&#8220;rgba(0,0,0,0.4)&#8220; quote_text_shadow_color__hover_enabled=&#8220;rgba(0,0,0,0.4)&#8220; text_orientation__hover=&#8220;left&#8220; text_orientation__hover_enabled=&#8220;left&#8220; background_layout__hover=&#8220;light&#8220; background_layout__hover_enabled=&#8220;light&#8220;]<\/p>\n<h1>Sitemap<\/h1>\n<p>[\/et_pb_text][\/et_pb_column][\/et_pb_row][\/et_pb_section][et_pb_section fb_built=&#8220;1&#8243; custom_padding_last_edited=&#8220;on|tablet&#8220; admin_label=&#8220;Campaign&#8220; _builder_version=&#8220;3.27.4&#8243; min_height=&#8220;1028px&#8220; custom_margin=&#8220;||26px||false|false&#8220; custom_padding=&#8220;||||false|false&#8220; custom_padding_tablet=&#8220;|10vw||10vw||true&#8220; custom_padding_phone=&#8220;&#8220; custom_width_px__hover=&#8220;1080px&#8220; custom_width_px__hover_enabled=&#8220;1080px&#8220; custom_width_percent__hover=&#8220;80%&#8220; custom_width_percent__hover_enabled=&#8220;80%&#8220; locked=&#8220;off&#8220; parallax_1__hover=&#8220;off&#8220; parallax_1__hover_enabled=&#8220;off&#8220; parallax_2__hover=&#8220;off&#8220; parallax_2__hover_enabled=&#8220;off&#8220; parallax_3__hover=&#8220;off&#8220; parallax_3__hover_enabled=&#8220;off&#8220; parallax_method_1__hover=&#8220;on&#8220; parallax_method_1__hover_enabled=&#8220;on&#8220; parallax_method_2__hover=&#8220;on&#8220; parallax_method_2__hover_enabled=&#8220;on&#8220; parallax_method_3__hover=&#8220;on&#8220; parallax_method_3__hover_enabled=&#8220;on&#8220; use_background_color_gradient__hover=&#8220;off&#8220; use_background_color_gradient__hover_enabled=&#8220;off&#8220; background_color_gradient_start__hover=&#8220;#2b87da&#8220; background_color_gradient_start__hover_enabled=&#8220;#2b87da&#8220; background_color_gradient_end__hover=&#8220;#29c4a9&#8243; background_color_gradient_end__hover_enabled=&#8220;#29c4a9&#8243; background_color_gradient_type__hover=&#8220;linear&#8220; background_color_gradient_type__hover_enabled=&#8220;linear&#8220; background_color_gradient_direction__hover=&#8220;180deg&#8220; background_color_gradient_direction__hover_enabled=&#8220;180deg&#8220; background_color_gradient_direction_radial__hover=&#8220;center&#8220; background_color_gradient_direction_radial__hover_enabled=&#8220;center&#8220; background_color_gradient_start_position__hover=&#8220;0%&#8220; background_color_gradient_start_position__hover_enabled=&#8220;0%&#8220; background_color_gradient_end_position__hover=&#8220;100%&#8220; background_color_gradient_end_position__hover_enabled=&#8220;100%&#8220; background_color_gradient_overlays_image__hover=&#8220;off&#8220; background_color_gradient_overlays_image__hover_enabled=&#8220;off&#8220; parallax__hover=&#8220;off&#8220; parallax__hover_enabled=&#8220;off&#8220; parallax_method__hover=&#8220;on&#8220; parallax_method__hover_enabled=&#8220;on&#8220; background_size__hover=&#8220;cover&#8220; background_size__hover_enabled=&#8220;cover&#8220; background_position__hover=&#8220;center&#8220; background_position__hover_enabled=&#8220;center&#8220; background_repeat__hover=&#8220;no-repeat&#8220; background_repeat__hover_enabled=&#8220;no-repeat&#8220; background_blend__hover=&#8220;normal&#8220; background_blend__hover_enabled=&#8220;normal&#8220; allow_player_pause__hover=&#8220;off&#8220; allow_player_pause__hover_enabled=&#8220;off&#8220; background_video_pause_outside_viewport__hover=&#8220;on&#8220; background_video_pause_outside_viewport__hover_enabled=&#8220;on&#8220; inner_shadow__hover=&#8220;off&#8220; inner_shadow__hover_enabled=&#8220;off&#8220; make_fullwidth__hover=&#8220;off&#8220; make_fullwidth__hover_enabled=&#8220;off&#8220; use_custom_width__hover=&#8220;off&#8220; use_custom_width__hover_enabled=&#8220;off&#8220; width_unit__hover=&#8220;on&#8220; width_unit__hover_enabled=&#8220;on&#8220; make_equal__hover=&#8220;off&#8220; make_equal__hover_enabled=&#8220;off&#8220; use_custom_gutter__hover=&#8220;off&#8220; use_custom_gutter__hover_enabled=&#8220;off&#8220; border_radii__hover=&#8220;on||||&#8220; border_radii__hover_enabled=&#8220;on||||&#8220; box_shadow_style__hover=&#8220;none&#8220; box_shadow_style__hover_enabled=&#8220;none&#8220; box_shadow_color__hover=&#8220;rgba(0,0,0,0.3)&#8220; box_shadow_color__hover_enabled=&#8220;rgba(0,0,0,0.3)&#8220; max_width__hover=&#8220;100%&#8220; max_width__hover_enabled=&#8220;100%&#8220; filter_hue_rotate__hover=&#8220;0deg&#8220; filter_hue_rotate__hover_enabled=&#8220;0deg&#8220; filter_saturate__hover=&#8220;100%&#8220; filter_saturate__hover_enabled=&#8220;100%&#8220; filter_brightness__hover=&#8220;100%&#8220; filter_brightness__hover_enabled=&#8220;100%&#8220; filter_contrast__hover=&#8220;100%&#8220; filter_contrast__hover_enabled=&#8220;100%&#8220; filter_invert__hover=&#8220;0%&#8220; filter_invert__hover_enabled=&#8220;0%&#8220; filter_sepia__hover=&#8220;0%&#8220; filter_sepia__hover_enabled=&#8220;0%&#8220; filter_opacity__hover=&#8220;100%&#8220; filter_opacity__hover_enabled=&#8220;100%&#8220; filter_blur__hover=&#8220;0px&#8220; filter_blur__hover_enabled=&#8220;0px&#8220; mix_blend_mode__hover=&#8220;normal&#8220; mix_blend_mode__hover_enabled=&#8220;normal&#8220; animation_style__hover=&#8220;none&#8220; animation_style__hover_enabled=&#8220;none&#8220; animation_repeat__hover=&#8220;once&#8220; animation_repeat__hover_enabled=&#8220;once&#8220; animation_direction__hover=&#8220;center&#8220; animation_direction__hover_enabled=&#8220;center&#8220; animation_duration__hover=&#8220;1000ms&#8220; animation_duration__hover_enabled=&#8220;1000ms&#8220; animation_delay__hover=&#8220;0ms&#8220; animation_delay__hover_enabled=&#8220;0ms&#8220; animation_intensity_slide__hover=&#8220;50%&#8220; animation_intensity_slide__hover_enabled=&#8220;50%&#8220; animation_intensity_zoom__hover=&#8220;50%&#8220; animation_intensity_zoom__hover_enabled=&#8220;50%&#8220; animation_intensity_flip__hover=&#8220;50%&#8220; animation_intensity_flip__hover_enabled=&#8220;50%&#8220; animation_intensity_fold__hover=&#8220;50%&#8220; animation_intensity_fold__hover_enabled=&#8220;50%&#8220; animation_intensity_roll__hover=&#8220;50%&#8220; animation_intensity_roll__hover_enabled=&#8220;50%&#8220; animation_starting_opacity__hover=&#8220;0%&#8220; animation_starting_opacity__hover_enabled=&#8220;0%&#8220; animation_speed_curve__hover=&#8220;ease-in-out&#8220; animation_speed_curve__hover_enabled=&#8220;ease-in-out&#8220; hover_transition_duration__hover=&#8220;300ms&#8220; hover_transition_duration__hover_enabled=&#8220;300ms&#8220; hover_transition_delay__hover=&#8220;0ms&#8220; hover_transition_delay__hover_enabled=&#8220;0ms&#8220; hover_transition_speed_curve__hover=&#8220;ease&#8220; hover_transition_speed_curve__hover_enabled=&#8220;ease&#8220;][et_pb_row column_structure=&#8220;1_2,1_2&#8243; _builder_version=&#8220;3.27.4&#8243; custom_padding=&#8220;26px|||||&#8220;][et_pb_column type=&#8220;1_2&#8243; _builder_version=&#8220;3.27.4&#8243;][et_pb_text _builder_version=&#8220;3.27.4&#8243; header_3_font=&#8220;|600|||||||&#8220; header_3_line_height=&#8220;2em&#8220;]<\/p>\n<div id=\"simple-sitemap-container-69f1e9924c1d7\" class=\"simple-sitemap-container simple-sitemap-container-69f1e9924c1d7 tab-disabled\"><div class=\"simple-sitemap-wrap\"><h3 class=\"post-type\">Seiten<\/h3><ul class=\"simple-sitemap-page main\"><li class=\"sitemap-item page_item page-item-3\"><a href=\"https:\/\/kolko.net\/askonline\/datenschutzerklaerung\">Datenschutzerkl\u00e4rung<\/a><\/li>\n<li class=\"sitemap-item page_item page-item-3979\"><a href=\"https:\/\/kolko.net\/askonline\/impressum\">Impressum<\/a><\/li>\n<li class=\"sitemap-item page_item page-item-19\"><a href=\"https:\/\/kolko.net\/askonline\/kontakt\">Kontakt<\/a><\/li>\n<li class=\"sitemap-item page_item page-item-3977\"><a href=\"https:\/\/kolko.net\/askonline\/newsletter\">Newsletter<\/a><\/li>\n<li class=\"sitemap-item page_item page-item-633\"><a href=\"https:\/\/kolko.net\/askonline\/sitemap\">Sitemap<\/a><\/li>\n<li class=\"sitemap-item page_item page-item-37\"><a href=\"https:\/\/kolko.net\/askonline\/\">Startseite<\/a><\/li>\n<li class=\"sitemap-item page_item page-item-114 page_item_has_children\"><a href=\"https:\/\/kolko.net\/askonline\/themen\">Themen<\/a>\n<ul class='children'>\n\t<li class=\"sitemap-item page_item page-item-5566\"><a href=\"https:\/\/kolko.net\/askonline\/themen\/drogenproblematik\">Drogenproblematik<\/a><\/li>\n\t<li class=\"sitemap-item page_item page-item-403 page_item_has_children\"><a href=\"https:\/\/kolko.net\/askonline\/themen\/frieden\">Frieden<\/a>\n\t<ul class='children'>\n\t\t<li class=\"sitemap-item page_item page-item-4136\"><a href=\"https:\/\/kolko.net\/askonline\/themen\/frieden\/frieden-von-unten\">Frieden von unten<\/a><\/li>\n\t\t<li class=\"sitemap-item page_item page-item-4132\"><a href=\"https:\/\/kolko.net\/askonline\/themen\/frieden\/friedensprozess\">Friedensprozess<\/a><\/li>\n\t\t<li class=\"sitemap-item page_item page-item-4052\"><a href=\"https:\/\/kolko.net\/askonline\/themen\/frieden\/konfliktdynamik\">Konfliktdynamik<\/a><\/li>\n\t\t<li class=\"sitemap-item page_item page-item-4134\"><a href=\"https:\/\/kolko.net\/askonline\/themen\/frieden\/wahrheit-gerechtigkeit\">Wahrheit &amp; Gerechtigkeit<\/a><\/li>\n\t<\/ul>\n<\/li>\n\t<li class=\"sitemap-item page_item page-item-390\"><a href=\"https:\/\/kolko.net\/askonline\/themen\/menschenrechte\">Menschenrechte<\/a><\/li>\n\t<li class=\"sitemap-item page_item page-item-401 page_item_has_children\"><a href=\"https:\/\/kolko.net\/askonline\/themen\/wirtschaft-menschenrechte\">Wirtschaft &amp; Menschenrechte<\/a>\n\t<ul class='children'>\n\t\t<li class=\"sitemap-item page_item page-item-4145\"><a href=\"https:\/\/kolko.net\/askonline\/themen\/wirtschaft-menschenrechte\/laendliche-entwicklung-agrarreform\">L\u00e4ndliche Entwicklung &amp; Agrarreform<\/a><\/li>\n\t\t<li class=\"sitemap-item page_item page-item-4147\"><a href=\"https:\/\/kolko.net\/askonline\/themen\/wirtschaft-menschenrechte\/natuerliche-ressourcen-energie-infrastruktur\">Nat\u00fcrliche Ressourcen, Energie &amp; Infrastruktur<\/a><\/li>\n\t\t<li class=\"sitemap-item page_item page-item-4143 page_item_has_children\"><a href=\"https:\/\/kolko.net\/askonline\/themen\/wirtschaft-menschenrechte\/schweizer-unternehmen\">Schweizer Unternehmen<\/a>\n\t\t<ul class='children'>\n\t\t\t<li class=\"sitemap-item page_item page-item-4153\"><a href=\"https:\/\/kolko.net\/askonline\/themen\/wirtschaft-menschenrechte\/schweizer-unternehmen\/dienstleistungen\">Dienstleistungen<\/a><\/li>\n\t\t\t<li class=\"sitemap-item page_item page-item-4151\"><a href=\"https:\/\/kolko.net\/askonline\/themen\/wirtschaft-menschenrechte\/schweizer-unternehmen\/lebensmittel-gesundheit-agrarsektor\">Lebensmittel, Gesundheit &amp; Agrarsektor<\/a><\/li>\n\t\t\t<li class=\"sitemap-item page_item page-item-4149\"><a href=\"https:\/\/kolko.net\/askonline\/themen\/wirtschaft-menschenrechte\/schweizer-unternehmen\/rohstoffe-infrastruktur\">Rohstoffe &amp; Infrastruktur<\/a><\/li>\n\t\t<\/ul>\n<\/li>\n\t\t<li class=\"sitemap-item page_item page-item-4141\"><a href=\"https:\/\/kolko.net\/askonline\/themen\/wirtschaft-menschenrechte\/unternehmensverantwortung-wirtschaftspolitik\">Unternehmensverantwortung &amp; Wirtschaftspolitik<\/a><\/li>\n\t<\/ul>\n<\/li>\n<\/ul>\n<\/li>\n<li class=\"sitemap-item page_item page-item-118\"><a href=\"https:\/\/kolko.net\/askonline\/ueber-uns\">\u00dcber Uns<\/a><\/li>\n<li class=\"sitemap-item page_item page-item-4482\"><a href=\"https:\/\/kolko.net\/askonline\/ueber-kolumbien\/ein-kurzer-blick-zurueck\">Ein kurzer Blick zur\u00fcck<\/a><\/li>\n<\/ul><\/div><\/div><br style=\"clear: both;\">\n<p>[\/et_pb_text][et_pb_divider _builder_version=&#8220;3.27.4&#8243; custom_margin=&#8220;-47px|||||&#8220;][\/et_pb_divider][\/et_pb_column][et_pb_column type=&#8220;1_2&#8243; _builder_version=&#8220;3.27.4&#8243;][et_pb_text _builder_version=&#8220;3.27.4&#8243; header_3_font=&#8220;|600|||||||&#8220; header_3_line_height=&#8220;2em&#8220;]<\/p>\n<div id=\"simple-sitemap-container-69f1e9925022d\" class=\"simple-sitemap-container simple-sitemap-container-69f1e9925022d\"><h3 class=\"post-type\">Beitr\u00e4ge<\/h3><div class=\"simple-sitemap-wrap allgemein\"><h3 class=\"term-tag\">Allgemein<\/h3><ul class=\"simple-sitemap-post main\"><li class=\"sitemap-item\"><a href=\"https:\/\/kolko.net\/askonline\/allgemein\/globale-drogenkommission-veroeffentlicht-bericht-zu-kolumbien-und-empfiehlt-die-regulierung-von-koka-und-kokain\"><em>Globale Drogenkommission ver\u00f6ffentlicht Bericht zu Kolumbien und empfiehlt die Regulierung von Koka und Kokain<\/em><\/a><\/li><li class=\"sitemap-item\"><a href=\"https:\/\/kolko.net\/askonline\/allgemein\/es-wird-von-ueberall-her-geschossen-zunahme-der-gewalt-im-gebiet-der-awa-in-narino\"><strong>\u00ab Es wird von \u00fcberall her geschossen\u00bb &#8211; Zunahme der Gewalt im Gebiet der Aw\u00e1 in Nari\u00f1o<\/strong><\/a><\/li><li class=\"sitemap-item\"><a href=\"https:\/\/kolko.net\/askonline\/allgemein\/cerrejon-als-100-tochter-von-glencore-kaum-fortschritte-in-der-guajira\"><strong>Cerrej\u00f3n als 100%-Tochter von Glencore: Kaum Fortschritte in der Guajira<\/strong><\/a><\/li><li class=\"sitemap-item\"><a href=\"https:\/\/kolko.net\/askonline\/allgemein\/grosse-unsicherheit-im-kohlerevier-des-cesar-wie-weiter-mit-prodeco\"><strong>Grosse Unsicherheit im Kohlerevier des Cesar \u2013 Wie weiter mit Prodeco?<\/strong><\/a><\/li><li class=\"sitemap-item\"><a href=\"https:\/\/kolko.net\/askonline\/allgemein\/rueckzug-der-beschwerde-gegen-glencore-vor-dem-nationalen-kontaktpunkt-fuer-die-oecd-leitsaetze\"><strong>R\u00fcckzug der Beschwerde gegen Glencore vor dem Nationalen Kontaktpunkt f\u00fcr die OECD Leits\u00e4tze<\/strong><\/a><\/li><li class=\"sitemap-item\"><a href=\"https:\/\/kolko.net\/askonline\/allgemein\/14-gemeinschaften-des-cesar-fordern-das-kolumbianische-verfassungsgericht-auf-eine-grundrechtsklage-ueber-die-minenschliessung-zu-ueberpruefen\">14 Gemeinschaften des Cesar fordern das kolumbianische Verfassungsgericht auf, eine Grundrechtsklage \u00fcber die Minenschliessung zu \u00fcberpr\u00fcfen<\/a><\/li><li class=\"sitemap-item\"><a href=\"https:\/\/kolko.net\/askonline\/allgemein\/2023-war-ein-schwieriges-jahr-fuer-die-gemeinschaften-im-umfeld-von-prodeco\">2023 war ein schwieriges Jahr f\u00fcr die Gemeinschaften im Umfeld von Prodeco<\/a><\/li><li class=\"sitemap-item\"><a href=\"https:\/\/kolko.net\/askonline\/allgemein\/auch-aktionaerinnen-und-aktionaere-tragen-verantwortung\">Auch Aktion\u00e4rinnen und Aktion\u00e4re tragen Verantwortung<\/a><\/li><li class=\"sitemap-item\"><a href=\"https:\/\/kolko.net\/askonline\/allgemein\/bericht-lecciones-del-aprendiz-autoritarismo-y-desigualdad\">Bericht \u201cLecciones del aprendiz: autoritarismo y desigualdad\u201d<\/a><\/li><li class=\"sitemap-item\"><a href=\"https:\/\/kolko.net\/askonline\/allgemein\/besorgniserregende-zwischenfaelle-gefaehrden-die-sicherheit-der-menschenrechtsverteidigerinnen-von-colemad-und-von-deren-familienangehoerigen\">Besorgniserregende Zwischenf\u00e4lle gef\u00e4hrden die Sicherheit der Menschenrechtsverteidigerinnen von COLEMAD und von deren Familienangeh\u00f6rigen<\/a><\/li><li class=\"sitemap-item\"><a href=\"https:\/\/kolko.net\/askonline\/allgemein\/communique-des-tisches-fuer-eine-gerechte-transition-und-territoriale-verteidigung-wegen-drohungen\">Communiqu\u00e9 des Tisches f\u00fcr eine gerechte Transition und territoriale Verteidigung  wegen Drohungen<\/a><\/li><li class=\"sitemap-item\"><a href=\"https:\/\/kolko.net\/askonline\/allgemein\/communique-des-uno-sonderberichterstatters-zu-provincial-sorgt-fuer-spannungen\">Communiqu\u00e9 des UNO-Sonderberichterstatters zu Provincial sorgt f\u00fcr Spannungen<\/a><\/li><li class=\"sitemap-item\"><a href=\"https:\/\/kolko.net\/askonline\/allgemein\/das-menschenrechtskomitee-der-uno-in-genf-verurteilt-den-kolumbianischen-staat-wegen-der-ermordung-eines-gewerkschafters-bei-coca-cola\">Das Menschenrechtskomitee der UNO in Genf verurteilt den kolumbianischen Staat wegen der Ermordung eines Gewerkschafters bei Coca Cola<\/a><\/li><li class=\"sitemap-item\"><a href=\"https:\/\/kolko.net\/askonline\/allgemein\/das-problem-des-drogenhandels-oder-eine-frage-der-priorisierung\">Das Problem des Drogenhandels \u2013 oder eine Frage der Priorisierung<\/a><\/li><li class=\"sitemap-item\"><a href=\"https:\/\/kolko.net\/askonline\/allgemein\/das-recht-auf-eine-saubere-umwelt-und-auf-wasser-gemeinschaften-im-wiederstand-gegen-cerrejon\">Das Recht auf eine saubere Umwelt und auf Wasser: Gemeinschaften im Wiederstand gegen Cerrej\u00f3n<\/a><\/li><li class=\"sitemap-item\"><a href=\"https:\/\/kolko.net\/askonline\/allgemein\/defendamos-la-paz-breite-bewegung-fuer-den-frieden\">Defendamos la Paz \u2013 Breite Bewegung f\u00fcr den Frieden<\/a><\/li><li class=\"sitemap-item\"><a href=\"https:\/\/kolko.net\/askonline\/allgemein\/der-juristische-kampf-um-den-zukuenftigen-betrieb-der-kohlemine-el-cerrejon-geht-weiter\">Der juristische Kampf um den zuk\u00fcnftigen Betrieb der Kohlemine El Cerrej\u00f3n geht weiter<\/a><\/li><li class=\"sitemap-item\"><a href=\"https:\/\/kolko.net\/askonline\/allgemein\/der-kampf-des-regionalen-indigenenrates-des-cauca-fuer-einigkeit-land-kultur-und-autonomie\">Der Kampf des Regionalen Indigenenrates des Cauca f\u00fcr Einigkeit, Land, Kultur und Autonomie<\/a><\/li><li class=\"sitemap-item\"><a href=\"https:\/\/kolko.net\/askonline\/allgemein\/der-ueberlebenskampf-der-awa-zwischen-pandemie-bewaffnetem-konflikt-und-drohender-wideraufnahme-der-antidrogen-spruehfluege\">Der \u00dcberlebenskampf der Aw\u00e1 zwischen Pandemie, bewaffnetem Konflikt und drohender Wideraufnahme der Antidrogen-Spr\u00fchfl\u00fcge<\/a><\/li><li class=\"sitemap-item\"><a href=\"https:\/\/kolko.net\/askonline\/allgemein\/die-fehlregierung-des-lehrlings-autoritarismus-krieg-und-pandemie\">Die Fehlregierung des Lehrlings: Autoritarismus, Krieg und Pandemie<\/a><\/li><li class=\"sitemap-item\"><a href=\"https:\/\/kolko.net\/askonline\/allgemein\/die-regierung-petro-strebt-eine-grundsaetzliche-neuausrichtung-der-drogenpolitik-an\">Die Regierung Petro strebt eine grunds\u00e4tzliche Neuausrichtung der Drogenpolitik an\u00a0\u00a0<\/a><\/li><li class=\"sitemap-item\"><a href=\"https:\/\/kolko.net\/askonline\/allgemein\/die-unsicherheiten-ueber-die-zukunft-des-kohlesektors-werden-auf-dem-ruecken-der-arbeiter-und-der-gemeinschaften-ausgetragen\">Die Unsicherheiten \u00fcber die Zukunft des Kohlesektors werden auf dem R\u00fccken der Arbeiter und der Gemeinschaften ausgetragen<\/a><\/li><li class=\"sitemap-item\"><a href=\"https:\/\/kolko.net\/askonline\/allgemein\/die-verfassungswidrige-situation-in-der-guajira-haelt-an\">Die verfassungswidrige Situation in der Guajira h\u00e4lt an<\/a><\/li><li class=\"sitemap-item\"><a href=\"https:\/\/kolko.net\/askonline\/allgemein\/die-verhaftung-von-otoniel-verringert-den-drogenhandel-kaum\">Die Verhaftung von Otoniel verringert den Drogenhandel kaum<\/a><\/li><li class=\"sitemap-item\"><a href=\"https:\/\/kolko.net\/askonline\/allgemein\/dorfgemeinschaften-und-zivilgesellschaftliche-organisationen-fordern-vom-neuen-ceo-von-glencore-einen-kurswechsel-in-umwelt-und-menschenrechtsfragen\">Dorfgemeinschaften und Zivilgesellschaftliche Organisationen fordern vom neuen CEO von Glencore einen Kurswechsel in Umwelt-und Menschenrechtsfragen<\/a><\/li><li class=\"sitemap-item\"><a href=\"https:\/\/kolko.net\/askonline\/allgemein\/dreifache-krise-fuer-prodeco-corona-fallende-preise-und-gerichtsurteile\">Dreifache Krise f\u00fcr Prodeco: Corona, fallende Preise und Gerichtsurteile<\/a><\/li><li class=\"sitemap-item\"><a href=\"https:\/\/kolko.net\/askonline\/allgemein\/drogenbekaempfung-wiederaufnahme-der-spruehfluege-mit-glyphosat-weiterhin-umstritten\">Drogenbek\u00e4mpfung: Wiederaufnahme der Spr\u00fchfl\u00fcge mit Glyphosat weiterhin umstritten<\/a><\/li><li class=\"sitemap-item\"><a href=\"https:\/\/kolko.net\/askonline\/allgemein\/droht-bojaya-nach-17-jahren-eine-erneute-humanitaere-tragoedie\">Droht Bojay\u00e1 nach 17 Jahren eine erneute humanit\u00e4re Trag\u00f6die?<\/a><\/li><li class=\"sitemap-item\"><a href=\"https:\/\/kolko.net\/askonline\/allgemein\/e-book-ueber-illegalen-goldabbau-mit-schweren-maschinen-im-choco\">E-Book \u00fcber illegalen Goldabbau mit schweren Maschinen im Choc\u00f3<\/a><\/li><li class=\"sitemap-item\"><a href=\"https:\/\/kolko.net\/askonline\/allgemein\/eingabe-beim-schweizer-nationalen-kontaktpunkt-der-oecd-gegen-glencore\">Eingabe beim Schweizer Nationalen Kontaktpunkt der OECD gegen Glencore<\/a><\/li><li class=\"sitemap-item\"><a href=\"https:\/\/kolko.net\/askonline\/allgemein\/erfolgreiche-proteste-der-ethnischen-gemeinschaften-im-einflussbereich-von-cerrejon\">Erfolgreiche Proteste der ethnischen Gemeinschaften im Einflussbereich von Cerrej\u00f3n \u00a0<\/a><\/li><li class=\"sitemap-item\"><a href=\"https:\/\/kolko.net\/askonline\/allgemein\/erneute-konflikte-um-die-praesenz-von-kleinbauern-und-kleinbaeuerinnen-in-den-nationalparks\">Erneute Konflikte um die Pr\u00e4senz von Kleinbauern und Kleinb\u00e4uerinnen in den Nationalparks<\/a><\/li><li class=\"sitemap-item\"><a href=\"https:\/\/kolko.net\/askonline\/allgemein\/erste-erfolge-der-betroffenen-bevoelkerung-fuer-transparenz-und-mitgestaltung-bei-prodecos-minenschliessung\">Erste Erfolge der betroffenen Bev\u00f6lkerung f\u00fcr Transparenz und Mitgestaltung bei Prodecos Minenschliessung<\/a><\/li><li class=\"sitemap-item\"><a href=\"https:\/\/kolko.net\/askonline\/allgemein\/gemeinschaft-von-canaverales-blockiert-kohletagebau-der-tuerkischen-yildirim-holding-in-der-guajira\">Gemeinschaft von Ca\u00f1averales blockiert Kohletagebau der t\u00fcrkischen Yildirim Holding in der Guajira<\/a><\/li><li class=\"sitemap-item\"><a href=\"https:\/\/kolko.net\/askonline\/allgemein\/gemeinschaften-blockieren-cerrejon-mine-und-protestieren-fuer-ihre-rechte\">Gemeinschaften blockieren Cerrej\u00f3n Mine und protestieren f\u00fcr ihre Rechte<\/a><\/li><li class=\"sitemap-item\"><a href=\"https:\/\/kolko.net\/askonline\/allgemein\/gemeinschaften-im-einflussbereich-von-glencore-prodeco-helft-uns-gehoert-zu-werden-wir-fordern-gerechtigkeit\">Gemeinschaften im Einflussbereich von Glencore Prodeco: HELFT UNS, GEH\u00d6RT ZU WERDEN, WIR FORDERN GERECHTIGKEIT!<\/a><\/li><li class=\"sitemap-item\"><a href=\"https:\/\/kolko.net\/askonline\/allgemein\/glencore-aktionaersversammlung-verbesserung-der-selbstdarstellung\">Glencore Aktion\u00e4rsversammlung: Verbesserung der Selbstdarstellung<\/a><\/li><li class=\"sitemap-item\"><a href=\"https:\/\/kolko.net\/askonline\/allgemein\/glencore-antapaccay-und-die-bevoelkerung-espinars-ein-nicht-endender-konflikt\">Glencore Antapaccay und die Bev\u00f6lkerung Espinars \u2013 ein nicht endender Konflikt<\/a><\/li><li class=\"sitemap-item\"><a href=\"https:\/\/kolko.net\/askonline\/allgemein\/glencore-prodeco-will-die-bergbaukonzessionen-an-den-staat-zurueckgeben-und-sich-aus-kolumbien-zurueckziehen\">Glencore Prodeco will die Bergbaukonzessionen an den Staat zur\u00fcckgeben und sich aus Kolumbien zur\u00fcckziehen<\/a><\/li><li class=\"sitemap-item\"><a href=\"https:\/\/kolko.net\/askonline\/allgemein\/glencores-nachhaltigkeitsbericht-nach-wie-vor-ungenuegend\">Glencores Nachhaltigkeitsbericht nach wie vor ungen\u00fcgend<\/a><\/li><li class=\"sitemap-item\"><a href=\"https:\/\/kolko.net\/askonline\/allgemein\/gravierende-luecken-bei-der-kontrolle-von-edelmetallen\">Gravierende L\u00fccken bei der Kontrolle von Edelmetallen<\/a><\/li><li class=\"sitemap-item\"><a href=\"https:\/\/kolko.net\/askonline\/allgemein\/halbzeit-fuer-die-regierung-duque-schwieriger-friedensaufbau-in-kolumbien\">Halbzeit f\u00fcr die Regierung Duque \u2013 schwieriger Friedensaufbau in Kolumbien<\/a><\/li><li class=\"sitemap-item\"><a href=\"https:\/\/kolko.net\/askonline\/allgemein\/harte-verhandlungen-und-streik-bei-cerrejon\">Harte Verhandlungen und Streik bei Cerrej\u00f3n<\/a><\/li><li class=\"sitemap-item\"><a href=\"https:\/\/kolko.net\/askonline\/allgemein\/hohe-manager-von-drummond-angeklagt-paramilitaers-finanziert-zu-haben\">Hohe Manager von Drummond angeklagt, Paramilit\u00e4rs finanziert zu haben<\/a><\/li><li class=\"sitemap-item\"><a href=\"https:\/\/kolko.net\/askonline\/allgemein\/humanitaere-krise-in-arauca\">Humanit\u00e4re Krise in Arauca<\/a><\/li><li class=\"sitemap-item\"><a href=\"https:\/\/kolko.net\/askonline\/allgemein\/humanitaere-und-menschenrechtliche-krise-in-kolumbien-gefaehrdet-den-friedensprozess\">Humanit\u00e4re und menschenrechtliche Krise in Kolumbien gef\u00e4hrdet den Friedensprozess<\/a><\/li><li class=\"sitemap-item\"><a href=\"https:\/\/kolko.net\/askonline\/allgemein\/interview-mit-yolvi-lena-padilla-sepulveda-und-edisantiago-gutierrez-von-der-wahrheitskommision\">Interview mit Yolvi Lena Padilla Sep\u00falveda und Edisantiago Guti\u00e9rrez von der Wahrheitskommision<\/a><\/li><li class=\"sitemap-item\"><a href=\"https:\/\/kolko.net\/askonline\/allgemein\/klaegerinnen-von-provincial-erbost-ueber-luegen-von-cerrejon\">Kl\u00e4gerinnen von Provincial erbost \u00fcber \u201eL\u00fcgen\u201c von Cerrej\u00f3n<\/a><\/li><li class=\"sitemap-item\"><a href=\"https:\/\/kolko.net\/askonline\/allgemein\/kohle-und-cesar-ungewissheit-wegen-prodecos-weggang-hoffnung-auf-reaktivierung\">Kohle und Cesar: Ungewissheit wegen Prodecos Weggang \u2013 Hoffnung auf Reaktivierung \u00a0<\/a><\/li><li class=\"sitemap-item\"><a href=\"https:\/\/kolko.net\/askonline\/allgemein\/kohleabbau-gerechte-transition-und-klimapartnerschaft\">Kohleabbau, gerechte Transition und Klimapartnerschaft\u00a0<\/a><\/li><li class=\"sitemap-item\"><a href=\"https:\/\/kolko.net\/askonline\/allgemein\/kolumbien-hauptthema-an-der-diesjaehrigen-glencore-aktionaersversammlung\">Kolumbien Hauptthema an der diesj\u00e4hrigen Glencore Aktion\u00e4rsversammlung<\/a><\/li><li class=\"sitemap-item\"><a href=\"https:\/\/kolko.net\/askonline\/allgemein\/kolumbien-ist-das-zweitgefaehrlichste-land-fuer-menschenrechtsverteidiger-die-sich-gegen-negative-auswirkungen-von-unternehmen-wehren\">Kolumbien ist das zweitgef\u00e4hrlichste Land f\u00fcr Menschenrechtsverteidiger, die sich gegen negative Auswirkungen von Unternehmen wehren<\/a><\/li><li class=\"sitemap-item\"><a href=\"https:\/\/kolko.net\/askonline\/allgemein\/kolumbien-bericht-fordert-schliessungsplan-fuer-glencore-mine\">Kolumbien: Bericht fordert Schliessungsplan f\u00fcr Glencore-Mine<\/a><\/li><li class=\"sitemap-item\"><a href=\"https:\/\/kolko.net\/askonline\/allgemein\/kolumbiens-bergbaubehoerde-lehnt-suspension-des-kohleabbaus-durch-prodeco-ab\">Kolumbiens Bergbaubeh\u00f6rde lehnt Suspension des Kohleabbaus durch Prodeco ab<\/a><\/li><li class=\"sitemap-item\"><a href=\"https:\/\/kolko.net\/askonline\/allgemein\/la-mala-hora\">La Mala Hora<\/a><\/li><li class=\"sitemap-item\"><a href=\"https:\/\/kolko.net\/askonline\/allgemein\/massive-praesenz-von-gewerkschaften-und-betroffenen-gemeinschaften-an-der-glencore-gv\">Massive Pr\u00e4senz von Gewerkschaften und betroffenen Gemeinschaften an der Glencore GV<\/a><\/li><li class=\"sitemap-item\"><a href=\"https:\/\/kolko.net\/askonline\/allgemein\/medienmitteilung-die-ask-verurteilt-die-gewalt-gegen-ethnische-minderheiten-in-kolumbien\">Medienmitteilung: Die ask! verurteilt die Gewalt gegen ethnische Minderheiten in Kolumbien<\/a><\/li><li class=\"sitemap-item\"><a href=\"https:\/\/kolko.net\/askonline\/allgemein\/menschenrechte-2021\">Menschenrechte 2021<\/a><\/li><li class=\"sitemap-item\"><a href=\"https:\/\/kolko.net\/askonline\/allgemein\/menschenrechtliche-folgeabschaetzungen-zeigen-weiterhin-keine-wirkung\">Menschenrechtliche Folgeabsch\u00e4tzungen zeigen weiterhin keine Wirkung<\/a><\/li><li class=\"sitemap-item\"><a href=\"https:\/\/kolko.net\/askonline\/allgemein\/mit-frischem-wind-in-eine-gruene-zukunft\">Mit frischem Wind in eine gr\u00fcne Zukunft?<\/a><\/li><li class=\"sitemap-item\"><a href=\"https:\/\/kolko.net\/askonline\/allgemein\/morde-und-todesdrohungen-gegen-landrechtskaempfer-und-verteidigerinnen-des-territoriums-reissen-nicht-ab\">Morde und Todesdrohungen gegen Landrechtsk\u00e4mpfer und VerteidigerInnen des Territoriums reissen nicht ab\u00a0<\/a><\/li><li class=\"sitemap-item\"><a href=\"https:\/\/kolko.net\/askonline\/allgemein\/brutale-repression-gegen-mehrheitlich-friedliche-massenproteste\">Nach \u00fcber einem Monat der Proteste und der brutalen Repression ist kein Ende der Auseinandersetzungen in Sicht<\/a><\/li><li class=\"sitemap-item\"><a href=\"https:\/\/kolko.net\/askonline\/allgemein\/offener-brief-der-sechs-autoritaeten-der-yukpa-an-den-generalstaatsanwalt-kolumbiens\">Offener Brief der sechs Autorit\u00e4ten der Yukpa an den Generalstaatsanwalt Kolumbiens<\/a><\/li><li class=\"sitemap-item\"><a href=\"https:\/\/kolko.net\/askonline\/allgemein\/ohne-eine-regierung-mit-dem-politischen-willen-die-ursachen-der-gewalt-anzugehen-werden-wir-nie-in-ruhe-leben-koennen\">Ohne eine Regierung mit dem politischen Willen, die Ursachen der Gewalt anzugehen, werden wir nie in Ruhe leben k\u00f6nnen<\/a><\/li><li class=\"sitemap-item\"><a href=\"https:\/\/kolko.net\/askonline\/allgemein\/organizaciones-internacionales-denuncian-al-gigante-minero-anglo-american-por-sus-impactos-en-america-latina-y-su-respuesta-al-covid19\">Organizaciones internacionales denuncian al gigante minero Anglo American por sus impactos en Am\u00e9rica Latina y su respuesta al Covid19<\/a><\/li><li class=\"sitemap-item\"><a href=\"https:\/\/kolko.net\/askonline\/allgemein\/petro-will-die-campesinos-als-rechtssubjekte-anerkennen-und-endlich-die-agrarreform-umsetzen\">Petro will die Campesinos als Rechtssubjekte anerkennen und endlich die Agrarreform umsetzen<\/a><\/li><li class=\"sitemap-item\"><a href=\"https:\/\/kolko.net\/askonline\/allgemein\/praesident-duque-zu-besuch-bei-ueli-maurer\">Pr\u00e4sident Duque zu Besuch bei Ueli Maurer<\/a><\/li><li class=\"sitemap-item\"><a href=\"https:\/\/kolko.net\/askonline\/allgemein\/prodeco-unternehmensverantwortung-und-menschenrechte-im-bergbaukorridor-des-departements-cesar\">PRODECO: Unternehmensverantwortung und Menschenrechte im Bergbaukorridor des Departements Cesar<\/a><\/li><li class=\"sitemap-item\"><a href=\"https:\/\/kolko.net\/askonline\/allgemein\/prodecos-erster-menschenrechtsbericht-ueber-die-sorgfaltspflicht-ist-klar-ungenuegend\">Prodecos erster Menschenrechtsbericht \u00fcber die Sorgfaltspflicht ist klar ungen\u00fcgend<\/a><\/li><li class=\"sitemap-item\"><a href=\"https:\/\/kolko.net\/askonline\/allgemein\/proteste-in-el-hatillo-wegen-verzoegerungen-bei-der-umsiedlung\">Proteste in El Hatillo wegen Verz\u00f6gerungen bei der Umsiedlung<\/a><\/li><li class=\"sitemap-item\"><a href=\"https:\/\/kolko.net\/askonline\/allgemein\/provincial-das-indigene-reservat-das-waehrend-der-pandemie-einer-seiner-besten-momente-durchlebte\">Provincial, das indigene Reservat, das w\u00e4hrend der Pandemie einer seiner besten Momente durchlebte<\/a><\/li><li class=\"sitemap-item\"><a href=\"https:\/\/kolko.net\/askonline\/allgemein\/rohstoffsektor-und-agrobusiness-nutzen-die-pandemie-um-ethnische-und-umweltrechte-zu-beschraenken\">Rohstoffsektor und Agrobusiness nutzen die Pandemie, um ethnische und Umweltrechte zu beschr\u00e4nken<\/a><\/li><li class=\"sitemap-item\"><a href=\"https:\/\/kolko.net\/askonline\/allgemein\/rueckgabe-der-kohleminen-von-prodeco-und-erfuellung-der-sozialen-und-umweltauflagen-weiterhin-ungewiss\">R\u00fcckgabe der Kohleminen von Prodeco und Erf\u00fcllung der sozialen und Umweltauflagen weiterhin ungewiss<\/a><\/li><li class=\"sitemap-item\"><a href=\"https:\/\/kolko.net\/askonline\/allgemein\/so-steht-es-um-den-friedensprozess-die-versaeumnisse-der-agrarreform\">So steht es um den Friedensprozess: die Vers\u00e4umnisse der Agrarreform<\/a><\/li><li class=\"sitemap-item\"><a href=\"https:\/\/kolko.net\/askonline\/allgemein\/sos-cauca-weitere-indigene-in-kolumbien-ermordet\">SOS Cauca: Weitere Indigene in Kolumbien ermordet<\/a><\/li><li class=\"sitemap-item\"><a href=\"https:\/\/kolko.net\/askonline\/allgemein\/soziale-fuehrungspersonen-erneut-unter-beschuss\">Soziale F\u00fchrungspersonen erneut unter Beschuss<\/a><\/li><li class=\"sitemap-item\"><a href=\"https:\/\/kolko.net\/askonline\/allgemein\/streik-bei-cerrejon-nach-91-tagen-beigelegt-zukunft-der-kohlemine-bleibt-aber-ungewiss\">Streik bei Cerrej\u00f3n nach 91 Tagen beigelegt, Zukunft der Kohlemine bleibt aber ungewiss<\/a><\/li><li class=\"sitemap-item\"><a href=\"https:\/\/kolko.net\/askonline\/allgemein\/tabaco-23-jahre-vertrieben-es-ist-zeit-zu-reagieren\">Tabaco 23 Jahre vertrieben: Es ist Zeit zu reagieren.<\/a><\/li><li class=\"sitemap-item\"><a href=\"https:\/\/kolko.net\/askonline\/allgemein\/trotz-pandemie-morde-und-drohungen-gegen-kleinbauernfuehrerinnen-und-gewaltsame-kokaausrottung\">Trotz Pandemie: Morde und Drohungen gegen Kleinbauernf\u00fchrerInnen und gewaltsame Kokaausrottung<\/a><\/li><li class=\"sitemap-item\"><a href=\"https:\/\/kolko.net\/askonline\/allgemein\/ueberraschende-wende-im-kolumbianischen-kohlegeschaeft\">\u00dcberraschende Wende im kolumbianischen Kohlegesch\u00e4ft<\/a><\/li><li class=\"sitemap-item\"><a href=\"https:\/\/kolko.net\/askonline\/allgemein\/umsiedlung-von-el-hatillo-unterbrochen-rechtsverletzungen-und-hungerkrise-drohen\">Umsiedlung von El Hatillo unterbrochen \u2013 Rechtsverletzungen und Hungerkrise drohen<\/a><\/li><li class=\"sitemap-item\"><a href=\"https:\/\/kolko.net\/askonline\/allgemein\/umstrittenes-urteil-des-weltbankschiedsgerichts-gegen-kolumbien\">Umstrittenes Urteil des Weltbankschiedsgerichts gegen Kolumbien<\/a><\/li><li class=\"sitemap-item\"><a href=\"https:\/\/kolko.net\/askonline\/allgemein\/uno-sonderberichterstatter-fuer-umwelt-und-menschenrechte-verlangt-unterbruch-der-bergbauoperationen-von-cerrejon\">UNO Sonderberichterstatter f\u00fcr Umwelt und Menschenrechte verlangt Unterbruch der Bergbauoperationen von Cerrej\u00f3n<\/a><\/li><li class=\"sitemap-item\"><a href=\"https:\/\/kolko.net\/askonline\/allgemein\/urteil-des-kolumbianischen-verfassungsgerichts-im-ersten-kolumbianischen-fall-der-schliessung-eines-kohlebergwerks-schuetzt-die-rechte-von-gemeinschaften-und-entlassenen-arbeitern\">URTEIL DES KOLUMBIANISCHEN VERFASSUNGSGERICHTS IM ERSTEN KOLUMBIANISCHEN FALL DER SCHLIESSUNG EINES KOHLEBERGWERKS SCH\u00dcTZT DIE RECHTE VON GEMEINSCHAFTEN UND ENTLASSENEN ARBEITERN<\/a><\/li><li class=\"sitemap-item\"><a href=\"https:\/\/kolko.net\/askonline\/allgemein\/verfassungsgericht-stoppt-bespruehungen-aus-der-luft-mit-glyphosat\">Verfassungsgericht stoppt Bespr\u00fchungen aus der Luft mit Glyphosat<\/a><\/li><li class=\"sitemap-item\"><a href=\"https:\/\/kolko.net\/askonline\/allgemein\/vom-versuch-der-abholzung-einhalt-zu-gebieten\">Vom Versuch, der Abholzung Einhalt zu gebieten<\/a><\/li><li class=\"sitemap-item\"><a href=\"https:\/\/kolko.net\/askonline\/allgemein\/warum-freiwilligkeit-bei-menschenrechtlicher-sorgfaltspflicht-nicht-genuegt\">Warum Freiwilligkeit bei menschenrechtlicher Sorgfaltspflicht nicht gen\u00fcgt<\/a><\/li><li class=\"sitemap-item\"><a href=\"https:\/\/kolko.net\/askonline\/allgemein\/weitere-proteste-und-grosse-unsicherheit-bezueglich-der-umsiedlung-von-el-hatillo\">Weitere Proteste und grosse Unsicherheit bez\u00fcglich der Umsiedlung von El Hatillo<\/a><\/li><li class=\"sitemap-item\"><a href=\"https:\/\/kolko.net\/askonline\/allgemein\/weiterhin-grosse-herausforderungen-und-soziale-probleme-in-der-kohlenregion-des-cesar\">Weiterhin grosse Herausforderungen und soziale Probleme in der Kohlenregion des Cesar<\/a><\/li><li class=\"sitemap-item\"><a href=\"https:\/\/kolko.net\/askonline\/allgemein\/weniger-als-zwei-wochen-vor-den-parlamentswahlen-nimmt-die-politische-gewalt-in-kolumbien-weiter-zu\">Weniger als zwei Wochen vor den Parlamentswahlen nimmt die politische Gewalt in Kolumbien weiter zu<\/a><\/li><li class=\"sitemap-item\"><a href=\"https:\/\/kolko.net\/askonline\/allgemein\/weshalb-freiwillige-menschenrechtsinstrumente-fuer-konzerne-nicht-genuegen-und-es-die-kvi-braucht\">Weshalb freiwillige Menschenrechtsinstrumente f\u00fcr Konzerne nicht gen\u00fcgen und es die KVI braucht<\/a><\/li><li class=\"sitemap-item\"><a href=\"https:\/\/kolko.net\/askonline\/allgemein\/wichtige-schritte-auf-dem-weg-der-wahrheit\">Wichtige Schritte auf dem Weg der Wahrheit<\/a><\/li><li class=\"sitemap-item\"><a href=\"https:\/\/kolko.net\/askonline\/allgemein\/wie-erreicht-kolumbien-den-totalen-frieden\">Wie erreicht Kolumbien den totalen Frieden?\u00a0<\/a><\/li><li class=\"sitemap-item\"><a href=\"https:\/\/kolko.net\/askonline\/allgemein\/zehn-jahre-nach-den-umsiedlungen-immer-noch-keine-nachhaltigen-gemeinschaften-trotz-neuen-verhandlungen-mit-cerrejon-waechst-die-ungeduld\">Zehn Jahre nach den Umsiedlungen immer noch keine nachhaltigen Gemeinschaften \u2013 trotz neuen Verhandlungen mit Cerrej\u00f3n w\u00e4chst die Ungeduld<\/a><\/li><\/ul><\/div><div class=\"simple-sitemap-wrap dienstleistungen\"><h3 class=\"term-tag\">Dienstleistungen<\/h3><ul class=\"simple-sitemap-post main\"><li class=\"sitemap-item\"><a href=\"https:\/\/kolko.net\/askonline\/themen\/glencore-gegen-kolumbien-ein-suess-saures-urteil\">Glencore gegen Kolumbien \u2013 ein s\u00fcss-saures Urteil<\/a><\/li><li class=\"sitemap-item\"><a href=\"https:\/\/kolko.net\/askonline\/themen\/wirtschaft-menschenrechte\/novartis-gegen-kolumbien\">Novartis gegen Kolumbien<\/a><\/li><\/ul><\/div><div class=\"simple-sitemap-wrap drogenproblematik\"><h3 class=\"term-tag\">Drogenproblematik<\/h3><ul class=\"simple-sitemap-post main\"><li class=\"sitemap-item\"><a href=\"https:\/\/kolko.net\/askonline\/allgemein\/globale-drogenkommission-veroeffentlicht-bericht-zu-kolumbien-und-empfiehlt-die-regulierung-von-koka-und-kokain\"><em>Globale Drogenkommission ver\u00f6ffentlicht Bericht zu Kolumbien und empfiehlt die Regulierung von Koka und Kokain<\/em><\/a><\/li><li class=\"sitemap-item\"><a href=\"https:\/\/kolko.net\/askonline\/allgemein\/das-problem-des-drogenhandels-oder-eine-frage-der-priorisierung\">Das Problem des Drogenhandels \u2013 oder eine Frage der Priorisierung<\/a><\/li><li class=\"sitemap-item\"><a href=\"https:\/\/kolko.net\/askonline\/themen\/der-muehsame-weg-zu-einer-reklassifizierung-und-legalisierung-des-kokablattes\">Der m\u00fchsame Weg zu einer Reklassifizierung und Legalisierung des Kokablattes<\/a><\/li><li class=\"sitemap-item\"><a href=\"https:\/\/kolko.net\/askonline\/allgemein\/die-regierung-petro-strebt-eine-grundsaetzliche-neuausrichtung-der-drogenpolitik-an\">Die Regierung Petro strebt eine grunds\u00e4tzliche Neuausrichtung der Drogenpolitik an\u00a0\u00a0<\/a><\/li><li class=\"sitemap-item\"><a href=\"https:\/\/kolko.net\/askonline\/allgemein\/die-verhaftung-von-otoniel-verringert-den-drogenhandel-kaum\">Die Verhaftung von Otoniel verringert den Drogenhandel kaum<\/a><\/li><li class=\"sitemap-item\"><a href=\"https:\/\/kolko.net\/askonline\/allgemein\/drogenbekaempfung-wiederaufnahme-der-spruehfluege-mit-glyphosat-weiterhin-umstritten\">Drogenbek\u00e4mpfung: Wiederaufnahme der Spr\u00fchfl\u00fcge mit Glyphosat weiterhin umstritten<\/a><\/li><li class=\"sitemap-item\"><a href=\"https:\/\/kolko.net\/askonline\/themen\/einblicke-in-die-realitaet-der-kokabaeuerinnen-und-wie-ihr-einbezug-in-die-politikformulierung-verbesserungen-bringen-wuerde\">Einblicke in die Realit\u00e4t der Kokab\u00e4uerinnen und wie ihr Einbezug in die Politikformulierung Verbesserungen bringen w\u00fcrde<\/a><\/li><li class=\"sitemap-item\"><a href=\"https:\/\/kolko.net\/askonline\/allgemein\/erneute-konflikte-um-die-praesenz-von-kleinbauern-und-kleinbaeuerinnen-in-den-nationalparks\">Erneute Konflikte um die Pr\u00e4senz von Kleinbauern und Kleinb\u00e4uerinnen in den Nationalparks<\/a><\/li><li class=\"sitemap-item\"><a href=\"https:\/\/kolko.net\/askonline\/feature\/kakao-statt-koka-resistenz-im-cauca\">Kakao statt Koka &#8211; Resistenz im Cauca<\/a><\/li><li class=\"sitemap-item\"><a href=\"https:\/\/kolko.net\/askonline\/themen\/kokaflaeche-ging-2018-leicht-zurueck-einsatz-von-glyphosat-weiterhin-umstritten\">Kokafl\u00e4che ging 2018 leicht zur\u00fcck, Einsatz von Glyphosat weiterhin umstritten<\/a><\/li><li class=\"sitemap-item\"><a href=\"https:\/\/kolko.net\/askonline\/themen\/punkt-4-des-friedensabkommens-drogen-und-frieden\">Punkt 4 des Friedensabkommens: Drogen und Frieden<\/a><\/li><li class=\"sitemap-item\"><a href=\"https:\/\/kolko.net\/askonline\/themen\/streit-um-die-richtige-strategie-gegen-die-kokapflanzungen-freiwillige-substitution-oder-chemiekeule-aus-der-luft\">Streit um die richtige Strategie gegen die Kokapflanzungen: freiwillige Substitution oder Chemiekeule aus der Luft?<\/a><\/li><li class=\"sitemap-item\"><a href=\"https:\/\/kolko.net\/askonline\/allgemein\/trotz-pandemie-morde-und-drohungen-gegen-kleinbauernfuehrerinnen-und-gewaltsame-kokaausrottung\">Trotz Pandemie: Morde und Drohungen gegen Kleinbauernf\u00fchrerInnen und gewaltsame Kokaausrottung<\/a><\/li><li class=\"sitemap-item\"><a href=\"https:\/\/kolko.net\/askonline\/allgemein\/verfassungsgericht-stoppt-bespruehungen-aus-der-luft-mit-glyphosat\">Verfassungsgericht stoppt Bespr\u00fchungen aus der Luft mit Glyphosat<\/a><\/li><li class=\"sitemap-item\"><a href=\"https:\/\/kolko.net\/askonline\/allgemein\/vom-versuch-der-abholzung-einhalt-zu-gebieten\">Vom Versuch, der Abholzung Einhalt zu gebieten<\/a><\/li><li class=\"sitemap-item\"><a href=\"https:\/\/kolko.net\/askonline\/feature\/weltdrogentag-eine-perspektive-aus-dem-sueden\">Weltdrogentag \u2013 Eine Perspektive aus dem S\u00fcden<\/a><\/li><\/ul><\/div><div class=\"simple-sitemap-wrap feature\"><h3 class=\"term-tag\">Feature<\/h3><ul class=\"simple-sitemap-post main\"><li class=\"sitemap-item\"><a href=\"https:\/\/kolko.net\/askonline\/themen\/frieden\/es-wird-keinen-vollstaendigen-frieden-geben-bis-wir-die-verschwundenen-personen-nicht-wieder-bei-uns-haben-interview-mit-cesar-santoyo-vom-colectivo-orlando-fals-borda\">\u201cEs wird keinen vollst\u00e4ndigen Frieden geben, bis wir die verschwundenen Personen nicht wieder bei uns haben\u201d Interview mit Cesar Santoyo vom Colectivo Orlando Fals Borda<\/a><\/li><li class=\"sitemap-item\"><a href=\"https:\/\/kolko.net\/askonline\/themen\/menschenrechte\/es-ist-nicht-das-erste-mal-dass-schwangere-frauen-und-kinder-in-einer-militaeraktion-sterben%ef%bf%bc\">\u00abEs ist nicht das erste Mal, dass schwangere Frauen und Kinder in einer Milit\u00e4raktion sterben\u00bb\ufffc<\/a><\/li><li class=\"sitemap-item\"><a href=\"https:\/\/kolko.net\/askonline\/themen\/menschenrechte\/ich-bin-weil-wir-sind\">\u00abIch bin, weil wir sind\u00bb<\/a><\/li><li class=\"sitemap-item\"><a href=\"https:\/\/kolko.net\/askonline\/allgemein\/globale-drogenkommission-veroeffentlicht-bericht-zu-kolumbien-und-empfiehlt-die-regulierung-von-koka-und-kokain\"><em>Globale Drogenkommission ver\u00f6ffentlicht Bericht zu Kolumbien und empfiehlt die Regulierung von Koka und Kokain<\/em><\/a><\/li><li class=\"sitemap-item\"><a href=\"https:\/\/kolko.net\/askonline\/allgemein\/es-wird-von-ueberall-her-geschossen-zunahme-der-gewalt-im-gebiet-der-awa-in-narino\"><strong>\u00ab Es wird von \u00fcberall her geschossen\u00bb &#8211; Zunahme der Gewalt im Gebiet der Aw\u00e1 in Nari\u00f1o<\/strong><\/a><\/li><li class=\"sitemap-item\"><a href=\"https:\/\/kolko.net\/askonline\/allgemein\/cerrejon-als-100-tochter-von-glencore-kaum-fortschritte-in-der-guajira\"><strong>Cerrej\u00f3n als 100%-Tochter von Glencore: Kaum Fortschritte in der Guajira<\/strong><\/a><\/li><li class=\"sitemap-item\"><a href=\"https:\/\/kolko.net\/askonline\/allgemein\/grosse-unsicherheit-im-kohlerevier-des-cesar-wie-weiter-mit-prodeco\"><strong>Grosse Unsicherheit im Kohlerevier des Cesar \u2013 Wie weiter mit Prodeco?<\/strong><\/a><\/li><li class=\"sitemap-item\"><a href=\"https:\/\/kolko.net\/askonline\/allgemein\/rueckzug-der-beschwerde-gegen-glencore-vor-dem-nationalen-kontaktpunkt-fuer-die-oecd-leitsaetze\"><strong>R\u00fcckzug der Beschwerde gegen Glencore vor dem Nationalen Kontaktpunkt f\u00fcr die OECD Leits\u00e4tze<\/strong><\/a><\/li><li class=\"sitemap-item\"><a href=\"https:\/\/kolko.net\/askonline\/allgemein\/14-gemeinschaften-des-cesar-fordern-das-kolumbianische-verfassungsgericht-auf-eine-grundrechtsklage-ueber-die-minenschliessung-zu-ueberpruefen\">14 Gemeinschaften des Cesar fordern das kolumbianische Verfassungsgericht auf, eine Grundrechtsklage \u00fcber die Minenschliessung zu \u00fcberpr\u00fcfen<\/a><\/li><li class=\"sitemap-item\"><a href=\"https:\/\/kolko.net\/askonline\/allgemein\/2023-war-ein-schwieriges-jahr-fuer-die-gemeinschaften-im-umfeld-von-prodeco\">2023 war ein schwieriges Jahr f\u00fcr die Gemeinschaften im Umfeld von Prodeco<\/a><\/li><li class=\"sitemap-item\"><a href=\"https:\/\/kolko.net\/askonline\/themen\/wirtschaft-menschenrechte\/abholzung-in-kolumbien-gefaengnis-fuer-kleinbauern-und-freie-hand-fuer-grossgrundbesitzer\">Abholzung in Kolumbien \u2013 Gef\u00e4ngnis f\u00fcr Kleinbauern und freie Hand f\u00fcr Grossgrundbesitzer<\/a><\/li><li class=\"sitemap-item\"><a href=\"https:\/\/kolko.net\/askonline\/feature\/agrarreform-wo-steht-die-umsetzung-wirklich\">Agrarreform \u2013 wo steht die Umsetzung wirklich?<\/a><\/li><li class=\"sitemap-item\"><a href=\"https:\/\/kolko.net\/askonline\/allgemein\/besorgniserregende-zwischenfaelle-gefaehrden-die-sicherheit-der-menschenrechtsverteidigerinnen-von-colemad-und-von-deren-familienangehoerigen\">Besorgniserregende Zwischenf\u00e4lle gef\u00e4hrden die Sicherheit der Menschenrechtsverteidigerinnen von COLEMAD und von deren Familienangeh\u00f6rigen<\/a><\/li><li class=\"sitemap-item\"><a href=\"https:\/\/kolko.net\/askonline\/feature\/breite-unterstuetzung-fuer-das-uno-menschenrechtsbuero-in-kolumbien\">Breite Unterst\u00fctzung f\u00fcr das UNO Menschenrechtsb\u00fcro in Kolumbien<\/a><\/li><li class=\"sitemap-item\"><a href=\"https:\/\/kolko.net\/askonline\/allgemein\/communique-des-tisches-fuer-eine-gerechte-transition-und-territoriale-verteidigung-wegen-drohungen\">Communiqu\u00e9 des Tisches f\u00fcr eine gerechte Transition und territoriale Verteidigung  wegen Drohungen<\/a><\/li><li class=\"sitemap-item\"><a href=\"https:\/\/kolko.net\/askonline\/allgemein\/communique-des-uno-sonderberichterstatters-zu-provincial-sorgt-fuer-spannungen\">Communiqu\u00e9 des UNO-Sonderberichterstatters zu Provincial sorgt f\u00fcr Spannungen<\/a><\/li><li class=\"sitemap-item\"><a href=\"https:\/\/kolko.net\/askonline\/themen\/frieden\/das-kolumbianische-friedensabkommen-doch-noch-auf-gutem-weg\">Das kolumbianische Friedensabkommen &#8211; doch noch auf gutem Weg?<\/a><\/li><li class=\"sitemap-item\"><a href=\"https:\/\/kolko.net\/askonline\/allgemein\/das-menschenrechtskomitee-der-uno-in-genf-verurteilt-den-kolumbianischen-staat-wegen-der-ermordung-eines-gewerkschafters-bei-coca-cola\">Das Menschenrechtskomitee der UNO in Genf verurteilt den kolumbianischen Staat wegen der Ermordung eines Gewerkschafters bei Coca Cola<\/a><\/li><li class=\"sitemap-item\"><a href=\"https:\/\/kolko.net\/askonline\/themen\/frieden\/das-multitrack-friedensfoerderungsprogramm-der-schweizer-regierung-und-zehn-schweizer-ngo-erfolge-und-zukunftsaussichten\">Das Multitrack-Friedensf\u00f6rderungsprogramm der Schweizer Regierung und zehn Schweizer NGO: Erfolge und Zukunftsaussichten<\/a><\/li><li class=\"sitemap-item\"><a href=\"https:\/\/kolko.net\/askonline\/themen\/frieden\/del-barrio-para-el-barrio-podcast-der-ask\">Del barrio para el barrio &#8211; Podcast der ask!<\/a><\/li><li class=\"sitemap-item\"><a href=\"https:\/\/kolko.net\/askonline\/themen\/frieden\/der-gelbwurz-traegt-zur-ueberwindung-der-folgen-des-bewaffneten-konfliktes-in-bojaya-bei\">Der Gelbwurz tr\u00e4gt zur \u00dcberwindung der Folgen des bewaffneten Konfliktes in Bojay\u00e1 bei<\/a><\/li><li class=\"sitemap-item\"><a href=\"https:\/\/kolko.net\/askonline\/allgemein\/der-juristische-kampf-um-den-zukuenftigen-betrieb-der-kohlemine-el-cerrejon-geht-weiter\">Der juristische Kampf um den zuk\u00fcnftigen Betrieb der Kohlemine El Cerrej\u00f3n geht weiter<\/a><\/li><li class=\"sitemap-item\"><a href=\"https:\/\/kolko.net\/askonline\/themen\/die-auswirkungen-der-corona-krise-auf-eine-verletzliche-region-wie-die-guajira\">Die Auswirkungen der Corona-Krise auf eine verletzliche Region wie die Guajira<\/a><\/li><li class=\"sitemap-item\"><a href=\"https:\/\/kolko.net\/askonline\/allgemein\/die-fehlregierung-des-lehrlings-autoritarismus-krieg-und-pandemie\">Die Fehlregierung des Lehrlings: Autoritarismus, Krieg und Pandemie<\/a><\/li><li class=\"sitemap-item\"><a href=\"https:\/\/kolko.net\/askonline\/themen\/menschenrechte\/die-konstruktion-des-internen-feindes-illegale-abhoeraktionen-des-militaergeheimdienstes-aufgedeckt\">Die Konstruktion des internen Feindes: illegale Abh\u00f6raktionen des Milit\u00e4rgeheimdienstes aufgedeckt<\/a><\/li><li class=\"sitemap-item\"><a href=\"https:\/\/kolko.net\/askonline\/themen\/menschenrechte\/die-minga-indigena-im-zentrum-breiter-proteste-duque-kneift\">Die Minga Ind\u00edgena im Zentrum breiter Proteste \u2013 Duque kneift<\/a><\/li><li class=\"sitemap-item\"><a href=\"https:\/\/kolko.net\/askonline\/allgemein\/die-regierung-petro-strebt-eine-grundsaetzliche-neuausrichtung-der-drogenpolitik-an\">Die Regierung Petro strebt eine grunds\u00e4tzliche Neuausrichtung der Drogenpolitik an\u00a0\u00a0<\/a><\/li><li class=\"sitemap-item\"><a href=\"https:\/\/kolko.net\/askonline\/themen\/wirtschaft-menschenrechte\/die-rettung-des-bruno-flusses-steht-auf-messers-schneide%ef%bf%bc\">Die Rettung des Bruno-Flusses steht auf Messers Schneide\ufffc<\/a><\/li><li class=\"sitemap-item\"><a href=\"https:\/\/kolko.net\/askonline\/themen\/menschenrechte\/die-siona-ein-volk-an-der-grenze\">Die Siona \u2013 ein Volk an der Grenze<\/a><\/li><li class=\"sitemap-item\"><a href=\"https:\/\/kolko.net\/askonline\/themen\/menschenrechte\/die-sozialen-bewegungen-in-arauca-zwischen-angriffen-der-bewaffneten-gruppen-und-gerichtlichen-verfolgungen-durch-den-staat\">Die sozialen Bewegungen in Arauca \u2013 zwischen Angriffen der bewaffneten Gruppen und gerichtlichen Verfolgungen durch den Staat<\/a><\/li><li class=\"sitemap-item\"><a href=\"https:\/\/kolko.net\/askonline\/allgemein\/die-unsicherheiten-ueber-die-zukunft-des-kohlesektors-werden-auf-dem-ruecken-der-arbeiter-und-der-gemeinschaften-ausgetragen\">Die Unsicherheiten \u00fcber die Zukunft des Kohlesektors werden auf dem R\u00fccken der Arbeiter und der Gemeinschaften ausgetragen<\/a><\/li><li class=\"sitemap-item\"><a href=\"https:\/\/kolko.net\/askonline\/allgemein\/die-verfassungswidrige-situation-in-der-guajira-haelt-an\">Die verfassungswidrige Situation in der Guajira h\u00e4lt an<\/a><\/li><li class=\"sitemap-item\"><a href=\"https:\/\/kolko.net\/askonline\/allgemein\/die-verhaftung-von-otoniel-verringert-den-drogenhandel-kaum\">Die Verhaftung von Otoniel verringert den Drogenhandel kaum<\/a><\/li><li class=\"sitemap-item\"><a href=\"https:\/\/kolko.net\/askonline\/allgemein\/dorfgemeinschaften-und-zivilgesellschaftliche-organisationen-fordern-vom-neuen-ceo-von-glencore-einen-kurswechsel-in-umwelt-und-menschenrechtsfragen\">Dorfgemeinschaften und Zivilgesellschaftliche Organisationen fordern vom neuen CEO von Glencore einen Kurswechsel in Umwelt-und Menschenrechtsfragen<\/a><\/li><li class=\"sitemap-item\"><a href=\"https:\/\/kolko.net\/askonline\/allgemein\/dreifache-krise-fuer-prodeco-corona-fallende-preise-und-gerichtsurteile\">Dreifache Krise f\u00fcr Prodeco: Corona, fallende Preise und Gerichtsurteile<\/a><\/li><li class=\"sitemap-item\"><a href=\"https:\/\/kolko.net\/askonline\/allgemein\/drogenbekaempfung-wiederaufnahme-der-spruehfluege-mit-glyphosat-weiterhin-umstritten\">Drogenbek\u00e4mpfung: Wiederaufnahme der Spr\u00fchfl\u00fcge mit Glyphosat weiterhin umstritten<\/a><\/li><li class=\"sitemap-item\"><a href=\"https:\/\/kolko.net\/askonline\/allgemein\/droht-bojaya-nach-17-jahren-eine-erneute-humanitaere-tragoedie\">Droht Bojay\u00e1 nach 17 Jahren eine erneute humanit\u00e4re Trag\u00f6die?<\/a><\/li><li class=\"sitemap-item\"><a href=\"https:\/\/kolko.net\/askonline\/allgemein\/e-book-ueber-illegalen-goldabbau-mit-schweren-maschinen-im-choco\">E-Book \u00fcber illegalen Goldabbau mit schweren Maschinen im Choc\u00f3<\/a><\/li><li class=\"sitemap-item\"><a href=\"https:\/\/kolko.net\/askonline\/themen\/frieden\/ein-gespraech-ohne-angst-ueber-die-nation-die-wir-sind\">Ein Gespr\u00e4ch ohne Angst \u00fcber die Nation, die wir sind<\/a><\/li><li class=\"sitemap-item\"><a href=\"https:\/\/kolko.net\/askonline\/themen\/frieden\/ein-raum-fuer-die-erinnerungen-der-frau-ein-raum-fuer-widerstand\">Ein Raum f\u00fcr die Erinnerungen der Frau \u2013 ein Raum f\u00fcr Widerstand<\/a><\/li><li class=\"sitemap-item\"><a href=\"https:\/\/kolko.net\/askonline\/themen\/menschenrechte\/einen-humanitaeren-runden-tisch-im-choco-eine-neue-hoffnung\">Einen humanit\u00e4ren Runden Tisch im Choc\u00f3, eine neue Hoffnung?<\/a><\/li><li class=\"sitemap-item\"><a href=\"https:\/\/kolko.net\/askonline\/allgemein\/eingabe-beim-schweizer-nationalen-kontaktpunkt-der-oecd-gegen-glencore\">Eingabe beim Schweizer Nationalen Kontaktpunkt der OECD gegen Glencore<\/a><\/li><li class=\"sitemap-item\"><a href=\"https:\/\/kolko.net\/askonline\/themen\/frieden\/entwaldung-in-kolumbiens-nationalparks-nach-unterzeichnung-des-friedensabkommens\">Entwaldung in Kolumbiens Nationalparks nach Unterzeichnung des Friedensabkommens<\/a><\/li><li class=\"sitemap-item\"><a href=\"https:\/\/kolko.net\/askonline\/themen\/erdoel-und-bergbaufirmen-finanzieren-die-staatlichen-sicherheitskraefte-und-die-staatsanwaltschaft\">Erd\u00f6l- und Bergbaufirmen finanzieren die staatlichen Sicherheitskr\u00e4fte und die Staatsanwaltschaft<\/a><\/li><li class=\"sitemap-item\"><a href=\"https:\/\/kolko.net\/askonline\/allgemein\/erfolgreiche-proteste-der-ethnischen-gemeinschaften-im-einflussbereich-von-cerrejon\">Erfolgreiche Proteste der ethnischen Gemeinschaften im Einflussbereich von Cerrej\u00f3n \u00a0<\/a><\/li><li class=\"sitemap-item\"><a href=\"https:\/\/kolko.net\/askonline\/allgemein\/erste-erfolge-der-betroffenen-bevoelkerung-fuer-transparenz-und-mitgestaltung-bei-prodecos-minenschliessung\">Erste Erfolge der betroffenen Bev\u00f6lkerung f\u00fcr Transparenz und Mitgestaltung bei Prodecos Minenschliessung<\/a><\/li><li class=\"sitemap-item\"><a href=\"https:\/\/kolko.net\/askonline\/themen\/wirtschaft-menschenrechte\/es-geht-in-die-zweite-runde\">Es geht in die zweite Runde<\/a><\/li><li class=\"sitemap-item\"><a href=\"https:\/\/kolko.net\/askonline\/themen\/wirtschaft-menschenrechte\/fleischkonsum-abholzung-und-unnachvollziehbare-zusammenhaenge\">Fleischkonsum, Abholzung und (un)nachvollziehbare Zusammenh\u00e4nge<\/a><\/li><li class=\"sitemap-item\"><a href=\"https:\/\/kolko.net\/askonline\/allgemein\/gemeinschaft-von-canaverales-blockiert-kohletagebau-der-tuerkischen-yildirim-holding-in-der-guajira\">Gemeinschaft von Ca\u00f1averales blockiert Kohletagebau der t\u00fcrkischen Yildirim Holding in der Guajira<\/a><\/li><li class=\"sitemap-item\"><a href=\"https:\/\/kolko.net\/askonline\/allgemein\/gemeinschaften-blockieren-cerrejon-mine-und-protestieren-fuer-ihre-rechte\">Gemeinschaften blockieren Cerrej\u00f3n Mine und protestieren f\u00fcr ihre Rechte<\/a><\/li><li class=\"sitemap-item\"><a href=\"https:\/\/kolko.net\/askonline\/allgemein\/gemeinschaften-im-einflussbereich-von-glencore-prodeco-helft-uns-gehoert-zu-werden-wir-fordern-gerechtigkeit\">Gemeinschaften im Einflussbereich von Glencore Prodeco: HELFT UNS, GEH\u00d6RT ZU WERDEN, WIR FORDERN GERECHTIGKEIT!<\/a><\/li><li class=\"sitemap-item\"><a href=\"https:\/\/kolko.net\/askonline\/allgemein\/glencore-aktionaersversammlung-verbesserung-der-selbstdarstellung\">Glencore Aktion\u00e4rsversammlung: Verbesserung der Selbstdarstellung<\/a><\/li><li class=\"sitemap-item\"><a href=\"https:\/\/kolko.net\/askonline\/allgemein\/glencore-prodeco-will-die-bergbaukonzessionen-an-den-staat-zurueckgeben-und-sich-aus-kolumbien-zurueckziehen\">Glencore Prodeco will die Bergbaukonzessionen an den Staat zur\u00fcckgeben und sich aus Kolumbien zur\u00fcckziehen<\/a><\/li><li class=\"sitemap-item\"><a href=\"https:\/\/kolko.net\/askonline\/allgemein\/glencores-nachhaltigkeitsbericht-nach-wie-vor-ungenuegend\">Glencores Nachhaltigkeitsbericht nach wie vor ungen\u00fcgend<\/a><\/li><li class=\"sitemap-item\"><a href=\"https:\/\/kolko.net\/askonline\/allgemein\/gravierende-luecken-bei-der-kontrolle-von-edelmetallen\">Gravierende L\u00fccken bei der Kontrolle von Edelmetallen<\/a><\/li><li class=\"sitemap-item\"><a href=\"https:\/\/kolko.net\/askonline\/allgemein\/halbzeit-fuer-die-regierung-duque-schwieriger-friedensaufbau-in-kolumbien\">Halbzeit f\u00fcr die Regierung Duque \u2013 schwieriger Friedensaufbau in Kolumbien<\/a><\/li><li class=\"sitemap-item\"><a href=\"https:\/\/kolko.net\/askonline\/themen\/herausforderungen-des-territorialen-friedens-sind-thema-an-der-uno\">Herausforderungen des territorialen Friedens sind Thema an der UNO<\/a><\/li><li class=\"sitemap-item\"><a href=\"https:\/\/kolko.net\/askonline\/allgemein\/interview-mit-yolvi-lena-padilla-sepulveda-und-edisantiago-gutierrez-von-der-wahrheitskommision\">Interview mit Yolvi Lena Padilla Sep\u00falveda und Edisantiago Guti\u00e9rrez von der Wahrheitskommision<\/a><\/li><li class=\"sitemap-item\"><a href=\"https:\/\/kolko.net\/askonline\/themen\/menschenrechte\/interview-zum-paro-nacional-mit-camilo-gonzalez\">Interview zum \u201eParo Nacional\u201c mit Camilo Gonz\u00e1lez<\/a><\/li><li class=\"sitemap-item\"><a href=\"https:\/\/kolko.net\/askonline\/feature\/kakao-statt-koka-resistenz-im-cauca\">Kakao statt Koka &#8211; Resistenz im Cauca<\/a><\/li><li class=\"sitemap-item\"><a href=\"https:\/\/kolko.net\/askonline\/allgemein\/kohleabbau-gerechte-transition-und-klimapartnerschaft\">Kohleabbau, gerechte Transition und Klimapartnerschaft\u00a0<\/a><\/li><li class=\"sitemap-item\"><a href=\"https:\/\/kolko.net\/askonline\/themen\/menschenrechte\/kolumbianerinnen-im-exil-in-der-schweiz\">Kolumbianer*innen im Exil in der Schweiz<\/a><\/li><li class=\"sitemap-item\"><a href=\"https:\/\/kolko.net\/askonline\/allgemein\/kolumbien-hauptthema-an-der-diesjaehrigen-glencore-aktionaersversammlung\">Kolumbien Hauptthema an der diesj\u00e4hrigen Glencore Aktion\u00e4rsversammlung<\/a><\/li><li class=\"sitemap-item\"><a href=\"https:\/\/kolko.net\/askonline\/allgemein\/kolumbien-ist-das-zweitgefaehrlichste-land-fuer-menschenrechtsverteidiger-die-sich-gegen-negative-auswirkungen-von-unternehmen-wehren\">Kolumbien ist das zweitgef\u00e4hrlichste Land f\u00fcr Menschenrechtsverteidiger, die sich gegen negative Auswirkungen von Unternehmen wehren<\/a><\/li><li class=\"sitemap-item\"><a href=\"https:\/\/kolko.net\/askonline\/allgemein\/kolumbien-bericht-fordert-schliessungsplan-fuer-glencore-mine\">Kolumbien: Bericht fordert Schliessungsplan f\u00fcr Glencore-Mine<\/a><\/li><li class=\"sitemap-item\"><a href=\"https:\/\/kolko.net\/askonline\/feature\/kolumbien-von-der-verhexung-zum-massaker\">Kolumbien: von der Verhexung zum Massaker<\/a><\/li><li class=\"sitemap-item\"><a href=\"https:\/\/kolko.net\/askonline\/themen\/menschenrechte\/komplexe-fluechtlingssituation-in-kolumbien\">Komplexe Fl\u00fcchtlingssituation in Kolumbien<\/a><\/li><li class=\"sitemap-item\"><a href=\"https:\/\/kolko.net\/askonline\/themen\/wirtschaft-menschenrechte\/konzernlobby-gewinnt-im-staenderat-alibi-gegenvorschlag-ohne-wirkung-verabschiedet\">Konzernlobby gewinnt im St\u00e4nderat: Alibi-Gegenvorschlag ohne Wirkung verabschiedet<\/a><\/li><li class=\"sitemap-item\"><a href=\"https:\/\/kolko.net\/askonline\/themen\/menschenrechte\/kritische-sicht-der-kolumbianischen-zivilgesellschaft-versucht-sich-in-genf-gehoer-zu-verschaffen\">Kritische Sicht der kolumbianischen Zivilgesellschaft versucht sich in Genf Geh\u00f6r zu verschaffen<\/a><\/li><li class=\"sitemap-item\"><a href=\"https:\/\/kolko.net\/askonline\/allgemein\/la-mala-hora\">La Mala Hora<\/a><\/li><li class=\"sitemap-item\"><a href=\"https:\/\/kolko.net\/askonline\/themen\/menschenrechte\/las-pavas-die-geschichte-wiederholt-sich\">Las Pavas &#8211; Die Geschichte wiederholt sich<\/a><\/li><li class=\"sitemap-item\"><a href=\"https:\/\/kolko.net\/askonline\/allgemein\/massive-praesenz-von-gewerkschaften-und-betroffenen-gemeinschaften-an-der-glencore-gv\">Massive Pr\u00e4senz von Gewerkschaften und betroffenen Gemeinschaften an der Glencore GV<\/a><\/li><li class=\"sitemap-item\"><a href=\"https:\/\/kolko.net\/askonline\/allgemein\/menschenrechte-2021\">Menschenrechte 2021<\/a><\/li><li class=\"sitemap-item\"><a href=\"https:\/\/kolko.net\/askonline\/themen\/menschenrechte\/menschenrechtsverteidiger-im-cauca-in-gefahr\">Menschenrechtsverteidiger im Cauca in Gefahr<\/a><\/li><li class=\"sitemap-item\"><a href=\"https:\/\/kolko.net\/askonline\/themen\/frieden\/minderjaehrige-im-bewaffneten-konflikt\">Minderj\u00e4hrige im bewaffneten Konflikt<\/a><\/li><li class=\"sitemap-item\"><a href=\"https:\/\/kolko.net\/askonline\/themen\/frieden\/mit-tilapias-auf-dem-weg-der-hoffnung\">Mit Tilapias auf dem Weg der Hoffnung<\/a><\/li><li class=\"sitemap-item\"><a href=\"https:\/\/kolko.net\/askonline\/allgemein\/morde-und-todesdrohungen-gegen-landrechtskaempfer-und-verteidigerinnen-des-territoriums-reissen-nicht-ab\">Morde und Todesdrohungen gegen Landrechtsk\u00e4mpfer und VerteidigerInnen des Territoriums reissen nicht ab\u00a0<\/a><\/li><li class=\"sitemap-item\"><a href=\"https:\/\/kolko.net\/askonline\/themen\/wirtschaft-menschenrechte\/musterprozess-gegen-ehemals-groessten-kolumbianischen-goldexporteuer-wegen-geldwaesche-und-terrorfinanzierung-vor-gericht-gescheitert%ef%bf%bc\">Musterprozess gegen ehemals gr\u00f6ssten kolumbianischen Goldexporteuer wegen Geldw\u00e4sche und Terrorfinanzierung vor Gericht gescheitert\ufffc<\/a><\/li><li class=\"sitemap-item\"><a href=\"https:\/\/kolko.net\/askonline\/allgemein\/brutale-repression-gegen-mehrheitlich-friedliche-massenproteste\">Nach \u00fcber einem Monat der Proteste und der brutalen Repression ist kein Ende der Auseinandersetzungen in Sicht<\/a><\/li><li class=\"sitemap-item\"><a href=\"https:\/\/kolko.net\/askonline\/themen\/menschenrechte\/neuer-schlag-gegen-die-selbstbestimmung-und-das-ueberleben-der-awa\">Neuer Schlag gegen die Selbstbestimmung und das \u00dcberleben der Aw\u00e1<\/a><\/li><li class=\"sitemap-item\"><a href=\"https:\/\/kolko.net\/askonline\/allgemein\/offener-brief-der-sechs-autoritaeten-der-yukpa-an-den-generalstaatsanwalt-kolumbiens\">Offener Brief der sechs Autorit\u00e4ten der Yukpa an den Generalstaatsanwalt Kolumbiens<\/a><\/li><li class=\"sitemap-item\"><a href=\"https:\/\/kolko.net\/askonline\/allgemein\/ohne-eine-regierung-mit-dem-politischen-willen-die-ursachen-der-gewalt-anzugehen-werden-wir-nie-in-ruhe-leben-koennen\">Ohne eine Regierung mit dem politischen Willen, die Ursachen der Gewalt anzugehen, werden wir nie in Ruhe leben k\u00f6nnen<\/a><\/li><li class=\"sitemap-item\"><a href=\"https:\/\/kolko.net\/askonline\/allgemein\/petro-will-die-campesinos-als-rechtssubjekte-anerkennen-und-endlich-die-agrarreform-umsetzen\">Petro will die Campesinos als Rechtssubjekte anerkennen und endlich die Agrarreform umsetzen<\/a><\/li><li class=\"sitemap-item\"><a href=\"https:\/\/kolko.net\/askonline\/themen\/frieden\/politische-teilnahme-der-schluessel-zum-frieden\">Politische Teilnahme \u2013 der Schl\u00fcssel zum Frieden?<\/a><\/li><li class=\"sitemap-item\"><a href=\"https:\/\/kolko.net\/askonline\/themen\/menschenrechte\/politischer-kontext-2019\">Politischer Kontext 2019<\/a><\/li><li class=\"sitemap-item\"><a href=\"https:\/\/kolko.net\/askonline\/allgemein\/prodeco-unternehmensverantwortung-und-menschenrechte-im-bergbaukorridor-des-departements-cesar\">PRODECO: Unternehmensverantwortung und Menschenrechte im Bergbaukorridor des Departements Cesar<\/a><\/li><li class=\"sitemap-item\"><a href=\"https:\/\/kolko.net\/askonline\/allgemein\/prodecos-erster-menschenrechtsbericht-ueber-die-sorgfaltspflicht-ist-klar-ungenuegend\">Prodecos erster Menschenrechtsbericht \u00fcber die Sorgfaltspflicht ist klar ungen\u00fcgend<\/a><\/li><li class=\"sitemap-item\"><a href=\"https:\/\/kolko.net\/askonline\/allgemein\/proteste-in-el-hatillo-wegen-verzoegerungen-bei-der-umsiedlung\">Proteste in El Hatillo wegen Verz\u00f6gerungen bei der Umsiedlung<\/a><\/li><li class=\"sitemap-item\"><a href=\"https:\/\/kolko.net\/askonline\/allgemein\/provincial-das-indigene-reservat-das-waehrend-der-pandemie-einer-seiner-besten-momente-durchlebte\">Provincial, das indigene Reservat, das w\u00e4hrend der Pandemie einer seiner besten Momente durchlebte<\/a><\/li><li class=\"sitemap-item\"><a href=\"https:\/\/kolko.net\/askonline\/themen\/punkt-4-des-friedensabkommens-drogen-und-frieden\">Punkt 4 des Friedensabkommens: Drogen und Frieden<\/a><\/li><li class=\"sitemap-item\"><a href=\"https:\/\/kolko.net\/askonline\/themen\/frieden\/reintegration-aber-mit-sicherheit\">Reintegration \u2013 aber mit Sicherheit?<\/a><\/li><li class=\"sitemap-item\"><a href=\"https:\/\/kolko.net\/askonline\/allgemein\/rohstoffsektor-und-agrobusiness-nutzen-die-pandemie-um-ethnische-und-umweltrechte-zu-beschraenken\">Rohstoffsektor und Agrobusiness nutzen die Pandemie, um ethnische und Umweltrechte zu beschr\u00e4nken<\/a><\/li><li class=\"sitemap-item\"><a href=\"https:\/\/kolko.net\/askonline\/allgemein\/rueckgabe-der-kohleminen-von-prodeco-und-erfuellung-der-sozialen-und-umweltauflagen-weiterhin-ungewiss\">R\u00fcckgabe der Kohleminen von Prodeco und Erf\u00fcllung der sozialen und Umweltauflagen weiterhin ungewiss<\/a><\/li><li class=\"sitemap-item\"><a href=\"https:\/\/kolko.net\/askonline\/themen\/frieden\/samen-der-hoffnung-das-schweizer-multitrack-friedensfoerderungsprogramm-in-der-praxis\">Samen der Hoffnung &#8211; Das Schweizer Multitrack-Friedensf\u00f6rderungsprogramm in der Praxis<\/a><\/li><li class=\"sitemap-item\"><a href=\"https:\/\/kolko.net\/askonline\/themen\/wirtschaft-menschenrechte\/schweizer-goldraffinerie-abnehmerin-von-gold-zweifelhafter-herkunft\">Schweizer Goldraffinerie Abnehmerin von Gold zweifelhafter Herkunft!<\/a><\/li><li class=\"sitemap-item\"><a href=\"https:\/\/kolko.net\/askonline\/allgemein\/so-steht-es-um-den-friedensprozess-die-versaeumnisse-der-agrarreform\">So steht es um den Friedensprozess: die Vers\u00e4umnisse der Agrarreform<\/a><\/li><li class=\"sitemap-item\"><a href=\"https:\/\/kolko.net\/askonline\/allgemein\/sos-cauca-weitere-indigene-in-kolumbien-ermordet\">SOS Cauca: Weitere Indigene in Kolumbien ermordet<\/a><\/li><li class=\"sitemap-item\"><a href=\"https:\/\/kolko.net\/askonline\/allgemein\/soziale-fuehrungspersonen-erneut-unter-beschuss\">Soziale F\u00fchrungspersonen erneut unter Beschuss<\/a><\/li><li class=\"sitemap-item\"><a href=\"https:\/\/kolko.net\/askonline\/themen\/staatliches-gewaltmonopol-und-demokratie-in-kolumbien\">Staatliches Gewaltmonopol und Demokratie in Kolumbien<\/a><\/li><li class=\"sitemap-item\"><a href=\"https:\/\/kolko.net\/askonline\/themen\/menschenrechte\/steter-tropfen-oder-heisser-stein\">Steter Tropfen oder heisser Stein?<\/a><\/li><li class=\"sitemap-item\"><a href=\"https:\/\/kolko.net\/askonline\/allgemein\/tabaco-23-jahre-vertrieben-es-ist-zeit-zu-reagieren\">Tabaco 23 Jahre vertrieben: Es ist Zeit zu reagieren.<\/a><\/li><li class=\"sitemap-item\"><a href=\"https:\/\/kolko.net\/askonline\/allgemein\/ueberraschende-wende-im-kolumbianischen-kohlegeschaeft\">\u00dcberraschende Wende im kolumbianischen Kohlegesch\u00e4ft<\/a><\/li><li class=\"sitemap-item\"><a href=\"https:\/\/kolko.net\/askonline\/allgemein\/umsiedlung-von-el-hatillo-unterbrochen-rechtsverletzungen-und-hungerkrise-drohen\">Umsiedlung von El Hatillo unterbrochen \u2013 Rechtsverletzungen und Hungerkrise drohen<\/a><\/li><li class=\"sitemap-item\"><a href=\"https:\/\/kolko.net\/askonline\/themen\/wirtschaft-menschenrechte\/umstrittenes-abkommen-mit-dem-viehzuechterverband-fedegan-soll-der-agrarreform-zum-durchbruch-verhelfen\">Umstrittenes Abkommen mit dem Viehz\u00fcchterverband FEDEGAN soll der Agrarreform zum Durchbruch verhelfen<\/a><\/li><li class=\"sitemap-item\"><a href=\"https:\/\/kolko.net\/askonline\/themen\/menschenrechte\/unbequeme-wahrheiten-in-den-neusten-uno-berichten-zu-kolumbien\">Unbequeme Wahrheiten in den neusten UNO-Berichten zu Kolumbien<\/a><\/li><li class=\"sitemap-item\"><a href=\"https:\/\/kolko.net\/askonline\/themen\/wirtschaft-menschenrechte\/ungleiche-verhandlungen-um-die-lunge-der-erde\">Ungleiche Verhandlungen um die Lunge der Erde<\/a><\/li><li class=\"sitemap-item\"><a href=\"https:\/\/kolko.net\/askonline\/allgemein\/uno-sonderberichterstatter-fuer-umwelt-und-menschenrechte-verlangt-unterbruch-der-bergbauoperationen-von-cerrejon\">UNO Sonderberichterstatter f\u00fcr Umwelt und Menschenrechte verlangt Unterbruch der Bergbauoperationen von Cerrej\u00f3n<\/a><\/li><li class=\"sitemap-item\"><a href=\"https:\/\/kolko.net\/askonline\/themen\/frieden\/uribe-und-der-hausarrest\">Uribe und der Hausarrest<\/a><\/li><li class=\"sitemap-item\"><a href=\"https:\/\/kolko.net\/askonline\/allgemein\/urteil-des-kolumbianischen-verfassungsgerichts-im-ersten-kolumbianischen-fall-der-schliessung-eines-kohlebergwerks-schuetzt-die-rechte-von-gemeinschaften-und-entlassenen-arbeitern\">URTEIL DES KOLUMBIANISCHEN VERFASSUNGSGERICHTS IM ERSTEN KOLUMBIANISCHEN FALL DER SCHLIESSUNG EINES KOHLEBERGWERKS SCH\u00dcTZT DIE RECHTE VON GEMEINSCHAFTEN UND ENTLASSENEN ARBEITERN<\/a><\/li><li class=\"sitemap-item\"><a href=\"https:\/\/kolko.net\/askonline\/themen\/frieden\/verhandlungen-mit-dem-eln-ein-unmoeglicher-friedensprozess\">Verhandlungen mit dem ELN \u2013 ein unm\u00f6glicher Friedensprozess?<\/a><\/li><li class=\"sitemap-item\"><a href=\"https:\/\/kolko.net\/askonline\/themen\/frieden\/viel-hoffnung-auf-eine-friedlichere-und-sozial-gerechtere-zukunft-mit-dem-wahlsieg-von-gustavo-petro-und-francia-marquez\">Viel Hoffnung auf eine friedlichere und sozial gerechtere Zukunft mit dem Wahlsieg von Gustavo Petro und Francia M\u00e1rquez\u00a0<\/a><\/li><li class=\"sitemap-item\"><a href=\"https:\/\/kolko.net\/askonline\/themen\/frieden\/vier-jahre-seit-der-unterzeichnung-des-kolumbianischen-friedensabkommens-verschlechterung-der-humanitaeren-situation-und-stagnierung-des-umsetzungsprozesses\">Vier Jahre seit der Unterzeichnung des kolumbianischen Friedensabkommens: Verschlechterung der humanit\u00e4ren Situation und Stagnierung des Umsetzungsprozesses<\/a><\/li><li class=\"sitemap-item\"><a href=\"https:\/\/kolko.net\/askonline\/allgemein\/warum-freiwilligkeit-bei-menschenrechtlicher-sorgfaltspflicht-nicht-genuegt\">Warum Freiwilligkeit bei menschenrechtlicher Sorgfaltspflicht nicht gen\u00fcgt<\/a><\/li><li class=\"sitemap-item\"><a href=\"https:\/\/kolko.net\/askonline\/themen\/wirtschaft-menschenrechte\/wasserverschmutzung-und-bleibelastung-im-tota-see\">Wasserverschmutzung und Bleibelastung im Tota-See<\/a><\/li><li class=\"sitemap-item\"><a href=\"https:\/\/kolko.net\/askonline\/feature\/weder-koka-noch-dissidenzen-tragen-die-alleinige-verantwortung\">Weder Koka noch Dissidenzen tragen die alleinige Verantwortung<\/a><\/li><li class=\"sitemap-item\"><a href=\"https:\/\/kolko.net\/askonline\/allgemein\/weitere-proteste-und-grosse-unsicherheit-bezueglich-der-umsiedlung-von-el-hatillo\">Weitere Proteste und grosse Unsicherheit bez\u00fcglich der Umsiedlung von El Hatillo<\/a><\/li><li class=\"sitemap-item\"><a href=\"https:\/\/kolko.net\/askonline\/allgemein\/weiterhin-grosse-herausforderungen-und-soziale-probleme-in-der-kohlenregion-des-cesar\">Weiterhin grosse Herausforderungen und soziale Probleme in der Kohlenregion des Cesar<\/a><\/li><li class=\"sitemap-item\"><a href=\"https:\/\/kolko.net\/askonline\/feature\/weltdrogentag-eine-perspektive-aus-dem-sueden\">Weltdrogentag \u2013 Eine Perspektive aus dem S\u00fcden<\/a><\/li><li class=\"sitemap-item\"><a href=\"https:\/\/kolko.net\/askonline\/allgemein\/weniger-als-zwei-wochen-vor-den-parlamentswahlen-nimmt-die-politische-gewalt-in-kolumbien-weiter-zu\">Weniger als zwei Wochen vor den Parlamentswahlen nimmt die politische Gewalt in Kolumbien weiter zu<\/a><\/li><li class=\"sitemap-item\"><a href=\"https:\/\/kolko.net\/askonline\/allgemein\/weshalb-freiwillige-menschenrechtsinstrumente-fuer-konzerne-nicht-genuegen-und-es-die-kvi-braucht\">Weshalb freiwillige Menschenrechtsinstrumente f\u00fcr Konzerne nicht gen\u00fcgen und es die KVI braucht<\/a><\/li><li class=\"sitemap-item\"><a href=\"https:\/\/kolko.net\/askonline\/allgemein\/wichtige-schritte-auf-dem-weg-der-wahrheit\">Wichtige Schritte auf dem Weg der Wahrheit<\/a><\/li><li class=\"sitemap-item\"><a href=\"https:\/\/kolko.net\/askonline\/allgemein\/wie-erreicht-kolumbien-den-totalen-frieden\">Wie erreicht Kolumbien den totalen Frieden?\u00a0<\/a><\/li><li class=\"sitemap-item\"><a href=\"https:\/\/kolko.net\/askonline\/themen\/wiedereingliederung-und-sicherheit-der-ehemaligen-farc-kaempferinnen\">Wiedereingliederung und Sicherheit der ehemaligen FARC-K\u00e4mpferInnen<\/a><\/li><li class=\"sitemap-item\"><a href=\"https:\/\/kolko.net\/askonline\/allgemein\/zehn-jahre-nach-den-umsiedlungen-immer-noch-keine-nachhaltigen-gemeinschaften-trotz-neuen-verhandlungen-mit-cerrejon-waechst-die-ungeduld\">Zehn Jahre nach den Umsiedlungen immer noch keine nachhaltigen Gemeinschaften \u2013 trotz neuen Verhandlungen mit Cerrej\u00f3n w\u00e4chst die Ungeduld<\/a><\/li><\/ul><\/div><div class=\"simple-sitemap-wrap frieden\"><h3 class=\"term-tag\">Frieden<\/h3><ul class=\"simple-sitemap-post main\"><li class=\"sitemap-item\"><a href=\"https:\/\/kolko.net\/askonline\/themen\/frieden\/es-wird-keinen-vollstaendigen-frieden-geben-bis-wir-die-verschwundenen-personen-nicht-wieder-bei-uns-haben-interview-mit-cesar-santoyo-vom-colectivo-orlando-fals-borda\">\u201cEs wird keinen vollst\u00e4ndigen Frieden geben, bis wir die verschwundenen Personen nicht wieder bei uns haben\u201d Interview mit Cesar Santoyo vom Colectivo Orlando Fals Borda<\/a><\/li><li class=\"sitemap-item\"><a href=\"https:\/\/kolko.net\/askonline\/themen\/frieden\/sie-moegen-einen-von-uns-toeten-aber-tausend-andere-werden-geboren-werden\">\u201eSie m\u00f6gen einen von uns t\u00f6ten, aber tausend andere werden geboren werden.\u201c<\/a><\/li><li class=\"sitemap-item\"><a href=\"https:\/\/kolko.net\/askonline\/themen\/menschenrechte\/ich-bin-weil-wir-sind\">\u00abIch bin, weil wir sind\u00bb<\/a><\/li><li class=\"sitemap-item\"><a href=\"https:\/\/kolko.net\/askonline\/allgemein\/es-wird-von-ueberall-her-geschossen-zunahme-der-gewalt-im-gebiet-der-awa-in-narino\"><strong>\u00ab Es wird von \u00fcberall her geschossen\u00bb &#8211; Zunahme der Gewalt im Gebiet der Aw\u00e1 in Nari\u00f1o<\/strong><\/a><\/li><li class=\"sitemap-item\"><a href=\"https:\/\/kolko.net\/askonline\/feature\/agrarreform-wo-steht-die-umsetzung-wirklich\">Agrarreform \u2013 wo steht die Umsetzung wirklich?<\/a><\/li><li class=\"sitemap-item\"><a href=\"https:\/\/kolko.net\/askonline\/themen\/aktueller-stand-der-landrueckerstattungen\">Aktueller Stand der Landr\u00fcckerstattungen<\/a><\/li><li class=\"sitemap-item\"><a href=\"https:\/\/kolko.net\/askonline\/themen\/menschenrechte\/auf-toepfen-fuer-soziale-gerechtigkeit-beobachtungen-vom-nationalstreik\">Auf T\u00f6pfen f\u00fcr soziale Gerechtigkeit  &#8211; Beobachtungen vom Nationalstreik<\/a><\/li><li class=\"sitemap-item\"><a href=\"https:\/\/kolko.net\/askonline\/themen\/auswirkungen-des-bewaffneten-konflikts-im-cauca\">Auswirkungen des bewaffneten Konflikts im Cauca<\/a><\/li><li class=\"sitemap-item\"><a href=\"https:\/\/kolko.net\/askonline\/allgemein\/besorgniserregende-zwischenfaelle-gefaehrden-die-sicherheit-der-menschenrechtsverteidigerinnen-von-colemad-und-von-deren-familienangehoerigen\">Besorgniserregende Zwischenf\u00e4lle gef\u00e4hrden die Sicherheit der Menschenrechtsverteidigerinnen von COLEMAD und von deren Familienangeh\u00f6rigen<\/a><\/li><li class=\"sitemap-item\"><a href=\"https:\/\/kolko.net\/askonline\/themen\/frieden\/bewaffneter-streik-und-haftbefehle\">Bewaffneter Streik und Haftbefehle<\/a><\/li><li class=\"sitemap-item\"><a href=\"https:\/\/kolko.net\/askonline\/themen\/frieden\/das-attentat-vom-einkaufszentrum-andino-in-bogota-anschlag-gegen-den-frieden-oder-falso-positivo-juridico\">Das Attentat vom Einkaufszentrum Andino in Bogot\u00e1: Anschlag gegen den Frieden oder Falso positivo juridico?<\/a><\/li><li class=\"sitemap-item\"><a href=\"https:\/\/kolko.net\/askonline\/themen\/frieden\/das-kolumbianische-friedensabkommen-doch-noch-auf-gutem-weg\">Das kolumbianische Friedensabkommen &#8211; doch noch auf gutem Weg?<\/a><\/li><li class=\"sitemap-item\"><a href=\"https:\/\/kolko.net\/askonline\/themen\/frieden\/das-multitrack-friedensfoerderungsprogramm-der-schweizer-regierung-und-zehn-schweizer-ngo-erfolge-und-zukunftsaussichten\">Das Multitrack-Friedensf\u00f6rderungsprogramm der Schweizer Regierung und zehn Schweizer NGO: Erfolge und Zukunftsaussichten<\/a><\/li><li class=\"sitemap-item\"><a href=\"https:\/\/kolko.net\/askonline\/themen\/frieden\/das-neue-friedensabkommen-ein-rueckschritt-fuer-die-kleinbaeuerliche-landwirtschaft\">Das neue Friedensabkommen &#8211; ein R\u00fcckschritt f\u00fcr die kleinb\u00e4uerliche Landwirtschaft<\/a><\/li><li class=\"sitemap-item\"><a href=\"https:\/\/kolko.net\/askonline\/allgemein\/das-problem-des-drogenhandels-oder-eine-frage-der-priorisierung\">Das Problem des Drogenhandels \u2013 oder eine Frage der Priorisierung<\/a><\/li><li class=\"sitemap-item\"><a href=\"https:\/\/kolko.net\/askonline\/allgemein\/defendamos-la-paz-breite-bewegung-fuer-den-frieden\">Defendamos la Paz \u2013 Breite Bewegung f\u00fcr den Frieden<\/a><\/li><li class=\"sitemap-item\"><a href=\"https:\/\/kolko.net\/askonline\/themen\/frieden\/del-barrio-para-el-barrio-podcast-der-ask\">Del barrio para el barrio &#8211; Podcast der ask!<\/a><\/li><li class=\"sitemap-item\"><a href=\"https:\/\/kolko.net\/askonline\/themen\/frieden\/der-gelbwurz-traegt-zur-ueberwindung-der-folgen-des-bewaffneten-konfliktes-in-bojaya-bei\">Der Gelbwurz tr\u00e4gt zur \u00dcberwindung der Folgen des bewaffneten Konfliktes in Bojay\u00e1 bei<\/a><\/li><li class=\"sitemap-item\"><a href=\"https:\/\/kolko.net\/askonline\/allgemein\/der-kampf-des-regionalen-indigenenrates-des-cauca-fuer-einigkeit-land-kultur-und-autonomie\">Der Kampf des Regionalen Indigenenrates des Cauca f\u00fcr Einigkeit, Land, Kultur und Autonomie<\/a><\/li><li class=\"sitemap-item\"><a href=\"https:\/\/kolko.net\/askonline\/allgemein\/die-fehlregierung-des-lehrlings-autoritarismus-krieg-und-pandemie\">Die Fehlregierung des Lehrlings: Autoritarismus, Krieg und Pandemie<\/a><\/li><li class=\"sitemap-item\"><a href=\"https:\/\/kolko.net\/askonline\/themen\/frieden\/die-kriegsopfer-haben-dem-friedensvertrag-zugestimmt\">Die Kriegsopfer haben dem Friedensvertrag zugestimmt<\/a><\/li><li class=\"sitemap-item\"><a href=\"https:\/\/kolko.net\/askonline\/themen\/menschenrechte\/die-minga-indigena-im-zentrum-breiter-proteste-duque-kneift\">Die Minga Ind\u00edgena im Zentrum breiter Proteste \u2013 Duque kneift<\/a><\/li><li class=\"sitemap-item\"><a href=\"https:\/\/kolko.net\/askonline\/allgemein\/die-regierung-petro-strebt-eine-grundsaetzliche-neuausrichtung-der-drogenpolitik-an\">Die Regierung Petro strebt eine grunds\u00e4tzliche Neuausrichtung der Drogenpolitik an\u00a0\u00a0<\/a><\/li><li class=\"sitemap-item\"><a href=\"https:\/\/kolko.net\/askonline\/themen\/menschenrechte\/die-siona-ein-volk-an-der-grenze\">Die Siona \u2013 ein Volk an der Grenze<\/a><\/li><li class=\"sitemap-item\"><a href=\"https:\/\/kolko.net\/askonline\/themen\/frieden\/die-sonderjustiz-fuer-den-frieden-nimmt-fahrt-auf\">Die Sonderjustiz f\u00fcr den Frieden nimmt Fahrt auf<\/a><\/li><li class=\"sitemap-item\"><a href=\"https:\/\/kolko.net\/askonline\/themen\/menschenrechte\/die-sozialen-bewegungen-in-arauca-zwischen-angriffen-der-bewaffneten-gruppen-und-gerichtlichen-verfolgungen-durch-den-staat\">Die sozialen Bewegungen in Arauca \u2013 zwischen Angriffen der bewaffneten Gruppen und gerichtlichen Verfolgungen durch den Staat<\/a><\/li><li class=\"sitemap-item\"><a href=\"https:\/\/kolko.net\/askonline\/themen\/frieden\/die-umsetzung-des-friedensabkommens-hat-begonnen\">Die Umsetzung des Friedensabkommens hat begonnen<\/a><\/li><li class=\"sitemap-item\"><a href=\"https:\/\/kolko.net\/askonline\/allgemein\/die-verhaftung-von-otoniel-verringert-den-drogenhandel-kaum\">Die Verhaftung von Otoniel verringert den Drogenhandel kaum<\/a><\/li><li class=\"sitemap-item\"><a href=\"https:\/\/kolko.net\/askonline\/allgemein\/droht-bojaya-nach-17-jahren-eine-erneute-humanitaere-tragoedie\">Droht Bojay\u00e1 nach 17 Jahren eine erneute humanit\u00e4re Trag\u00f6die?<\/a><\/li><li class=\"sitemap-item\"><a href=\"https:\/\/kolko.net\/askonline\/themen\/frieden\/ein-gespraech-ohne-angst-ueber-die-nation-die-wir-sind\">Ein Gespr\u00e4ch ohne Angst \u00fcber die Nation, die wir sind<\/a><\/li><li class=\"sitemap-item\"><a href=\"https:\/\/kolko.net\/askonline\/themen\/frieden\/ein-raum-fuer-die-erinnerungen-der-frau-ein-raum-fuer-widerstand\">Ein Raum f\u00fcr die Erinnerungen der Frau \u2013 ein Raum f\u00fcr Widerstand<\/a><\/li><li class=\"sitemap-item\"><a href=\"https:\/\/kolko.net\/askonline\/themen\/frieden\/ein-zoegerlicher-frieden-unter-dunklen-wolken\">Ein z\u00f6gerlicher Frieden unter dunklen Wolken<\/a><\/li><li class=\"sitemap-item\"><a href=\"https:\/\/kolko.net\/askonline\/themen\/frieden\/entwaldung-in-kolumbiens-nationalparks-nach-unterzeichnung-des-friedensabkommens\">Entwaldung in Kolumbiens Nationalparks nach Unterzeichnung des Friedensabkommens<\/a><\/li><li class=\"sitemap-item\"><a href=\"https:\/\/kolko.net\/askonline\/themen\/frieden\/erfreuliche-einigung-zwischen-regierung-und-farc\">Erfreuliche Einigung zwischen Regierung und FARC<\/a><\/li><li class=\"sitemap-item\"><a href=\"https:\/\/kolko.net\/askonline\/allgemein\/erneute-konflikte-um-die-praesenz-von-kleinbauern-und-kleinbaeuerinnen-in-den-nationalparks\">Erneute Konflikte um die Pr\u00e4senz von Kleinbauern und Kleinb\u00e4uerinnen in den Nationalparks<\/a><\/li><li class=\"sitemap-item\"><a href=\"https:\/\/kolko.net\/askonline\/themen\/frieden\/fast-track-oder-zeitlupe-stand-der-umsetzung-des-friedensabkommens\">Fast Track oder Zeitlupe: Stand der Umsetzung des Friedensabkommens<\/a><\/li><li class=\"sitemap-item\"><a href=\"https:\/\/kolko.net\/askonline\/themen\/frieden\/fort-und-rueckschritte-bei-der-umsetzung-des-friedensabkommens\">Fort- und R\u00fcckschritte bei der Umsetzung des Friedensabkommens<\/a><\/li><li class=\"sitemap-item\"><a href=\"https:\/\/kolko.net\/askonline\/themen\/frieden\/fortschritte-und-herausforderungen-der-geschlechterpolitik\">Fortschritte und Herausforderungen der Geschlechterpolitik<\/a><\/li><li class=\"sitemap-item\"><a href=\"https:\/\/kolko.net\/askonline\/themen\/frieden\/friedensabkommen-kolumbien-farc-frieden-auf-wackligen-fuessen\">Friedensabkommen Kolumbien-FARC: Frieden auf wackligen F\u00fcssen<\/a><\/li><li class=\"sitemap-item\"><a href=\"https:\/\/kolko.net\/askonline\/themen\/frieden\/friedensprozess-unter-beschuss\">Friedensprozess unter Beschuss<\/a><\/li><li class=\"sitemap-item\"><a href=\"https:\/\/kolko.net\/askonline\/themen\/frieden\/friedensverhandlungen-kolumbien-eln-friedensverhandlungen-mit-fragezeichen\">Friedensverhandlungen Kolumbien-ELN: Friedensverhandlungen mit Fragezeichen<\/a><\/li><li class=\"sitemap-item\"><a href=\"https:\/\/kolko.net\/askonline\/themen\/frieden\/gerechtigkeit-und-die-illusion-des-postkonflikts\">Gerechtigkeit und die Illusion des Postkonflikts<\/a><\/li><li class=\"sitemap-item\"><a href=\"https:\/\/kolko.net\/askonline\/allgemein\/halbzeit-fuer-die-regierung-duque-schwieriger-friedensaufbau-in-kolumbien\">Halbzeit f\u00fcr die Regierung Duque \u2013 schwieriger Friedensaufbau in Kolumbien<\/a><\/li><li class=\"sitemap-item\"><a href=\"https:\/\/kolko.net\/askonline\/themen\/frieden\/handbuch-fuer-den-schutz-von-menschenrechtsverteidigerinnen\">Handbuch f\u00fcr den Schutz von MenschenrechtsverteidigerInnen<\/a><\/li><li class=\"sitemap-item\"><a href=\"https:\/\/kolko.net\/askonline\/themen\/herausforderungen-des-territorialen-friedens-sind-thema-an-der-uno\">Herausforderungen des territorialen Friedens sind Thema an der UNO<\/a><\/li><li class=\"sitemap-item\"><a href=\"https:\/\/kolko.net\/askonline\/themen\/frieden\/hoehenfluege-und-tiefpunkte-des-friedensprozesses\">H\u00f6henfl\u00fcge und Tiefpunkte des Friedensprozesses<\/a><\/li><li class=\"sitemap-item\"><a href=\"https:\/\/kolko.net\/askonline\/allgemein\/humanitaere-krise-in-arauca\">Humanit\u00e4re Krise in Arauca<\/a><\/li><li class=\"sitemap-item\"><a href=\"https:\/\/kolko.net\/askonline\/themen\/frieden\/indigene-territorien-werden-als-opfer-vor-der-jep-anerkannt\">Indigene Territorien werden als Opfer vor der JEP anerkannt<\/a><\/li><li class=\"sitemap-item\"><a href=\"https:\/\/kolko.net\/askonline\/themen\/innenansichten-eines-friedensprozesses\">Innenansichten eines Friedensprozesses<\/a><\/li><li class=\"sitemap-item\"><a href=\"https:\/\/kolko.net\/askonline\/allgemein\/interview-mit-yolvi-lena-padilla-sepulveda-und-edisantiago-gutierrez-von-der-wahrheitskommision\">Interview mit Yolvi Lena Padilla Sep\u00falveda und Edisantiago Guti\u00e9rrez von der Wahrheitskommision<\/a><\/li><li class=\"sitemap-item\"><a href=\"https:\/\/kolko.net\/askonline\/themen\/menschenrechte\/interview-zum-paro-nacional-mit-camilo-gonzalez\">Interview zum \u201eParo Nacional\u201c mit Camilo Gonz\u00e1lez<\/a><\/li><li class=\"sitemap-item\"><a href=\"https:\/\/kolko.net\/askonline\/themen\/frieden\/langsame-umsetzung-der-friedensabkommen\">Langsame Umsetzung der Friedensabkommen<\/a><\/li><li class=\"sitemap-item\"><a href=\"https:\/\/kolko.net\/askonline\/allgemein\/menschenrechte-2021\">Menschenrechte 2021<\/a><\/li><li class=\"sitemap-item\"><a href=\"https:\/\/kolko.net\/askonline\/themen\/menschenrechte\/menschenrechtsverteidiger-im-cauca-in-gefahr\">Menschenrechtsverteidiger im Cauca in Gefahr<\/a><\/li><li class=\"sitemap-item\"><a href=\"https:\/\/kolko.net\/askonline\/themen\/frieden\/minderjaehrige-im-bewaffneten-konflikt\">Minderj\u00e4hrige im bewaffneten Konflikt<\/a><\/li><li class=\"sitemap-item\"><a href=\"https:\/\/kolko.net\/askonline\/themen\/frieden\/mit-tilapias-auf-dem-weg-der-hoffnung\">Mit Tilapias auf dem Weg der Hoffnung<\/a><\/li><li class=\"sitemap-item\"><a href=\"https:\/\/kolko.net\/askonline\/themen\/frieden\/mitteilung-der-kolumbienplattform-schweiz\">Mitteilung der Kolumbienplattform Schweiz<\/a><\/li><li class=\"sitemap-item\"><a href=\"https:\/\/kolko.net\/askonline\/allgemein\/morde-und-todesdrohungen-gegen-landrechtskaempfer-und-verteidigerinnen-des-territoriums-reissen-nicht-ab\">Morde und Todesdrohungen gegen Landrechtsk\u00e4mpfer und VerteidigerInnen des Territoriums reissen nicht ab\u00a0<\/a><\/li><li class=\"sitemap-item\"><a href=\"https:\/\/kolko.net\/askonline\/themen\/mut-und-hoffnung-im-kampf-um-den-frieden-ein-interview-mit-abel-coicue\">Mut und Hoffnung im Kampf um den Frieden \u2013 Ein Interview mit Abel Coicu\u00e9<\/a><\/li><li class=\"sitemap-item\"><a href=\"https:\/\/kolko.net\/askonline\/themen\/menschenrechte\/neuer-schlag-gegen-die-selbstbestimmung-und-das-ueberleben-der-awa\">Neuer Schlag gegen die Selbstbestimmung und das \u00dcberleben der Aw\u00e1<\/a><\/li><li class=\"sitemap-item\"><a href=\"https:\/\/kolko.net\/askonline\/allgemein\/ohne-eine-regierung-mit-dem-politischen-willen-die-ursachen-der-gewalt-anzugehen-werden-wir-nie-in-ruhe-leben-koennen\">Ohne eine Regierung mit dem politischen Willen, die Ursachen der Gewalt anzugehen, werden wir nie in Ruhe leben k\u00f6nnen<\/a><\/li><li class=\"sitemap-item\"><a href=\"https:\/\/kolko.net\/askonline\/themen\/frieden\/paramilitarismus-unter-druck\">Paramilitarismus unter Druck<\/a><\/li><li class=\"sitemap-item\"><a href=\"https:\/\/kolko.net\/askonline\/themen\/frieden\/partizipatives-monitoring-der-menschenrechtsverletzungen-und-der-implementierung-des-friedensabkommens\">Partizipatives Monitoring der Menschenrechtsverletzungen und der Implementierung des Friedensabkommens<\/a><\/li><li class=\"sitemap-item\"><a href=\"https:\/\/kolko.net\/askonline\/themen\/frieden\/pausenloser-krieg-im-catatumbo\">Pausenloser Krieg im Catatumbo<\/a><\/li><li class=\"sitemap-item\"><a href=\"https:\/\/kolko.net\/askonline\/allgemein\/petro-will-die-campesinos-als-rechtssubjekte-anerkennen-und-endlich-die-agrarreform-umsetzen\">Petro will die Campesinos als Rechtssubjekte anerkennen und endlich die Agrarreform umsetzen<\/a><\/li><li class=\"sitemap-item\"><a href=\"https:\/\/kolko.net\/askonline\/themen\/frieden\/politische-teilnahme-der-schluessel-zum-frieden\">Politische Teilnahme \u2013 der Schl\u00fcssel zum Frieden?<\/a><\/li><li class=\"sitemap-item\"><a href=\"https:\/\/kolko.net\/askonline\/themen\/frieden\/politische-unsicherheit-unter-praesident-duque\">Politische Unsicherheit unter Pr\u00e4sident Duque<\/a><\/li><li class=\"sitemap-item\"><a href=\"https:\/\/kolko.net\/askonline\/themen\/frieden\/politisches-schmierentheater\">Politisches Schmierentheater<\/a><\/li><li class=\"sitemap-item\"><a href=\"https:\/\/kolko.net\/askonline\/themen\/frieden\/postkonflikt-hartnaeckige-geschlechtsspezifische-gewalt\">Postkonflikt: hartn\u00e4ckige geschlechtsspezifische Gewalt<\/a><\/li><li class=\"sitemap-item\"><a href=\"https:\/\/kolko.net\/askonline\/themen\/frieden\/reintegration-aber-mit-sicherheit\">Reintegration \u2013 aber mit Sicherheit?<\/a><\/li><li class=\"sitemap-item\"><a href=\"https:\/\/kolko.net\/askonline\/themen\/frieden\/samen-der-hoffnung-das-schweizer-multitrack-friedensfoerderungsprogramm-in-der-praxis\">Samen der Hoffnung &#8211; Das Schweizer Multitrack-Friedensf\u00f6rderungsprogramm in der Praxis<\/a><\/li><li class=\"sitemap-item\"><a href=\"https:\/\/kolko.net\/askonline\/themen\/frieden\/samen-der-hoffnung-semillas-de-esperanza\">Samen der Hoffnung \u2013 Semillas de Esperanza<\/a><\/li><li class=\"sitemap-item\"><a href=\"https:\/\/kolko.net\/askonline\/themen\/frieden\/schritt-fuer-schritt-in-richtung-frieden\">Schritt f\u00fcr Schritt in Richtung Frieden<\/a><\/li><li class=\"sitemap-item\"><a href=\"https:\/\/kolko.net\/askonline\/allgemein\/so-steht-es-um-den-friedensprozess-die-versaeumnisse-der-agrarreform\">So steht es um den Friedensprozess: die Vers\u00e4umnisse der Agrarreform<\/a><\/li><li class=\"sitemap-item\"><a href=\"https:\/\/kolko.net\/askonline\/themen\/frieden\/sonderjustiz-fuer-den-frieden-ein-gesetz-mit-maengeln\">Sonderjustiz f\u00fcr den Frieden: ein Gesetz mit M\u00e4ngeln<\/a><\/li><li class=\"sitemap-item\"><a href=\"https:\/\/kolko.net\/askonline\/allgemein\/sos-cauca-weitere-indigene-in-kolumbien-ermordet\">SOS Cauca: Weitere Indigene in Kolumbien ermordet<\/a><\/li><li class=\"sitemap-item\"><a href=\"https:\/\/kolko.net\/askonline\/allgemein\/soziale-fuehrungspersonen-erneut-unter-beschuss\">Soziale F\u00fchrungspersonen erneut unter Beschuss<\/a><\/li><li class=\"sitemap-item\"><a href=\"https:\/\/kolko.net\/askonline\/themen\/frieden\/stand-der-umsetzung-des-friedensabkommens-dezember-2016-bis-mai-2018\">Stand der Umsetzung des Friedensabkommens (Dezember 2016 bis Mai 2018)<\/a><\/li><li class=\"sitemap-item\"><a href=\"https:\/\/kolko.net\/askonline\/themen\/frieden\/territoriale-dynamik-des-bewaffneten-konflikts\">Territoriale Dynamik des bewaffneten Konflikts<\/a><\/li><li class=\"sitemap-item\"><a href=\"https:\/\/kolko.net\/askonline\/allgemein\/trotz-pandemie-morde-und-drohungen-gegen-kleinbauernfuehrerinnen-und-gewaltsame-kokaausrottung\">Trotz Pandemie: Morde und Drohungen gegen Kleinbauernf\u00fchrerInnen und gewaltsame Kokaausrottung<\/a><\/li><li class=\"sitemap-item\"><a href=\"https:\/\/kolko.net\/askonline\/themen\/umstrittene-sonderjustiz-fuer-den-frieden\">Umstrittene Sonderjustiz f\u00fcr den Frieden<\/a><\/li><li class=\"sitemap-item\"><a href=\"https:\/\/kolko.net\/askonline\/themen\/frieden\/umstrittener-wahlkampf-der-fuerza-alternativa-revolucionaria-del-comun\">Umstrittener Wahlkampf der Fuerza Alternativa Revolucionaria del Com\u00fan<\/a><\/li><li class=\"sitemap-item\"><a href=\"https:\/\/kolko.net\/askonline\/themen\/wirtschaft-menschenrechte\/umstrittenes-abkommen-mit-dem-viehzuechterverband-fedegan-soll-der-agrarreform-zum-durchbruch-verhelfen\">Umstrittenes Abkommen mit dem Viehz\u00fcchterverband FEDEGAN soll der Agrarreform zum Durchbruch verhelfen<\/a><\/li><li class=\"sitemap-item\"><a href=\"https:\/\/kolko.net\/askonline\/themen\/frieden\/ungewissheit-nach-dem-plebiszit\">Ungewissheit nach dem Plebiszit<\/a><\/li><li class=\"sitemap-item\"><a href=\"https:\/\/kolko.net\/askonline\/themen\/frieden\/unschuldig-hinter-gittern-zu-besuch-bei-politischen-gefangenen-in-kolumbien\">Unschuldig hinter Gittern: zu Besuch bei politischen Gefangenen in Kolumbien<\/a><\/li><li class=\"sitemap-item\"><a href=\"https:\/\/kolko.net\/askonline\/themen\/frieden\/unsichere-perspektiven-fuer-den-friedensprozess\">Unsichere Perspektiven f\u00fcr den Friedensprozess<\/a><\/li><li class=\"sitemap-item\"><a href=\"https:\/\/kolko.net\/askonline\/themen\/frieden\/uribe-und-der-hausarrest\">Uribe und der Hausarrest<\/a><\/li><li class=\"sitemap-item\"><a href=\"https:\/\/kolko.net\/askonline\/themen\/frieden\/verbreitung-und-territoriale-kontrolle-illegaler-bewaffneter-organisationen\">Verbreitung und territoriale Kontrolle illegaler bewaffneter Organisationen<\/a><\/li><li class=\"sitemap-item\"><a href=\"https:\/\/kolko.net\/askonline\/themen\/frieden\/verhandlungen-mit-dem-eln-ein-unmoeglicher-friedensprozess\">Verhandlungen mit dem ELN \u2013 ein unm\u00f6glicher Friedensprozess?<\/a><\/li><li class=\"sitemap-item\"><a href=\"https:\/\/kolko.net\/askonline\/themen\/frieden\/verhandlungsstrategie-von-regierung-und-eln\">Verhandlungsstrategie von Regierung und ELN<\/a><\/li><li class=\"sitemap-item\"><a href=\"https:\/\/kolko.net\/askonline\/themen\/frieden\/viel-hoffnung-auf-eine-friedlichere-und-sozial-gerechtere-zukunft-mit-dem-wahlsieg-von-gustavo-petro-und-francia-marquez\">Viel Hoffnung auf eine friedlichere und sozial gerechtere Zukunft mit dem Wahlsieg von Gustavo Petro und Francia M\u00e1rquez\u00a0<\/a><\/li><li class=\"sitemap-item\"><a href=\"https:\/\/kolko.net\/askonline\/themen\/frieden\/vier-jahre-seit-der-unterzeichnung-des-kolumbianischen-friedensabkommens-verschlechterung-der-humanitaeren-situation-und-stagnierung-des-umsetzungsprozesses\">Vier Jahre seit der Unterzeichnung des kolumbianischen Friedensabkommens: Verschlechterung der humanit\u00e4ren Situation und Stagnierung des Umsetzungsprozesses<\/a><\/li><li class=\"sitemap-item\"><a href=\"https:\/\/kolko.net\/askonline\/themen\/frieden\/waffenstillstand-und-menschenrechte\">Waffenstillstand und Menschenrechte<\/a><\/li><li class=\"sitemap-item\"><a href=\"https:\/\/kolko.net\/askonline\/themen\/frieden\/wahlen-in-kolumbien-2018\">Wahlen in Kolumbien 2018<\/a><\/li><li class=\"sitemap-item\"><a href=\"https:\/\/kolko.net\/askonline\/feature\/weder-koka-noch-dissidenzen-tragen-die-alleinige-verantwortung\">Weder Koka noch Dissidenzen tragen die alleinige Verantwortung<\/a><\/li><li class=\"sitemap-item\"><a href=\"https:\/\/kolko.net\/askonline\/allgemein\/weniger-als-zwei-wochen-vor-den-parlamentswahlen-nimmt-die-politische-gewalt-in-kolumbien-weiter-zu\">Weniger als zwei Wochen vor den Parlamentswahlen nimmt die politische Gewalt in Kolumbien weiter zu<\/a><\/li><li class=\"sitemap-item\"><a href=\"https:\/\/kolko.net\/askonline\/themen\/menschenrechte\/wenn-unschuldige-den-krieg-anderer-fuehren\">Wenn Unschuldige den Krieg Anderer f\u00fchren<\/a><\/li><li class=\"sitemap-item\"><a href=\"https:\/\/kolko.net\/askonline\/allgemein\/wichtige-schritte-auf-dem-weg-der-wahrheit\">Wichtige Schritte auf dem Weg der Wahrheit<\/a><\/li><li class=\"sitemap-item\"><a href=\"https:\/\/kolko.net\/askonline\/allgemein\/wie-erreicht-kolumbien-den-totalen-frieden\">Wie erreicht Kolumbien den totalen Frieden?\u00a0<\/a><\/li><li class=\"sitemap-item\"><a href=\"https:\/\/kolko.net\/askonline\/themen\/frieden\/wie-geht-es-dem-frieden\">Wie geht es dem Frieden?<\/a><\/li><li class=\"sitemap-item\"><a href=\"https:\/\/kolko.net\/askonline\/themen\/wiedereingliederung-und-sicherheit-der-ehemaligen-farc-kaempferinnen\">Wiedereingliederung und Sicherheit der ehemaligen FARC-K\u00e4mpferInnen<\/a><\/li><li class=\"sitemap-item\"><a href=\"https:\/\/kolko.net\/askonline\/themen\/frieden\/wiederkehrende-gewalt-im-cauca\">Wiederkehrende Gewalt im Cauca<\/a><\/li><li class=\"sitemap-item\"><a href=\"https:\/\/kolko.net\/askonline\/themen\/frieden\/zwiespaeltige-bilanz-nach-18-monaten-implementierung-des-friedensabkommens\">Zwiesp\u00e4ltige Bilanz nach 18 Monaten Implementierung des Friedensabkommens<\/a><\/li><\/ul><\/div><div class=\"simple-sitemap-wrap frieden-von-unten\"><h3 class=\"term-tag\">Frieden von unten<\/h3><ul class=\"simple-sitemap-post main\"><li class=\"sitemap-item\"><a href=\"https:\/\/kolko.net\/askonline\/themen\/frieden\/sie-moegen-einen-von-uns-toeten-aber-tausend-andere-werden-geboren-werden\">\u201eSie m\u00f6gen einen von uns t\u00f6ten, aber tausend andere werden geboren werden.\u201c<\/a><\/li><li class=\"sitemap-item\"><a href=\"https:\/\/kolko.net\/askonline\/allgemein\/es-wird-von-ueberall-her-geschossen-zunahme-der-gewalt-im-gebiet-der-awa-in-narino\"><strong>\u00ab Es wird von \u00fcberall her geschossen\u00bb &#8211; Zunahme der Gewalt im Gebiet der Aw\u00e1 in Nari\u00f1o<\/strong><\/a><\/li><li class=\"sitemap-item\"><a href=\"https:\/\/kolko.net\/askonline\/themen\/menschenrechte\/auf-toepfen-fuer-soziale-gerechtigkeit-beobachtungen-vom-nationalstreik\">Auf T\u00f6pfen f\u00fcr soziale Gerechtigkeit  &#8211; Beobachtungen vom Nationalstreik<\/a><\/li><li class=\"sitemap-item\"><a href=\"https:\/\/kolko.net\/askonline\/allgemein\/besorgniserregende-zwischenfaelle-gefaehrden-die-sicherheit-der-menschenrechtsverteidigerinnen-von-colemad-und-von-deren-familienangehoerigen\">Besorgniserregende Zwischenf\u00e4lle gef\u00e4hrden die Sicherheit der Menschenrechtsverteidigerinnen von COLEMAD und von deren Familienangeh\u00f6rigen<\/a><\/li><li class=\"sitemap-item\"><a href=\"https:\/\/kolko.net\/askonline\/themen\/frieden\/das-multitrack-friedensfoerderungsprogramm-der-schweizer-regierung-und-zehn-schweizer-ngo-erfolge-und-zukunftsaussichten\">Das Multitrack-Friedensf\u00f6rderungsprogramm der Schweizer Regierung und zehn Schweizer NGO: Erfolge und Zukunftsaussichten<\/a><\/li><li class=\"sitemap-item\"><a href=\"https:\/\/kolko.net\/askonline\/themen\/frieden\/del-barrio-para-el-barrio-podcast-der-ask\">Del barrio para el barrio &#8211; Podcast der ask!<\/a><\/li><li class=\"sitemap-item\"><a href=\"https:\/\/kolko.net\/askonline\/themen\/frieden\/der-gelbwurz-traegt-zur-ueberwindung-der-folgen-des-bewaffneten-konfliktes-in-bojaya-bei\">Der Gelbwurz tr\u00e4gt zur \u00dcberwindung der Folgen des bewaffneten Konfliktes in Bojay\u00e1 bei<\/a><\/li><li class=\"sitemap-item\"><a href=\"https:\/\/kolko.net\/askonline\/allgemein\/der-kampf-des-regionalen-indigenenrates-des-cauca-fuer-einigkeit-land-kultur-und-autonomie\">Der Kampf des Regionalen Indigenenrates des Cauca f\u00fcr Einigkeit, Land, Kultur und Autonomie<\/a><\/li><li class=\"sitemap-item\"><a href=\"https:\/\/kolko.net\/askonline\/themen\/menschenrechte\/die-minga-indigena-im-zentrum-breiter-proteste-duque-kneift\">Die Minga Ind\u00edgena im Zentrum breiter Proteste \u2013 Duque kneift<\/a><\/li><li class=\"sitemap-item\"><a href=\"https:\/\/kolko.net\/askonline\/themen\/menschenrechte\/die-siona-ein-volk-an-der-grenze\">Die Siona \u2013 ein Volk an der Grenze<\/a><\/li><li class=\"sitemap-item\"><a href=\"https:\/\/kolko.net\/askonline\/themen\/frieden\/ein-raum-fuer-die-erinnerungen-der-frau-ein-raum-fuer-widerstand\">Ein Raum f\u00fcr die Erinnerungen der Frau \u2013 ein Raum f\u00fcr Widerstand<\/a><\/li><li class=\"sitemap-item\"><a href=\"https:\/\/kolko.net\/askonline\/allgemein\/halbzeit-fuer-die-regierung-duque-schwieriger-friedensaufbau-in-kolumbien\">Halbzeit f\u00fcr die Regierung Duque \u2013 schwieriger Friedensaufbau in Kolumbien<\/a><\/li><li class=\"sitemap-item\"><a href=\"https:\/\/kolko.net\/askonline\/themen\/frieden\/handbuch-fuer-den-schutz-von-menschenrechtsverteidigerinnen\">Handbuch f\u00fcr den Schutz von MenschenrechtsverteidigerInnen<\/a><\/li><li class=\"sitemap-item\"><a href=\"https:\/\/kolko.net\/askonline\/themen\/menschenrechte\/interview-zum-paro-nacional-mit-camilo-gonzalez\">Interview zum \u201eParo Nacional\u201c mit Camilo Gonz\u00e1lez<\/a><\/li><li class=\"sitemap-item\"><a href=\"https:\/\/kolko.net\/askonline\/themen\/menschenrechte\/menschenrechtsverteidiger-im-cauca-in-gefahr\">Menschenrechtsverteidiger im Cauca in Gefahr<\/a><\/li><li class=\"sitemap-item\"><a href=\"https:\/\/kolko.net\/askonline\/themen\/frieden\/mit-tilapias-auf-dem-weg-der-hoffnung\">Mit Tilapias auf dem Weg der Hoffnung<\/a><\/li><li class=\"sitemap-item\"><a href=\"https:\/\/kolko.net\/askonline\/themen\/mut-und-hoffnung-im-kampf-um-den-frieden-ein-interview-mit-abel-coicue\">Mut und Hoffnung im Kampf um den Frieden \u2013 Ein Interview mit Abel Coicu\u00e9<\/a><\/li><li class=\"sitemap-item\"><a href=\"https:\/\/kolko.net\/askonline\/themen\/frieden\/partizipatives-monitoring-der-menschenrechtsverletzungen-und-der-implementierung-des-friedensabkommens\">Partizipatives Monitoring der Menschenrechtsverletzungen und der Implementierung des Friedensabkommens<\/a><\/li><li class=\"sitemap-item\"><a href=\"https:\/\/kolko.net\/askonline\/themen\/frieden\/samen-der-hoffnung-das-schweizer-multitrack-friedensfoerderungsprogramm-in-der-praxis\">Samen der Hoffnung &#8211; Das Schweizer Multitrack-Friedensf\u00f6rderungsprogramm in der Praxis<\/a><\/li><li class=\"sitemap-item\"><a href=\"https:\/\/kolko.net\/askonline\/themen\/frieden\/samen-der-hoffnung-semillas-de-esperanza\">Samen der Hoffnung \u2013 Semillas de Esperanza<\/a><\/li><li class=\"sitemap-item\"><a href=\"https:\/\/kolko.net\/askonline\/allgemein\/sos-cauca-weitere-indigene-in-kolumbien-ermordet\">SOS Cauca: Weitere Indigene in Kolumbien ermordet<\/a><\/li><li class=\"sitemap-item\"><a href=\"https:\/\/kolko.net\/askonline\/allgemein\/soziale-fuehrungspersonen-erneut-unter-beschuss\">Soziale F\u00fchrungspersonen erneut unter Beschuss<\/a><\/li><li class=\"sitemap-item\"><a href=\"https:\/\/kolko.net\/askonline\/themen\/frieden\/unschuldig-hinter-gittern-zu-besuch-bei-politischen-gefangenen-in-kolumbien\">Unschuldig hinter Gittern: zu Besuch bei politischen Gefangenen in Kolumbien<\/a><\/li><li class=\"sitemap-item\"><a href=\"https:\/\/kolko.net\/askonline\/allgemein\/wie-erreicht-kolumbien-den-totalen-frieden\">Wie erreicht Kolumbien den totalen Frieden?\u00a0<\/a><\/li><\/ul><\/div><div class=\"simple-sitemap-wrap friedensprozess\"><h3 class=\"term-tag\">Friedensprozess<\/h3><ul class=\"simple-sitemap-post main\"><li class=\"sitemap-item\"><a href=\"https:\/\/kolko.net\/askonline\/feature\/agrarreform-wo-steht-die-umsetzung-wirklich\">Agrarreform \u2013 wo steht die Umsetzung wirklich?<\/a><\/li><li class=\"sitemap-item\"><a href=\"https:\/\/kolko.net\/askonline\/themen\/frieden\/bewaffneter-streik-und-haftbefehle\">Bewaffneter Streik und Haftbefehle<\/a><\/li><li class=\"sitemap-item\"><a href=\"https:\/\/kolko.net\/askonline\/themen\/frieden\/das-attentat-vom-einkaufszentrum-andino-in-bogota-anschlag-gegen-den-frieden-oder-falso-positivo-juridico\">Das Attentat vom Einkaufszentrum Andino in Bogot\u00e1: Anschlag gegen den Frieden oder Falso positivo juridico?<\/a><\/li><li class=\"sitemap-item\"><a href=\"https:\/\/kolko.net\/askonline\/themen\/frieden\/das-kolumbianische-friedensabkommen-doch-noch-auf-gutem-weg\">Das kolumbianische Friedensabkommen &#8211; doch noch auf gutem Weg?<\/a><\/li><li class=\"sitemap-item\"><a href=\"https:\/\/kolko.net\/askonline\/themen\/frieden\/das-neue-friedensabkommen-ein-rueckschritt-fuer-die-kleinbaeuerliche-landwirtschaft\">Das neue Friedensabkommen &#8211; ein R\u00fcckschritt f\u00fcr die kleinb\u00e4uerliche Landwirtschaft<\/a><\/li><li class=\"sitemap-item\"><a href=\"https:\/\/kolko.net\/askonline\/allgemein\/das-problem-des-drogenhandels-oder-eine-frage-der-priorisierung\">Das Problem des Drogenhandels \u2013 oder eine Frage der Priorisierung<\/a><\/li><li class=\"sitemap-item\"><a href=\"https:\/\/kolko.net\/askonline\/allgemein\/die-fehlregierung-des-lehrlings-autoritarismus-krieg-und-pandemie\">Die Fehlregierung des Lehrlings: Autoritarismus, Krieg und Pandemie<\/a><\/li><li class=\"sitemap-item\"><a href=\"https:\/\/kolko.net\/askonline\/themen\/frieden\/die-kriegsopfer-haben-dem-friedensvertrag-zugestimmt\">Die Kriegsopfer haben dem Friedensvertrag zugestimmt<\/a><\/li><li class=\"sitemap-item\"><a href=\"https:\/\/kolko.net\/askonline\/themen\/frieden\/die-umsetzung-des-friedensabkommens-hat-begonnen\">Die Umsetzung des Friedensabkommens hat begonnen<\/a><\/li><li class=\"sitemap-item\"><a href=\"https:\/\/kolko.net\/askonline\/themen\/frieden\/ein-gespraech-ohne-angst-ueber-die-nation-die-wir-sind\">Ein Gespr\u00e4ch ohne Angst \u00fcber die Nation, die wir sind<\/a><\/li><li class=\"sitemap-item\"><a href=\"https:\/\/kolko.net\/askonline\/themen\/frieden\/ein-zoegerlicher-frieden-unter-dunklen-wolken\">Ein z\u00f6gerlicher Frieden unter dunklen Wolken<\/a><\/li><li class=\"sitemap-item\"><a href=\"https:\/\/kolko.net\/askonline\/themen\/frieden\/entwaldung-in-kolumbiens-nationalparks-nach-unterzeichnung-des-friedensabkommens\">Entwaldung in Kolumbiens Nationalparks nach Unterzeichnung des Friedensabkommens<\/a><\/li><li class=\"sitemap-item\"><a href=\"https:\/\/kolko.net\/askonline\/themen\/frieden\/erfreuliche-einigung-zwischen-regierung-und-farc\">Erfreuliche Einigung zwischen Regierung und FARC<\/a><\/li><li class=\"sitemap-item\"><a href=\"https:\/\/kolko.net\/askonline\/themen\/frieden\/fast-track-oder-zeitlupe-stand-der-umsetzung-des-friedensabkommens\">Fast Track oder Zeitlupe: Stand der Umsetzung des Friedensabkommens<\/a><\/li><li class=\"sitemap-item\"><a href=\"https:\/\/kolko.net\/askonline\/themen\/frieden\/friedensabkommen-kolumbien-farc-frieden-auf-wackligen-fuessen\">Friedensabkommen Kolumbien-FARC: Frieden auf wackligen F\u00fcssen<\/a><\/li><li class=\"sitemap-item\"><a href=\"https:\/\/kolko.net\/askonline\/themen\/frieden\/friedensprozess-unter-beschuss\">Friedensprozess unter Beschuss<\/a><\/li><li class=\"sitemap-item\"><a href=\"https:\/\/kolko.net\/askonline\/themen\/frieden\/friedensverhandlungen-kolumbien-eln-friedensverhandlungen-mit-fragezeichen\">Friedensverhandlungen Kolumbien-ELN: Friedensverhandlungen mit Fragezeichen<\/a><\/li><li class=\"sitemap-item\"><a href=\"https:\/\/kolko.net\/askonline\/allgemein\/halbzeit-fuer-die-regierung-duque-schwieriger-friedensaufbau-in-kolumbien\">Halbzeit f\u00fcr die Regierung Duque \u2013 schwieriger Friedensaufbau in Kolumbien<\/a><\/li><li class=\"sitemap-item\"><a href=\"https:\/\/kolko.net\/askonline\/themen\/herausforderungen-des-territorialen-friedens-sind-thema-an-der-uno\">Herausforderungen des territorialen Friedens sind Thema an der UNO<\/a><\/li><li class=\"sitemap-item\"><a href=\"https:\/\/kolko.net\/askonline\/themen\/frieden\/hoehenfluege-und-tiefpunkte-des-friedensprozesses\">H\u00f6henfl\u00fcge und Tiefpunkte des Friedensprozesses<\/a><\/li><li class=\"sitemap-item\"><a href=\"https:\/\/kolko.net\/askonline\/themen\/frieden\/indigene-territorien-werden-als-opfer-vor-der-jep-anerkannt\">Indigene Territorien werden als Opfer vor der JEP anerkannt<\/a><\/li><li class=\"sitemap-item\"><a href=\"https:\/\/kolko.net\/askonline\/themen\/innenansichten-eines-friedensprozesses\">Innenansichten eines Friedensprozesses<\/a><\/li><li class=\"sitemap-item\"><a href=\"https:\/\/kolko.net\/askonline\/allgemein\/menschenrechte-2021\">Menschenrechte 2021<\/a><\/li><li class=\"sitemap-item\"><a href=\"https:\/\/kolko.net\/askonline\/themen\/frieden\/mit-tilapias-auf-dem-weg-der-hoffnung\">Mit Tilapias auf dem Weg der Hoffnung<\/a><\/li><li class=\"sitemap-item\"><a href=\"https:\/\/kolko.net\/askonline\/themen\/frieden\/mitteilung-der-kolumbienplattform-schweiz\">Mitteilung der Kolumbienplattform Schweiz<\/a><\/li><li class=\"sitemap-item\"><a href=\"https:\/\/kolko.net\/askonline\/allgemein\/petro-will-die-campesinos-als-rechtssubjekte-anerkennen-und-endlich-die-agrarreform-umsetzen\">Petro will die Campesinos als Rechtssubjekte anerkennen und endlich die Agrarreform umsetzen<\/a><\/li><li class=\"sitemap-item\"><a href=\"https:\/\/kolko.net\/askonline\/themen\/frieden\/politische-teilnahme-der-schluessel-zum-frieden\">Politische Teilnahme \u2013 der Schl\u00fcssel zum Frieden?<\/a><\/li><li class=\"sitemap-item\"><a href=\"https:\/\/kolko.net\/askonline\/themen\/frieden\/reintegration-aber-mit-sicherheit\">Reintegration \u2013 aber mit Sicherheit?<\/a><\/li><li class=\"sitemap-item\"><a href=\"https:\/\/kolko.net\/askonline\/themen\/frieden\/schritt-fuer-schritt-in-richtung-frieden\">Schritt f\u00fcr Schritt in Richtung Frieden<\/a><\/li><li class=\"sitemap-item\"><a href=\"https:\/\/kolko.net\/askonline\/allgemein\/so-steht-es-um-den-friedensprozess-die-versaeumnisse-der-agrarreform\">So steht es um den Friedensprozess: die Vers\u00e4umnisse der Agrarreform<\/a><\/li><li class=\"sitemap-item\"><a href=\"https:\/\/kolko.net\/askonline\/themen\/umstrittene-sonderjustiz-fuer-den-frieden\">Umstrittene Sonderjustiz f\u00fcr den Frieden<\/a><\/li><li class=\"sitemap-item\"><a href=\"https:\/\/kolko.net\/askonline\/themen\/wirtschaft-menschenrechte\/umstrittenes-abkommen-mit-dem-viehzuechterverband-fedegan-soll-der-agrarreform-zum-durchbruch-verhelfen\">Umstrittenes Abkommen mit dem Viehz\u00fcchterverband FEDEGAN soll der Agrarreform zum Durchbruch verhelfen<\/a><\/li><li class=\"sitemap-item\"><a href=\"https:\/\/kolko.net\/askonline\/themen\/frieden\/ungewissheit-nach-dem-plebiszit\">Ungewissheit nach dem Plebiszit<\/a><\/li><li class=\"sitemap-item\"><a href=\"https:\/\/kolko.net\/askonline\/themen\/frieden\/unsichere-perspektiven-fuer-den-friedensprozess\">Unsichere Perspektiven f\u00fcr den Friedensprozess<\/a><\/li><li class=\"sitemap-item\"><a href=\"https:\/\/kolko.net\/askonline\/themen\/frieden\/verhandlungen-mit-dem-eln-ein-unmoeglicher-friedensprozess\">Verhandlungen mit dem ELN \u2013 ein unm\u00f6glicher Friedensprozess?<\/a><\/li><li class=\"sitemap-item\"><a href=\"https:\/\/kolko.net\/askonline\/themen\/frieden\/verhandlungsstrategie-von-regierung-und-eln\">Verhandlungsstrategie von Regierung und ELN<\/a><\/li><li class=\"sitemap-item\"><a href=\"https:\/\/kolko.net\/askonline\/themen\/frieden\/vier-jahre-seit-der-unterzeichnung-des-kolumbianischen-friedensabkommens-verschlechterung-der-humanitaeren-situation-und-stagnierung-des-umsetzungsprozesses\">Vier Jahre seit der Unterzeichnung des kolumbianischen Friedensabkommens: Verschlechterung der humanit\u00e4ren Situation und Stagnierung des Umsetzungsprozesses<\/a><\/li><li class=\"sitemap-item\"><a href=\"https:\/\/kolko.net\/askonline\/allgemein\/wichtige-schritte-auf-dem-weg-der-wahrheit\">Wichtige Schritte auf dem Weg der Wahrheit<\/a><\/li><li class=\"sitemap-item\"><a href=\"https:\/\/kolko.net\/askonline\/allgemein\/wie-erreicht-kolumbien-den-totalen-frieden\">Wie erreicht Kolumbien den totalen Frieden?\u00a0<\/a><\/li><\/ul><\/div><div class=\"simple-sitemap-wrap konfliktdynamik\"><h3 class=\"term-tag\">Konfliktdynamik<\/h3><ul class=\"simple-sitemap-post main\"><li class=\"sitemap-item\"><a href=\"https:\/\/kolko.net\/askonline\/allgemein\/es-wird-von-ueberall-her-geschossen-zunahme-der-gewalt-im-gebiet-der-awa-in-narino\"><strong>\u00ab Es wird von \u00fcberall her geschossen\u00bb &#8211; Zunahme der Gewalt im Gebiet der Aw\u00e1 in Nari\u00f1o<\/strong><\/a><\/li><li class=\"sitemap-item\"><a href=\"https:\/\/kolko.net\/askonline\/themen\/auswirkungen-des-bewaffneten-konflikts-im-cauca\">Auswirkungen des bewaffneten Konflikts im Cauca<\/a><\/li><li class=\"sitemap-item\"><a href=\"https:\/\/kolko.net\/askonline\/allgemein\/defendamos-la-paz-breite-bewegung-fuer-den-frieden\">Defendamos la Paz \u2013 Breite Bewegung f\u00fcr den Frieden<\/a><\/li><li class=\"sitemap-item\"><a href=\"https:\/\/kolko.net\/askonline\/allgemein\/der-kampf-des-regionalen-indigenenrates-des-cauca-fuer-einigkeit-land-kultur-und-autonomie\">Der Kampf des Regionalen Indigenenrates des Cauca f\u00fcr Einigkeit, Land, Kultur und Autonomie<\/a><\/li><li class=\"sitemap-item\"><a href=\"https:\/\/kolko.net\/askonline\/allgemein\/die-fehlregierung-des-lehrlings-autoritarismus-krieg-und-pandemie\">Die Fehlregierung des Lehrlings: Autoritarismus, Krieg und Pandemie<\/a><\/li><li class=\"sitemap-item\"><a href=\"https:\/\/kolko.net\/askonline\/allgemein\/die-regierung-petro-strebt-eine-grundsaetzliche-neuausrichtung-der-drogenpolitik-an\">Die Regierung Petro strebt eine grunds\u00e4tzliche Neuausrichtung der Drogenpolitik an\u00a0\u00a0<\/a><\/li><li class=\"sitemap-item\"><a href=\"https:\/\/kolko.net\/askonline\/themen\/menschenrechte\/die-sozialen-bewegungen-in-arauca-zwischen-angriffen-der-bewaffneten-gruppen-und-gerichtlichen-verfolgungen-durch-den-staat\">Die sozialen Bewegungen in Arauca \u2013 zwischen Angriffen der bewaffneten Gruppen und gerichtlichen Verfolgungen durch den Staat<\/a><\/li><li class=\"sitemap-item\"><a href=\"https:\/\/kolko.net\/askonline\/allgemein\/die-verhaftung-von-otoniel-verringert-den-drogenhandel-kaum\">Die Verhaftung von Otoniel verringert den Drogenhandel kaum<\/a><\/li><li class=\"sitemap-item\"><a href=\"https:\/\/kolko.net\/askonline\/allgemein\/droht-bojaya-nach-17-jahren-eine-erneute-humanitaere-tragoedie\">Droht Bojay\u00e1 nach 17 Jahren eine erneute humanit\u00e4re Trag\u00f6die?<\/a><\/li><li class=\"sitemap-item\"><a href=\"https:\/\/kolko.net\/askonline\/allgemein\/erneute-konflikte-um-die-praesenz-von-kleinbauern-und-kleinbaeuerinnen-in-den-nationalparks\">Erneute Konflikte um die Pr\u00e4senz von Kleinbauern und Kleinb\u00e4uerinnen in den Nationalparks<\/a><\/li><li class=\"sitemap-item\"><a href=\"https:\/\/kolko.net\/askonline\/themen\/herausforderungen-des-territorialen-friedens-sind-thema-an-der-uno\">Herausforderungen des territorialen Friedens sind Thema an der UNO<\/a><\/li><li class=\"sitemap-item\"><a href=\"https:\/\/kolko.net\/askonline\/allgemein\/humanitaere-krise-in-arauca\">Humanit\u00e4re Krise in Arauca<\/a><\/li><li class=\"sitemap-item\"><a href=\"https:\/\/kolko.net\/askonline\/themen\/frieden\/minderjaehrige-im-bewaffneten-konflikt\">Minderj\u00e4hrige im bewaffneten Konflikt<\/a><\/li><li class=\"sitemap-item\"><a href=\"https:\/\/kolko.net\/askonline\/allgemein\/morde-und-todesdrohungen-gegen-landrechtskaempfer-und-verteidigerinnen-des-territoriums-reissen-nicht-ab\">Morde und Todesdrohungen gegen Landrechtsk\u00e4mpfer und VerteidigerInnen des Territoriums reissen nicht ab\u00a0<\/a><\/li><li class=\"sitemap-item\"><a href=\"https:\/\/kolko.net\/askonline\/themen\/menschenrechte\/neuer-schlag-gegen-die-selbstbestimmung-und-das-ueberleben-der-awa\">Neuer Schlag gegen die Selbstbestimmung und das \u00dcberleben der Aw\u00e1<\/a><\/li><li class=\"sitemap-item\"><a href=\"https:\/\/kolko.net\/askonline\/allgemein\/ohne-eine-regierung-mit-dem-politischen-willen-die-ursachen-der-gewalt-anzugehen-werden-wir-nie-in-ruhe-leben-koennen\">Ohne eine Regierung mit dem politischen Willen, die Ursachen der Gewalt anzugehen, werden wir nie in Ruhe leben k\u00f6nnen<\/a><\/li><li class=\"sitemap-item\"><a href=\"https:\/\/kolko.net\/askonline\/themen\/frieden\/paramilitarismus-unter-druck\">Paramilitarismus unter Druck<\/a><\/li><li class=\"sitemap-item\"><a href=\"https:\/\/kolko.net\/askonline\/themen\/frieden\/pausenloser-krieg-im-catatumbo\">Pausenloser Krieg im Catatumbo<\/a><\/li><li class=\"sitemap-item\"><a href=\"https:\/\/kolko.net\/askonline\/themen\/frieden\/politische-unsicherheit-unter-praesident-duque\">Politische Unsicherheit unter Pr\u00e4sident Duque<\/a><\/li><li class=\"sitemap-item\"><a href=\"https:\/\/kolko.net\/askonline\/allgemein\/sos-cauca-weitere-indigene-in-kolumbien-ermordet\">SOS Cauca: Weitere Indigene in Kolumbien ermordet<\/a><\/li><li class=\"sitemap-item\"><a href=\"https:\/\/kolko.net\/askonline\/themen\/frieden\/territoriale-dynamik-des-bewaffneten-konflikts\">Territoriale Dynamik des bewaffneten Konflikts<\/a><\/li><li class=\"sitemap-item\"><a href=\"https:\/\/kolko.net\/askonline\/allgemein\/trotz-pandemie-morde-und-drohungen-gegen-kleinbauernfuehrerinnen-und-gewaltsame-kokaausrottung\">Trotz Pandemie: Morde und Drohungen gegen Kleinbauernf\u00fchrerInnen und gewaltsame Kokaausrottung<\/a><\/li><li class=\"sitemap-item\"><a href=\"https:\/\/kolko.net\/askonline\/themen\/frieden\/umstrittener-wahlkampf-der-fuerza-alternativa-revolucionaria-del-comun\">Umstrittener Wahlkampf der Fuerza Alternativa Revolucionaria del Com\u00fan<\/a><\/li><li class=\"sitemap-item\"><a href=\"https:\/\/kolko.net\/askonline\/themen\/frieden\/verbreitung-und-territoriale-kontrolle-illegaler-bewaffneter-organisationen\">Verbreitung und territoriale Kontrolle illegaler bewaffneter Organisationen<\/a><\/li><li class=\"sitemap-item\"><a href=\"https:\/\/kolko.net\/askonline\/themen\/frieden\/waffenstillstand-und-menschenrechte\">Waffenstillstand und Menschenrechte<\/a><\/li><li class=\"sitemap-item\"><a href=\"https:\/\/kolko.net\/askonline\/themen\/frieden\/wahlen-in-kolumbien-2018\">Wahlen in Kolumbien 2018<\/a><\/li><li class=\"sitemap-item\"><a href=\"https:\/\/kolko.net\/askonline\/feature\/weder-koka-noch-dissidenzen-tragen-die-alleinige-verantwortung\">Weder Koka noch Dissidenzen tragen die alleinige Verantwortung<\/a><\/li><li class=\"sitemap-item\"><a href=\"https:\/\/kolko.net\/askonline\/allgemein\/weniger-als-zwei-wochen-vor-den-parlamentswahlen-nimmt-die-politische-gewalt-in-kolumbien-weiter-zu\">Weniger als zwei Wochen vor den Parlamentswahlen nimmt die politische Gewalt in Kolumbien weiter zu<\/a><\/li><li class=\"sitemap-item\"><a href=\"https:\/\/kolko.net\/askonline\/themen\/menschenrechte\/wenn-unschuldige-den-krieg-anderer-fuehren\">Wenn Unschuldige den Krieg Anderer f\u00fchren<\/a><\/li><li class=\"sitemap-item\"><a href=\"https:\/\/kolko.net\/askonline\/allgemein\/wie-erreicht-kolumbien-den-totalen-frieden\">Wie erreicht Kolumbien den totalen Frieden?\u00a0<\/a><\/li><li class=\"sitemap-item\"><a href=\"https:\/\/kolko.net\/askonline\/themen\/wiedereingliederung-und-sicherheit-der-ehemaligen-farc-kaempferinnen\">Wiedereingliederung und Sicherheit der ehemaligen FARC-K\u00e4mpferInnen<\/a><\/li><li class=\"sitemap-item\"><a href=\"https:\/\/kolko.net\/askonline\/themen\/frieden\/wiederkehrende-gewalt-im-cauca\">Wiederkehrende Gewalt im Cauca<\/a><\/li><\/ul><\/div><div class=\"simple-sitemap-wrap laendliche-entwicklung-und-agrarreform\"><h3 class=\"term-tag\">L\u00e4ndliche Entwicklung &amp; Agrarreform<\/h3><ul class=\"simple-sitemap-post main\"><li class=\"sitemap-item\"><a href=\"https:\/\/kolko.net\/askonline\/themen\/wirtschaft-menschenrechte\/abholzung-in-kolumbien-gefaengnis-fuer-kleinbauern-und-freie-hand-fuer-grossgrundbesitzer\">Abholzung in Kolumbien \u2013 Gef\u00e4ngnis f\u00fcr Kleinbauern und freie Hand f\u00fcr Grossgrundbesitzer<\/a><\/li><li class=\"sitemap-item\"><a href=\"https:\/\/kolko.net\/askonline\/themen\/wirtschaft-menschenrechte\/laendliche-entwicklung-und-agrarreform\/aktueller-stand-der-landrueckerstattungen-2\">Aktueller Stand der Landr\u00fcckerstattungen<\/a><\/li><li class=\"sitemap-item\"><a href=\"https:\/\/kolko.net\/askonline\/themen\/wirtschaft-menschenrechte\/laendliche-entwicklung-und-agrarreform\/bodenverteilung-steigende-ungleichheit-in-kolumbien\">Bodenverteilung: steigende Ungleichheit in Kolumbien<\/a><\/li><li class=\"sitemap-item\"><a href=\"https:\/\/kolko.net\/askonline\/themen\/der-kampf-der-kleinbauern-fuer-die-anerkennung-ihrer-rechte-als-politische-subjekte\">Der Kampf der Kleinbauern f\u00fcr die Anerkennung ihrer Rechte als politische Subjekte<\/a><\/li><li class=\"sitemap-item\"><a href=\"https:\/\/kolko.net\/askonline\/themen\/wirtschaft-menschenrechte\/diskriminierung-von-frauen-im-laendlichen-kolumbien\">Diskriminierung von Frauen im l\u00e4ndlichen Kolumbien<\/a><\/li><li class=\"sitemap-item\"><a href=\"https:\/\/kolko.net\/askonline\/allgemein\/drogenbekaempfung-wiederaufnahme-der-spruehfluege-mit-glyphosat-weiterhin-umstritten\">Drogenbek\u00e4mpfung: Wiederaufnahme der Spr\u00fchfl\u00fcge mit Glyphosat weiterhin umstritten<\/a><\/li><li class=\"sitemap-item\"><a href=\"https:\/\/kolko.net\/askonline\/themen\/wirtschaft-menschenrechte\/laendliche-entwicklung-und-agrarreform\/ein-gesetzesprojekt-will-erneut-die-agrarreform-zerstoeren\">Ein Gesetzesprojekt will erneut die Agrarreform zerst\u00f6ren<\/a><\/li><li class=\"sitemap-item\"><a href=\"https:\/\/kolko.net\/askonline\/allgemein\/erneute-konflikte-um-die-praesenz-von-kleinbauern-und-kleinbaeuerinnen-in-den-nationalparks\">Erneute Konflikte um die Pr\u00e4senz von Kleinbauern und Kleinb\u00e4uerinnen in den Nationalparks<\/a><\/li><li class=\"sitemap-item\"><a href=\"https:\/\/kolko.net\/askonline\/allgemein\/morde-und-todesdrohungen-gegen-landrechtskaempfer-und-verteidigerinnen-des-territoriums-reissen-nicht-ab\">Morde und Todesdrohungen gegen Landrechtsk\u00e4mpfer und VerteidigerInnen des Territoriums reissen nicht ab\u00a0<\/a><\/li><li class=\"sitemap-item\"><a href=\"https:\/\/kolko.net\/askonline\/allgemein\/ohne-eine-regierung-mit-dem-politischen-willen-die-ursachen-der-gewalt-anzugehen-werden-wir-nie-in-ruhe-leben-koennen\">Ohne eine Regierung mit dem politischen Willen, die Ursachen der Gewalt anzugehen, werden wir nie in Ruhe leben k\u00f6nnen<\/a><\/li><li class=\"sitemap-item\"><a href=\"https:\/\/kolko.net\/askonline\/allgemein\/petro-will-die-campesinos-als-rechtssubjekte-anerkennen-und-endlich-die-agrarreform-umsetzen\">Petro will die Campesinos als Rechtssubjekte anerkennen und endlich die Agrarreform umsetzen<\/a><\/li><li class=\"sitemap-item\"><a href=\"https:\/\/kolko.net\/askonline\/themen\/punkt-4-des-friedensabkommens-drogen-und-frieden\">Punkt 4 des Friedensabkommens: Drogen und Frieden<\/a><\/li><li class=\"sitemap-item\"><a href=\"https:\/\/kolko.net\/askonline\/allgemein\/rohstoffsektor-und-agrobusiness-nutzen-die-pandemie-um-ethnische-und-umweltrechte-zu-beschraenken\">Rohstoffsektor und Agrobusiness nutzen die Pandemie, um ethnische und Umweltrechte zu beschr\u00e4nken<\/a><\/li><li class=\"sitemap-item\"><a href=\"https:\/\/kolko.net\/askonline\/allgemein\/so-steht-es-um-den-friedensprozess-die-versaeumnisse-der-agrarreform\">So steht es um den Friedensprozess: die Vers\u00e4umnisse der Agrarreform<\/a><\/li><li class=\"sitemap-item\"><a href=\"https:\/\/kolko.net\/askonline\/allgemein\/soziale-fuehrungspersonen-erneut-unter-beschuss\">Soziale F\u00fchrungspersonen erneut unter Beschuss<\/a><\/li><li class=\"sitemap-item\"><a href=\"https:\/\/kolko.net\/askonline\/allgemein\/trotz-pandemie-morde-und-drohungen-gegen-kleinbauernfuehrerinnen-und-gewaltsame-kokaausrottung\">Trotz Pandemie: Morde und Drohungen gegen Kleinbauernf\u00fchrerInnen und gewaltsame Kokaausrottung<\/a><\/li><li class=\"sitemap-item\"><a href=\"https:\/\/kolko.net\/askonline\/themen\/wirtschaft-menschenrechte\/umstrittenes-abkommen-mit-dem-viehzuechterverband-fedegan-soll-der-agrarreform-zum-durchbruch-verhelfen\">Umstrittenes Abkommen mit dem Viehz\u00fcchterverband FEDEGAN soll der Agrarreform zum Durchbruch verhelfen<\/a><\/li><li class=\"sitemap-item\"><a href=\"https:\/\/kolko.net\/askonline\/allgemein\/vom-versuch-der-abholzung-einhalt-zu-gebieten\">Vom Versuch, der Abholzung Einhalt zu gebieten<\/a><\/li><\/ul><\/div><div class=\"simple-sitemap-wrap lebensmittel-gesundheit-und-agrarsektor\"><h3 class=\"term-tag\">Lebensmittel, Gesundheit &amp; Agrarsektor<\/h3><ul class=\"simple-sitemap-post main\"><li class=\"sitemap-item\"><a href=\"https:\/\/kolko.net\/askonline\/allgemein\/das-menschenrechtskomitee-der-uno-in-genf-verurteilt-den-kolumbianischen-staat-wegen-der-ermordung-eines-gewerkschafters-bei-coca-cola\">Das Menschenrechtskomitee der UNO in Genf verurteilt den kolumbianischen Staat wegen der Ermordung eines Gewerkschafters bei Coca Cola<\/a><\/li><li class=\"sitemap-item\"><a href=\"https:\/\/kolko.net\/askonline\/themen\/ermordung-von-drei-arbeitern-bei-nestle-kolumbien-gewerkschaften-und-nichtregierungsorganisationen-fordern-nestle-auf-fuer-die-sicherheit-der-arbeiterinnen-zu-sorgen\">Ermordung von drei Arbeitern bei Nestl\u00e9 Kolumbien: Gewerkschaften und Nichtregierungsorganisationen fordern Nestl\u00e9 auf, f\u00fcr die Sicherheit der ArbeiterInnen zu sorgen<\/a><\/li><li class=\"sitemap-item\"><a href=\"https:\/\/kolko.net\/askonline\/themen\/wirtschaft-menschenrechte\/schweizer-unternehmen\/lebensmittel-gesundheit-und-agrarsektor\/mord-an-nestle-arbeiter-romero-in-kolumbien-beschwerde-gegen-die-schweiz-vor-dem-europaeischen-gerichtshof-fuer-menschenrechte\">Mord an Nestl\u00e9-Arbeiter Romero in Kolumbien: Beschwerde gegen die Schweiz vor dem Europ\u00e4ischen Gerichtshof f\u00fcr Menschenrechte<\/a><\/li><li class=\"sitemap-item\"><a href=\"https:\/\/kolko.net\/askonline\/themen\/wirtschaft-menschenrechte\/novartis-gegen-kolumbien\">Novartis gegen Kolumbien<\/a><\/li><li class=\"sitemap-item\"><a href=\"https:\/\/kolko.net\/askonline\/allgemein\/petro-will-die-campesinos-als-rechtssubjekte-anerkennen-und-endlich-die-agrarreform-umsetzen\">Petro will die Campesinos als Rechtssubjekte anerkennen und endlich die Agrarreform umsetzen<\/a><\/li><li class=\"sitemap-item\"><a href=\"https:\/\/kolko.net\/askonline\/themen\/wirtschaft-menschenrechte\/schweizer-unternehmen\/streit-zwischen-novartis-und-kolumbien-ueber-zwangslizenz-fuer-krebsmedikament-eskaliert\">Streit zwischen Novartis und Kolumbien \u00fcber Zwangslizenz f\u00fcr Krebsmedikament eskaliert<\/a><\/li><\/ul><\/div><div class=\"simple-sitemap-wrap menschenrechte\"><h3 class=\"term-tag\">Menschenrechte<\/h3><ul class=\"simple-sitemap-post main\"><li class=\"sitemap-item\"><a href=\"https:\/\/kolko.net\/askonline\/themen\/menschenrechte\/es-ist-nicht-das-erste-mal-dass-schwangere-frauen-und-kinder-in-einer-militaeraktion-sterben%ef%bf%bc\">\u00abEs ist nicht das erste Mal, dass schwangere Frauen und Kinder in einer Milit\u00e4raktion sterben\u00bb\ufffc<\/a><\/li><li class=\"sitemap-item\"><a href=\"https:\/\/kolko.net\/askonline\/themen\/menschenrechte\/ich-bin-weil-wir-sind\">\u00abIch bin, weil wir sind\u00bb<\/a><\/li><li class=\"sitemap-item\"><a href=\"https:\/\/kolko.net\/askonline\/allgemein\/es-wird-von-ueberall-her-geschossen-zunahme-der-gewalt-im-gebiet-der-awa-in-narino\"><strong>\u00ab Es wird von \u00fcberall her geschossen\u00bb &#8211; Zunahme der Gewalt im Gebiet der Aw\u00e1 in Nari\u00f1o<\/strong><\/a><\/li><li class=\"sitemap-item\"><a href=\"https:\/\/kolko.net\/askonline\/themen\/menschenrechte\/auf-toepfen-fuer-soziale-gerechtigkeit-beobachtungen-vom-nationalstreik\">Auf T\u00f6pfen f\u00fcr soziale Gerechtigkeit  &#8211; Beobachtungen vom Nationalstreik<\/a><\/li><li class=\"sitemap-item\"><a href=\"https:\/\/kolko.net\/askonline\/themen\/menschenrechte\/bericht-verbreitung-und-aktivitaeten-der-paramilitaers-im-jahr-2016\">Bericht: Verbreitung und Aktivit\u00e4ten der Paramilit\u00e4rs im Jahr 2016<\/a><\/li><li class=\"sitemap-item\"><a href=\"https:\/\/kolko.net\/askonline\/allgemein\/besorgniserregende-zwischenfaelle-gefaehrden-die-sicherheit-der-menschenrechtsverteidigerinnen-von-colemad-und-von-deren-familienangehoerigen\">Besorgniserregende Zwischenf\u00e4lle gef\u00e4hrden die Sicherheit der Menschenrechtsverteidigerinnen von COLEMAD und von deren Familienangeh\u00f6rigen<\/a><\/li><li class=\"sitemap-item\"><a href=\"https:\/\/kolko.net\/askonline\/themen\/menschenrechte\/bis-wir-sie-finden\">Bis wir sie finden!<\/a><\/li><li class=\"sitemap-item\"><a href=\"https:\/\/kolko.net\/askonline\/allgemein\/das-menschenrechtskomitee-der-uno-in-genf-verurteilt-den-kolumbianischen-staat-wegen-der-ermordung-eines-gewerkschafters-bei-coca-cola\">Das Menschenrechtskomitee der UNO in Genf verurteilt den kolumbianischen Staat wegen der Ermordung eines Gewerkschafters bei Coca Cola<\/a><\/li><li class=\"sitemap-item\"><a href=\"https:\/\/kolko.net\/askonline\/allgemein\/defendamos-la-paz-breite-bewegung-fuer-den-frieden\">Defendamos la Paz \u2013 Breite Bewegung f\u00fcr den Frieden<\/a><\/li><li class=\"sitemap-item\"><a href=\"https:\/\/kolko.net\/askonline\/themen\/menschenrechte\/der-indigene-besuch-aus-dem-leidgebeutelten-cauca-kolumbien\">Der indigene Besuch aus dem leidgebeutelten Cauca, Kolumbien<\/a><\/li><li class=\"sitemap-item\"><a href=\"https:\/\/kolko.net\/askonline\/allgemein\/der-kampf-des-regionalen-indigenenrates-des-cauca-fuer-einigkeit-land-kultur-und-autonomie\">Der Kampf des Regionalen Indigenenrates des Cauca f\u00fcr Einigkeit, Land, Kultur und Autonomie<\/a><\/li><li class=\"sitemap-item\"><a href=\"https:\/\/kolko.net\/askonline\/themen\/menschenrechte\/die-aktuelle-lage-der-menschenrechte-in-kolumbien\">Die aktuelle Lage der Menschenrechte in Kolumbien<\/a><\/li><li class=\"sitemap-item\"><a href=\"https:\/\/kolko.net\/askonline\/themen\/die-bedeutung-von-oidhaco-in-einer-vernetzten-welt\">Die Bedeutung von OIDHACO in einer vernetzten Welt<\/a><\/li><li class=\"sitemap-item\"><a href=\"https:\/\/kolko.net\/askonline\/allgemein\/die-fehlregierung-des-lehrlings-autoritarismus-krieg-und-pandemie\">Die Fehlregierung des Lehrlings: Autoritarismus, Krieg und Pandemie<\/a><\/li><li class=\"sitemap-item\"><a href=\"https:\/\/kolko.net\/askonline\/themen\/menschenrechte\/die-konstruktion-des-internen-feindes-illegale-abhoeraktionen-des-militaergeheimdienstes-aufgedeckt\">Die Konstruktion des internen Feindes: illegale Abh\u00f6raktionen des Milit\u00e4rgeheimdienstes aufgedeckt<\/a><\/li><li class=\"sitemap-item\"><a href=\"https:\/\/kolko.net\/askonline\/themen\/menschenrechte\/die-minga-indigena-im-zentrum-breiter-proteste-duque-kneift\">Die Minga Ind\u00edgena im Zentrum breiter Proteste \u2013 Duque kneift<\/a><\/li><li class=\"sitemap-item\"><a href=\"https:\/\/kolko.net\/askonline\/allgemein\/die-regierung-petro-strebt-eine-grundsaetzliche-neuausrichtung-der-drogenpolitik-an\">Die Regierung Petro strebt eine grunds\u00e4tzliche Neuausrichtung der Drogenpolitik an\u00a0\u00a0<\/a><\/li><li class=\"sitemap-item\"><a href=\"https:\/\/kolko.net\/askonline\/themen\/menschenrechte\/die-regulierung-des-sozialen-protestes-per-dekret-ist-verfassungswidrig\">Die Regulierung des sozialen Protestes per Dekret ist verfassungswidrig<\/a><\/li><li class=\"sitemap-item\"><a href=\"https:\/\/kolko.net\/askonline\/themen\/menschenrechte\/die-siona-ein-volk-an-der-grenze\">Die Siona \u2013 ein Volk an der Grenze<\/a><\/li><li class=\"sitemap-item\"><a href=\"https:\/\/kolko.net\/askonline\/themen\/menschenrechte\/die-sozialen-bewegungen-in-arauca-zwischen-angriffen-der-bewaffneten-gruppen-und-gerichtlichen-verfolgungen-durch-den-staat\">Die sozialen Bewegungen in Arauca \u2013 zwischen Angriffen der bewaffneten Gruppen und gerichtlichen Verfolgungen durch den Staat<\/a><\/li><li class=\"sitemap-item\"><a href=\"https:\/\/kolko.net\/askonline\/allgemein\/die-verfassungswidrige-situation-in-der-guajira-haelt-an\">Die verfassungswidrige Situation in der Guajira h\u00e4lt an<\/a><\/li><li class=\"sitemap-item\"><a href=\"https:\/\/kolko.net\/askonline\/allgemein\/dorfgemeinschaften-und-zivilgesellschaftliche-organisationen-fordern-vom-neuen-ceo-von-glencore-einen-kurswechsel-in-umwelt-und-menschenrechtsfragen\">Dorfgemeinschaften und Zivilgesellschaftliche Organisationen fordern vom neuen CEO von Glencore einen Kurswechsel in Umwelt-und Menschenrechtsfragen<\/a><\/li><li class=\"sitemap-item\"><a href=\"https:\/\/kolko.net\/askonline\/themen\/menschenrechte\/einen-humanitaeren-runden-tisch-im-choco-eine-neue-hoffnung\">Einen humanit\u00e4ren Runden Tisch im Choc\u00f3, eine neue Hoffnung?<\/a><\/li><li class=\"sitemap-item\"><a href=\"https:\/\/kolko.net\/askonline\/themen\/erdoel-und-bergbaufirmen-finanzieren-die-staatlichen-sicherheitskraefte-und-die-staatsanwaltschaft\">Erd\u00f6l- und Bergbaufirmen finanzieren die staatlichen Sicherheitskr\u00e4fte und die Staatsanwaltschaft<\/a><\/li><li class=\"sitemap-item\"><a href=\"https:\/\/kolko.net\/askonline\/themen\/menschenrechte\/erlebnisberichte-von-opfern-willkuerlicher-verhaftungen\">Erlebnisberichte von Opfern willk\u00fcrlicher Verhaftungen<\/a><\/li><li class=\"sitemap-item\"><a href=\"https:\/\/kolko.net\/askonline\/themen\/menschenrechte\/gewaltsames-verschwindenlassen-menschen-und-schicksale\">Gewaltsames Verschwindenlassen: Menschen und Schicksale<\/a><\/li><li class=\"sitemap-item\"><a href=\"https:\/\/kolko.net\/askonline\/allgemein\/halbzeit-fuer-die-regierung-duque-schwieriger-friedensaufbau-in-kolumbien\">Halbzeit f\u00fcr die Regierung Duque \u2013 schwieriger Friedensaufbau in Kolumbien<\/a><\/li><li class=\"sitemap-item\"><a href=\"https:\/\/kolko.net\/askonline\/themen\/herausforderungen-des-territorialen-friedens-sind-thema-an-der-uno\">Herausforderungen des territorialen Friedens sind Thema an der UNO<\/a><\/li><li class=\"sitemap-item\"><a href=\"https:\/\/kolko.net\/askonline\/allgemein\/hohe-manager-von-drummond-angeklagt-paramilitaers-finanziert-zu-haben\">Hohe Manager von Drummond angeklagt, Paramilit\u00e4rs finanziert zu haben<\/a><\/li><li class=\"sitemap-item\"><a href=\"https:\/\/kolko.net\/askonline\/allgemein\/humanitaere-krise-in-arauca\">Humanit\u00e4re Krise in Arauca<\/a><\/li><li class=\"sitemap-item\"><a href=\"https:\/\/kolko.net\/askonline\/themen\/menschenrechte\/intensivierte-gewalt-im-vorfeld-der-wahlen\">Intensivierte Gewalt im Vorfeld der Wahlen<\/a><\/li><li class=\"sitemap-item\"><a href=\"https:\/\/kolko.net\/askonline\/themen\/menschenrechte\/interview-zum-paro-nacional-mit-camilo-gonzalez\">Interview zum \u201eParo Nacional\u201c mit Camilo Gonz\u00e1lez<\/a><\/li><li class=\"sitemap-item\"><a href=\"https:\/\/kolko.net\/askonline\/themen\/menschenrechte\/kein-frieden-fuer-menschenrechtsverteidigerinnen\">Kein Frieden f\u00fcr MenschenrechtsverteidigerInnen<\/a><\/li><li class=\"sitemap-item\"><a href=\"https:\/\/kolko.net\/askonline\/allgemein\/klaegerinnen-von-provincial-erbost-ueber-luegen-von-cerrejon\">Kl\u00e4gerinnen von Provincial erbost \u00fcber \u201eL\u00fcgen\u201c von Cerrej\u00f3n<\/a><\/li><li class=\"sitemap-item\"><a href=\"https:\/\/kolko.net\/askonline\/themen\/menschenrechte\/kolumbianerinnen-im-exil-in-der-schweiz\">Kolumbianer*innen im Exil in der Schweiz<\/a><\/li><li class=\"sitemap-item\"><a href=\"https:\/\/kolko.net\/askonline\/allgemein\/kolumbien-ist-das-zweitgefaehrlichste-land-fuer-menschenrechtsverteidiger-die-sich-gegen-negative-auswirkungen-von-unternehmen-wehren\">Kolumbien ist das zweitgef\u00e4hrlichste Land f\u00fcr Menschenrechtsverteidiger, die sich gegen negative Auswirkungen von Unternehmen wehren<\/a><\/li><li class=\"sitemap-item\"><a href=\"https:\/\/kolko.net\/askonline\/themen\/menschenrechte\/komplexe-fluechtlingssituation-in-kolumbien\">Komplexe Fl\u00fcchtlingssituation in Kolumbien<\/a><\/li><li class=\"sitemap-item\"><a href=\"https:\/\/kolko.net\/askonline\/themen\/menschenrechte\/kritische-sicht-der-kolumbianischen-zivilgesellschaft-versucht-sich-in-genf-gehoer-zu-verschaffen\">Kritische Sicht der kolumbianischen Zivilgesellschaft versucht sich in Genf Geh\u00f6r zu verschaffen<\/a><\/li><li class=\"sitemap-item\"><a href=\"https:\/\/kolko.net\/askonline\/allgemein\/la-mala-hora\">La Mala Hora<\/a><\/li><li class=\"sitemap-item\"><a href=\"https:\/\/kolko.net\/askonline\/themen\/menschenrechte\/las-pavas-die-geschichte-wiederholt-sich\">Las Pavas &#8211; Die Geschichte wiederholt sich<\/a><\/li><li class=\"sitemap-item\"><a href=\"https:\/\/kolko.net\/askonline\/themen\/menschenrechte\/lebensgefahr-menschenrechtsarbeit\">Lebensgefahr Menschenrechtsarbeit<\/a><\/li><li class=\"sitemap-item\"><a href=\"https:\/\/kolko.net\/askonline\/themen\/menschenrechte\/massiver-anstieg-der-gewalt\">Massiver Anstieg der Gewalt<\/a><\/li><li class=\"sitemap-item\"><a href=\"https:\/\/kolko.net\/askonline\/allgemein\/menschenrechte-2021\">Menschenrechte 2021<\/a><\/li><li class=\"sitemap-item\"><a href=\"https:\/\/kolko.net\/askonline\/allgemein\/menschenrechtliche-folgeabschaetzungen-zeigen-weiterhin-keine-wirkung\">Menschenrechtliche Folgeabsch\u00e4tzungen zeigen weiterhin keine Wirkung<\/a><\/li><li class=\"sitemap-item\"><a href=\"https:\/\/kolko.net\/askonline\/themen\/menschenrechte\/menschenrechtsverteidiger-im-cauca-in-gefahr\">Menschenrechtsverteidiger im Cauca in Gefahr<\/a><\/li><li class=\"sitemap-item\"><a href=\"https:\/\/kolko.net\/askonline\/allgemein\/morde-und-todesdrohungen-gegen-landrechtskaempfer-und-verteidigerinnen-des-territoriums-reissen-nicht-ab\">Morde und Todesdrohungen gegen Landrechtsk\u00e4mpfer und VerteidigerInnen des Territoriums reissen nicht ab\u00a0<\/a><\/li><li class=\"sitemap-item\"><a href=\"https:\/\/kolko.net\/askonline\/allgemein\/brutale-repression-gegen-mehrheitlich-friedliche-massenproteste\">Nach \u00fcber einem Monat der Proteste und der brutalen Repression ist kein Ende der Auseinandersetzungen in Sicht<\/a><\/li><li class=\"sitemap-item\"><a href=\"https:\/\/kolko.net\/askonline\/themen\/menschenrechte\/neuer-schlag-gegen-die-selbstbestimmung-und-das-ueberleben-der-awa\">Neuer Schlag gegen die Selbstbestimmung und das \u00dcberleben der Aw\u00e1<\/a><\/li><li class=\"sitemap-item\"><a href=\"https:\/\/kolko.net\/askonline\/themen\/menschenrechte\/offener-brief-zu-kolumbienreise-von-bundespraesident-schneider-ammann\">Offener Brief zu Kolumbienreise von Bundespr\u00e4sident Schneider Ammann<\/a><\/li><li class=\"sitemap-item\"><a href=\"https:\/\/kolko.net\/askonline\/themen\/menschenrechte\/offizielles-schweigen-20-jahre-esmad\">Offizielles Schweigen \u2013 20 Jahre ESMAD<\/a><\/li><li class=\"sitemap-item\"><a href=\"https:\/\/kolko.net\/askonline\/allgemein\/ohne-eine-regierung-mit-dem-politischen-willen-die-ursachen-der-gewalt-anzugehen-werden-wir-nie-in-ruhe-leben-koennen\">Ohne eine Regierung mit dem politischen Willen, die Ursachen der Gewalt anzugehen, werden wir nie in Ruhe leben k\u00f6nnen<\/a><\/li><li class=\"sitemap-item\"><a href=\"https:\/\/kolko.net\/askonline\/allgemein\/petro-will-die-campesinos-als-rechtssubjekte-anerkennen-und-endlich-die-agrarreform-umsetzen\">Petro will die Campesinos als Rechtssubjekte anerkennen und endlich die Agrarreform umsetzen<\/a><\/li><li class=\"sitemap-item\"><a href=\"https:\/\/kolko.net\/askonline\/themen\/menschenrechte\/politischer-kontext-2019\">Politischer Kontext 2019<\/a><\/li><li class=\"sitemap-item\"><a href=\"https:\/\/kolko.net\/askonline\/themen\/menschenrechte\/pressefreiheit-unter-druck\">Pressefreiheit unter Druck<\/a><\/li><li class=\"sitemap-item\"><a href=\"https:\/\/kolko.net\/askonline\/allgemein\/provincial-das-indigene-reservat-das-waehrend-der-pandemie-einer-seiner-besten-momente-durchlebte\">Provincial, das indigene Reservat, das w\u00e4hrend der Pandemie einer seiner besten Momente durchlebte<\/a><\/li><li class=\"sitemap-item\"><a href=\"https:\/\/kolko.net\/askonline\/allgemein\/rohstoffsektor-und-agrobusiness-nutzen-die-pandemie-um-ethnische-und-umweltrechte-zu-beschraenken\">Rohstoffsektor und Agrobusiness nutzen die Pandemie, um ethnische und Umweltrechte zu beschr\u00e4nken<\/a><\/li><li class=\"sitemap-item\"><a href=\"https:\/\/kolko.net\/askonline\/allgemein\/rueckgabe-der-kohleminen-von-prodeco-und-erfuellung-der-sozialen-und-umweltauflagen-weiterhin-ungewiss\">R\u00fcckgabe der Kohleminen von Prodeco und Erf\u00fcllung der sozialen und Umweltauflagen weiterhin ungewiss<\/a><\/li><li class=\"sitemap-item\"><a href=\"https:\/\/kolko.net\/askonline\/themen\/schutzlose-menschenrechtsverteidigerinnen\">Schutzlose MenschenrechtsverteidigerInnen<\/a><\/li><li class=\"sitemap-item\"><a href=\"https:\/\/kolko.net\/askonline\/allgemein\/sos-cauca-weitere-indigene-in-kolumbien-ermordet\">SOS Cauca: Weitere Indigene in Kolumbien ermordet<\/a><\/li><li class=\"sitemap-item\"><a href=\"https:\/\/kolko.net\/askonline\/allgemein\/soziale-fuehrungspersonen-erneut-unter-beschuss\">Soziale F\u00fchrungspersonen erneut unter Beschuss<\/a><\/li><li class=\"sitemap-item\"><a href=\"https:\/\/kolko.net\/askonline\/themen\/staatliches-gewaltmonopol-und-demokratie-in-kolumbien\">Staatliches Gewaltmonopol und Demokratie in Kolumbien<\/a><\/li><li class=\"sitemap-item\"><a href=\"https:\/\/kolko.net\/askonline\/themen\/menschenrechte\/steter-tropfen-oder-heisser-stein\">Steter Tropfen oder heisser Stein?<\/a><\/li><li class=\"sitemap-item\"><a href=\"https:\/\/kolko.net\/askonline\/allgemein\/trotz-pandemie-morde-und-drohungen-gegen-kleinbauernfuehrerinnen-und-gewaltsame-kokaausrottung\">Trotz Pandemie: Morde und Drohungen gegen Kleinbauernf\u00fchrerInnen und gewaltsame Kokaausrottung<\/a><\/li><li class=\"sitemap-item\"><a href=\"https:\/\/kolko.net\/askonline\/allgemein\/umsiedlung-von-el-hatillo-unterbrochen-rechtsverletzungen-und-hungerkrise-drohen\">Umsiedlung von El Hatillo unterbrochen \u2013 Rechtsverletzungen und Hungerkrise drohen<\/a><\/li><li class=\"sitemap-item\"><a href=\"https:\/\/kolko.net\/askonline\/themen\/menschenrechte\/unbequeme-wahrheiten-in-den-neusten-uno-berichten-zu-kolumbien\">Unbequeme Wahrheiten in den neusten UNO-Berichten zu Kolumbien<\/a><\/li><li class=\"sitemap-item\"><a href=\"https:\/\/kolko.net\/askonline\/themen\/menschenrechte\/uno-menschenrechte-2018-in-kolumbien\">UNO: Menschenrechte 2018 in Kolumbien<\/a><\/li><li class=\"sitemap-item\"><a href=\"https:\/\/kolko.net\/askonline\/allgemein\/verfassungsgericht-stoppt-bespruehungen-aus-der-luft-mit-glyphosat\">Verfassungsgericht stoppt Bespr\u00fchungen aus der Luft mit Glyphosat<\/a><\/li><li class=\"sitemap-item\"><a href=\"https:\/\/kolko.net\/askonline\/allgemein\/weniger-als-zwei-wochen-vor-den-parlamentswahlen-nimmt-die-politische-gewalt-in-kolumbien-weiter-zu\">Weniger als zwei Wochen vor den Parlamentswahlen nimmt die politische Gewalt in Kolumbien weiter zu<\/a><\/li><li class=\"sitemap-item\"><a href=\"https:\/\/kolko.net\/askonline\/themen\/menschenrechte\/wenn-nur-noch-die-flucht-bleibt-kolumbianerinnen-im-exil\">Wenn nur noch die Flucht bleibt: KolumbianerInnen im Exil<\/a><\/li><li class=\"sitemap-item\"><a href=\"https:\/\/kolko.net\/askonline\/themen\/menschenrechte\/wenn-unschuldige-den-krieg-anderer-fuehren\">Wenn Unschuldige den Krieg Anderer f\u00fchren<\/a><\/li><li class=\"sitemap-item\"><a href=\"https:\/\/kolko.net\/askonline\/allgemein\/wie-erreicht-kolumbien-den-totalen-frieden\">Wie erreicht Kolumbien den totalen Frieden?\u00a0<\/a><\/li><li class=\"sitemap-item\"><a href=\"https:\/\/kolko.net\/askonline\/themen\/menschenrechte\/wie-korruption-die-menschenrechte-verletzt\">Wie Korruption die Menschenrechte verletzt<\/a><\/li><\/ul><\/div><div class=\"simple-sitemap-wrap natuerliche-ressourcen-energie-und-infrastruktur\"><h3 class=\"term-tag\">Nat\u00fcrliche Ressourcen, Energie &amp; Infrastruktur<\/h3><ul class=\"simple-sitemap-post main\"><li class=\"sitemap-item\"><a href=\"https:\/\/kolko.net\/askonline\/allgemein\/cerrejon-als-100-tochter-von-glencore-kaum-fortschritte-in-der-guajira\"><strong>Cerrej\u00f3n als 100%-Tochter von Glencore: Kaum Fortschritte in der Guajira<\/strong><\/a><\/li><li class=\"sitemap-item\"><a href=\"https:\/\/kolko.net\/askonline\/allgemein\/grosse-unsicherheit-im-kohlerevier-des-cesar-wie-weiter-mit-prodeco\"><strong>Grosse Unsicherheit im Kohlerevier des Cesar \u2013 Wie weiter mit Prodeco?<\/strong><\/a><\/li><li class=\"sitemap-item\"><a href=\"https:\/\/kolko.net\/askonline\/allgemein\/14-gemeinschaften-des-cesar-fordern-das-kolumbianische-verfassungsgericht-auf-eine-grundrechtsklage-ueber-die-minenschliessung-zu-ueberpruefen\">14 Gemeinschaften des Cesar fordern das kolumbianische Verfassungsgericht auf, eine Grundrechtsklage \u00fcber die Minenschliessung zu \u00fcberpr\u00fcfen<\/a><\/li><li class=\"sitemap-item\"><a href=\"https:\/\/kolko.net\/askonline\/allgemein\/2023-war-ein-schwieriges-jahr-fuer-die-gemeinschaften-im-umfeld-von-prodeco\">2023 war ein schwieriges Jahr f\u00fcr die Gemeinschaften im Umfeld von Prodeco<\/a><\/li><li class=\"sitemap-item\"><a href=\"https:\/\/kolko.net\/askonline\/themen\/wirtschaft-menschenrechte\/natuerliche-ressourcen-energie-und-infrastruktur\/cienaga-de-la-zapatosa-erhaelt-ramsar-schutzstatus\">Ci\u00e9naga de la Zapatosa erh\u00e4lt Ramsar Schutzstatus<\/a><\/li><li class=\"sitemap-item\"><a href=\"https:\/\/kolko.net\/askonline\/allgemein\/communique-des-tisches-fuer-eine-gerechte-transition-und-territoriale-verteidigung-wegen-drohungen\">Communiqu\u00e9 des Tisches f\u00fcr eine gerechte Transition und territoriale Verteidigung  wegen Drohungen<\/a><\/li><li class=\"sitemap-item\"><a href=\"https:\/\/kolko.net\/askonline\/allgemein\/communique-des-uno-sonderberichterstatters-zu-provincial-sorgt-fuer-spannungen\">Communiqu\u00e9 des UNO-Sonderberichterstatters zu Provincial sorgt f\u00fcr Spannungen<\/a><\/li><li class=\"sitemap-item\"><a href=\"https:\/\/kolko.net\/askonline\/allgemein\/das-recht-auf-eine-saubere-umwelt-und-auf-wasser-gemeinschaften-im-wiederstand-gegen-cerrejon\">Das Recht auf eine saubere Umwelt und auf Wasser: Gemeinschaften im Wiederstand gegen Cerrej\u00f3n<\/a><\/li><li class=\"sitemap-item\"><a href=\"https:\/\/kolko.net\/askonline\/allgemein\/der-juristische-kampf-um-den-zukuenftigen-betrieb-der-kohlemine-el-cerrejon-geht-weiter\">Der juristische Kampf um den zuk\u00fcnftigen Betrieb der Kohlemine El Cerrej\u00f3n geht weiter<\/a><\/li><li class=\"sitemap-item\"><a href=\"https:\/\/kolko.net\/askonline\/themen\/wirtschaft-menschenrechte\/schweizer-unternehmen\/die-umstrittene-umleitung-des-arroyo-bruno\">Die umstrittene Umleitung des Arroyo Bruno<\/a><\/li><li class=\"sitemap-item\"><a href=\"https:\/\/kolko.net\/askonline\/allgemein\/die-unsicherheiten-ueber-die-zukunft-des-kohlesektors-werden-auf-dem-ruecken-der-arbeiter-und-der-gemeinschaften-ausgetragen\">Die Unsicherheiten \u00fcber die Zukunft des Kohlesektors werden auf dem R\u00fccken der Arbeiter und der Gemeinschaften ausgetragen<\/a><\/li><li class=\"sitemap-item\"><a href=\"https:\/\/kolko.net\/askonline\/allgemein\/die-verfassungswidrige-situation-in-der-guajira-haelt-an\">Die verfassungswidrige Situation in der Guajira h\u00e4lt an<\/a><\/li><li class=\"sitemap-item\"><a href=\"https:\/\/kolko.net\/askonline\/allgemein\/dorfgemeinschaften-und-zivilgesellschaftliche-organisationen-fordern-vom-neuen-ceo-von-glencore-einen-kurswechsel-in-umwelt-und-menschenrechtsfragen\">Dorfgemeinschaften und Zivilgesellschaftliche Organisationen fordern vom neuen CEO von Glencore einen Kurswechsel in Umwelt-und Menschenrechtsfragen<\/a><\/li><li class=\"sitemap-item\"><a href=\"https:\/\/kolko.net\/askonline\/allgemein\/dreifache-krise-fuer-prodeco-corona-fallende-preise-und-gerichtsurteile\">Dreifache Krise f\u00fcr Prodeco: Corona, fallende Preise und Gerichtsurteile<\/a><\/li><li class=\"sitemap-item\"><a href=\"https:\/\/kolko.net\/askonline\/allgemein\/e-book-ueber-illegalen-goldabbau-mit-schweren-maschinen-im-choco\">E-Book \u00fcber illegalen Goldabbau mit schweren Maschinen im Choc\u00f3<\/a><\/li><li class=\"sitemap-item\"><a href=\"https:\/\/kolko.net\/askonline\/allgemein\/eingabe-beim-schweizer-nationalen-kontaktpunkt-der-oecd-gegen-glencore\">Eingabe beim Schweizer Nationalen Kontaktpunkt der OECD gegen Glencore<\/a><\/li><li class=\"sitemap-item\"><a href=\"https:\/\/kolko.net\/askonline\/themen\/frieden\/entwaldung-in-kolumbiens-nationalparks-nach-unterzeichnung-des-friedensabkommens\">Entwaldung in Kolumbiens Nationalparks nach Unterzeichnung des Friedensabkommens<\/a><\/li><li class=\"sitemap-item\"><a href=\"https:\/\/kolko.net\/askonline\/themen\/erdoel-und-bergbaufirmen-finanzieren-die-staatlichen-sicherheitskraefte-und-die-staatsanwaltschaft\">Erd\u00f6l- und Bergbaufirmen finanzieren die staatlichen Sicherheitskr\u00e4fte und die Staatsanwaltschaft<\/a><\/li><li class=\"sitemap-item\"><a href=\"https:\/\/kolko.net\/askonline\/allgemein\/erfolgreiche-proteste-der-ethnischen-gemeinschaften-im-einflussbereich-von-cerrejon\">Erfolgreiche Proteste der ethnischen Gemeinschaften im Einflussbereich von Cerrej\u00f3n \u00a0<\/a><\/li><li class=\"sitemap-item\"><a href=\"https:\/\/kolko.net\/askonline\/allgemein\/erste-erfolge-der-betroffenen-bevoelkerung-fuer-transparenz-und-mitgestaltung-bei-prodecos-minenschliessung\">Erste Erfolge der betroffenen Bev\u00f6lkerung f\u00fcr Transparenz und Mitgestaltung bei Prodecos Minenschliessung<\/a><\/li><li class=\"sitemap-item\"><a href=\"https:\/\/kolko.net\/askonline\/themen\/wirtschaft-menschenrechte\/fleischkonsum-abholzung-und-unnachvollziehbare-zusammenhaenge\">Fleischkonsum, Abholzung und (un)nachvollziehbare Zusammenh\u00e4nge<\/a><\/li><li class=\"sitemap-item\"><a href=\"https:\/\/kolko.net\/askonline\/themen\/wirtschaft-menschenrechte\/gefahr-fuer-die-umwelt-durch-den-nationalen-entwicklungsplan\">Gefahr f\u00fcr die Umwelt durch den Nationalen Entwicklungsplan<\/a><\/li><li class=\"sitemap-item\"><a href=\"https:\/\/kolko.net\/askonline\/allgemein\/gemeinschaft-von-canaverales-blockiert-kohletagebau-der-tuerkischen-yildirim-holding-in-der-guajira\">Gemeinschaft von Ca\u00f1averales blockiert Kohletagebau der t\u00fcrkischen Yildirim Holding in der Guajira<\/a><\/li><li class=\"sitemap-item\"><a href=\"https:\/\/kolko.net\/askonline\/allgemein\/gemeinschaften-im-einflussbereich-von-glencore-prodeco-helft-uns-gehoert-zu-werden-wir-fordern-gerechtigkeit\">Gemeinschaften im Einflussbereich von Glencore Prodeco: HELFT UNS, GEH\u00d6RT ZU WERDEN, WIR FORDERN GERECHTIGKEIT!<\/a><\/li><li class=\"sitemap-item\"><a href=\"https:\/\/kolko.net\/askonline\/allgemein\/glencore-aktionaersversammlung-verbesserung-der-selbstdarstellung\">Glencore Aktion\u00e4rsversammlung: Verbesserung der Selbstdarstellung<\/a><\/li><li class=\"sitemap-item\"><a href=\"https:\/\/kolko.net\/askonline\/allgemein\/glencore-antapaccay-und-die-bevoelkerung-espinars-ein-nicht-endender-konflikt\">Glencore Antapaccay und die Bev\u00f6lkerung Espinars \u2013 ein nicht endender Konflikt<\/a><\/li><li class=\"sitemap-item\"><a href=\"https:\/\/kolko.net\/askonline\/allgemein\/glencore-prodeco-will-die-bergbaukonzessionen-an-den-staat-zurueckgeben-und-sich-aus-kolumbien-zurueckziehen\">Glencore Prodeco will die Bergbaukonzessionen an den Staat zur\u00fcckgeben und sich aus Kolumbien zur\u00fcckziehen<\/a><\/li><li class=\"sitemap-item\"><a href=\"https:\/\/kolko.net\/askonline\/allgemein\/glencores-nachhaltigkeitsbericht-nach-wie-vor-ungenuegend\">Glencores Nachhaltigkeitsbericht nach wie vor ungen\u00fcgend<\/a><\/li><li class=\"sitemap-item\"><a href=\"https:\/\/kolko.net\/askonline\/allgemein\/harte-verhandlungen-und-streik-bei-cerrejon\">Harte Verhandlungen und Streik bei Cerrej\u00f3n<\/a><\/li><li class=\"sitemap-item\"><a href=\"https:\/\/kolko.net\/askonline\/allgemein\/hohe-manager-von-drummond-angeklagt-paramilitaers-finanziert-zu-haben\">Hohe Manager von Drummond angeklagt, Paramilit\u00e4rs finanziert zu haben<\/a><\/li><li class=\"sitemap-item\"><a href=\"https:\/\/kolko.net\/askonline\/allgemein\/klaegerinnen-von-provincial-erbost-ueber-luegen-von-cerrejon\">Kl\u00e4gerinnen von Provincial erbost \u00fcber \u201eL\u00fcgen\u201c von Cerrej\u00f3n<\/a><\/li><li class=\"sitemap-item\"><a href=\"https:\/\/kolko.net\/askonline\/allgemein\/kohle-und-cesar-ungewissheit-wegen-prodecos-weggang-hoffnung-auf-reaktivierung\">Kohle und Cesar: Ungewissheit wegen Prodecos Weggang \u2013 Hoffnung auf Reaktivierung \u00a0<\/a><\/li><li class=\"sitemap-item\"><a href=\"https:\/\/kolko.net\/askonline\/allgemein\/kohleabbau-gerechte-transition-und-klimapartnerschaft\">Kohleabbau, gerechte Transition und Klimapartnerschaft\u00a0<\/a><\/li><li class=\"sitemap-item\"><a href=\"https:\/\/kolko.net\/askonline\/allgemein\/kolumbien-ist-das-zweitgefaehrlichste-land-fuer-menschenrechtsverteidiger-die-sich-gegen-negative-auswirkungen-von-unternehmen-wehren\">Kolumbien ist das zweitgef\u00e4hrlichste Land f\u00fcr Menschenrechtsverteidiger, die sich gegen negative Auswirkungen von Unternehmen wehren<\/a><\/li><li class=\"sitemap-item\"><a href=\"https:\/\/kolko.net\/askonline\/allgemein\/kolumbien-bericht-fordert-schliessungsplan-fuer-glencore-mine\">Kolumbien: Bericht fordert Schliessungsplan f\u00fcr Glencore-Mine<\/a><\/li><li class=\"sitemap-item\"><a href=\"https:\/\/kolko.net\/askonline\/allgemein\/kolumbiens-bergbaubehoerde-lehnt-suspension-des-kohleabbaus-durch-prodeco-ab\">Kolumbiens Bergbaubeh\u00f6rde lehnt Suspension des Kohleabbaus durch Prodeco ab<\/a><\/li><li class=\"sitemap-item\"><a href=\"https:\/\/kolko.net\/askonline\/themen\/wirtschaft-menschenrechte\/natuerliche-ressourcen-energie-und-infrastruktur\/kolumbiens-groesster-paramo-durch-tourismus-und-erdoelfoerderung-bedroht\">Kolumbiens gr\u00f6sster P\u00e1ramo: durch Tourismus und Erd\u00f6lf\u00f6rderung bedroht<\/a><\/li><li class=\"sitemap-item\"><a href=\"https:\/\/kolko.net\/askonline\/allgemein\/massive-praesenz-von-gewerkschaften-und-betroffenen-gemeinschaften-an-der-glencore-gv\">Massive Pr\u00e4senz von Gewerkschaften und betroffenen Gemeinschaften an der Glencore GV<\/a><\/li><li class=\"sitemap-item\"><a href=\"https:\/\/kolko.net\/askonline\/themen\/wirtschaft-menschenrechte\/schweizer-unternehmen\/massive-umweltbelastung-gesundheitsprobleme-und-eine-ungewisse-zukunft-praegen-viele-gemeinschaften-im-einflussbereich-der-kohlenmine-el-cerrejon\">Massive Umweltbelastung, Gesundheitsprobleme und eine ungewisse Zukunft pr\u00e4gen viele Gemeinschaften im Einflussbereich der Kohlenmine El Cerrej\u00f3n<\/a><\/li><li class=\"sitemap-item\"><a href=\"https:\/\/kolko.net\/askonline\/allgemein\/menschenrechtliche-folgeabschaetzungen-zeigen-weiterhin-keine-wirkung\">Menschenrechtliche Folgeabsch\u00e4tzungen zeigen weiterhin keine Wirkung<\/a><\/li><li class=\"sitemap-item\"><a href=\"https:\/\/kolko.net\/askonline\/allgemein\/mit-frischem-wind-in-eine-gruene-zukunft\">Mit frischem Wind in eine gr\u00fcne Zukunft?<\/a><\/li><li class=\"sitemap-item\"><a href=\"https:\/\/kolko.net\/askonline\/allgemein\/morde-und-todesdrohungen-gegen-landrechtskaempfer-und-verteidigerinnen-des-territoriums-reissen-nicht-ab\">Morde und Todesdrohungen gegen Landrechtsk\u00e4mpfer und VerteidigerInnen des Territoriums reissen nicht ab\u00a0<\/a><\/li><li class=\"sitemap-item\"><a href=\"https:\/\/kolko.net\/askonline\/themen\/wirtschaft-menschenrechte\/musterprozess-gegen-ehemals-groessten-kolumbianischen-goldexporteuer-wegen-geldwaesche-und-terrorfinanzierung-vor-gericht-gescheitert%ef%bf%bc\">Musterprozess gegen ehemals gr\u00f6ssten kolumbianischen Goldexporteuer wegen Geldw\u00e4sche und Terrorfinanzierung vor Gericht gescheitert\ufffc<\/a><\/li><li class=\"sitemap-item\"><a href=\"https:\/\/kolko.net\/askonline\/allgemein\/offener-brief-der-sechs-autoritaeten-der-yukpa-an-den-generalstaatsanwalt-kolumbiens\">Offener Brief der sechs Autorit\u00e4ten der Yukpa an den Generalstaatsanwalt Kolumbiens<\/a><\/li><li class=\"sitemap-item\"><a href=\"https:\/\/kolko.net\/askonline\/allgemein\/ohne-eine-regierung-mit-dem-politischen-willen-die-ursachen-der-gewalt-anzugehen-werden-wir-nie-in-ruhe-leben-koennen\">Ohne eine Regierung mit dem politischen Willen, die Ursachen der Gewalt anzugehen, werden wir nie in Ruhe leben k\u00f6nnen<\/a><\/li><li class=\"sitemap-item\"><a href=\"https:\/\/kolko.net\/askonline\/allgemein\/organizaciones-internacionales-denuncian-al-gigante-minero-anglo-american-por-sus-impactos-en-america-latina-y-su-respuesta-al-covid19\">Organizaciones internacionales denuncian al gigante minero Anglo American por sus impactos en Am\u00e9rica Latina y su respuesta al Covid19<\/a><\/li><li class=\"sitemap-item\"><a href=\"https:\/\/kolko.net\/askonline\/allgemein\/prodeco-unternehmensverantwortung-und-menschenrechte-im-bergbaukorridor-des-departements-cesar\">PRODECO: Unternehmensverantwortung und Menschenrechte im Bergbaukorridor des Departements Cesar<\/a><\/li><li class=\"sitemap-item\"><a href=\"https:\/\/kolko.net\/askonline\/allgemein\/prodecos-erster-menschenrechtsbericht-ueber-die-sorgfaltspflicht-ist-klar-ungenuegend\">Prodecos erster Menschenrechtsbericht \u00fcber die Sorgfaltspflicht ist klar ungen\u00fcgend<\/a><\/li><li class=\"sitemap-item\"><a href=\"https:\/\/kolko.net\/askonline\/allgemein\/proteste-in-el-hatillo-wegen-verzoegerungen-bei-der-umsiedlung\">Proteste in El Hatillo wegen Verz\u00f6gerungen bei der Umsiedlung<\/a><\/li><li class=\"sitemap-item\"><a href=\"https:\/\/kolko.net\/askonline\/allgemein\/provincial-das-indigene-reservat-das-waehrend-der-pandemie-einer-seiner-besten-momente-durchlebte\">Provincial, das indigene Reservat, das w\u00e4hrend der Pandemie einer seiner besten Momente durchlebte<\/a><\/li><li class=\"sitemap-item\"><a href=\"https:\/\/kolko.net\/askonline\/allgemein\/rohstoffsektor-und-agrobusiness-nutzen-die-pandemie-um-ethnische-und-umweltrechte-zu-beschraenken\">Rohstoffsektor und Agrobusiness nutzen die Pandemie, um ethnische und Umweltrechte zu beschr\u00e4nken<\/a><\/li><li class=\"sitemap-item\"><a href=\"https:\/\/kolko.net\/askonline\/allgemein\/rueckgabe-der-kohleminen-von-prodeco-und-erfuellung-der-sozialen-und-umweltauflagen-weiterhin-ungewiss\">R\u00fcckgabe der Kohleminen von Prodeco und Erf\u00fcllung der sozialen und Umweltauflagen weiterhin ungewiss<\/a><\/li><li class=\"sitemap-item\"><a href=\"https:\/\/kolko.net\/askonline\/themen\/wirtschaft-menschenrechte\/schweizer-goldraffinerie-abnehmerin-von-gold-zweifelhafter-herkunft\">Schweizer Goldraffinerie Abnehmerin von Gold zweifelhafter Herkunft!<\/a><\/li><li class=\"sitemap-item\"><a href=\"https:\/\/kolko.net\/askonline\/allgemein\/streik-bei-cerrejon-nach-91-tagen-beigelegt-zukunft-der-kohlemine-bleibt-aber-ungewiss\">Streik bei Cerrej\u00f3n nach 91 Tagen beigelegt, Zukunft der Kohlemine bleibt aber ungewiss<\/a><\/li><li class=\"sitemap-item\"><a href=\"https:\/\/kolko.net\/askonline\/allgemein\/tabaco-23-jahre-vertrieben-es-ist-zeit-zu-reagieren\">Tabaco 23 Jahre vertrieben: Es ist Zeit zu reagieren.<\/a><\/li><li class=\"sitemap-item\"><a href=\"https:\/\/kolko.net\/askonline\/allgemein\/umsiedlung-von-el-hatillo-unterbrochen-rechtsverletzungen-und-hungerkrise-drohen\">Umsiedlung von El Hatillo unterbrochen \u2013 Rechtsverletzungen und Hungerkrise drohen<\/a><\/li><li class=\"sitemap-item\"><a href=\"https:\/\/kolko.net\/askonline\/allgemein\/umstrittenes-urteil-des-weltbankschiedsgerichts-gegen-kolumbien\">Umstrittenes Urteil des Weltbankschiedsgerichts gegen Kolumbien<\/a><\/li><li class=\"sitemap-item\"><a href=\"https:\/\/kolko.net\/askonline\/themen\/wirtschaft-menschenrechte\/ungeloeste-vergangene-und-aktuelle-menschenrechtliche-herausforderungen-in-der-kohleabbauregion-des-cesar\">Ungel\u00f6ste vergangene und aktuelle menschenrechtliche Herausforderungen in der Kohleabbauregion des Cesar<\/a><\/li><li class=\"sitemap-item\"><a href=\"https:\/\/kolko.net\/askonline\/themen\/wirtschaft-menschenrechte\/ungleiche-verhandlungen-um-die-lunge-der-erde\">Ungleiche Verhandlungen um die Lunge der Erde<\/a><\/li><li class=\"sitemap-item\"><a href=\"https:\/\/kolko.net\/askonline\/allgemein\/uno-sonderberichterstatter-fuer-umwelt-und-menschenrechte-verlangt-unterbruch-der-bergbauoperationen-von-cerrejon\">UNO Sonderberichterstatter f\u00fcr Umwelt und Menschenrechte verlangt Unterbruch der Bergbauoperationen von Cerrej\u00f3n<\/a><\/li><li class=\"sitemap-item\"><a href=\"https:\/\/kolko.net\/askonline\/allgemein\/urteil-des-kolumbianischen-verfassungsgerichts-im-ersten-kolumbianischen-fall-der-schliessung-eines-kohlebergwerks-schuetzt-die-rechte-von-gemeinschaften-und-entlassenen-arbeitern\">URTEIL DES KOLUMBIANISCHEN VERFASSUNGSGERICHTS IM ERSTEN KOLUMBIANISCHEN FALL DER SCHLIESSUNG EINES KOHLEBERGWERKS SCH\u00dcTZT DIE RECHTE VON GEMEINSCHAFTEN UND ENTLASSENEN ARBEITERN<\/a><\/li><li class=\"sitemap-item\"><a href=\"https:\/\/kolko.net\/askonline\/themen\/wirtschaft-menschenrechte\/natuerliche-ressourcen-energie-und-infrastruktur\/viele-offene-fragen-um-das-wasserkraftprojekt-hidroituango\">Viele offene Fragen um das Wasserkraftprojekt Hidroituango<\/a><\/li><li class=\"sitemap-item\"><a href=\"https:\/\/kolko.net\/askonline\/allgemein\/vom-versuch-der-abholzung-einhalt-zu-gebieten\">Vom Versuch, der Abholzung Einhalt zu gebieten<\/a><\/li><li class=\"sitemap-item\"><a href=\"https:\/\/kolko.net\/askonline\/allgemein\/warum-freiwilligkeit-bei-menschenrechtlicher-sorgfaltspflicht-nicht-genuegt\">Warum Freiwilligkeit bei menschenrechtlicher Sorgfaltspflicht nicht gen\u00fcgt<\/a><\/li><li class=\"sitemap-item\"><a href=\"https:\/\/kolko.net\/askonline\/themen\/wirtschaft-menschenrechte\/wasserverschmutzung-und-bleibelastung-im-tota-see\">Wasserverschmutzung und Bleibelastung im Tota-See<\/a><\/li><li class=\"sitemap-item\"><a href=\"https:\/\/kolko.net\/askonline\/themen\/wirtschaft-menschenrechte\/wegweisendes-urteil-des-verfassungsgerichtes-fuer-die-umwelt-und-gesundheit-in-provincial\">Wegweisendes Urteil des Verfassungsgerichtes f\u00fcr die Umwelt und Gesundheit in Provincial<\/a><\/li><li class=\"sitemap-item\"><a href=\"https:\/\/kolko.net\/askonline\/themen\/wirtschaft-menschenrechte\/natuerliche-ressourcen-energie-und-infrastruktur\/wegweisendes-urteil-des-verfassungsgerichtes-zum-schutz-des-amazonaswaldes\">Wegweisendes Urteil des Verfassungsgerichtes zum Schutz des Amazonaswaldes<\/a><\/li><li class=\"sitemap-item\"><a href=\"https:\/\/kolko.net\/askonline\/allgemein\/weitere-proteste-und-grosse-unsicherheit-bezueglich-der-umsiedlung-von-el-hatillo\">Weitere Proteste und grosse Unsicherheit bez\u00fcglich der Umsiedlung von El Hatillo<\/a><\/li><li class=\"sitemap-item\"><a href=\"https:\/\/kolko.net\/askonline\/allgemein\/weiterhin-grosse-herausforderungen-und-soziale-probleme-in-der-kohlenregion-des-cesar\">Weiterhin grosse Herausforderungen und soziale Probleme in der Kohlenregion des Cesar<\/a><\/li><li class=\"sitemap-item\"><a href=\"https:\/\/kolko.net\/askonline\/allgemein\/weshalb-freiwillige-menschenrechtsinstrumente-fuer-konzerne-nicht-genuegen-und-es-die-kvi-braucht\">Weshalb freiwillige Menschenrechtsinstrumente f\u00fcr Konzerne nicht gen\u00fcgen und es die KVI braucht<\/a><\/li><li class=\"sitemap-item\"><a href=\"https:\/\/kolko.net\/askonline\/allgemein\/zehn-jahre-nach-den-umsiedlungen-immer-noch-keine-nachhaltigen-gemeinschaften-trotz-neuen-verhandlungen-mit-cerrejon-waechst-die-ungeduld\">Zehn Jahre nach den Umsiedlungen immer noch keine nachhaltigen Gemeinschaften \u2013 trotz neuen Verhandlungen mit Cerrej\u00f3n w\u00e4chst die Ungeduld<\/a><\/li><\/ul><\/div><div class=\"simple-sitemap-wrap rohstoffe-und-infrastruktur\"><h3 class=\"term-tag\">Rohstoffe &amp; Infrastruktur<\/h3><ul class=\"simple-sitemap-post main\"><li class=\"sitemap-item\"><a href=\"https:\/\/kolko.net\/askonline\/allgemein\/cerrejon-als-100-tochter-von-glencore-kaum-fortschritte-in-der-guajira\"><strong>Cerrej\u00f3n als 100%-Tochter von Glencore: Kaum Fortschritte in der Guajira<\/strong><\/a><\/li><li class=\"sitemap-item\"><a href=\"https:\/\/kolko.net\/askonline\/allgemein\/grosse-unsicherheit-im-kohlerevier-des-cesar-wie-weiter-mit-prodeco\"><strong>Grosse Unsicherheit im Kohlerevier des Cesar \u2013 Wie weiter mit Prodeco?<\/strong><\/a><\/li><li class=\"sitemap-item\"><a href=\"https:\/\/kolko.net\/askonline\/allgemein\/rueckzug-der-beschwerde-gegen-glencore-vor-dem-nationalen-kontaktpunkt-fuer-die-oecd-leitsaetze\"><strong>R\u00fcckzug der Beschwerde gegen Glencore vor dem Nationalen Kontaktpunkt f\u00fcr die OECD Leits\u00e4tze<\/strong><\/a><\/li><li class=\"sitemap-item\"><a href=\"https:\/\/kolko.net\/askonline\/allgemein\/14-gemeinschaften-des-cesar-fordern-das-kolumbianische-verfassungsgericht-auf-eine-grundrechtsklage-ueber-die-minenschliessung-zu-ueberpruefen\">14 Gemeinschaften des Cesar fordern das kolumbianische Verfassungsgericht auf, eine Grundrechtsklage \u00fcber die Minenschliessung zu \u00fcberpr\u00fcfen<\/a><\/li><li class=\"sitemap-item\"><a href=\"https:\/\/kolko.net\/askonline\/allgemein\/2023-war-ein-schwieriges-jahr-fuer-die-gemeinschaften-im-umfeld-von-prodeco\">2023 war ein schwieriges Jahr f\u00fcr die Gemeinschaften im Umfeld von Prodeco<\/a><\/li><li class=\"sitemap-item\"><a href=\"https:\/\/kolko.net\/askonline\/themen\/wirtschaft-menschenrechte\/schweizer-unternehmen\/cerrejon-sorgt-fuer-schlagzeilen-nichtigkeitsklage-der-gemeinschaften-persilschein-durch-bettercoal-und-ein-uebermuetiger-neuer-praesident\">Cerrej\u00f3n sorgt f\u00fcr Schlagzeilen: Nichtigkeitsklage der Gemeinschaften, Persilschein durch Bettercoal und ein \u00fcberm\u00fctiger neuer Pr\u00e4sident<\/a><\/li><li class=\"sitemap-item\"><a href=\"https:\/\/kolko.net\/askonline\/allgemein\/communique-des-tisches-fuer-eine-gerechte-transition-und-territoriale-verteidigung-wegen-drohungen\">Communiqu\u00e9 des Tisches f\u00fcr eine gerechte Transition und territoriale Verteidigung  wegen Drohungen<\/a><\/li><li class=\"sitemap-item\"><a href=\"https:\/\/kolko.net\/askonline\/allgemein\/communique-des-uno-sonderberichterstatters-zu-provincial-sorgt-fuer-spannungen\">Communiqu\u00e9 des UNO-Sonderberichterstatters zu Provincial sorgt f\u00fcr Spannungen<\/a><\/li><li class=\"sitemap-item\"><a href=\"https:\/\/kolko.net\/askonline\/allgemein\/das-recht-auf-eine-saubere-umwelt-und-auf-wasser-gemeinschaften-im-wiederstand-gegen-cerrejon\">Das Recht auf eine saubere Umwelt und auf Wasser: Gemeinschaften im Wiederstand gegen Cerrej\u00f3n<\/a><\/li><li class=\"sitemap-item\"><a href=\"https:\/\/kolko.net\/askonline\/allgemein\/der-juristische-kampf-um-den-zukuenftigen-betrieb-der-kohlemine-el-cerrejon-geht-weiter\">Der juristische Kampf um den zuk\u00fcnftigen Betrieb der Kohlemine El Cerrej\u00f3n geht weiter<\/a><\/li><li class=\"sitemap-item\"><a href=\"https:\/\/kolko.net\/askonline\/themen\/wirtschaft-menschenrechte\/schweizer-unternehmen\/desinformationskampagne-von-cerrejon-fuehrt-zu-massiven-drohungen-gegen-soziale-fuehrungspersonen\">Desinformationskampagne von Cerrej\u00f3n f\u00fchrt zu massiven Drohungen gegen soziale F\u00fchrungspersonen<\/a><\/li><li class=\"sitemap-item\"><a href=\"https:\/\/kolko.net\/askonline\/themen\/die-auswirkungen-der-corona-krise-auf-eine-verletzliche-region-wie-die-guajira\">Die Auswirkungen der Corona-Krise auf eine verletzliche Region wie die Guajira<\/a><\/li><li class=\"sitemap-item\"><a href=\"https:\/\/kolko.net\/askonline\/themen\/wirtschaft-menschenrechte\/die-rettung-des-bruno-flusses-steht-auf-messers-schneide%ef%bf%bc\">Die Rettung des Bruno-Flusses steht auf Messers Schneide\ufffc<\/a><\/li><li class=\"sitemap-item\"><a href=\"https:\/\/kolko.net\/askonline\/themen\/die-umsiedlung-von-el-hatillo-geraet-erneut-in-probleme\">Die Umsiedlung von El Hatillo ger\u00e4t erneut in Probleme<\/a><\/li><li class=\"sitemap-item\"><a href=\"https:\/\/kolko.net\/askonline\/themen\/wirtschaft-menschenrechte\/schweizer-unternehmen\/die-umstrittene-umleitung-des-arroyo-bruno\">Die umstrittene Umleitung des Arroyo Bruno<\/a><\/li><li class=\"sitemap-item\"><a href=\"https:\/\/kolko.net\/askonline\/allgemein\/die-unsicherheiten-ueber-die-zukunft-des-kohlesektors-werden-auf-dem-ruecken-der-arbeiter-und-der-gemeinschaften-ausgetragen\">Die Unsicherheiten \u00fcber die Zukunft des Kohlesektors werden auf dem R\u00fccken der Arbeiter und der Gemeinschaften ausgetragen<\/a><\/li><li class=\"sitemap-item\"><a href=\"https:\/\/kolko.net\/askonline\/allgemein\/die-verfassungswidrige-situation-in-der-guajira-haelt-an\">Die verfassungswidrige Situation in der Guajira h\u00e4lt an<\/a><\/li><li class=\"sitemap-item\"><a href=\"https:\/\/kolko.net\/askonline\/allgemein\/dorfgemeinschaften-und-zivilgesellschaftliche-organisationen-fordern-vom-neuen-ceo-von-glencore-einen-kurswechsel-in-umwelt-und-menschenrechtsfragen\">Dorfgemeinschaften und Zivilgesellschaftliche Organisationen fordern vom neuen CEO von Glencore einen Kurswechsel in Umwelt-und Menschenrechtsfragen<\/a><\/li><li class=\"sitemap-item\"><a href=\"https:\/\/kolko.net\/askonline\/allgemein\/dreifache-krise-fuer-prodeco-corona-fallende-preise-und-gerichtsurteile\">Dreifache Krise f\u00fcr Prodeco: Corona, fallende Preise und Gerichtsurteile<\/a><\/li><li class=\"sitemap-item\"><a href=\"https:\/\/kolko.net\/askonline\/allgemein\/e-book-ueber-illegalen-goldabbau-mit-schweren-maschinen-im-choco\">E-Book \u00fcber illegalen Goldabbau mit schweren Maschinen im Choc\u00f3<\/a><\/li><li class=\"sitemap-item\"><a href=\"https:\/\/kolko.net\/askonline\/allgemein\/eingabe-beim-schweizer-nationalen-kontaktpunkt-der-oecd-gegen-glencore\">Eingabe beim Schweizer Nationalen Kontaktpunkt der OECD gegen Glencore<\/a><\/li><li class=\"sitemap-item\"><a href=\"https:\/\/kolko.net\/askonline\/themen\/erdoel-und-bergbaufirmen-finanzieren-die-staatlichen-sicherheitskraefte-und-die-staatsanwaltschaft\">Erd\u00f6l- und Bergbaufirmen finanzieren die staatlichen Sicherheitskr\u00e4fte und die Staatsanwaltschaft<\/a><\/li><li class=\"sitemap-item\"><a href=\"https:\/\/kolko.net\/askonline\/allgemein\/erfolgreiche-proteste-der-ethnischen-gemeinschaften-im-einflussbereich-von-cerrejon\">Erfolgreiche Proteste der ethnischen Gemeinschaften im Einflussbereich von Cerrej\u00f3n \u00a0<\/a><\/li><li class=\"sitemap-item\"><a href=\"https:\/\/kolko.net\/askonline\/allgemein\/erste-erfolge-der-betroffenen-bevoelkerung-fuer-transparenz-und-mitgestaltung-bei-prodecos-minenschliessung\">Erste Erfolge der betroffenen Bev\u00f6lkerung f\u00fcr Transparenz und Mitgestaltung bei Prodecos Minenschliessung<\/a><\/li><li class=\"sitemap-item\"><a href=\"https:\/\/kolko.net\/askonline\/allgemein\/gemeinschaft-von-canaverales-blockiert-kohletagebau-der-tuerkischen-yildirim-holding-in-der-guajira\">Gemeinschaft von Ca\u00f1averales blockiert Kohletagebau der t\u00fcrkischen Yildirim Holding in der Guajira<\/a><\/li><li class=\"sitemap-item\"><a href=\"https:\/\/kolko.net\/askonline\/allgemein\/gemeinschaften-blockieren-cerrejon-mine-und-protestieren-fuer-ihre-rechte\">Gemeinschaften blockieren Cerrej\u00f3n Mine und protestieren f\u00fcr ihre Rechte<\/a><\/li><li class=\"sitemap-item\"><a href=\"https:\/\/kolko.net\/askonline\/allgemein\/gemeinschaften-im-einflussbereich-von-glencore-prodeco-helft-uns-gehoert-zu-werden-wir-fordern-gerechtigkeit\">Gemeinschaften im Einflussbereich von Glencore Prodeco: HELFT UNS, GEH\u00d6RT ZU WERDEN, WIR FORDERN GERECHTIGKEIT!<\/a><\/li><li class=\"sitemap-item\"><a href=\"https:\/\/kolko.net\/askonline\/allgemein\/glencore-aktionaersversammlung-verbesserung-der-selbstdarstellung\">Glencore Aktion\u00e4rsversammlung: Verbesserung der Selbstdarstellung<\/a><\/li><li class=\"sitemap-item\"><a href=\"https:\/\/kolko.net\/askonline\/allgemein\/glencore-antapaccay-und-die-bevoelkerung-espinars-ein-nicht-endender-konflikt\">Glencore Antapaccay und die Bev\u00f6lkerung Espinars \u2013 ein nicht endender Konflikt<\/a><\/li><li class=\"sitemap-item\"><a href=\"https:\/\/kolko.net\/askonline\/themen\/glencore-gegen-kolumbien-ein-suess-saures-urteil\">Glencore gegen Kolumbien \u2013 ein s\u00fcss-saures Urteil<\/a><\/li><li class=\"sitemap-item\"><a href=\"https:\/\/kolko.net\/askonline\/allgemein\/glencore-prodeco-will-die-bergbaukonzessionen-an-den-staat-zurueckgeben-und-sich-aus-kolumbien-zurueckziehen\">Glencore Prodeco will die Bergbaukonzessionen an den Staat zur\u00fcckgeben und sich aus Kolumbien zur\u00fcckziehen<\/a><\/li><li class=\"sitemap-item\"><a href=\"https:\/\/kolko.net\/askonline\/allgemein\/glencores-nachhaltigkeitsbericht-nach-wie-vor-ungenuegend\">Glencores Nachhaltigkeitsbericht nach wie vor ungen\u00fcgend<\/a><\/li><li class=\"sitemap-item\"><a href=\"https:\/\/kolko.net\/askonline\/themen\/wirtschaft-menschenrechte\/goldexportfirma-mit-schweizer-bezug-im-zentrum-eines-geldwaeschereiskandals\">Goldexportfirma mit Schweizer Bezug im Zentrum eines Geldw\u00e4schereiskandals<\/a><\/li><li class=\"sitemap-item\"><a href=\"https:\/\/kolko.net\/askonline\/allgemein\/gravierende-luecken-bei-der-kontrolle-von-edelmetallen\">Gravierende L\u00fccken bei der Kontrolle von Edelmetallen<\/a><\/li><li class=\"sitemap-item\"><a href=\"https:\/\/kolko.net\/askonline\/allgemein\/harte-verhandlungen-und-streik-bei-cerrejon\">Harte Verhandlungen und Streik bei Cerrej\u00f3n<\/a><\/li><li class=\"sitemap-item\"><a href=\"https:\/\/kolko.net\/askonline\/allgemein\/hohe-manager-von-drummond-angeklagt-paramilitaers-finanziert-zu-haben\">Hohe Manager von Drummond angeklagt, Paramilit\u00e4rs finanziert zu haben<\/a><\/li><li class=\"sitemap-item\"><a href=\"https:\/\/kolko.net\/askonline\/themen\/wirtschaft-menschenrechte\/schweizer-unternehmen\/rohstoffe-und-infrastruktur\/holcim-vom-geschaeft-mit-kiesgruben-mitten-in-bogota\">Holcim \u2013 Vom Gesch\u00e4ft mit Kiesgruben mitten in Bogot\u00e1<\/a><\/li><li class=\"sitemap-item\"><a href=\"https:\/\/kolko.net\/askonline\/allgemein\/klaegerinnen-von-provincial-erbost-ueber-luegen-von-cerrejon\">Kl\u00e4gerinnen von Provincial erbost \u00fcber \u201eL\u00fcgen\u201c von Cerrej\u00f3n<\/a><\/li><li class=\"sitemap-item\"><a href=\"https:\/\/kolko.net\/askonline\/allgemein\/kohle-und-cesar-ungewissheit-wegen-prodecos-weggang-hoffnung-auf-reaktivierung\">Kohle und Cesar: Ungewissheit wegen Prodecos Weggang \u2013 Hoffnung auf Reaktivierung \u00a0<\/a><\/li><li class=\"sitemap-item\"><a href=\"https:\/\/kolko.net\/askonline\/allgemein\/kohleabbau-gerechte-transition-und-klimapartnerschaft\">Kohleabbau, gerechte Transition und Klimapartnerschaft\u00a0<\/a><\/li><li class=\"sitemap-item\"><a href=\"https:\/\/kolko.net\/askonline\/allgemein\/kolumbien-hauptthema-an-der-diesjaehrigen-glencore-aktionaersversammlung\">Kolumbien Hauptthema an der diesj\u00e4hrigen Glencore Aktion\u00e4rsversammlung<\/a><\/li><li class=\"sitemap-item\"><a href=\"https:\/\/kolko.net\/askonline\/allgemein\/kolumbien-ist-das-zweitgefaehrlichste-land-fuer-menschenrechtsverteidiger-die-sich-gegen-negative-auswirkungen-von-unternehmen-wehren\">Kolumbien ist das zweitgef\u00e4hrlichste Land f\u00fcr Menschenrechtsverteidiger, die sich gegen negative Auswirkungen von Unternehmen wehren<\/a><\/li><li class=\"sitemap-item\"><a href=\"https:\/\/kolko.net\/askonline\/allgemein\/kolumbien-bericht-fordert-schliessungsplan-fuer-glencore-mine\">Kolumbien: Bericht fordert Schliessungsplan f\u00fcr Glencore-Mine<\/a><\/li><li class=\"sitemap-item\"><a href=\"https:\/\/kolko.net\/askonline\/allgemein\/kolumbiens-bergbaubehoerde-lehnt-suspension-des-kohleabbaus-durch-prodeco-ab\">Kolumbiens Bergbaubeh\u00f6rde lehnt Suspension des Kohleabbaus durch Prodeco ab<\/a><\/li><li class=\"sitemap-item\"><a href=\"https:\/\/kolko.net\/askonline\/allgemein\/massive-praesenz-von-gewerkschaften-und-betroffenen-gemeinschaften-an-der-glencore-gv\">Massive Pr\u00e4senz von Gewerkschaften und betroffenen Gemeinschaften an der Glencore GV<\/a><\/li><li class=\"sitemap-item\"><a href=\"https:\/\/kolko.net\/askonline\/themen\/wirtschaft-menschenrechte\/schweizer-unternehmen\/massive-umweltbelastung-gesundheitsprobleme-und-eine-ungewisse-zukunft-praegen-viele-gemeinschaften-im-einflussbereich-der-kohlenmine-el-cerrejon\">Massive Umweltbelastung, Gesundheitsprobleme und eine ungewisse Zukunft pr\u00e4gen viele Gemeinschaften im Einflussbereich der Kohlenmine El Cerrej\u00f3n<\/a><\/li><li class=\"sitemap-item\"><a href=\"https:\/\/kolko.net\/askonline\/allgemein\/menschenrechtliche-folgeabschaetzungen-zeigen-weiterhin-keine-wirkung\">Menschenrechtliche Folgeabsch\u00e4tzungen zeigen weiterhin keine Wirkung<\/a><\/li><li class=\"sitemap-item\"><a href=\"https:\/\/kolko.net\/askonline\/allgemein\/offener-brief-der-sechs-autoritaeten-der-yukpa-an-den-generalstaatsanwalt-kolumbiens\">Offener Brief der sechs Autorit\u00e4ten der Yukpa an den Generalstaatsanwalt Kolumbiens<\/a><\/li><li class=\"sitemap-item\"><a href=\"https:\/\/kolko.net\/askonline\/allgemein\/organizaciones-internacionales-denuncian-al-gigante-minero-anglo-american-por-sus-impactos-en-america-latina-y-su-respuesta-al-covid19\">Organizaciones internacionales denuncian al gigante minero Anglo American por sus impactos en Am\u00e9rica Latina y su respuesta al Covid19<\/a><\/li><li class=\"sitemap-item\"><a href=\"https:\/\/kolko.net\/askonline\/allgemein\/prodeco-unternehmensverantwortung-und-menschenrechte-im-bergbaukorridor-des-departements-cesar\">PRODECO: Unternehmensverantwortung und Menschenrechte im Bergbaukorridor des Departements Cesar<\/a><\/li><li class=\"sitemap-item\"><a href=\"https:\/\/kolko.net\/askonline\/allgemein\/prodecos-erster-menschenrechtsbericht-ueber-die-sorgfaltspflicht-ist-klar-ungenuegend\">Prodecos erster Menschenrechtsbericht \u00fcber die Sorgfaltspflicht ist klar ungen\u00fcgend<\/a><\/li><li class=\"sitemap-item\"><a href=\"https:\/\/kolko.net\/askonline\/allgemein\/proteste-in-el-hatillo-wegen-verzoegerungen-bei-der-umsiedlung\">Proteste in El Hatillo wegen Verz\u00f6gerungen bei der Umsiedlung<\/a><\/li><li class=\"sitemap-item\"><a href=\"https:\/\/kolko.net\/askonline\/allgemein\/provincial-das-indigene-reservat-das-waehrend-der-pandemie-einer-seiner-besten-momente-durchlebte\">Provincial, das indigene Reservat, das w\u00e4hrend der Pandemie einer seiner besten Momente durchlebte<\/a><\/li><li class=\"sitemap-item\"><a href=\"https:\/\/kolko.net\/askonline\/themen\/wirtschaft-menschenrechte\/rueckgabe-der-bergbautitel-von-prodeco-erfolgt-auf-dem-ruecken-der-arbeiter\">R\u00fcckgabe der Bergbautitel von Prodeco erfolgt auf dem R\u00fccken der Arbeiter<\/a><\/li><li class=\"sitemap-item\"><a href=\"https:\/\/kolko.net\/askonline\/allgemein\/rueckgabe-der-kohleminen-von-prodeco-und-erfuellung-der-sozialen-und-umweltauflagen-weiterhin-ungewiss\">R\u00fcckgabe der Kohleminen von Prodeco und Erf\u00fcllung der sozialen und Umweltauflagen weiterhin ungewiss<\/a><\/li><li class=\"sitemap-item\"><a href=\"https:\/\/kolko.net\/askonline\/themen\/wirtschaft-menschenrechte\/schweizer-goldraffinerie-abnehmerin-von-gold-zweifelhafter-herkunft\">Schweizer Goldraffinerie Abnehmerin von Gold zweifelhafter Herkunft!<\/a><\/li><li class=\"sitemap-item\"><a href=\"https:\/\/kolko.net\/askonline\/allgemein\/streik-bei-cerrejon-nach-91-tagen-beigelegt-zukunft-der-kohlemine-bleibt-aber-ungewiss\">Streik bei Cerrej\u00f3n nach 91 Tagen beigelegt, Zukunft der Kohlemine bleibt aber ungewiss<\/a><\/li><li class=\"sitemap-item\"><a href=\"https:\/\/kolko.net\/askonline\/allgemein\/tabaco-23-jahre-vertrieben-es-ist-zeit-zu-reagieren\">Tabaco 23 Jahre vertrieben: Es ist Zeit zu reagieren.<\/a><\/li><li class=\"sitemap-item\"><a href=\"https:\/\/kolko.net\/askonline\/allgemein\/ueberraschende-wende-im-kolumbianischen-kohlegeschaeft\">\u00dcberraschende Wende im kolumbianischen Kohlegesch\u00e4ft<\/a><\/li><li class=\"sitemap-item\"><a href=\"https:\/\/kolko.net\/askonline\/allgemein\/umsiedlung-von-el-hatillo-unterbrochen-rechtsverletzungen-und-hungerkrise-drohen\">Umsiedlung von El Hatillo unterbrochen \u2013 Rechtsverletzungen und Hungerkrise drohen<\/a><\/li><li class=\"sitemap-item\"><a href=\"https:\/\/kolko.net\/askonline\/allgemein\/umstrittenes-urteil-des-weltbankschiedsgerichts-gegen-kolumbien\">Umstrittenes Urteil des Weltbankschiedsgerichts gegen Kolumbien<\/a><\/li><li class=\"sitemap-item\"><a href=\"https:\/\/kolko.net\/askonline\/allgemein\/uno-sonderberichterstatter-fuer-umwelt-und-menschenrechte-verlangt-unterbruch-der-bergbauoperationen-von-cerrejon\">UNO Sonderberichterstatter f\u00fcr Umwelt und Menschenrechte verlangt Unterbruch der Bergbauoperationen von Cerrej\u00f3n<\/a><\/li><li class=\"sitemap-item\"><a href=\"https:\/\/kolko.net\/askonline\/allgemein\/urteil-des-kolumbianischen-verfassungsgerichts-im-ersten-kolumbianischen-fall-der-schliessung-eines-kohlebergwerks-schuetzt-die-rechte-von-gemeinschaften-und-entlassenen-arbeitern\">URTEIL DES KOLUMBIANISCHEN VERFASSUNGSGERICHTS IM ERSTEN KOLUMBIANISCHEN FALL DER SCHLIESSUNG EINES KOHLEBERGWERKS SCH\u00dcTZT DIE RECHTE VON GEMEINSCHAFTEN UND ENTLASSENEN ARBEITERN<\/a><\/li><li class=\"sitemap-item\"><a href=\"https:\/\/kolko.net\/askonline\/allgemein\/warum-freiwilligkeit-bei-menschenrechtlicher-sorgfaltspflicht-nicht-genuegt\">Warum Freiwilligkeit bei menschenrechtlicher Sorgfaltspflicht nicht gen\u00fcgt<\/a><\/li><li class=\"sitemap-item\"><a href=\"https:\/\/kolko.net\/askonline\/themen\/wirtschaft-menschenrechte\/wegweisendes-urteil-des-verfassungsgerichtes-fuer-die-umwelt-und-gesundheit-in-provincial\">Wegweisendes Urteil des Verfassungsgerichtes f\u00fcr die Umwelt und Gesundheit in Provincial<\/a><\/li><li class=\"sitemap-item\"><a href=\"https:\/\/kolko.net\/askonline\/allgemein\/weitere-proteste-und-grosse-unsicherheit-bezueglich-der-umsiedlung-von-el-hatillo\">Weitere Proteste und grosse Unsicherheit bez\u00fcglich der Umsiedlung von El Hatillo<\/a><\/li><li class=\"sitemap-item\"><a href=\"https:\/\/kolko.net\/askonline\/allgemein\/weiterhin-grosse-herausforderungen-und-soziale-probleme-in-der-kohlenregion-des-cesar\">Weiterhin grosse Herausforderungen und soziale Probleme in der Kohlenregion des Cesar<\/a><\/li><li class=\"sitemap-item\"><a href=\"https:\/\/kolko.net\/askonline\/allgemein\/weshalb-freiwillige-menschenrechtsinstrumente-fuer-konzerne-nicht-genuegen-und-es-die-kvi-braucht\">Weshalb freiwillige Menschenrechtsinstrumente f\u00fcr Konzerne nicht gen\u00fcgen und es die KVI braucht<\/a><\/li><li class=\"sitemap-item\"><a href=\"https:\/\/kolko.net\/askonline\/allgemein\/zehn-jahre-nach-den-umsiedlungen-immer-noch-keine-nachhaltigen-gemeinschaften-trotz-neuen-verhandlungen-mit-cerrejon-waechst-die-ungeduld\">Zehn Jahre nach den Umsiedlungen immer noch keine nachhaltigen Gemeinschaften \u2013 trotz neuen Verhandlungen mit Cerrej\u00f3n w\u00e4chst die Ungeduld<\/a><\/li><\/ul><\/div><div class=\"simple-sitemap-wrap schweizer-unternehmen\"><h3 class=\"term-tag\">Schweizer Unternehmen<\/h3><ul class=\"simple-sitemap-post main\"><li class=\"sitemap-item\"><a href=\"https:\/\/kolko.net\/askonline\/allgemein\/cerrejon-als-100-tochter-von-glencore-kaum-fortschritte-in-der-guajira\"><strong>Cerrej\u00f3n als 100%-Tochter von Glencore: Kaum Fortschritte in der Guajira<\/strong><\/a><\/li><li class=\"sitemap-item\"><a href=\"https:\/\/kolko.net\/askonline\/allgemein\/grosse-unsicherheit-im-kohlerevier-des-cesar-wie-weiter-mit-prodeco\"><strong>Grosse Unsicherheit im Kohlerevier des Cesar \u2013 Wie weiter mit Prodeco?<\/strong><\/a><\/li><li class=\"sitemap-item\"><a href=\"https:\/\/kolko.net\/askonline\/allgemein\/rueckzug-der-beschwerde-gegen-glencore-vor-dem-nationalen-kontaktpunkt-fuer-die-oecd-leitsaetze\"><strong>R\u00fcckzug der Beschwerde gegen Glencore vor dem Nationalen Kontaktpunkt f\u00fcr die OECD Leits\u00e4tze<\/strong><\/a><\/li><li class=\"sitemap-item\"><a href=\"https:\/\/kolko.net\/askonline\/allgemein\/14-gemeinschaften-des-cesar-fordern-das-kolumbianische-verfassungsgericht-auf-eine-grundrechtsklage-ueber-die-minenschliessung-zu-ueberpruefen\">14 Gemeinschaften des Cesar fordern das kolumbianische Verfassungsgericht auf, eine Grundrechtsklage \u00fcber die Minenschliessung zu \u00fcberpr\u00fcfen<\/a><\/li><li class=\"sitemap-item\"><a href=\"https:\/\/kolko.net\/askonline\/allgemein\/2023-war-ein-schwieriges-jahr-fuer-die-gemeinschaften-im-umfeld-von-prodeco\">2023 war ein schwieriges Jahr f\u00fcr die Gemeinschaften im Umfeld von Prodeco<\/a><\/li><li class=\"sitemap-item\"><a href=\"https:\/\/kolko.net\/askonline\/allgemein\/auch-aktionaerinnen-und-aktionaere-tragen-verantwortung\">Auch Aktion\u00e4rinnen und Aktion\u00e4re tragen Verantwortung<\/a><\/li><li class=\"sitemap-item\"><a href=\"https:\/\/kolko.net\/askonline\/themen\/wirtschaft-menschenrechte\/schweizer-unternehmen\/cerrejon-sorgt-fuer-schlagzeilen-nichtigkeitsklage-der-gemeinschaften-persilschein-durch-bettercoal-und-ein-uebermuetiger-neuer-praesident\">Cerrej\u00f3n sorgt f\u00fcr Schlagzeilen: Nichtigkeitsklage der Gemeinschaften, Persilschein durch Bettercoal und ein \u00fcberm\u00fctiger neuer Pr\u00e4sident<\/a><\/li><li class=\"sitemap-item\"><a href=\"https:\/\/kolko.net\/askonline\/allgemein\/communique-des-tisches-fuer-eine-gerechte-transition-und-territoriale-verteidigung-wegen-drohungen\">Communiqu\u00e9 des Tisches f\u00fcr eine gerechte Transition und territoriale Verteidigung  wegen Drohungen<\/a><\/li><li class=\"sitemap-item\"><a href=\"https:\/\/kolko.net\/askonline\/allgemein\/communique-des-uno-sonderberichterstatters-zu-provincial-sorgt-fuer-spannungen\">Communiqu\u00e9 des UNO-Sonderberichterstatters zu Provincial sorgt f\u00fcr Spannungen<\/a><\/li><li class=\"sitemap-item\"><a href=\"https:\/\/kolko.net\/askonline\/allgemein\/das-menschenrechtskomitee-der-uno-in-genf-verurteilt-den-kolumbianischen-staat-wegen-der-ermordung-eines-gewerkschafters-bei-coca-cola\">Das Menschenrechtskomitee der UNO in Genf verurteilt den kolumbianischen Staat wegen der Ermordung eines Gewerkschafters bei Coca Cola<\/a><\/li><li class=\"sitemap-item\"><a href=\"https:\/\/kolko.net\/askonline\/allgemein\/das-recht-auf-eine-saubere-umwelt-und-auf-wasser-gemeinschaften-im-wiederstand-gegen-cerrejon\">Das Recht auf eine saubere Umwelt und auf Wasser: Gemeinschaften im Wiederstand gegen Cerrej\u00f3n<\/a><\/li><li class=\"sitemap-item\"><a href=\"https:\/\/kolko.net\/askonline\/allgemein\/der-juristische-kampf-um-den-zukuenftigen-betrieb-der-kohlemine-el-cerrejon-geht-weiter\">Der juristische Kampf um den zuk\u00fcnftigen Betrieb der Kohlemine El Cerrej\u00f3n geht weiter<\/a><\/li><li class=\"sitemap-item\"><a href=\"https:\/\/kolko.net\/askonline\/themen\/wirtschaft-menschenrechte\/schweizer-unternehmen\/desinformationskampagne-von-cerrejon-fuehrt-zu-massiven-drohungen-gegen-soziale-fuehrungspersonen\">Desinformationskampagne von Cerrej\u00f3n f\u00fchrt zu massiven Drohungen gegen soziale F\u00fchrungspersonen<\/a><\/li><li class=\"sitemap-item\"><a href=\"https:\/\/kolko.net\/askonline\/themen\/die-auswirkungen-der-corona-krise-auf-eine-verletzliche-region-wie-die-guajira\">Die Auswirkungen der Corona-Krise auf eine verletzliche Region wie die Guajira<\/a><\/li><li class=\"sitemap-item\"><a href=\"https:\/\/kolko.net\/askonline\/themen\/wirtschaft-menschenrechte\/die-rettung-des-bruno-flusses-steht-auf-messers-schneide%ef%bf%bc\">Die Rettung des Bruno-Flusses steht auf Messers Schneide\ufffc<\/a><\/li><li class=\"sitemap-item\"><a href=\"https:\/\/kolko.net\/askonline\/themen\/die-umsiedlung-von-el-hatillo-geraet-erneut-in-probleme\">Die Umsiedlung von El Hatillo ger\u00e4t erneut in Probleme<\/a><\/li><li class=\"sitemap-item\"><a href=\"https:\/\/kolko.net\/askonline\/themen\/wirtschaft-menschenrechte\/schweizer-unternehmen\/die-umstrittene-umleitung-des-arroyo-bruno\">Die umstrittene Umleitung des Arroyo Bruno<\/a><\/li><li class=\"sitemap-item\"><a href=\"https:\/\/kolko.net\/askonline\/allgemein\/die-unsicherheiten-ueber-die-zukunft-des-kohlesektors-werden-auf-dem-ruecken-der-arbeiter-und-der-gemeinschaften-ausgetragen\">Die Unsicherheiten \u00fcber die Zukunft des Kohlesektors werden auf dem R\u00fccken der Arbeiter und der Gemeinschaften ausgetragen<\/a><\/li><li class=\"sitemap-item\"><a href=\"https:\/\/kolko.net\/askonline\/allgemein\/die-verfassungswidrige-situation-in-der-guajira-haelt-an\">Die verfassungswidrige Situation in der Guajira h\u00e4lt an<\/a><\/li><li class=\"sitemap-item\"><a href=\"https:\/\/kolko.net\/askonline\/allgemein\/dorfgemeinschaften-und-zivilgesellschaftliche-organisationen-fordern-vom-neuen-ceo-von-glencore-einen-kurswechsel-in-umwelt-und-menschenrechtsfragen\">Dorfgemeinschaften und Zivilgesellschaftliche Organisationen fordern vom neuen CEO von Glencore einen Kurswechsel in Umwelt-und Menschenrechtsfragen<\/a><\/li><li class=\"sitemap-item\"><a href=\"https:\/\/kolko.net\/askonline\/allgemein\/dreifache-krise-fuer-prodeco-corona-fallende-preise-und-gerichtsurteile\">Dreifache Krise f\u00fcr Prodeco: Corona, fallende Preise und Gerichtsurteile<\/a><\/li><li class=\"sitemap-item\"><a href=\"https:\/\/kolko.net\/askonline\/allgemein\/e-book-ueber-illegalen-goldabbau-mit-schweren-maschinen-im-choco\">E-Book \u00fcber illegalen Goldabbau mit schweren Maschinen im Choc\u00f3<\/a><\/li><li class=\"sitemap-item\"><a href=\"https:\/\/kolko.net\/askonline\/allgemein\/eingabe-beim-schweizer-nationalen-kontaktpunkt-der-oecd-gegen-glencore\">Eingabe beim Schweizer Nationalen Kontaktpunkt der OECD gegen Glencore<\/a><\/li><li class=\"sitemap-item\"><a href=\"https:\/\/kolko.net\/askonline\/themen\/erdoel-und-bergbaufirmen-finanzieren-die-staatlichen-sicherheitskraefte-und-die-staatsanwaltschaft\">Erd\u00f6l- und Bergbaufirmen finanzieren die staatlichen Sicherheitskr\u00e4fte und die Staatsanwaltschaft<\/a><\/li><li class=\"sitemap-item\"><a href=\"https:\/\/kolko.net\/askonline\/allgemein\/erfolgreiche-proteste-der-ethnischen-gemeinschaften-im-einflussbereich-von-cerrejon\">Erfolgreiche Proteste der ethnischen Gemeinschaften im Einflussbereich von Cerrej\u00f3n \u00a0<\/a><\/li><li class=\"sitemap-item\"><a href=\"https:\/\/kolko.net\/askonline\/themen\/ermordung-von-drei-arbeitern-bei-nestle-kolumbien-gewerkschaften-und-nichtregierungsorganisationen-fordern-nestle-auf-fuer-die-sicherheit-der-arbeiterinnen-zu-sorgen\">Ermordung von drei Arbeitern bei Nestl\u00e9 Kolumbien: Gewerkschaften und Nichtregierungsorganisationen fordern Nestl\u00e9 auf, f\u00fcr die Sicherheit der ArbeiterInnen zu sorgen<\/a><\/li><li class=\"sitemap-item\"><a href=\"https:\/\/kolko.net\/askonline\/allgemein\/erste-erfolge-der-betroffenen-bevoelkerung-fuer-transparenz-und-mitgestaltung-bei-prodecos-minenschliessung\">Erste Erfolge der betroffenen Bev\u00f6lkerung f\u00fcr Transparenz und Mitgestaltung bei Prodecos Minenschliessung<\/a><\/li><li class=\"sitemap-item\"><a href=\"https:\/\/kolko.net\/askonline\/allgemein\/gemeinschaft-von-canaverales-blockiert-kohletagebau-der-tuerkischen-yildirim-holding-in-der-guajira\">Gemeinschaft von Ca\u00f1averales blockiert Kohletagebau der t\u00fcrkischen Yildirim Holding in der Guajira<\/a><\/li><li class=\"sitemap-item\"><a href=\"https:\/\/kolko.net\/askonline\/allgemein\/gemeinschaften-blockieren-cerrejon-mine-und-protestieren-fuer-ihre-rechte\">Gemeinschaften blockieren Cerrej\u00f3n Mine und protestieren f\u00fcr ihre Rechte<\/a><\/li><li class=\"sitemap-item\"><a href=\"https:\/\/kolko.net\/askonline\/allgemein\/gemeinschaften-im-einflussbereich-von-glencore-prodeco-helft-uns-gehoert-zu-werden-wir-fordern-gerechtigkeit\">Gemeinschaften im Einflussbereich von Glencore Prodeco: HELFT UNS, GEH\u00d6RT ZU WERDEN, WIR FORDERN GERECHTIGKEIT!<\/a><\/li><li class=\"sitemap-item\"><a href=\"https:\/\/kolko.net\/askonline\/allgemein\/glencore-aktionaersversammlung-verbesserung-der-selbstdarstellung\">Glencore Aktion\u00e4rsversammlung: Verbesserung der Selbstdarstellung<\/a><\/li><li class=\"sitemap-item\"><a href=\"https:\/\/kolko.net\/askonline\/allgemein\/glencore-antapaccay-und-die-bevoelkerung-espinars-ein-nicht-endender-konflikt\">Glencore Antapaccay und die Bev\u00f6lkerung Espinars \u2013 ein nicht endender Konflikt<\/a><\/li><li class=\"sitemap-item\"><a href=\"https:\/\/kolko.net\/askonline\/themen\/glencore-gegen-kolumbien-ein-suess-saures-urteil\">Glencore gegen Kolumbien \u2013 ein s\u00fcss-saures Urteil<\/a><\/li><li class=\"sitemap-item\"><a href=\"https:\/\/kolko.net\/askonline\/allgemein\/glencore-prodeco-will-die-bergbaukonzessionen-an-den-staat-zurueckgeben-und-sich-aus-kolumbien-zurueckziehen\">Glencore Prodeco will die Bergbaukonzessionen an den Staat zur\u00fcckgeben und sich aus Kolumbien zur\u00fcckziehen<\/a><\/li><li class=\"sitemap-item\"><a href=\"https:\/\/kolko.net\/askonline\/allgemein\/glencores-nachhaltigkeitsbericht-nach-wie-vor-ungenuegend\">Glencores Nachhaltigkeitsbericht nach wie vor ungen\u00fcgend<\/a><\/li><li class=\"sitemap-item\"><a href=\"https:\/\/kolko.net\/askonline\/themen\/wirtschaft-menschenrechte\/goldexportfirma-mit-schweizer-bezug-im-zentrum-eines-geldwaeschereiskandals\">Goldexportfirma mit Schweizer Bezug im Zentrum eines Geldw\u00e4schereiskandals<\/a><\/li><li class=\"sitemap-item\"><a href=\"https:\/\/kolko.net\/askonline\/allgemein\/gravierende-luecken-bei-der-kontrolle-von-edelmetallen\">Gravierende L\u00fccken bei der Kontrolle von Edelmetallen<\/a><\/li><li class=\"sitemap-item\"><a href=\"https:\/\/kolko.net\/askonline\/allgemein\/harte-verhandlungen-und-streik-bei-cerrejon\">Harte Verhandlungen und Streik bei Cerrej\u00f3n<\/a><\/li><li class=\"sitemap-item\"><a href=\"https:\/\/kolko.net\/askonline\/allgemein\/hohe-manager-von-drummond-angeklagt-paramilitaers-finanziert-zu-haben\">Hohe Manager von Drummond angeklagt, Paramilit\u00e4rs finanziert zu haben<\/a><\/li><li class=\"sitemap-item\"><a href=\"https:\/\/kolko.net\/askonline\/themen\/wirtschaft-menschenrechte\/schweizer-unternehmen\/rohstoffe-und-infrastruktur\/holcim-vom-geschaeft-mit-kiesgruben-mitten-in-bogota\">Holcim \u2013 Vom Gesch\u00e4ft mit Kiesgruben mitten in Bogot\u00e1<\/a><\/li><li class=\"sitemap-item\"><a href=\"https:\/\/kolko.net\/askonline\/allgemein\/klaegerinnen-von-provincial-erbost-ueber-luegen-von-cerrejon\">Kl\u00e4gerinnen von Provincial erbost \u00fcber \u201eL\u00fcgen\u201c von Cerrej\u00f3n<\/a><\/li><li class=\"sitemap-item\"><a href=\"https:\/\/kolko.net\/askonline\/allgemein\/kohle-und-cesar-ungewissheit-wegen-prodecos-weggang-hoffnung-auf-reaktivierung\">Kohle und Cesar: Ungewissheit wegen Prodecos Weggang \u2013 Hoffnung auf Reaktivierung \u00a0<\/a><\/li><li class=\"sitemap-item\"><a href=\"https:\/\/kolko.net\/askonline\/allgemein\/kohleabbau-gerechte-transition-und-klimapartnerschaft\">Kohleabbau, gerechte Transition und Klimapartnerschaft\u00a0<\/a><\/li><li class=\"sitemap-item\"><a href=\"https:\/\/kolko.net\/askonline\/allgemein\/kolumbien-hauptthema-an-der-diesjaehrigen-glencore-aktionaersversammlung\">Kolumbien Hauptthema an der diesj\u00e4hrigen Glencore Aktion\u00e4rsversammlung<\/a><\/li><li class=\"sitemap-item\"><a href=\"https:\/\/kolko.net\/askonline\/allgemein\/kolumbien-ist-das-zweitgefaehrlichste-land-fuer-menschenrechtsverteidiger-die-sich-gegen-negative-auswirkungen-von-unternehmen-wehren\">Kolumbien ist das zweitgef\u00e4hrlichste Land f\u00fcr Menschenrechtsverteidiger, die sich gegen negative Auswirkungen von Unternehmen wehren<\/a><\/li><li class=\"sitemap-item\"><a href=\"https:\/\/kolko.net\/askonline\/allgemein\/kolumbien-bericht-fordert-schliessungsplan-fuer-glencore-mine\">Kolumbien: Bericht fordert Schliessungsplan f\u00fcr Glencore-Mine<\/a><\/li><li class=\"sitemap-item\"><a href=\"https:\/\/kolko.net\/askonline\/allgemein\/kolumbiens-bergbaubehoerde-lehnt-suspension-des-kohleabbaus-durch-prodeco-ab\">Kolumbiens Bergbaubeh\u00f6rde lehnt Suspension des Kohleabbaus durch Prodeco ab<\/a><\/li><li class=\"sitemap-item\"><a href=\"https:\/\/kolko.net\/askonline\/allgemein\/massive-praesenz-von-gewerkschaften-und-betroffenen-gemeinschaften-an-der-glencore-gv\">Massive Pr\u00e4senz von Gewerkschaften und betroffenen Gemeinschaften an der Glencore GV<\/a><\/li><li class=\"sitemap-item\"><a href=\"https:\/\/kolko.net\/askonline\/themen\/wirtschaft-menschenrechte\/schweizer-unternehmen\/massive-umweltbelastung-gesundheitsprobleme-und-eine-ungewisse-zukunft-praegen-viele-gemeinschaften-im-einflussbereich-der-kohlenmine-el-cerrejon\">Massive Umweltbelastung, Gesundheitsprobleme und eine ungewisse Zukunft pr\u00e4gen viele Gemeinschaften im Einflussbereich der Kohlenmine El Cerrej\u00f3n<\/a><\/li><li class=\"sitemap-item\"><a href=\"https:\/\/kolko.net\/askonline\/allgemein\/menschenrechtliche-folgeabschaetzungen-zeigen-weiterhin-keine-wirkung\">Menschenrechtliche Folgeabsch\u00e4tzungen zeigen weiterhin keine Wirkung<\/a><\/li><li class=\"sitemap-item\"><a href=\"https:\/\/kolko.net\/askonline\/themen\/wirtschaft-menschenrechte\/schweizer-unternehmen\/lebensmittel-gesundheit-und-agrarsektor\/mord-an-nestle-arbeiter-romero-in-kolumbien-beschwerde-gegen-die-schweiz-vor-dem-europaeischen-gerichtshof-fuer-menschenrechte\">Mord an Nestl\u00e9-Arbeiter Romero in Kolumbien: Beschwerde gegen die Schweiz vor dem Europ\u00e4ischen Gerichtshof f\u00fcr Menschenrechte<\/a><\/li><li class=\"sitemap-item\"><a href=\"https:\/\/kolko.net\/askonline\/themen\/wirtschaft-menschenrechte\/novartis-gegen-kolumbien\">Novartis gegen Kolumbien<\/a><\/li><li class=\"sitemap-item\"><a href=\"https:\/\/kolko.net\/askonline\/allgemein\/offener-brief-der-sechs-autoritaeten-der-yukpa-an-den-generalstaatsanwalt-kolumbiens\">Offener Brief der sechs Autorit\u00e4ten der Yukpa an den Generalstaatsanwalt Kolumbiens<\/a><\/li><li class=\"sitemap-item\"><a href=\"https:\/\/kolko.net\/askonline\/allgemein\/organizaciones-internacionales-denuncian-al-gigante-minero-anglo-american-por-sus-impactos-en-america-latina-y-su-respuesta-al-covid19\">Organizaciones internacionales denuncian al gigante minero Anglo American por sus impactos en Am\u00e9rica Latina y su respuesta al Covid19<\/a><\/li><li class=\"sitemap-item\"><a href=\"https:\/\/kolko.net\/askonline\/allgemein\/petro-will-die-campesinos-als-rechtssubjekte-anerkennen-und-endlich-die-agrarreform-umsetzen\">Petro will die Campesinos als Rechtssubjekte anerkennen und endlich die Agrarreform umsetzen<\/a><\/li><li class=\"sitemap-item\"><a href=\"https:\/\/kolko.net\/askonline\/allgemein\/prodeco-unternehmensverantwortung-und-menschenrechte-im-bergbaukorridor-des-departements-cesar\">PRODECO: Unternehmensverantwortung und Menschenrechte im Bergbaukorridor des Departements Cesar<\/a><\/li><li class=\"sitemap-item\"><a href=\"https:\/\/kolko.net\/askonline\/allgemein\/prodecos-erster-menschenrechtsbericht-ueber-die-sorgfaltspflicht-ist-klar-ungenuegend\">Prodecos erster Menschenrechtsbericht \u00fcber die Sorgfaltspflicht ist klar ungen\u00fcgend<\/a><\/li><li class=\"sitemap-item\"><a href=\"https:\/\/kolko.net\/askonline\/allgemein\/proteste-in-el-hatillo-wegen-verzoegerungen-bei-der-umsiedlung\">Proteste in El Hatillo wegen Verz\u00f6gerungen bei der Umsiedlung<\/a><\/li><li class=\"sitemap-item\"><a href=\"https:\/\/kolko.net\/askonline\/allgemein\/provincial-das-indigene-reservat-das-waehrend-der-pandemie-einer-seiner-besten-momente-durchlebte\">Provincial, das indigene Reservat, das w\u00e4hrend der Pandemie einer seiner besten Momente durchlebte<\/a><\/li><li class=\"sitemap-item\"><a href=\"https:\/\/kolko.net\/askonline\/themen\/wirtschaft-menschenrechte\/rueckgabe-der-bergbautitel-von-prodeco-erfolgt-auf-dem-ruecken-der-arbeiter\">R\u00fcckgabe der Bergbautitel von Prodeco erfolgt auf dem R\u00fccken der Arbeiter<\/a><\/li><li class=\"sitemap-item\"><a href=\"https:\/\/kolko.net\/askonline\/allgemein\/rueckgabe-der-kohleminen-von-prodeco-und-erfuellung-der-sozialen-und-umweltauflagen-weiterhin-ungewiss\">R\u00fcckgabe der Kohleminen von Prodeco und Erf\u00fcllung der sozialen und Umweltauflagen weiterhin ungewiss<\/a><\/li><li class=\"sitemap-item\"><a href=\"https:\/\/kolko.net\/askonline\/themen\/wirtschaft-menschenrechte\/schweizer-goldraffinerie-abnehmerin-von-gold-zweifelhafter-herkunft\">Schweizer Goldraffinerie Abnehmerin von Gold zweifelhafter Herkunft!<\/a><\/li><li class=\"sitemap-item\"><a href=\"https:\/\/kolko.net\/askonline\/allgemein\/streik-bei-cerrejon-nach-91-tagen-beigelegt-zukunft-der-kohlemine-bleibt-aber-ungewiss\">Streik bei Cerrej\u00f3n nach 91 Tagen beigelegt, Zukunft der Kohlemine bleibt aber ungewiss<\/a><\/li><li class=\"sitemap-item\"><a href=\"https:\/\/kolko.net\/askonline\/themen\/wirtschaft-menschenrechte\/schweizer-unternehmen\/streit-zwischen-novartis-und-kolumbien-ueber-zwangslizenz-fuer-krebsmedikament-eskaliert\">Streit zwischen Novartis und Kolumbien \u00fcber Zwangslizenz f\u00fcr Krebsmedikament eskaliert<\/a><\/li><li class=\"sitemap-item\"><a href=\"https:\/\/kolko.net\/askonline\/allgemein\/tabaco-23-jahre-vertrieben-es-ist-zeit-zu-reagieren\">Tabaco 23 Jahre vertrieben: Es ist Zeit zu reagieren.<\/a><\/li><li class=\"sitemap-item\"><a href=\"https:\/\/kolko.net\/askonline\/allgemein\/ueberraschende-wende-im-kolumbianischen-kohlegeschaeft\">\u00dcberraschende Wende im kolumbianischen Kohlegesch\u00e4ft<\/a><\/li><li class=\"sitemap-item\"><a href=\"https:\/\/kolko.net\/askonline\/allgemein\/umsiedlung-von-el-hatillo-unterbrochen-rechtsverletzungen-und-hungerkrise-drohen\">Umsiedlung von El Hatillo unterbrochen \u2013 Rechtsverletzungen und Hungerkrise drohen<\/a><\/li><li class=\"sitemap-item\"><a href=\"https:\/\/kolko.net\/askonline\/allgemein\/umstrittenes-urteil-des-weltbankschiedsgerichts-gegen-kolumbien\">Umstrittenes Urteil des Weltbankschiedsgerichts gegen Kolumbien<\/a><\/li><li class=\"sitemap-item\"><a href=\"https:\/\/kolko.net\/askonline\/allgemein\/uno-sonderberichterstatter-fuer-umwelt-und-menschenrechte-verlangt-unterbruch-der-bergbauoperationen-von-cerrejon\">UNO Sonderberichterstatter f\u00fcr Umwelt und Menschenrechte verlangt Unterbruch der Bergbauoperationen von Cerrej\u00f3n<\/a><\/li><li class=\"sitemap-item\"><a href=\"https:\/\/kolko.net\/askonline\/allgemein\/urteil-des-kolumbianischen-verfassungsgerichts-im-ersten-kolumbianischen-fall-der-schliessung-eines-kohlebergwerks-schuetzt-die-rechte-von-gemeinschaften-und-entlassenen-arbeitern\">URTEIL DES KOLUMBIANISCHEN VERFASSUNGSGERICHTS IM ERSTEN KOLUMBIANISCHEN FALL DER SCHLIESSUNG EINES KOHLEBERGWERKS SCH\u00dcTZT DIE RECHTE VON GEMEINSCHAFTEN UND ENTLASSENEN ARBEITERN<\/a><\/li><li class=\"sitemap-item\"><a href=\"https:\/\/kolko.net\/askonline\/allgemein\/warum-freiwilligkeit-bei-menschenrechtlicher-sorgfaltspflicht-nicht-genuegt\">Warum Freiwilligkeit bei menschenrechtlicher Sorgfaltspflicht nicht gen\u00fcgt<\/a><\/li><li class=\"sitemap-item\"><a href=\"https:\/\/kolko.net\/askonline\/themen\/wirtschaft-menschenrechte\/wegweisendes-urteil-des-verfassungsgerichtes-fuer-die-umwelt-und-gesundheit-in-provincial\">Wegweisendes Urteil des Verfassungsgerichtes f\u00fcr die Umwelt und Gesundheit in Provincial<\/a><\/li><li class=\"sitemap-item\"><a href=\"https:\/\/kolko.net\/askonline\/allgemein\/weitere-proteste-und-grosse-unsicherheit-bezueglich-der-umsiedlung-von-el-hatillo\">Weitere Proteste und grosse Unsicherheit bez\u00fcglich der Umsiedlung von El Hatillo<\/a><\/li><li class=\"sitemap-item\"><a href=\"https:\/\/kolko.net\/askonline\/allgemein\/weiterhin-grosse-herausforderungen-und-soziale-probleme-in-der-kohlenregion-des-cesar\">Weiterhin grosse Herausforderungen und soziale Probleme in der Kohlenregion des Cesar<\/a><\/li><li class=\"sitemap-item\"><a href=\"https:\/\/kolko.net\/askonline\/allgemein\/weshalb-freiwillige-menschenrechtsinstrumente-fuer-konzerne-nicht-genuegen-und-es-die-kvi-braucht\">Weshalb freiwillige Menschenrechtsinstrumente f\u00fcr Konzerne nicht gen\u00fcgen und es die KVI braucht<\/a><\/li><li class=\"sitemap-item\"><a href=\"https:\/\/kolko.net\/askonline\/allgemein\/zehn-jahre-nach-den-umsiedlungen-immer-noch-keine-nachhaltigen-gemeinschaften-trotz-neuen-verhandlungen-mit-cerrejon-waechst-die-ungeduld\">Zehn Jahre nach den Umsiedlungen immer noch keine nachhaltigen Gemeinschaften \u2013 trotz neuen Verhandlungen mit Cerrej\u00f3n w\u00e4chst die Ungeduld<\/a><\/li><\/ul><\/div><div class=\"simple-sitemap-wrap themen\"><h3 class=\"term-tag\">Themen<\/h3><ul class=\"simple-sitemap-post main\"><li class=\"sitemap-item\"><a href=\"https:\/\/kolko.net\/askonline\/themen\/frieden\/es-wird-keinen-vollstaendigen-frieden-geben-bis-wir-die-verschwundenen-personen-nicht-wieder-bei-uns-haben-interview-mit-cesar-santoyo-vom-colectivo-orlando-fals-borda\">\u201cEs wird keinen vollst\u00e4ndigen Frieden geben, bis wir die verschwundenen Personen nicht wieder bei uns haben\u201d Interview mit Cesar Santoyo vom Colectivo Orlando Fals Borda<\/a><\/li><li class=\"sitemap-item\"><a href=\"https:\/\/kolko.net\/askonline\/themen\/frieden\/sie-moegen-einen-von-uns-toeten-aber-tausend-andere-werden-geboren-werden\">\u201eSie m\u00f6gen einen von uns t\u00f6ten, aber tausend andere werden geboren werden.\u201c<\/a><\/li><li class=\"sitemap-item\"><a href=\"https:\/\/kolko.net\/askonline\/themen\/menschenrechte\/es-ist-nicht-das-erste-mal-dass-schwangere-frauen-und-kinder-in-einer-militaeraktion-sterben%ef%bf%bc\">\u00abEs ist nicht das erste Mal, dass schwangere Frauen und Kinder in einer Milit\u00e4raktion sterben\u00bb\ufffc<\/a><\/li><li class=\"sitemap-item\"><a href=\"https:\/\/kolko.net\/askonline\/themen\/menschenrechte\/ich-bin-weil-wir-sind\">\u00abIch bin, weil wir sind\u00bb<\/a><\/li><li class=\"sitemap-item\"><a href=\"https:\/\/kolko.net\/askonline\/allgemein\/globale-drogenkommission-veroeffentlicht-bericht-zu-kolumbien-und-empfiehlt-die-regulierung-von-koka-und-kokain\"><em>Globale Drogenkommission ver\u00f6ffentlicht Bericht zu Kolumbien und empfiehlt die Regulierung von Koka und Kokain<\/em><\/a><\/li><li class=\"sitemap-item\"><a href=\"https:\/\/kolko.net\/askonline\/allgemein\/es-wird-von-ueberall-her-geschossen-zunahme-der-gewalt-im-gebiet-der-awa-in-narino\"><strong>\u00ab Es wird von \u00fcberall her geschossen\u00bb &#8211; Zunahme der Gewalt im Gebiet der Aw\u00e1 in Nari\u00f1o<\/strong><\/a><\/li><li class=\"sitemap-item\"><a href=\"https:\/\/kolko.net\/askonline\/allgemein\/cerrejon-als-100-tochter-von-glencore-kaum-fortschritte-in-der-guajira\"><strong>Cerrej\u00f3n als 100%-Tochter von Glencore: Kaum Fortschritte in der Guajira<\/strong><\/a><\/li><li class=\"sitemap-item\"><a href=\"https:\/\/kolko.net\/askonline\/allgemein\/grosse-unsicherheit-im-kohlerevier-des-cesar-wie-weiter-mit-prodeco\"><strong>Grosse Unsicherheit im Kohlerevier des Cesar \u2013 Wie weiter mit Prodeco?<\/strong><\/a><\/li><li class=\"sitemap-item\"><a href=\"https:\/\/kolko.net\/askonline\/allgemein\/rueckzug-der-beschwerde-gegen-glencore-vor-dem-nationalen-kontaktpunkt-fuer-die-oecd-leitsaetze\"><strong>R\u00fcckzug der Beschwerde gegen Glencore vor dem Nationalen Kontaktpunkt f\u00fcr die OECD Leits\u00e4tze<\/strong><\/a><\/li><li class=\"sitemap-item\"><a href=\"https:\/\/kolko.net\/askonline\/allgemein\/14-gemeinschaften-des-cesar-fordern-das-kolumbianische-verfassungsgericht-auf-eine-grundrechtsklage-ueber-die-minenschliessung-zu-ueberpruefen\">14 Gemeinschaften des Cesar fordern das kolumbianische Verfassungsgericht auf, eine Grundrechtsklage \u00fcber die Minenschliessung zu \u00fcberpr\u00fcfen<\/a><\/li><li class=\"sitemap-item\"><a href=\"https:\/\/kolko.net\/askonline\/allgemein\/2023-war-ein-schwieriges-jahr-fuer-die-gemeinschaften-im-umfeld-von-prodeco\">2023 war ein schwieriges Jahr f\u00fcr die Gemeinschaften im Umfeld von Prodeco<\/a><\/li><li class=\"sitemap-item\"><a href=\"https:\/\/kolko.net\/askonline\/themen\/wirtschaft-menschenrechte\/abholzung-in-kolumbien-gefaengnis-fuer-kleinbauern-und-freie-hand-fuer-grossgrundbesitzer\">Abholzung in Kolumbien \u2013 Gef\u00e4ngnis f\u00fcr Kleinbauern und freie Hand f\u00fcr Grossgrundbesitzer<\/a><\/li><li class=\"sitemap-item\"><a href=\"https:\/\/kolko.net\/askonline\/feature\/agrarreform-wo-steht-die-umsetzung-wirklich\">Agrarreform \u2013 wo steht die Umsetzung wirklich?<\/a><\/li><li class=\"sitemap-item\"><a href=\"https:\/\/kolko.net\/askonline\/themen\/wirtschaft-menschenrechte\/laendliche-entwicklung-und-agrarreform\/aktueller-stand-der-landrueckerstattungen-2\">Aktueller Stand der Landr\u00fcckerstattungen<\/a><\/li><li class=\"sitemap-item\"><a href=\"https:\/\/kolko.net\/askonline\/themen\/aktueller-stand-der-landrueckerstattungen\">Aktueller Stand der Landr\u00fcckerstattungen<\/a><\/li><li class=\"sitemap-item\"><a href=\"https:\/\/kolko.net\/askonline\/allgemein\/auch-aktionaerinnen-und-aktionaere-tragen-verantwortung\">Auch Aktion\u00e4rinnen und Aktion\u00e4re tragen Verantwortung<\/a><\/li><li class=\"sitemap-item\"><a href=\"https:\/\/kolko.net\/askonline\/themen\/menschenrechte\/auf-toepfen-fuer-soziale-gerechtigkeit-beobachtungen-vom-nationalstreik\">Auf T\u00f6pfen f\u00fcr soziale Gerechtigkeit  &#8211; Beobachtungen vom Nationalstreik<\/a><\/li><li class=\"sitemap-item\"><a href=\"https:\/\/kolko.net\/askonline\/themen\/auswirkungen-des-bewaffneten-konflikts-im-cauca\">Auswirkungen des bewaffneten Konflikts im Cauca<\/a><\/li><li class=\"sitemap-item\"><a href=\"https:\/\/kolko.net\/askonline\/themen\/menschenrechte\/bericht-verbreitung-und-aktivitaeten-der-paramilitaers-im-jahr-2016\">Bericht: Verbreitung und Aktivit\u00e4ten der Paramilit\u00e4rs im Jahr 2016<\/a><\/li><li class=\"sitemap-item\"><a href=\"https:\/\/kolko.net\/askonline\/allgemein\/besorgniserregende-zwischenfaelle-gefaehrden-die-sicherheit-der-menschenrechtsverteidigerinnen-von-colemad-und-von-deren-familienangehoerigen\">Besorgniserregende Zwischenf\u00e4lle gef\u00e4hrden die Sicherheit der Menschenrechtsverteidigerinnen von COLEMAD und von deren Familienangeh\u00f6rigen<\/a><\/li><li class=\"sitemap-item\"><a href=\"https:\/\/kolko.net\/askonline\/themen\/frieden\/bewaffneter-streik-und-haftbefehle\">Bewaffneter Streik und Haftbefehle<\/a><\/li><li class=\"sitemap-item\"><a href=\"https:\/\/kolko.net\/askonline\/themen\/menschenrechte\/bis-wir-sie-finden\">Bis wir sie finden!<\/a><\/li><li class=\"sitemap-item\"><a href=\"https:\/\/kolko.net\/askonline\/themen\/wirtschaft-menschenrechte\/laendliche-entwicklung-und-agrarreform\/bodenverteilung-steigende-ungleichheit-in-kolumbien\">Bodenverteilung: steigende Ungleichheit in Kolumbien<\/a><\/li><li class=\"sitemap-item\"><a href=\"https:\/\/kolko.net\/askonline\/themen\/wirtschaft-menschenrechte\/schweizer-unternehmen\/cerrejon-sorgt-fuer-schlagzeilen-nichtigkeitsklage-der-gemeinschaften-persilschein-durch-bettercoal-und-ein-uebermuetiger-neuer-praesident\">Cerrej\u00f3n sorgt f\u00fcr Schlagzeilen: Nichtigkeitsklage der Gemeinschaften, Persilschein durch Bettercoal und ein \u00fcberm\u00fctiger neuer Pr\u00e4sident<\/a><\/li><li class=\"sitemap-item\"><a href=\"https:\/\/kolko.net\/askonline\/themen\/wirtschaft-menschenrechte\/natuerliche-ressourcen-energie-und-infrastruktur\/cienaga-de-la-zapatosa-erhaelt-ramsar-schutzstatus\">Ci\u00e9naga de la Zapatosa erh\u00e4lt Ramsar Schutzstatus<\/a><\/li><li class=\"sitemap-item\"><a href=\"https:\/\/kolko.net\/askonline\/allgemein\/communique-des-tisches-fuer-eine-gerechte-transition-und-territoriale-verteidigung-wegen-drohungen\">Communiqu\u00e9 des Tisches f\u00fcr eine gerechte Transition und territoriale Verteidigung  wegen Drohungen<\/a><\/li><li class=\"sitemap-item\"><a href=\"https:\/\/kolko.net\/askonline\/allgemein\/communique-des-uno-sonderberichterstatters-zu-provincial-sorgt-fuer-spannungen\">Communiqu\u00e9 des UNO-Sonderberichterstatters zu Provincial sorgt f\u00fcr Spannungen<\/a><\/li><li class=\"sitemap-item\"><a href=\"https:\/\/kolko.net\/askonline\/themen\/frieden\/das-attentat-vom-einkaufszentrum-andino-in-bogota-anschlag-gegen-den-frieden-oder-falso-positivo-juridico\">Das Attentat vom Einkaufszentrum Andino in Bogot\u00e1: Anschlag gegen den Frieden oder Falso positivo juridico?<\/a><\/li><li class=\"sitemap-item\"><a href=\"https:\/\/kolko.net\/askonline\/themen\/frieden\/das-kolumbianische-friedensabkommen-doch-noch-auf-gutem-weg\">Das kolumbianische Friedensabkommen &#8211; doch noch auf gutem Weg?<\/a><\/li><li class=\"sitemap-item\"><a href=\"https:\/\/kolko.net\/askonline\/allgemein\/das-menschenrechtskomitee-der-uno-in-genf-verurteilt-den-kolumbianischen-staat-wegen-der-ermordung-eines-gewerkschafters-bei-coca-cola\">Das Menschenrechtskomitee der UNO in Genf verurteilt den kolumbianischen Staat wegen der Ermordung eines Gewerkschafters bei Coca Cola<\/a><\/li><li class=\"sitemap-item\"><a href=\"https:\/\/kolko.net\/askonline\/themen\/frieden\/das-multitrack-friedensfoerderungsprogramm-der-schweizer-regierung-und-zehn-schweizer-ngo-erfolge-und-zukunftsaussichten\">Das Multitrack-Friedensf\u00f6rderungsprogramm der Schweizer Regierung und zehn Schweizer NGO: Erfolge und Zukunftsaussichten<\/a><\/li><li class=\"sitemap-item\"><a href=\"https:\/\/kolko.net\/askonline\/themen\/frieden\/das-neue-friedensabkommen-ein-rueckschritt-fuer-die-kleinbaeuerliche-landwirtschaft\">Das neue Friedensabkommen &#8211; ein R\u00fcckschritt f\u00fcr die kleinb\u00e4uerliche Landwirtschaft<\/a><\/li><li class=\"sitemap-item\"><a href=\"https:\/\/kolko.net\/askonline\/allgemein\/das-problem-des-drogenhandels-oder-eine-frage-der-priorisierung\">Das Problem des Drogenhandels \u2013 oder eine Frage der Priorisierung<\/a><\/li><li class=\"sitemap-item\"><a href=\"https:\/\/kolko.net\/askonline\/allgemein\/das-recht-auf-eine-saubere-umwelt-und-auf-wasser-gemeinschaften-im-wiederstand-gegen-cerrejon\">Das Recht auf eine saubere Umwelt und auf Wasser: Gemeinschaften im Wiederstand gegen Cerrej\u00f3n<\/a><\/li><li class=\"sitemap-item\"><a href=\"https:\/\/kolko.net\/askonline\/allgemein\/defendamos-la-paz-breite-bewegung-fuer-den-frieden\">Defendamos la Paz \u2013 Breite Bewegung f\u00fcr den Frieden<\/a><\/li><li class=\"sitemap-item\"><a href=\"https:\/\/kolko.net\/askonline\/themen\/frieden\/del-barrio-para-el-barrio-podcast-der-ask\">Del barrio para el barrio &#8211; Podcast der ask!<\/a><\/li><li class=\"sitemap-item\"><a href=\"https:\/\/kolko.net\/askonline\/themen\/frieden\/der-gelbwurz-traegt-zur-ueberwindung-der-folgen-des-bewaffneten-konfliktes-in-bojaya-bei\">Der Gelbwurz tr\u00e4gt zur \u00dcberwindung der Folgen des bewaffneten Konfliktes in Bojay\u00e1 bei<\/a><\/li><li class=\"sitemap-item\"><a href=\"https:\/\/kolko.net\/askonline\/themen\/menschenrechte\/der-indigene-besuch-aus-dem-leidgebeutelten-cauca-kolumbien\">Der indigene Besuch aus dem leidgebeutelten Cauca, Kolumbien<\/a><\/li><li class=\"sitemap-item\"><a href=\"https:\/\/kolko.net\/askonline\/allgemein\/der-juristische-kampf-um-den-zukuenftigen-betrieb-der-kohlemine-el-cerrejon-geht-weiter\">Der juristische Kampf um den zuk\u00fcnftigen Betrieb der Kohlemine El Cerrej\u00f3n geht weiter<\/a><\/li><li class=\"sitemap-item\"><a href=\"https:\/\/kolko.net\/askonline\/themen\/der-kampf-der-kleinbauern-fuer-die-anerkennung-ihrer-rechte-als-politische-subjekte\">Der Kampf der Kleinbauern f\u00fcr die Anerkennung ihrer Rechte als politische Subjekte<\/a><\/li><li class=\"sitemap-item\"><a href=\"https:\/\/kolko.net\/askonline\/allgemein\/der-kampf-des-regionalen-indigenenrates-des-cauca-fuer-einigkeit-land-kultur-und-autonomie\">Der Kampf des Regionalen Indigenenrates des Cauca f\u00fcr Einigkeit, Land, Kultur und Autonomie<\/a><\/li><li class=\"sitemap-item\"><a href=\"https:\/\/kolko.net\/askonline\/themen\/der-muehsame-weg-zu-einer-reklassifizierung-und-legalisierung-des-kokablattes\">Der m\u00fchsame Weg zu einer Reklassifizierung und Legalisierung des Kokablattes<\/a><\/li><li class=\"sitemap-item\"><a href=\"https:\/\/kolko.net\/askonline\/themen\/wirtschaft-menschenrechte\/schweizer-unternehmen\/desinformationskampagne-von-cerrejon-fuehrt-zu-massiven-drohungen-gegen-soziale-fuehrungspersonen\">Desinformationskampagne von Cerrej\u00f3n f\u00fchrt zu massiven Drohungen gegen soziale F\u00fchrungspersonen<\/a><\/li><li class=\"sitemap-item\"><a href=\"https:\/\/kolko.net\/askonline\/themen\/menschenrechte\/die-aktuelle-lage-der-menschenrechte-in-kolumbien\">Die aktuelle Lage der Menschenrechte in Kolumbien<\/a><\/li><li class=\"sitemap-item\"><a href=\"https:\/\/kolko.net\/askonline\/themen\/die-auswirkungen-der-corona-krise-auf-eine-verletzliche-region-wie-die-guajira\">Die Auswirkungen der Corona-Krise auf eine verletzliche Region wie die Guajira<\/a><\/li><li class=\"sitemap-item\"><a href=\"https:\/\/kolko.net\/askonline\/themen\/die-bedeutung-von-oidhaco-in-einer-vernetzten-welt\">Die Bedeutung von OIDHACO in einer vernetzten Welt<\/a><\/li><li class=\"sitemap-item\"><a href=\"https:\/\/kolko.net\/askonline\/allgemein\/die-fehlregierung-des-lehrlings-autoritarismus-krieg-und-pandemie\">Die Fehlregierung des Lehrlings: Autoritarismus, Krieg und Pandemie<\/a><\/li><li class=\"sitemap-item\"><a href=\"https:\/\/kolko.net\/askonline\/themen\/menschenrechte\/die-konstruktion-des-internen-feindes-illegale-abhoeraktionen-des-militaergeheimdienstes-aufgedeckt\">Die Konstruktion des internen Feindes: illegale Abh\u00f6raktionen des Milit\u00e4rgeheimdienstes aufgedeckt<\/a><\/li><li class=\"sitemap-item\"><a href=\"https:\/\/kolko.net\/askonline\/themen\/frieden\/die-kriegsopfer-haben-dem-friedensvertrag-zugestimmt\">Die Kriegsopfer haben dem Friedensvertrag zugestimmt<\/a><\/li><li class=\"sitemap-item\"><a href=\"https:\/\/kolko.net\/askonline\/themen\/menschenrechte\/die-minga-indigena-im-zentrum-breiter-proteste-duque-kneift\">Die Minga Ind\u00edgena im Zentrum breiter Proteste \u2013 Duque kneift<\/a><\/li><li class=\"sitemap-item\"><a href=\"https:\/\/kolko.net\/askonline\/allgemein\/die-regierung-petro-strebt-eine-grundsaetzliche-neuausrichtung-der-drogenpolitik-an\">Die Regierung Petro strebt eine grunds\u00e4tzliche Neuausrichtung der Drogenpolitik an\u00a0\u00a0<\/a><\/li><li class=\"sitemap-item\"><a href=\"https:\/\/kolko.net\/askonline\/themen\/menschenrechte\/die-regulierung-des-sozialen-protestes-per-dekret-ist-verfassungswidrig\">Die Regulierung des sozialen Protestes per Dekret ist verfassungswidrig<\/a><\/li><li class=\"sitemap-item\"><a href=\"https:\/\/kolko.net\/askonline\/themen\/wirtschaft-menschenrechte\/die-rettung-des-bruno-flusses-steht-auf-messers-schneide%ef%bf%bc\">Die Rettung des Bruno-Flusses steht auf Messers Schneide\ufffc<\/a><\/li><li class=\"sitemap-item\"><a href=\"https:\/\/kolko.net\/askonline\/themen\/menschenrechte\/die-siona-ein-volk-an-der-grenze\">Die Siona \u2013 ein Volk an der Grenze<\/a><\/li><li class=\"sitemap-item\"><a href=\"https:\/\/kolko.net\/askonline\/themen\/frieden\/die-sonderjustiz-fuer-den-frieden-nimmt-fahrt-auf\">Die Sonderjustiz f\u00fcr den Frieden nimmt Fahrt auf<\/a><\/li><li class=\"sitemap-item\"><a href=\"https:\/\/kolko.net\/askonline\/themen\/menschenrechte\/die-sozialen-bewegungen-in-arauca-zwischen-angriffen-der-bewaffneten-gruppen-und-gerichtlichen-verfolgungen-durch-den-staat\">Die sozialen Bewegungen in Arauca \u2013 zwischen Angriffen der bewaffneten Gruppen und gerichtlichen Verfolgungen durch den Staat<\/a><\/li><li class=\"sitemap-item\"><a href=\"https:\/\/kolko.net\/askonline\/themen\/frieden\/die-umsetzung-des-friedensabkommens-hat-begonnen\">Die Umsetzung des Friedensabkommens hat begonnen<\/a><\/li><li class=\"sitemap-item\"><a href=\"https:\/\/kolko.net\/askonline\/themen\/die-umsiedlung-von-el-hatillo-geraet-erneut-in-probleme\">Die Umsiedlung von El Hatillo ger\u00e4t erneut in Probleme<\/a><\/li><li class=\"sitemap-item\"><a href=\"https:\/\/kolko.net\/askonline\/themen\/wirtschaft-menschenrechte\/schweizer-unternehmen\/die-umstrittene-umleitung-des-arroyo-bruno\">Die umstrittene Umleitung des Arroyo Bruno<\/a><\/li><li class=\"sitemap-item\"><a href=\"https:\/\/kolko.net\/askonline\/allgemein\/die-unsicherheiten-ueber-die-zukunft-des-kohlesektors-werden-auf-dem-ruecken-der-arbeiter-und-der-gemeinschaften-ausgetragen\">Die Unsicherheiten \u00fcber die Zukunft des Kohlesektors werden auf dem R\u00fccken der Arbeiter und der Gemeinschaften ausgetragen<\/a><\/li><li class=\"sitemap-item\"><a href=\"https:\/\/kolko.net\/askonline\/allgemein\/die-verfassungswidrige-situation-in-der-guajira-haelt-an\">Die verfassungswidrige Situation in der Guajira h\u00e4lt an<\/a><\/li><li class=\"sitemap-item\"><a href=\"https:\/\/kolko.net\/askonline\/allgemein\/die-verhaftung-von-otoniel-verringert-den-drogenhandel-kaum\">Die Verhaftung von Otoniel verringert den Drogenhandel kaum<\/a><\/li><li class=\"sitemap-item\"><a href=\"https:\/\/kolko.net\/askonline\/themen\/wirtschaft-menschenrechte\/diskriminierung-von-frauen-im-laendlichen-kolumbien\">Diskriminierung von Frauen im l\u00e4ndlichen Kolumbien<\/a><\/li><li class=\"sitemap-item\"><a href=\"https:\/\/kolko.net\/askonline\/allgemein\/dorfgemeinschaften-und-zivilgesellschaftliche-organisationen-fordern-vom-neuen-ceo-von-glencore-einen-kurswechsel-in-umwelt-und-menschenrechtsfragen\">Dorfgemeinschaften und Zivilgesellschaftliche Organisationen fordern vom neuen CEO von Glencore einen Kurswechsel in Umwelt-und Menschenrechtsfragen<\/a><\/li><li class=\"sitemap-item\"><a href=\"https:\/\/kolko.net\/askonline\/allgemein\/dreifache-krise-fuer-prodeco-corona-fallende-preise-und-gerichtsurteile\">Dreifache Krise f\u00fcr Prodeco: Corona, fallende Preise und Gerichtsurteile<\/a><\/li><li class=\"sitemap-item\"><a href=\"https:\/\/kolko.net\/askonline\/allgemein\/drogenbekaempfung-wiederaufnahme-der-spruehfluege-mit-glyphosat-weiterhin-umstritten\">Drogenbek\u00e4mpfung: Wiederaufnahme der Spr\u00fchfl\u00fcge mit Glyphosat weiterhin umstritten<\/a><\/li><li class=\"sitemap-item\"><a href=\"https:\/\/kolko.net\/askonline\/allgemein\/droht-bojaya-nach-17-jahren-eine-erneute-humanitaere-tragoedie\">Droht Bojay\u00e1 nach 17 Jahren eine erneute humanit\u00e4re Trag\u00f6die?<\/a><\/li><li class=\"sitemap-item\"><a href=\"https:\/\/kolko.net\/askonline\/allgemein\/e-book-ueber-illegalen-goldabbau-mit-schweren-maschinen-im-choco\">E-Book \u00fcber illegalen Goldabbau mit schweren Maschinen im Choc\u00f3<\/a><\/li><li class=\"sitemap-item\"><a href=\"https:\/\/kolko.net\/askonline\/themen\/wirtschaft-menschenrechte\/laendliche-entwicklung-und-agrarreform\/ein-gesetzesprojekt-will-erneut-die-agrarreform-zerstoeren\">Ein Gesetzesprojekt will erneut die Agrarreform zerst\u00f6ren<\/a><\/li><li class=\"sitemap-item\"><a href=\"https:\/\/kolko.net\/askonline\/themen\/frieden\/ein-gespraech-ohne-angst-ueber-die-nation-die-wir-sind\">Ein Gespr\u00e4ch ohne Angst \u00fcber die Nation, die wir sind<\/a><\/li><li class=\"sitemap-item\"><a href=\"https:\/\/kolko.net\/askonline\/themen\/frieden\/ein-raum-fuer-die-erinnerungen-der-frau-ein-raum-fuer-widerstand\">Ein Raum f\u00fcr die Erinnerungen der Frau \u2013 ein Raum f\u00fcr Widerstand<\/a><\/li><li class=\"sitemap-item\"><a href=\"https:\/\/kolko.net\/askonline\/themen\/frieden\/ein-zoegerlicher-frieden-unter-dunklen-wolken\">Ein z\u00f6gerlicher Frieden unter dunklen Wolken<\/a><\/li><li class=\"sitemap-item\"><a href=\"https:\/\/kolko.net\/askonline\/themen\/einblicke-in-die-realitaet-der-kokabaeuerinnen-und-wie-ihr-einbezug-in-die-politikformulierung-verbesserungen-bringen-wuerde\">Einblicke in die Realit\u00e4t der Kokab\u00e4uerinnen und wie ihr Einbezug in die Politikformulierung Verbesserungen bringen w\u00fcrde<\/a><\/li><li class=\"sitemap-item\"><a href=\"https:\/\/kolko.net\/askonline\/themen\/menschenrechte\/einen-humanitaeren-runden-tisch-im-choco-eine-neue-hoffnung\">Einen humanit\u00e4ren Runden Tisch im Choc\u00f3, eine neue Hoffnung?<\/a><\/li><li class=\"sitemap-item\"><a href=\"https:\/\/kolko.net\/askonline\/allgemein\/eingabe-beim-schweizer-nationalen-kontaktpunkt-der-oecd-gegen-glencore\">Eingabe beim Schweizer Nationalen Kontaktpunkt der OECD gegen Glencore<\/a><\/li><li class=\"sitemap-item\"><a href=\"https:\/\/kolko.net\/askonline\/themen\/frieden\/entwaldung-in-kolumbiens-nationalparks-nach-unterzeichnung-des-friedensabkommens\">Entwaldung in Kolumbiens Nationalparks nach Unterzeichnung des Friedensabkommens<\/a><\/li><li class=\"sitemap-item\"><a href=\"https:\/\/kolko.net\/askonline\/themen\/erdoel-und-bergbaufirmen-finanzieren-die-staatlichen-sicherheitskraefte-und-die-staatsanwaltschaft\">Erd\u00f6l- und Bergbaufirmen finanzieren die staatlichen Sicherheitskr\u00e4fte und die Staatsanwaltschaft<\/a><\/li><li class=\"sitemap-item\"><a href=\"https:\/\/kolko.net\/askonline\/allgemein\/erfolgreiche-proteste-der-ethnischen-gemeinschaften-im-einflussbereich-von-cerrejon\">Erfolgreiche Proteste der ethnischen Gemeinschaften im Einflussbereich von Cerrej\u00f3n \u00a0<\/a><\/li><li class=\"sitemap-item\"><a href=\"https:\/\/kolko.net\/askonline\/themen\/frieden\/erfreuliche-einigung-zwischen-regierung-und-farc\">Erfreuliche Einigung zwischen Regierung und FARC<\/a><\/li><li class=\"sitemap-item\"><a href=\"https:\/\/kolko.net\/askonline\/themen\/menschenrechte\/erlebnisberichte-von-opfern-willkuerlicher-verhaftungen\">Erlebnisberichte von Opfern willk\u00fcrlicher Verhaftungen<\/a><\/li><li class=\"sitemap-item\"><a href=\"https:\/\/kolko.net\/askonline\/themen\/ermordung-von-drei-arbeitern-bei-nestle-kolumbien-gewerkschaften-und-nichtregierungsorganisationen-fordern-nestle-auf-fuer-die-sicherheit-der-arbeiterinnen-zu-sorgen\">Ermordung von drei Arbeitern bei Nestl\u00e9 Kolumbien: Gewerkschaften und Nichtregierungsorganisationen fordern Nestl\u00e9 auf, f\u00fcr die Sicherheit der ArbeiterInnen zu sorgen<\/a><\/li><li class=\"sitemap-item\"><a href=\"https:\/\/kolko.net\/askonline\/allgemein\/erneute-konflikte-um-die-praesenz-von-kleinbauern-und-kleinbaeuerinnen-in-den-nationalparks\">Erneute Konflikte um die Pr\u00e4senz von Kleinbauern und Kleinb\u00e4uerinnen in den Nationalparks<\/a><\/li><li class=\"sitemap-item\"><a href=\"https:\/\/kolko.net\/askonline\/allgemein\/erste-erfolge-der-betroffenen-bevoelkerung-fuer-transparenz-und-mitgestaltung-bei-prodecos-minenschliessung\">Erste Erfolge der betroffenen Bev\u00f6lkerung f\u00fcr Transparenz und Mitgestaltung bei Prodecos Minenschliessung<\/a><\/li><li class=\"sitemap-item\"><a href=\"https:\/\/kolko.net\/askonline\/themen\/wirtschaft-menschenrechte\/es-geht-in-die-zweite-runde\">Es geht in die zweite Runde<\/a><\/li><li class=\"sitemap-item\"><a href=\"https:\/\/kolko.net\/askonline\/themen\/frieden\/fast-track-oder-zeitlupe-stand-der-umsetzung-des-friedensabkommens\">Fast Track oder Zeitlupe: Stand der Umsetzung des Friedensabkommens<\/a><\/li><li class=\"sitemap-item\"><a href=\"https:\/\/kolko.net\/askonline\/themen\/wirtschaft-menschenrechte\/fleischkonsum-abholzung-und-unnachvollziehbare-zusammenhaenge\">Fleischkonsum, Abholzung und (un)nachvollziehbare Zusammenh\u00e4nge<\/a><\/li><li class=\"sitemap-item\"><a href=\"https:\/\/kolko.net\/askonline\/themen\/frieden\/fort-und-rueckschritte-bei-der-umsetzung-des-friedensabkommens\">Fort- und R\u00fcckschritte bei der Umsetzung des Friedensabkommens<\/a><\/li><li class=\"sitemap-item\"><a href=\"https:\/\/kolko.net\/askonline\/themen\/frieden\/fortschritte-und-herausforderungen-der-geschlechterpolitik\">Fortschritte und Herausforderungen der Geschlechterpolitik<\/a><\/li><li class=\"sitemap-item\"><a href=\"https:\/\/kolko.net\/askonline\/themen\/wirtschaft-menschenrechte\/unternehmensverantwortung-und-wirtschaftspolitik\/freihandelsabkommen-der-schweiz-mit-kolumbien-in-kraft\">Freihandelsabkommen der Schweiz mit Kolumbien in Kraft<\/a><\/li><li class=\"sitemap-item\"><a href=\"https:\/\/kolko.net\/askonline\/themen\/frieden\/friedensabkommen-kolumbien-farc-frieden-auf-wackligen-fuessen\">Friedensabkommen Kolumbien-FARC: Frieden auf wackligen F\u00fcssen<\/a><\/li><li class=\"sitemap-item\"><a href=\"https:\/\/kolko.net\/askonline\/themen\/frieden\/friedensprozess-unter-beschuss\">Friedensprozess unter Beschuss<\/a><\/li><li class=\"sitemap-item\"><a href=\"https:\/\/kolko.net\/askonline\/themen\/frieden\/friedensverhandlungen-kolumbien-eln-friedensverhandlungen-mit-fragezeichen\">Friedensverhandlungen Kolumbien-ELN: Friedensverhandlungen mit Fragezeichen<\/a><\/li><li class=\"sitemap-item\"><a href=\"https:\/\/kolko.net\/askonline\/themen\/wirtschaft-menschenrechte\/gefahr-fuer-die-umwelt-durch-den-nationalen-entwicklungsplan\">Gefahr f\u00fcr die Umwelt durch den Nationalen Entwicklungsplan<\/a><\/li><li class=\"sitemap-item\"><a href=\"https:\/\/kolko.net\/askonline\/allgemein\/gemeinschaft-von-canaverales-blockiert-kohletagebau-der-tuerkischen-yildirim-holding-in-der-guajira\">Gemeinschaft von Ca\u00f1averales blockiert Kohletagebau der t\u00fcrkischen Yildirim Holding in der Guajira<\/a><\/li><li class=\"sitemap-item\"><a href=\"https:\/\/kolko.net\/askonline\/allgemein\/gemeinschaften-blockieren-cerrejon-mine-und-protestieren-fuer-ihre-rechte\">Gemeinschaften blockieren Cerrej\u00f3n Mine und protestieren f\u00fcr ihre Rechte<\/a><\/li><li class=\"sitemap-item\"><a href=\"https:\/\/kolko.net\/askonline\/allgemein\/gemeinschaften-im-einflussbereich-von-glencore-prodeco-helft-uns-gehoert-zu-werden-wir-fordern-gerechtigkeit\">Gemeinschaften im Einflussbereich von Glencore Prodeco: HELFT UNS, GEH\u00d6RT ZU WERDEN, WIR FORDERN GERECHTIGKEIT!<\/a><\/li><li class=\"sitemap-item\"><a href=\"https:\/\/kolko.net\/askonline\/themen\/frieden\/gerechtigkeit-und-die-illusion-des-postkonflikts\">Gerechtigkeit und die Illusion des Postkonflikts<\/a><\/li><li class=\"sitemap-item\"><a href=\"https:\/\/kolko.net\/askonline\/themen\/menschenrechte\/gewaltsames-verschwindenlassen-menschen-und-schicksale\">Gewaltsames Verschwindenlassen: Menschen und Schicksale<\/a><\/li><li class=\"sitemap-item\"><a href=\"https:\/\/kolko.net\/askonline\/themen\/wirtschaft-menschenrechte\/unternehmensverantwortung-und-wirtschaftspolitik\/gewerkschaftsrechte-und-freihandelsabkommen-drei-jahre-unerfuellte-versprechen\">Gewerkschaftsrechte und Freihandelsabkommen: drei Jahre unerf\u00fcllte Versprechen<\/a><\/li><li class=\"sitemap-item\"><a href=\"https:\/\/kolko.net\/askonline\/allgemein\/glencore-aktionaersversammlung-verbesserung-der-selbstdarstellung\">Glencore Aktion\u00e4rsversammlung: Verbesserung der Selbstdarstellung<\/a><\/li><li class=\"sitemap-item\"><a href=\"https:\/\/kolko.net\/askonline\/allgemein\/glencore-antapaccay-und-die-bevoelkerung-espinars-ein-nicht-endender-konflikt\">Glencore Antapaccay und die Bev\u00f6lkerung Espinars \u2013 ein nicht endender Konflikt<\/a><\/li><li class=\"sitemap-item\"><a href=\"https:\/\/kolko.net\/askonline\/themen\/glencore-gegen-kolumbien-ein-suess-saures-urteil\">Glencore gegen Kolumbien \u2013 ein s\u00fcss-saures Urteil<\/a><\/li><li class=\"sitemap-item\"><a href=\"https:\/\/kolko.net\/askonline\/allgemein\/glencore-prodeco-will-die-bergbaukonzessionen-an-den-staat-zurueckgeben-und-sich-aus-kolumbien-zurueckziehen\">Glencore Prodeco will die Bergbaukonzessionen an den Staat zur\u00fcckgeben und sich aus Kolumbien zur\u00fcckziehen<\/a><\/li><li class=\"sitemap-item\"><a href=\"https:\/\/kolko.net\/askonline\/allgemein\/glencores-nachhaltigkeitsbericht-nach-wie-vor-ungenuegend\">Glencores Nachhaltigkeitsbericht nach wie vor ungen\u00fcgend<\/a><\/li><li class=\"sitemap-item\"><a href=\"https:\/\/kolko.net\/askonline\/themen\/wirtschaft-menschenrechte\/goldexportfirma-mit-schweizer-bezug-im-zentrum-eines-geldwaeschereiskandals\">Goldexportfirma mit Schweizer Bezug im Zentrum eines Geldw\u00e4schereiskandals<\/a><\/li><li class=\"sitemap-item\"><a href=\"https:\/\/kolko.net\/askonline\/allgemein\/gravierende-luecken-bei-der-kontrolle-von-edelmetallen\">Gravierende L\u00fccken bei der Kontrolle von Edelmetallen<\/a><\/li><li class=\"sitemap-item\"><a href=\"https:\/\/kolko.net\/askonline\/allgemein\/halbzeit-fuer-die-regierung-duque-schwieriger-friedensaufbau-in-kolumbien\">Halbzeit f\u00fcr die Regierung Duque \u2013 schwieriger Friedensaufbau in Kolumbien<\/a><\/li><li class=\"sitemap-item\"><a href=\"https:\/\/kolko.net\/askonline\/themen\/frieden\/handbuch-fuer-den-schutz-von-menschenrechtsverteidigerinnen\">Handbuch f\u00fcr den Schutz von MenschenrechtsverteidigerInnen<\/a><\/li><li class=\"sitemap-item\"><a href=\"https:\/\/kolko.net\/askonline\/allgemein\/harte-verhandlungen-und-streik-bei-cerrejon\">Harte Verhandlungen und Streik bei Cerrej\u00f3n<\/a><\/li><li class=\"sitemap-item\"><a href=\"https:\/\/kolko.net\/askonline\/themen\/herausforderungen-des-territorialen-friedens-sind-thema-an-der-uno\">Herausforderungen des territorialen Friedens sind Thema an der UNO<\/a><\/li><li class=\"sitemap-item\"><a href=\"https:\/\/kolko.net\/askonline\/allgemein\/hohe-manager-von-drummond-angeklagt-paramilitaers-finanziert-zu-haben\">Hohe Manager von Drummond angeklagt, Paramilit\u00e4rs finanziert zu haben<\/a><\/li><li class=\"sitemap-item\"><a href=\"https:\/\/kolko.net\/askonline\/themen\/frieden\/hoehenfluege-und-tiefpunkte-des-friedensprozesses\">H\u00f6henfl\u00fcge und Tiefpunkte des Friedensprozesses<\/a><\/li><li class=\"sitemap-item\"><a href=\"https:\/\/kolko.net\/askonline\/themen\/wirtschaft-menschenrechte\/schweizer-unternehmen\/rohstoffe-und-infrastruktur\/holcim-vom-geschaeft-mit-kiesgruben-mitten-in-bogota\">Holcim \u2013 Vom Gesch\u00e4ft mit Kiesgruben mitten in Bogot\u00e1<\/a><\/li><li class=\"sitemap-item\"><a href=\"https:\/\/kolko.net\/askonline\/allgemein\/humanitaere-krise-in-arauca\">Humanit\u00e4re Krise in Arauca<\/a><\/li><li class=\"sitemap-item\"><a href=\"https:\/\/kolko.net\/askonline\/themen\/frieden\/indigene-territorien-werden-als-opfer-vor-der-jep-anerkannt\">Indigene Territorien werden als Opfer vor der JEP anerkannt<\/a><\/li><li class=\"sitemap-item\"><a href=\"https:\/\/kolko.net\/askonline\/themen\/innenansichten-eines-friedensprozesses\">Innenansichten eines Friedensprozesses<\/a><\/li><li class=\"sitemap-item\"><a href=\"https:\/\/kolko.net\/askonline\/themen\/menschenrechte\/intensivierte-gewalt-im-vorfeld-der-wahlen\">Intensivierte Gewalt im Vorfeld der Wahlen<\/a><\/li><li class=\"sitemap-item\"><a href=\"https:\/\/kolko.net\/askonline\/allgemein\/interview-mit-yolvi-lena-padilla-sepulveda-und-edisantiago-gutierrez-von-der-wahrheitskommision\">Interview mit Yolvi Lena Padilla Sep\u00falveda und Edisantiago Guti\u00e9rrez von der Wahrheitskommision<\/a><\/li><li class=\"sitemap-item\"><a href=\"https:\/\/kolko.net\/askonline\/themen\/menschenrechte\/interview-zum-paro-nacional-mit-camilo-gonzalez\">Interview zum \u201eParo Nacional\u201c mit Camilo Gonz\u00e1lez<\/a><\/li><li class=\"sitemap-item\"><a href=\"https:\/\/kolko.net\/askonline\/feature\/kakao-statt-koka-resistenz-im-cauca\">Kakao statt Koka &#8211; Resistenz im Cauca<\/a><\/li><li class=\"sitemap-item\"><a href=\"https:\/\/kolko.net\/askonline\/themen\/menschenrechte\/kein-frieden-fuer-menschenrechtsverteidigerinnen\">Kein Frieden f\u00fcr MenschenrechtsverteidigerInnen<\/a><\/li><li class=\"sitemap-item\"><a href=\"https:\/\/kolko.net\/askonline\/themen\/wirtschaft-menschenrechte\/unternehmensverantwortung-und-wirtschaftspolitik\/keine-griffigen-schutzmassnahmen-fuer-menschenrechte-im-freihandel-der-eu-mit-kolumbien\">Keine griffigen Schutzmassnahmen f\u00fcr Menschenrechte im Freihandel der EU mit Kolumbien<\/a><\/li><li class=\"sitemap-item\"><a href=\"https:\/\/kolko.net\/askonline\/allgemein\/klaegerinnen-von-provincial-erbost-ueber-luegen-von-cerrejon\">Kl\u00e4gerinnen von Provincial erbost \u00fcber \u201eL\u00fcgen\u201c von Cerrej\u00f3n<\/a><\/li><li class=\"sitemap-item\"><a href=\"https:\/\/kolko.net\/askonline\/allgemein\/kohle-und-cesar-ungewissheit-wegen-prodecos-weggang-hoffnung-auf-reaktivierung\">Kohle und Cesar: Ungewissheit wegen Prodecos Weggang \u2013 Hoffnung auf Reaktivierung \u00a0<\/a><\/li><li class=\"sitemap-item\"><a href=\"https:\/\/kolko.net\/askonline\/allgemein\/kohleabbau-gerechte-transition-und-klimapartnerschaft\">Kohleabbau, gerechte Transition und Klimapartnerschaft\u00a0<\/a><\/li><li class=\"sitemap-item\"><a href=\"https:\/\/kolko.net\/askonline\/themen\/kokaflaeche-ging-2018-leicht-zurueck-einsatz-von-glyphosat-weiterhin-umstritten\">Kokafl\u00e4che ging 2018 leicht zur\u00fcck, Einsatz von Glyphosat weiterhin umstritten<\/a><\/li><li class=\"sitemap-item\"><a href=\"https:\/\/kolko.net\/askonline\/themen\/menschenrechte\/kolumbianerinnen-im-exil-in-der-schweiz\">Kolumbianer*innen im Exil in der Schweiz<\/a><\/li><li class=\"sitemap-item\"><a href=\"https:\/\/kolko.net\/askonline\/allgemein\/kolumbien-hauptthema-an-der-diesjaehrigen-glencore-aktionaersversammlung\">Kolumbien Hauptthema an der diesj\u00e4hrigen Glencore Aktion\u00e4rsversammlung<\/a><\/li><li class=\"sitemap-item\"><a href=\"https:\/\/kolko.net\/askonline\/allgemein\/kolumbien-ist-das-zweitgefaehrlichste-land-fuer-menschenrechtsverteidiger-die-sich-gegen-negative-auswirkungen-von-unternehmen-wehren\">Kolumbien ist das zweitgef\u00e4hrlichste Land f\u00fcr Menschenrechtsverteidiger, die sich gegen negative Auswirkungen von Unternehmen wehren<\/a><\/li><li class=\"sitemap-item\"><a href=\"https:\/\/kolko.net\/askonline\/allgemein\/kolumbien-bericht-fordert-schliessungsplan-fuer-glencore-mine\">Kolumbien: Bericht fordert Schliessungsplan f\u00fcr Glencore-Mine<\/a><\/li><li class=\"sitemap-item\"><a href=\"https:\/\/kolko.net\/askonline\/allgemein\/kolumbiens-bergbaubehoerde-lehnt-suspension-des-kohleabbaus-durch-prodeco-ab\">Kolumbiens Bergbaubeh\u00f6rde lehnt Suspension des Kohleabbaus durch Prodeco ab<\/a><\/li><li class=\"sitemap-item\"><a href=\"https:\/\/kolko.net\/askonline\/themen\/wirtschaft-menschenrechte\/natuerliche-ressourcen-energie-und-infrastruktur\/kolumbiens-groesster-paramo-durch-tourismus-und-erdoelfoerderung-bedroht\">Kolumbiens gr\u00f6sster P\u00e1ramo: durch Tourismus und Erd\u00f6lf\u00f6rderung bedroht<\/a><\/li><li class=\"sitemap-item\"><a href=\"https:\/\/kolko.net\/askonline\/themen\/menschenrechte\/komplexe-fluechtlingssituation-in-kolumbien\">Komplexe Fl\u00fcchtlingssituation in Kolumbien<\/a><\/li><li class=\"sitemap-item\"><a href=\"https:\/\/kolko.net\/askonline\/themen\/wirtschaft-menschenrechte\/konzernlobby-gewinnt-im-staenderat-alibi-gegenvorschlag-ohne-wirkung-verabschiedet\">Konzernlobby gewinnt im St\u00e4nderat: Alibi-Gegenvorschlag ohne Wirkung verabschiedet<\/a><\/li><li class=\"sitemap-item\"><a href=\"https:\/\/kolko.net\/askonline\/themen\/menschenrechte\/kritische-sicht-der-kolumbianischen-zivilgesellschaft-versucht-sich-in-genf-gehoer-zu-verschaffen\">Kritische Sicht der kolumbianischen Zivilgesellschaft versucht sich in Genf Geh\u00f6r zu verschaffen<\/a><\/li><li class=\"sitemap-item\"><a href=\"https:\/\/kolko.net\/askonline\/allgemein\/la-mala-hora\">La Mala Hora<\/a><\/li><li class=\"sitemap-item\"><a href=\"https:\/\/kolko.net\/askonline\/themen\/frieden\/langsame-umsetzung-der-friedensabkommen\">Langsame Umsetzung der Friedensabkommen<\/a><\/li><li class=\"sitemap-item\"><a href=\"https:\/\/kolko.net\/askonline\/themen\/menschenrechte\/las-pavas-die-geschichte-wiederholt-sich\">Las Pavas &#8211; Die Geschichte wiederholt sich<\/a><\/li><li class=\"sitemap-item\"><a href=\"https:\/\/kolko.net\/askonline\/themen\/menschenrechte\/lebensgefahr-menschenrechtsarbeit\">Lebensgefahr Menschenrechtsarbeit<\/a><\/li><li class=\"sitemap-item\"><a href=\"https:\/\/kolko.net\/askonline\/allgemein\/massive-praesenz-von-gewerkschaften-und-betroffenen-gemeinschaften-an-der-glencore-gv\">Massive Pr\u00e4senz von Gewerkschaften und betroffenen Gemeinschaften an der Glencore GV<\/a><\/li><li class=\"sitemap-item\"><a href=\"https:\/\/kolko.net\/askonline\/themen\/wirtschaft-menschenrechte\/schweizer-unternehmen\/massive-umweltbelastung-gesundheitsprobleme-und-eine-ungewisse-zukunft-praegen-viele-gemeinschaften-im-einflussbereich-der-kohlenmine-el-cerrejon\">Massive Umweltbelastung, Gesundheitsprobleme und eine ungewisse Zukunft pr\u00e4gen viele Gemeinschaften im Einflussbereich der Kohlenmine El Cerrej\u00f3n<\/a><\/li><li class=\"sitemap-item\"><a href=\"https:\/\/kolko.net\/askonline\/themen\/menschenrechte\/massiver-anstieg-der-gewalt\">Massiver Anstieg der Gewalt<\/a><\/li><li class=\"sitemap-item\"><a href=\"https:\/\/kolko.net\/askonline\/allgemein\/menschenrechte-2021\">Menschenrechte 2021<\/a><\/li><li class=\"sitemap-item\"><a href=\"https:\/\/kolko.net\/askonline\/allgemein\/menschenrechtliche-folgeabschaetzungen-zeigen-weiterhin-keine-wirkung\">Menschenrechtliche Folgeabsch\u00e4tzungen zeigen weiterhin keine Wirkung<\/a><\/li><li class=\"sitemap-item\"><a href=\"https:\/\/kolko.net\/askonline\/themen\/menschenrechte\/menschenrechtsverteidiger-im-cauca-in-gefahr\">Menschenrechtsverteidiger im Cauca in Gefahr<\/a><\/li><li class=\"sitemap-item\"><a href=\"https:\/\/kolko.net\/askonline\/themen\/frieden\/minderjaehrige-im-bewaffneten-konflikt\">Minderj\u00e4hrige im bewaffneten Konflikt<\/a><\/li><li class=\"sitemap-item\"><a href=\"https:\/\/kolko.net\/askonline\/allgemein\/mit-frischem-wind-in-eine-gruene-zukunft\">Mit frischem Wind in eine gr\u00fcne Zukunft?<\/a><\/li><li class=\"sitemap-item\"><a href=\"https:\/\/kolko.net\/askonline\/themen\/frieden\/mit-tilapias-auf-dem-weg-der-hoffnung\">Mit Tilapias auf dem Weg der Hoffnung<\/a><\/li><li class=\"sitemap-item\"><a href=\"https:\/\/kolko.net\/askonline\/themen\/frieden\/mitteilung-der-kolumbienplattform-schweiz\">Mitteilung der Kolumbienplattform Schweiz<\/a><\/li><li class=\"sitemap-item\"><a href=\"https:\/\/kolko.net\/askonline\/themen\/wirtschaft-menschenrechte\/schweizer-unternehmen\/lebensmittel-gesundheit-und-agrarsektor\/mord-an-nestle-arbeiter-romero-in-kolumbien-beschwerde-gegen-die-schweiz-vor-dem-europaeischen-gerichtshof-fuer-menschenrechte\">Mord an Nestl\u00e9-Arbeiter Romero in Kolumbien: Beschwerde gegen die Schweiz vor dem Europ\u00e4ischen Gerichtshof f\u00fcr Menschenrechte<\/a><\/li><li class=\"sitemap-item\"><a href=\"https:\/\/kolko.net\/askonline\/allgemein\/morde-und-todesdrohungen-gegen-landrechtskaempfer-und-verteidigerinnen-des-territoriums-reissen-nicht-ab\">Morde und Todesdrohungen gegen Landrechtsk\u00e4mpfer und VerteidigerInnen des Territoriums reissen nicht ab\u00a0<\/a><\/li><li class=\"sitemap-item\"><a href=\"https:\/\/kolko.net\/askonline\/themen\/wirtschaft-menschenrechte\/musterprozess-gegen-ehemals-groessten-kolumbianischen-goldexporteuer-wegen-geldwaesche-und-terrorfinanzierung-vor-gericht-gescheitert%ef%bf%bc\">Musterprozess gegen ehemals gr\u00f6ssten kolumbianischen Goldexporteuer wegen Geldw\u00e4sche und Terrorfinanzierung vor Gericht gescheitert\ufffc<\/a><\/li><li class=\"sitemap-item\"><a href=\"https:\/\/kolko.net\/askonline\/themen\/mut-und-hoffnung-im-kampf-um-den-frieden-ein-interview-mit-abel-coicue\">Mut und Hoffnung im Kampf um den Frieden \u2013 Ein Interview mit Abel Coicu\u00e9<\/a><\/li><li class=\"sitemap-item\"><a href=\"https:\/\/kolko.net\/askonline\/allgemein\/brutale-repression-gegen-mehrheitlich-friedliche-massenproteste\">Nach \u00fcber einem Monat der Proteste und der brutalen Repression ist kein Ende der Auseinandersetzungen in Sicht<\/a><\/li><li class=\"sitemap-item\"><a href=\"https:\/\/kolko.net\/askonline\/themen\/menschenrechte\/neuer-schlag-gegen-die-selbstbestimmung-und-das-ueberleben-der-awa\">Neuer Schlag gegen die Selbstbestimmung und das \u00dcberleben der Aw\u00e1<\/a><\/li><li class=\"sitemap-item\"><a href=\"https:\/\/kolko.net\/askonline\/themen\/wirtschaft-menschenrechte\/novartis-gegen-kolumbien\">Novartis gegen Kolumbien<\/a><\/li><li class=\"sitemap-item\"><a href=\"https:\/\/kolko.net\/askonline\/allgemein\/offener-brief-der-sechs-autoritaeten-der-yukpa-an-den-generalstaatsanwalt-kolumbiens\">Offener Brief der sechs Autorit\u00e4ten der Yukpa an den Generalstaatsanwalt Kolumbiens<\/a><\/li><li class=\"sitemap-item\"><a href=\"https:\/\/kolko.net\/askonline\/themen\/menschenrechte\/offener-brief-zu-kolumbienreise-von-bundespraesident-schneider-ammann\">Offener Brief zu Kolumbienreise von Bundespr\u00e4sident Schneider Ammann<\/a><\/li><li class=\"sitemap-item\"><a href=\"https:\/\/kolko.net\/askonline\/themen\/menschenrechte\/offizielles-schweigen-20-jahre-esmad\">Offizielles Schweigen \u2013 20 Jahre ESMAD<\/a><\/li><li class=\"sitemap-item\"><a href=\"https:\/\/kolko.net\/askonline\/allgemein\/ohne-eine-regierung-mit-dem-politischen-willen-die-ursachen-der-gewalt-anzugehen-werden-wir-nie-in-ruhe-leben-koennen\">Ohne eine Regierung mit dem politischen Willen, die Ursachen der Gewalt anzugehen, werden wir nie in Ruhe leben k\u00f6nnen<\/a><\/li><li class=\"sitemap-item\"><a href=\"https:\/\/kolko.net\/askonline\/allgemein\/organizaciones-internacionales-denuncian-al-gigante-minero-anglo-american-por-sus-impactos-en-america-latina-y-su-respuesta-al-covid19\">Organizaciones internacionales denuncian al gigante minero Anglo American por sus impactos en Am\u00e9rica Latina y su respuesta al Covid19<\/a><\/li><li class=\"sitemap-item\"><a href=\"https:\/\/kolko.net\/askonline\/themen\/frieden\/paramilitarismus-unter-druck\">Paramilitarismus unter Druck<\/a><\/li><li class=\"sitemap-item\"><a href=\"https:\/\/kolko.net\/askonline\/themen\/frieden\/partizipatives-monitoring-der-menschenrechtsverletzungen-und-der-implementierung-des-friedensabkommens\">Partizipatives Monitoring der Menschenrechtsverletzungen und der Implementierung des Friedensabkommens<\/a><\/li><li class=\"sitemap-item\"><a href=\"https:\/\/kolko.net\/askonline\/themen\/frieden\/pausenloser-krieg-im-catatumbo\">Pausenloser Krieg im Catatumbo<\/a><\/li><li class=\"sitemap-item\"><a href=\"https:\/\/kolko.net\/askonline\/allgemein\/petro-will-die-campesinos-als-rechtssubjekte-anerkennen-und-endlich-die-agrarreform-umsetzen\">Petro will die Campesinos als Rechtssubjekte anerkennen und endlich die Agrarreform umsetzen<\/a><\/li><li class=\"sitemap-item\"><a href=\"https:\/\/kolko.net\/askonline\/themen\/frieden\/politische-teilnahme-der-schluessel-zum-frieden\">Politische Teilnahme \u2013 der Schl\u00fcssel zum Frieden?<\/a><\/li><li class=\"sitemap-item\"><a href=\"https:\/\/kolko.net\/askonline\/themen\/frieden\/politische-unsicherheit-unter-praesident-duque\">Politische Unsicherheit unter Pr\u00e4sident Duque<\/a><\/li><li class=\"sitemap-item\"><a href=\"https:\/\/kolko.net\/askonline\/themen\/menschenrechte\/politischer-kontext-2019\">Politischer Kontext 2019<\/a><\/li><li class=\"sitemap-item\"><a href=\"https:\/\/kolko.net\/askonline\/themen\/frieden\/politisches-schmierentheater\">Politisches Schmierentheater<\/a><\/li><li class=\"sitemap-item\"><a href=\"https:\/\/kolko.net\/askonline\/themen\/frieden\/postkonflikt-hartnaeckige-geschlechtsspezifische-gewalt\">Postkonflikt: hartn\u00e4ckige geschlechtsspezifische Gewalt<\/a><\/li><li class=\"sitemap-item\"><a href=\"https:\/\/kolko.net\/askonline\/themen\/menschenrechte\/pressefreiheit-unter-druck\">Pressefreiheit unter Druck<\/a><\/li><li class=\"sitemap-item\"><a href=\"https:\/\/kolko.net\/askonline\/allgemein\/prodeco-unternehmensverantwortung-und-menschenrechte-im-bergbaukorridor-des-departements-cesar\">PRODECO: Unternehmensverantwortung und Menschenrechte im Bergbaukorridor des Departements Cesar<\/a><\/li><li class=\"sitemap-item\"><a href=\"https:\/\/kolko.net\/askonline\/allgemein\/prodecos-erster-menschenrechtsbericht-ueber-die-sorgfaltspflicht-ist-klar-ungenuegend\">Prodecos erster Menschenrechtsbericht \u00fcber die Sorgfaltspflicht ist klar ungen\u00fcgend<\/a><\/li><li class=\"sitemap-item\"><a href=\"https:\/\/kolko.net\/askonline\/allgemein\/proteste-in-el-hatillo-wegen-verzoegerungen-bei-der-umsiedlung\">Proteste in El Hatillo wegen Verz\u00f6gerungen bei der Umsiedlung<\/a><\/li><li class=\"sitemap-item\"><a href=\"https:\/\/kolko.net\/askonline\/allgemein\/provincial-das-indigene-reservat-das-waehrend-der-pandemie-einer-seiner-besten-momente-durchlebte\">Provincial, das indigene Reservat, das w\u00e4hrend der Pandemie einer seiner besten Momente durchlebte<\/a><\/li><li class=\"sitemap-item\"><a href=\"https:\/\/kolko.net\/askonline\/themen\/punkt-4-des-friedensabkommens-drogen-und-frieden\">Punkt 4 des Friedensabkommens: Drogen und Frieden<\/a><\/li><li class=\"sitemap-item\"><a href=\"https:\/\/kolko.net\/askonline\/themen\/frieden\/reintegration-aber-mit-sicherheit\">Reintegration \u2013 aber mit Sicherheit?<\/a><\/li><li class=\"sitemap-item\"><a href=\"https:\/\/kolko.net\/askonline\/allgemein\/rohstoffsektor-und-agrobusiness-nutzen-die-pandemie-um-ethnische-und-umweltrechte-zu-beschraenken\">Rohstoffsektor und Agrobusiness nutzen die Pandemie, um ethnische und Umweltrechte zu beschr\u00e4nken<\/a><\/li><li class=\"sitemap-item\"><a href=\"https:\/\/kolko.net\/askonline\/themen\/wirtschaft-menschenrechte\/rueckgabe-der-bergbautitel-von-prodeco-erfolgt-auf-dem-ruecken-der-arbeiter\">R\u00fcckgabe der Bergbautitel von Prodeco erfolgt auf dem R\u00fccken der Arbeiter<\/a><\/li><li class=\"sitemap-item\"><a href=\"https:\/\/kolko.net\/askonline\/allgemein\/rueckgabe-der-kohleminen-von-prodeco-und-erfuellung-der-sozialen-und-umweltauflagen-weiterhin-ungewiss\">R\u00fcckgabe der Kohleminen von Prodeco und Erf\u00fcllung der sozialen und Umweltauflagen weiterhin ungewiss<\/a><\/li><li class=\"sitemap-item\"><a href=\"https:\/\/kolko.net\/askonline\/themen\/frieden\/samen-der-hoffnung-das-schweizer-multitrack-friedensfoerderungsprogramm-in-der-praxis\">Samen der Hoffnung &#8211; Das Schweizer Multitrack-Friedensf\u00f6rderungsprogramm in der Praxis<\/a><\/li><li class=\"sitemap-item\"><a href=\"https:\/\/kolko.net\/askonline\/themen\/frieden\/samen-der-hoffnung-semillas-de-esperanza\">Samen der Hoffnung \u2013 Semillas de Esperanza<\/a><\/li><li class=\"sitemap-item\"><a href=\"https:\/\/kolko.net\/askonline\/themen\/frieden\/schritt-fuer-schritt-in-richtung-frieden\">Schritt f\u00fcr Schritt in Richtung Frieden<\/a><\/li><li class=\"sitemap-item\"><a href=\"https:\/\/kolko.net\/askonline\/themen\/schutzlose-menschenrechtsverteidigerinnen\">Schutzlose MenschenrechtsverteidigerInnen<\/a><\/li><li class=\"sitemap-item\"><a href=\"https:\/\/kolko.net\/askonline\/themen\/wirtschaft-menschenrechte\/schweizer-goldraffinerie-abnehmerin-von-gold-zweifelhafter-herkunft\">Schweizer Goldraffinerie Abnehmerin von Gold zweifelhafter Herkunft!<\/a><\/li><li class=\"sitemap-item\"><a href=\"https:\/\/kolko.net\/askonline\/allgemein\/so-steht-es-um-den-friedensprozess-die-versaeumnisse-der-agrarreform\">So steht es um den Friedensprozess: die Vers\u00e4umnisse der Agrarreform<\/a><\/li><li class=\"sitemap-item\"><a href=\"https:\/\/kolko.net\/askonline\/themen\/frieden\/sonderjustiz-fuer-den-frieden-ein-gesetz-mit-maengeln\">Sonderjustiz f\u00fcr den Frieden: ein Gesetz mit M\u00e4ngeln<\/a><\/li><li class=\"sitemap-item\"><a href=\"https:\/\/kolko.net\/askonline\/allgemein\/sos-cauca-weitere-indigene-in-kolumbien-ermordet\">SOS Cauca: Weitere Indigene in Kolumbien ermordet<\/a><\/li><li class=\"sitemap-item\"><a href=\"https:\/\/kolko.net\/askonline\/allgemein\/soziale-fuehrungspersonen-erneut-unter-beschuss\">Soziale F\u00fchrungspersonen erneut unter Beschuss<\/a><\/li><li class=\"sitemap-item\"><a href=\"https:\/\/kolko.net\/askonline\/themen\/staatliches-gewaltmonopol-und-demokratie-in-kolumbien\">Staatliches Gewaltmonopol und Demokratie in Kolumbien<\/a><\/li><li class=\"sitemap-item\"><a href=\"https:\/\/kolko.net\/askonline\/themen\/frieden\/stand-der-umsetzung-des-friedensabkommens-dezember-2016-bis-mai-2018\">Stand der Umsetzung des Friedensabkommens (Dezember 2016 bis Mai 2018)<\/a><\/li><li class=\"sitemap-item\"><a href=\"https:\/\/kolko.net\/askonline\/themen\/menschenrechte\/steter-tropfen-oder-heisser-stein\">Steter Tropfen oder heisser Stein?<\/a><\/li><li class=\"sitemap-item\"><a href=\"https:\/\/kolko.net\/askonline\/allgemein\/streik-bei-cerrejon-nach-91-tagen-beigelegt-zukunft-der-kohlemine-bleibt-aber-ungewiss\">Streik bei Cerrej\u00f3n nach 91 Tagen beigelegt, Zukunft der Kohlemine bleibt aber ungewiss<\/a><\/li><li class=\"sitemap-item\"><a href=\"https:\/\/kolko.net\/askonline\/themen\/streit-um-die-richtige-strategie-gegen-die-kokapflanzungen-freiwillige-substitution-oder-chemiekeule-aus-der-luft\">Streit um die richtige Strategie gegen die Kokapflanzungen: freiwillige Substitution oder Chemiekeule aus der Luft?<\/a><\/li><li class=\"sitemap-item\"><a href=\"https:\/\/kolko.net\/askonline\/themen\/wirtschaft-menschenrechte\/schweizer-unternehmen\/streit-zwischen-novartis-und-kolumbien-ueber-zwangslizenz-fuer-krebsmedikament-eskaliert\">Streit zwischen Novartis und Kolumbien \u00fcber Zwangslizenz f\u00fcr Krebsmedikament eskaliert<\/a><\/li><li class=\"sitemap-item\"><a href=\"https:\/\/kolko.net\/askonline\/allgemein\/tabaco-23-jahre-vertrieben-es-ist-zeit-zu-reagieren\">Tabaco 23 Jahre vertrieben: Es ist Zeit zu reagieren.<\/a><\/li><li class=\"sitemap-item\"><a href=\"https:\/\/kolko.net\/askonline\/themen\/frieden\/territoriale-dynamik-des-bewaffneten-konflikts\">Territoriale Dynamik des bewaffneten Konflikts<\/a><\/li><li class=\"sitemap-item\"><a href=\"https:\/\/kolko.net\/askonline\/allgemein\/trotz-pandemie-morde-und-drohungen-gegen-kleinbauernfuehrerinnen-und-gewaltsame-kokaausrottung\">Trotz Pandemie: Morde und Drohungen gegen Kleinbauernf\u00fchrerInnen und gewaltsame Kokaausrottung<\/a><\/li><li class=\"sitemap-item\"><a href=\"https:\/\/kolko.net\/askonline\/allgemein\/ueberraschende-wende-im-kolumbianischen-kohlegeschaeft\">\u00dcberraschende Wende im kolumbianischen Kohlegesch\u00e4ft<\/a><\/li><li class=\"sitemap-item\"><a href=\"https:\/\/kolko.net\/askonline\/allgemein\/umsiedlung-von-el-hatillo-unterbrochen-rechtsverletzungen-und-hungerkrise-drohen\">Umsiedlung von El Hatillo unterbrochen \u2013 Rechtsverletzungen und Hungerkrise drohen<\/a><\/li><li class=\"sitemap-item\"><a href=\"https:\/\/kolko.net\/askonline\/themen\/umstrittene-sonderjustiz-fuer-den-frieden\">Umstrittene Sonderjustiz f\u00fcr den Frieden<\/a><\/li><li class=\"sitemap-item\"><a href=\"https:\/\/kolko.net\/askonline\/themen\/frieden\/umstrittener-wahlkampf-der-fuerza-alternativa-revolucionaria-del-comun\">Umstrittener Wahlkampf der Fuerza Alternativa Revolucionaria del Com\u00fan<\/a><\/li><li class=\"sitemap-item\"><a href=\"https:\/\/kolko.net\/askonline\/themen\/wirtschaft-menschenrechte\/umstrittenes-abkommen-mit-dem-viehzuechterverband-fedegan-soll-der-agrarreform-zum-durchbruch-verhelfen\">Umstrittenes Abkommen mit dem Viehz\u00fcchterverband FEDEGAN soll der Agrarreform zum Durchbruch verhelfen<\/a><\/li><li class=\"sitemap-item\"><a href=\"https:\/\/kolko.net\/askonline\/allgemein\/umstrittenes-urteil-des-weltbankschiedsgerichts-gegen-kolumbien\">Umstrittenes Urteil des Weltbankschiedsgerichts gegen Kolumbien<\/a><\/li><li class=\"sitemap-item\"><a href=\"https:\/\/kolko.net\/askonline\/themen\/menschenrechte\/unbequeme-wahrheiten-in-den-neusten-uno-berichten-zu-kolumbien\">Unbequeme Wahrheiten in den neusten UNO-Berichten zu Kolumbien<\/a><\/li><li class=\"sitemap-item\"><a href=\"https:\/\/kolko.net\/askonline\/themen\/wirtschaft-menschenrechte\/ungeloeste-vergangene-und-aktuelle-menschenrechtliche-herausforderungen-in-der-kohleabbauregion-des-cesar\">Ungel\u00f6ste vergangene und aktuelle menschenrechtliche Herausforderungen in der Kohleabbauregion des Cesar<\/a><\/li><li class=\"sitemap-item\"><a href=\"https:\/\/kolko.net\/askonline\/themen\/frieden\/ungewissheit-nach-dem-plebiszit\">Ungewissheit nach dem Plebiszit<\/a><\/li><li class=\"sitemap-item\"><a href=\"https:\/\/kolko.net\/askonline\/themen\/wirtschaft-menschenrechte\/ungleiche-verhandlungen-um-die-lunge-der-erde\">Ungleiche Verhandlungen um die Lunge der Erde<\/a><\/li><li class=\"sitemap-item\"><a href=\"https:\/\/kolko.net\/askonline\/allgemein\/uno-sonderberichterstatter-fuer-umwelt-und-menschenrechte-verlangt-unterbruch-der-bergbauoperationen-von-cerrejon\">UNO Sonderberichterstatter f\u00fcr Umwelt und Menschenrechte verlangt Unterbruch der Bergbauoperationen von Cerrej\u00f3n<\/a><\/li><li class=\"sitemap-item\"><a href=\"https:\/\/kolko.net\/askonline\/themen\/menschenrechte\/uno-menschenrechte-2018-in-kolumbien\">UNO: Menschenrechte 2018 in Kolumbien<\/a><\/li><li class=\"sitemap-item\"><a href=\"https:\/\/kolko.net\/askonline\/themen\/frieden\/unschuldig-hinter-gittern-zu-besuch-bei-politischen-gefangenen-in-kolumbien\">Unschuldig hinter Gittern: zu Besuch bei politischen Gefangenen in Kolumbien<\/a><\/li><li class=\"sitemap-item\"><a href=\"https:\/\/kolko.net\/askonline\/themen\/frieden\/unsichere-perspektiven-fuer-den-friedensprozess\">Unsichere Perspektiven f\u00fcr den Friedensprozess<\/a><\/li><li class=\"sitemap-item\"><a href=\"https:\/\/kolko.net\/askonline\/themen\/frieden\/uribe-und-der-hausarrest\">Uribe und der Hausarrest<\/a><\/li><li class=\"sitemap-item\"><a href=\"https:\/\/kolko.net\/askonline\/allgemein\/urteil-des-kolumbianischen-verfassungsgerichts-im-ersten-kolumbianischen-fall-der-schliessung-eines-kohlebergwerks-schuetzt-die-rechte-von-gemeinschaften-und-entlassenen-arbeitern\">URTEIL DES KOLUMBIANISCHEN VERFASSUNGSGERICHTS IM ERSTEN KOLUMBIANISCHEN FALL DER SCHLIESSUNG EINES KOHLEBERGWERKS SCH\u00dcTZT DIE RECHTE VON GEMEINSCHAFTEN UND ENTLASSENEN ARBEITERN<\/a><\/li><li class=\"sitemap-item\"><a href=\"https:\/\/kolko.net\/askonline\/themen\/frieden\/verbreitung-und-territoriale-kontrolle-illegaler-bewaffneter-organisationen\">Verbreitung und territoriale Kontrolle illegaler bewaffneter Organisationen<\/a><\/li><li class=\"sitemap-item\"><a href=\"https:\/\/kolko.net\/askonline\/allgemein\/verfassungsgericht-stoppt-bespruehungen-aus-der-luft-mit-glyphosat\">Verfassungsgericht stoppt Bespr\u00fchungen aus der Luft mit Glyphosat<\/a><\/li><li class=\"sitemap-item\"><a href=\"https:\/\/kolko.net\/askonline\/themen\/frieden\/verhandlungen-mit-dem-eln-ein-unmoeglicher-friedensprozess\">Verhandlungen mit dem ELN \u2013 ein unm\u00f6glicher Friedensprozess?<\/a><\/li><li class=\"sitemap-item\"><a href=\"https:\/\/kolko.net\/askonline\/themen\/frieden\/verhandlungsstrategie-von-regierung-und-eln\">Verhandlungsstrategie von Regierung und ELN<\/a><\/li><li class=\"sitemap-item\"><a href=\"https:\/\/kolko.net\/askonline\/themen\/frieden\/viel-hoffnung-auf-eine-friedlichere-und-sozial-gerechtere-zukunft-mit-dem-wahlsieg-von-gustavo-petro-und-francia-marquez\">Viel Hoffnung auf eine friedlichere und sozial gerechtere Zukunft mit dem Wahlsieg von Gustavo Petro und Francia M\u00e1rquez\u00a0<\/a><\/li><li class=\"sitemap-item\"><a href=\"https:\/\/kolko.net\/askonline\/themen\/wirtschaft-menschenrechte\/natuerliche-ressourcen-energie-und-infrastruktur\/viele-offene-fragen-um-das-wasserkraftprojekt-hidroituango\">Viele offene Fragen um das Wasserkraftprojekt Hidroituango<\/a><\/li><li class=\"sitemap-item\"><a href=\"https:\/\/kolko.net\/askonline\/themen\/frieden\/vier-jahre-seit-der-unterzeichnung-des-kolumbianischen-friedensabkommens-verschlechterung-der-humanitaeren-situation-und-stagnierung-des-umsetzungsprozesses\">Vier Jahre seit der Unterzeichnung des kolumbianischen Friedensabkommens: Verschlechterung der humanit\u00e4ren Situation und Stagnierung des Umsetzungsprozesses<\/a><\/li><li class=\"sitemap-item\"><a href=\"https:\/\/kolko.net\/askonline\/allgemein\/vom-versuch-der-abholzung-einhalt-zu-gebieten\">Vom Versuch, der Abholzung Einhalt zu gebieten<\/a><\/li><li class=\"sitemap-item\"><a href=\"https:\/\/kolko.net\/askonline\/themen\/frieden\/waffenstillstand-und-menschenrechte\">Waffenstillstand und Menschenrechte<\/a><\/li><li class=\"sitemap-item\"><a href=\"https:\/\/kolko.net\/askonline\/themen\/frieden\/wahlen-in-kolumbien-2018\">Wahlen in Kolumbien 2018<\/a><\/li><li class=\"sitemap-item\"><a href=\"https:\/\/kolko.net\/askonline\/allgemein\/warum-freiwilligkeit-bei-menschenrechtlicher-sorgfaltspflicht-nicht-genuegt\">Warum Freiwilligkeit bei menschenrechtlicher Sorgfaltspflicht nicht gen\u00fcgt<\/a><\/li><li class=\"sitemap-item\"><a href=\"https:\/\/kolko.net\/askonline\/themen\/wirtschaft-menschenrechte\/wasserverschmutzung-und-bleibelastung-im-tota-see\">Wasserverschmutzung und Bleibelastung im Tota-See<\/a><\/li><li class=\"sitemap-item\"><a href=\"https:\/\/kolko.net\/askonline\/feature\/weder-koka-noch-dissidenzen-tragen-die-alleinige-verantwortung\">Weder Koka noch Dissidenzen tragen die alleinige Verantwortung<\/a><\/li><li class=\"sitemap-item\"><a href=\"https:\/\/kolko.net\/askonline\/themen\/wirtschaft-menschenrechte\/wegweisendes-urteil-des-verfassungsgerichtes-fuer-die-umwelt-und-gesundheit-in-provincial\">Wegweisendes Urteil des Verfassungsgerichtes f\u00fcr die Umwelt und Gesundheit in Provincial<\/a><\/li><li class=\"sitemap-item\"><a href=\"https:\/\/kolko.net\/askonline\/themen\/wirtschaft-menschenrechte\/natuerliche-ressourcen-energie-und-infrastruktur\/wegweisendes-urteil-des-verfassungsgerichtes-zum-schutz-des-amazonaswaldes\">Wegweisendes Urteil des Verfassungsgerichtes zum Schutz des Amazonaswaldes<\/a><\/li><li class=\"sitemap-item\"><a href=\"https:\/\/kolko.net\/askonline\/allgemein\/weitere-proteste-und-grosse-unsicherheit-bezueglich-der-umsiedlung-von-el-hatillo\">Weitere Proteste und grosse Unsicherheit bez\u00fcglich der Umsiedlung von El Hatillo<\/a><\/li><li class=\"sitemap-item\"><a href=\"https:\/\/kolko.net\/askonline\/allgemein\/weiterhin-grosse-herausforderungen-und-soziale-probleme-in-der-kohlenregion-des-cesar\">Weiterhin grosse Herausforderungen und soziale Probleme in der Kohlenregion des Cesar<\/a><\/li><li class=\"sitemap-item\"><a href=\"https:\/\/kolko.net\/askonline\/feature\/weltdrogentag-eine-perspektive-aus-dem-sueden\">Weltdrogentag \u2013 Eine Perspektive aus dem S\u00fcden<\/a><\/li><li class=\"sitemap-item\"><a href=\"https:\/\/kolko.net\/askonline\/allgemein\/weniger-als-zwei-wochen-vor-den-parlamentswahlen-nimmt-die-politische-gewalt-in-kolumbien-weiter-zu\">Weniger als zwei Wochen vor den Parlamentswahlen nimmt die politische Gewalt in Kolumbien weiter zu<\/a><\/li><li class=\"sitemap-item\"><a href=\"https:\/\/kolko.net\/askonline\/themen\/menschenrechte\/wenn-nur-noch-die-flucht-bleibt-kolumbianerinnen-im-exil\">Wenn nur noch die Flucht bleibt: KolumbianerInnen im Exil<\/a><\/li><li class=\"sitemap-item\"><a href=\"https:\/\/kolko.net\/askonline\/themen\/menschenrechte\/wenn-unschuldige-den-krieg-anderer-fuehren\">Wenn Unschuldige den Krieg Anderer f\u00fchren<\/a><\/li><li class=\"sitemap-item\"><a href=\"https:\/\/kolko.net\/askonline\/allgemein\/weshalb-freiwillige-menschenrechtsinstrumente-fuer-konzerne-nicht-genuegen-und-es-die-kvi-braucht\">Weshalb freiwillige Menschenrechtsinstrumente f\u00fcr Konzerne nicht gen\u00fcgen und es die KVI braucht<\/a><\/li><li class=\"sitemap-item\"><a href=\"https:\/\/kolko.net\/askonline\/allgemein\/wichtige-schritte-auf-dem-weg-der-wahrheit\">Wichtige Schritte auf dem Weg der Wahrheit<\/a><\/li><li class=\"sitemap-item\"><a href=\"https:\/\/kolko.net\/askonline\/allgemein\/wie-erreicht-kolumbien-den-totalen-frieden\">Wie erreicht Kolumbien den totalen Frieden?\u00a0<\/a><\/li><li class=\"sitemap-item\"><a href=\"https:\/\/kolko.net\/askonline\/themen\/frieden\/wie-geht-es-dem-frieden\">Wie geht es dem Frieden?<\/a><\/li><li class=\"sitemap-item\"><a href=\"https:\/\/kolko.net\/askonline\/themen\/menschenrechte\/wie-korruption-die-menschenrechte-verletzt\">Wie Korruption die Menschenrechte verletzt<\/a><\/li><li class=\"sitemap-item\"><a href=\"https:\/\/kolko.net\/askonline\/themen\/wiedereingliederung-und-sicherheit-der-ehemaligen-farc-kaempferinnen\">Wiedereingliederung und Sicherheit der ehemaligen FARC-K\u00e4mpferInnen<\/a><\/li><li class=\"sitemap-item\"><a href=\"https:\/\/kolko.net\/askonline\/themen\/frieden\/wiederkehrende-gewalt-im-cauca\">Wiederkehrende Gewalt im Cauca<\/a><\/li><li class=\"sitemap-item\"><a href=\"https:\/\/kolko.net\/askonline\/themen\/wirtschaft-menschenrechte-und-friedensfoerderung-in-kolumbien-der-standpunkt-der-ask\">Wirtschaft, Menschenrechte und Friedensf\u00f6rderung in Kolumbien: Der Standpunkt der ask<\/a><\/li><li class=\"sitemap-item\"><a href=\"https:\/\/kolko.net\/askonline\/themen\/wirtschaft-menschenrechte\/unternehmensverantwortung-und-wirtschaftspolitik\/wirtschaft-menschenrechte-und-friedensfoerderung-in-kolumbien-der-standpunkt-der-ask-2\">Wirtschaft, Menschenrechte und Friedensf\u00f6rderung in Kolumbien: Der Standpunkt der ask<\/a><\/li><li class=\"sitemap-item\"><a href=\"https:\/\/kolko.net\/askonline\/allgemein\/zehn-jahre-nach-den-umsiedlungen-immer-noch-keine-nachhaltigen-gemeinschaften-trotz-neuen-verhandlungen-mit-cerrejon-waechst-die-ungeduld\">Zehn Jahre nach den Umsiedlungen immer noch keine nachhaltigen Gemeinschaften \u2013 trotz neuen Verhandlungen mit Cerrej\u00f3n w\u00e4chst die Ungeduld<\/a><\/li><li class=\"sitemap-item\"><a href=\"https:\/\/kolko.net\/askonline\/themen\/frieden\/zwiespaeltige-bilanz-nach-18-monaten-implementierung-des-friedensabkommens\">Zwiesp\u00e4ltige Bilanz nach 18 Monaten Implementierung des Friedensabkommens<\/a><\/li><\/ul><\/div><div class=\"simple-sitemap-wrap unternehmensverantwortung-und-wirtschaftspolitik\"><h3 class=\"term-tag\">Unternehmensverantwortung &amp; Wirtschaftspolitik<\/h3><ul class=\"simple-sitemap-post main\"><li class=\"sitemap-item\"><a href=\"https:\/\/kolko.net\/askonline\/allgemein\/grosse-unsicherheit-im-kohlerevier-des-cesar-wie-weiter-mit-prodeco\"><strong>Grosse Unsicherheit im Kohlerevier des Cesar \u2013 Wie weiter mit Prodeco?<\/strong><\/a><\/li><li class=\"sitemap-item\"><a href=\"https:\/\/kolko.net\/askonline\/allgemein\/rueckzug-der-beschwerde-gegen-glencore-vor-dem-nationalen-kontaktpunkt-fuer-die-oecd-leitsaetze\"><strong>R\u00fcckzug der Beschwerde gegen Glencore vor dem Nationalen Kontaktpunkt f\u00fcr die OECD Leits\u00e4tze<\/strong><\/a><\/li><li class=\"sitemap-item\"><a href=\"https:\/\/kolko.net\/askonline\/allgemein\/auch-aktionaerinnen-und-aktionaere-tragen-verantwortung\">Auch Aktion\u00e4rinnen und Aktion\u00e4re tragen Verantwortung<\/a><\/li><li class=\"sitemap-item\"><a href=\"https:\/\/kolko.net\/askonline\/allgemein\/das-menschenrechtskomitee-der-uno-in-genf-verurteilt-den-kolumbianischen-staat-wegen-der-ermordung-eines-gewerkschafters-bei-coca-cola\">Das Menschenrechtskomitee der UNO in Genf verurteilt den kolumbianischen Staat wegen der Ermordung eines Gewerkschafters bei Coca Cola<\/a><\/li><li class=\"sitemap-item\"><a href=\"https:\/\/kolko.net\/askonline\/allgemein\/der-juristische-kampf-um-den-zukuenftigen-betrieb-der-kohlemine-el-cerrejon-geht-weiter\">Der juristische Kampf um den zuk\u00fcnftigen Betrieb der Kohlemine El Cerrej\u00f3n geht weiter<\/a><\/li><li class=\"sitemap-item\"><a href=\"https:\/\/kolko.net\/askonline\/themen\/wirtschaft-menschenrechte\/die-rettung-des-bruno-flusses-steht-auf-messers-schneide%ef%bf%bc\">Die Rettung des Bruno-Flusses steht auf Messers Schneide\ufffc<\/a><\/li><li class=\"sitemap-item\"><a href=\"https:\/\/kolko.net\/askonline\/allgemein\/dorfgemeinschaften-und-zivilgesellschaftliche-organisationen-fordern-vom-neuen-ceo-von-glencore-einen-kurswechsel-in-umwelt-und-menschenrechtsfragen\">Dorfgemeinschaften und Zivilgesellschaftliche Organisationen fordern vom neuen CEO von Glencore einen Kurswechsel in Umwelt-und Menschenrechtsfragen<\/a><\/li><li class=\"sitemap-item\"><a href=\"https:\/\/kolko.net\/askonline\/themen\/wirtschaft-menschenrechte\/unternehmensverantwortung-und-wirtschaftspolitik\/freihandelsabkommen-der-schweiz-mit-kolumbien-in-kraft\">Freihandelsabkommen der Schweiz mit Kolumbien in Kraft<\/a><\/li><li class=\"sitemap-item\"><a href=\"https:\/\/kolko.net\/askonline\/allgemein\/gemeinschaften-im-einflussbereich-von-glencore-prodeco-helft-uns-gehoert-zu-werden-wir-fordern-gerechtigkeit\">Gemeinschaften im Einflussbereich von Glencore Prodeco: HELFT UNS, GEH\u00d6RT ZU WERDEN, WIR FORDERN GERECHTIGKEIT!<\/a><\/li><li class=\"sitemap-item\"><a href=\"https:\/\/kolko.net\/askonline\/themen\/wirtschaft-menschenrechte\/unternehmensverantwortung-und-wirtschaftspolitik\/gewerkschaftsrechte-und-freihandelsabkommen-drei-jahre-unerfuellte-versprechen\">Gewerkschaftsrechte und Freihandelsabkommen: drei Jahre unerf\u00fcllte Versprechen<\/a><\/li><li class=\"sitemap-item\"><a href=\"https:\/\/kolko.net\/askonline\/allgemein\/glencore-antapaccay-und-die-bevoelkerung-espinars-ein-nicht-endender-konflikt\">Glencore Antapaccay und die Bev\u00f6lkerung Espinars \u2013 ein nicht endender Konflikt<\/a><\/li><li class=\"sitemap-item\"><a href=\"https:\/\/kolko.net\/askonline\/themen\/glencore-gegen-kolumbien-ein-suess-saures-urteil\">Glencore gegen Kolumbien \u2013 ein s\u00fcss-saures Urteil<\/a><\/li><li class=\"sitemap-item\"><a href=\"https:\/\/kolko.net\/askonline\/allgemein\/gravierende-luecken-bei-der-kontrolle-von-edelmetallen\">Gravierende L\u00fccken bei der Kontrolle von Edelmetallen<\/a><\/li><li class=\"sitemap-item\"><a href=\"https:\/\/kolko.net\/askonline\/themen\/wirtschaft-menschenrechte\/unternehmensverantwortung-und-wirtschaftspolitik\/keine-griffigen-schutzmassnahmen-fuer-menschenrechte-im-freihandel-der-eu-mit-kolumbien\">Keine griffigen Schutzmassnahmen f\u00fcr Menschenrechte im Freihandel der EU mit Kolumbien<\/a><\/li><li class=\"sitemap-item\"><a href=\"https:\/\/kolko.net\/askonline\/allgemein\/kolumbien-hauptthema-an-der-diesjaehrigen-glencore-aktionaersversammlung\">Kolumbien Hauptthema an der diesj\u00e4hrigen Glencore Aktion\u00e4rsversammlung<\/a><\/li><li class=\"sitemap-item\"><a href=\"https:\/\/kolko.net\/askonline\/allgemein\/kolumbien-ist-das-zweitgefaehrlichste-land-fuer-menschenrechtsverteidiger-die-sich-gegen-negative-auswirkungen-von-unternehmen-wehren\">Kolumbien ist das zweitgef\u00e4hrlichste Land f\u00fcr Menschenrechtsverteidiger, die sich gegen negative Auswirkungen von Unternehmen wehren<\/a><\/li><li class=\"sitemap-item\"><a href=\"https:\/\/kolko.net\/askonline\/allgemein\/kolumbien-bericht-fordert-schliessungsplan-fuer-glencore-mine\">Kolumbien: Bericht fordert Schliessungsplan f\u00fcr Glencore-Mine<\/a><\/li><li class=\"sitemap-item\"><a href=\"https:\/\/kolko.net\/askonline\/themen\/wirtschaft-menschenrechte\/konzernlobby-gewinnt-im-staenderat-alibi-gegenvorschlag-ohne-wirkung-verabschiedet\">Konzernlobby gewinnt im St\u00e4nderat: Alibi-Gegenvorschlag ohne Wirkung verabschiedet<\/a><\/li><li class=\"sitemap-item\"><a href=\"https:\/\/kolko.net\/askonline\/allgemein\/menschenrechtliche-folgeabschaetzungen-zeigen-weiterhin-keine-wirkung\">Menschenrechtliche Folgeabsch\u00e4tzungen zeigen weiterhin keine Wirkung<\/a><\/li><li class=\"sitemap-item\"><a href=\"https:\/\/kolko.net\/askonline\/allgemein\/prodecos-erster-menschenrechtsbericht-ueber-die-sorgfaltspflicht-ist-klar-ungenuegend\">Prodecos erster Menschenrechtsbericht \u00fcber die Sorgfaltspflicht ist klar ungen\u00fcgend<\/a><\/li><li class=\"sitemap-item\"><a href=\"https:\/\/kolko.net\/askonline\/allgemein\/umstrittenes-urteil-des-weltbankschiedsgerichts-gegen-kolumbien\">Umstrittenes Urteil des Weltbankschiedsgerichts gegen Kolumbien<\/a><\/li><li class=\"sitemap-item\"><a href=\"https:\/\/kolko.net\/askonline\/allgemein\/warum-freiwilligkeit-bei-menschenrechtlicher-sorgfaltspflicht-nicht-genuegt\">Warum Freiwilligkeit bei menschenrechtlicher Sorgfaltspflicht nicht gen\u00fcgt<\/a><\/li><li class=\"sitemap-item\"><a href=\"https:\/\/kolko.net\/askonline\/allgemein\/weshalb-freiwillige-menschenrechtsinstrumente-fuer-konzerne-nicht-genuegen-und-es-die-kvi-braucht\">Weshalb freiwillige Menschenrechtsinstrumente f\u00fcr Konzerne nicht gen\u00fcgen und es die KVI braucht<\/a><\/li><li class=\"sitemap-item\"><a href=\"https:\/\/kolko.net\/askonline\/themen\/wirtschaft-menschenrechte\/unternehmensverantwortung-und-wirtschaftspolitik\/wirtschaft-menschenrechte-und-friedensfoerderung-in-kolumbien-der-standpunkt-der-ask-2\">Wirtschaft, Menschenrechte und Friedensf\u00f6rderung in Kolumbien: Der Standpunkt der ask<\/a><\/li><\/ul><\/div><div class=\"simple-sitemap-wrap veranstaltungen\"><h3 class=\"term-tag\">Veranstaltungen<\/h3><ul class=\"simple-sitemap-post main\"><li class=\"sitemap-item\"><a href=\"https:\/\/kolko.net\/askonline\/veranstaltungen\/jornada-solidaria-con-los-jovenes-de-la-primera-linea\"><strong>Solidarit\u00e4tsveranstaltung f\u00fcr die inhaftierten Jugendlichen des Nationalen Streikes<\/strong><\/a><\/li><li class=\"sitemap-item\"><a href=\"https:\/\/kolko.net\/askonline\/veranstaltungen\/5-jahre-friedensabkommen-in-kolumbien-was-wurde-bisher-erreicht-was-sind-die-zukunftsperspektiven\">5 Jahre Friedensabkommen in Kolumbien: Was wurde bisher erreicht? Was sind die Zukunftsperspektiven?<\/a><\/li><li class=\"sitemap-item\"><a href=\"https:\/\/kolko.net\/askonline\/veranstaltungen\/5-jaehriges-jubilaeum-des-friedensabkommen-in-kolumbien\">5 j\u00e4hriges Jubil\u00e4um des Friedensabkommen in Kolumbien<\/a><\/li><li class=\"sitemap-item\"><a href=\"https:\/\/kolko.net\/askonline\/veranstaltungen\/ask-menschenrechtsgottesdienste\">Ask-Menschenrechtsgottesdienste<\/a><\/li><li class=\"sitemap-item\"><a href=\"https:\/\/kolko.net\/askonline\/veranstaltungen\/austausch-mit-elizabeth-moreno-und-zol-alvarez\">Austausch mit Elizabeth Moreno und Zol Alvarez<\/a><\/li><li class=\"sitemap-item\"><a href=\"https:\/\/kolko.net\/askonline\/allgemein\/bericht-lecciones-del-aprendiz-autoritarismo-y-desigualdad\">Bericht \u201cLecciones del aprendiz: autoritarismo y desigualdad\u201d<\/a><\/li><li class=\"sitemap-item\"><a href=\"https:\/\/kolko.net\/askonline\/veranstaltungen\/brasilien-und-kolumbien-ein-jahr-nach-dem-regierungswechsel-2\">Brasilien und Kolumbien ein Jahr nach dem Regierungswechsel<\/a><\/li><li class=\"sitemap-item\"><a href=\"https:\/\/kolko.net\/askonline\/veranstaltungen\/brasilien-und-kolumbien-ein-jahr-nach-dem-regierungswechsel-bilanz-und-forderungen-aus-der-zivilgesellschaft\">Brasilien und Kolumbien ein Jahr nach dem Regierungswechsel &#8211; Bilanz und Forderungen aus der Zivilgesellschaft<\/a><\/li><li class=\"sitemap-item\"><a href=\"https:\/\/kolko.net\/askonline\/veranstaltungen\/chance-und-herausforderung-friedensprozesse-wie-kolumbien-nepal-und-die-philippinen-an-einem-nachhaltigen-frieden-arbeiten\">Chance und Herausforderung Friedensprozesse: Wie Kolumbien, Nepal und die Philippinen an einem nachhaltigen Frieden arbeiten<\/a><\/li><li class=\"sitemap-item\"><a href=\"https:\/\/kolko.net\/askonline\/veranstaltungen\/gespraech-mit-jose-benito-garzon\">Colombia: Negociaci\u00f3n, participaci\u00f3n y cambio<\/a><\/li><li class=\"sitemap-item\"><a href=\"https:\/\/kolko.net\/askonline\/veranstaltungen\/colombjass\">ColombJass<\/a><\/li><li class=\"sitemap-item\"><a href=\"https:\/\/kolko.net\/askonline\/veranstaltungen\/der-weg-zurueck-ins-leben-wiedereingliederung-ehemaliger-kindersoldat-innen\">Der Weg zur\u00fcck ins Leben &#8211; Wiedereingliederung ehemaliger Kindersoldat\/innen<\/a><\/li><li class=\"sitemap-item\"><a href=\"https:\/\/kolko.net\/askonline\/veranstaltungen\/die-wahrheitskommission-stellt-ihren-bericht-vor\">Die Wahrheitskommission stellt ihren Bericht vor<\/a><\/li><li class=\"sitemap-item\"><a href=\"https:\/\/kolko.net\/askonline\/veranstaltungen\/diskussionsabend-mit-vertreter-der-friedensgemeinschaft-san-jose-de-apartado\">Diskussionsabend mit Vertreter der Friedensgemeinschaft San Jos\u00e9 de Apartad\u00f3<\/a><\/li><li class=\"sitemap-item\"><a href=\"https:\/\/kolko.net\/askonline\/veranstaltungen\/diskussionsabend-mit-cesar-santoyo\">Diskussionsabend zu 5 Jahre Friedensabkommen in Kolumbien<\/a><\/li><li class=\"sitemap-item\"><a href=\"https:\/\/kolko.net\/askonline\/veranstaltungen\/dokumentarfilm\">Dokumentarfilm mit Diskussion, Universit\u00e4t Neuch\u00e2tel<\/a><\/li><li class=\"sitemap-item\"><a href=\"https:\/\/kolko.net\/askonline\/veranstaltungen\/fest-fuer-den-frieden\">Fest f\u00fcr den Frieden<\/a><\/li><li class=\"sitemap-item\"><a href=\"https:\/\/kolko.net\/askonline\/veranstaltungen\/film-hijos-del-viento-in-der-cinematte\">Film &#8222;Hijos del viento&#8220; in der Cinematte<\/a><\/li><li class=\"sitemap-item\"><a href=\"https:\/\/kolko.net\/askonline\/veranstaltungen\/9102\">Film Los reyes del mundo<\/a><\/li><li class=\"sitemap-item\"><a href=\"https:\/\/kolko.net\/askonline\/veranstaltungen\/film-los-reyes-del-mundo\">Film Los reyes del mundo<\/a><\/li><li class=\"sitemap-item\"><a href=\"https:\/\/kolko.net\/askonline\/veranstaltungen\/filmabend-el-testigo-kunst-und-bewaffneter-konflikt\">Filmabend: EL TESTIGO \u2013 Kunst und bewaffneter Konflikt<\/a><\/li><li class=\"sitemap-item\"><a href=\"https:\/\/kolko.net\/askonline\/veranstaltungen\/frieden-und-krieg\">Frieden und Krieg<\/a><\/li><li class=\"sitemap-item\"><a href=\"https:\/\/kolko.net\/askonline\/veranstaltungen\/kolumbien-die-schule-inmitten-des-bewaffneten-konflikts\">Kolumbien: Die Schule inmitten des bewaffneten Konflikts<\/a><\/li><li class=\"sitemap-item\"><a href=\"https:\/\/kolko.net\/askonline\/feature\/kolumbien-von-der-verhexung-zum-massaker\">Kolumbien: von der Verhexung zum Massaker<\/a><\/li><li class=\"sitemap-item\"><a href=\"https:\/\/kolko.net\/askonline\/veranstaltungen\/podiumsdiskussion-capaz\">La Voz de la monta\u00f1a &#8211; Film und Gespr\u00e4ch<\/a><\/li><li class=\"sitemap-item\"><a href=\"https:\/\/kolko.net\/askonline\/veranstaltungen\/paz-total-desde-las-regiones-y-el-movimiento-social-encuentros-y-conferencias-con-maria-mercedes-ramos\">Paz Total desde las regiones y el movimiento social &#8211; Encuentros y conferencias con Mar\u00eda Mercedes Ramos\u00a0<\/a><\/li><li class=\"sitemap-item\"><a href=\"https:\/\/kolko.net\/askonline\/veranstaltungen\/podiumsdiskussion-5-jahre-friedensvertragwie-steht-es-um-die-menschenrechte\">Podiumsdiskussion &#8222;5 Jahre Friedensvertrag:Wie steht es um die Menschenrechte?&#8220;<\/a><\/li><li class=\"sitemap-item\"><a href=\"https:\/\/kolko.net\/askonline\/veranstaltungen\/podiumsdiskussion\">Podiumsdiskussion von Comundo zum Thema \u2018Jeunesse et engagement en politique\u2019<\/a><\/li><li class=\"sitemap-item\"><a href=\"https:\/\/kolko.net\/askonline\/veranstaltungen\/praesentation-des-abschlussberichtes-der-wahrheitskommission-in-bern\">Pr\u00e4sentation des Abschlussberichtes der Wahrheitskommission in Bern<\/a><\/li><li class=\"sitemap-item\"><a href=\"https:\/\/kolko.net\/askonline\/veranstaltungen\/pub-quiz-luzern\">Pub-Quiz Luzern<\/a><\/li><li class=\"sitemap-item\"><a href=\"https:\/\/kolko.net\/askonline\/veranstaltungen\/pubquiz-luzern\">PubQuiz Luzern<\/a><\/li><li class=\"sitemap-item\"><a href=\"https:\/\/kolko.net\/askonline\/veranstaltungen\/quien-dio-la-orden\">Qui\u00e9n di\u00f3 la orden? in Bern<\/a><\/li><li class=\"sitemap-item\"><a href=\"https:\/\/kolko.net\/askonline\/veranstaltungen\/quien-dio-la-orden-in-zuerich\">Qui\u00e9n di\u00f3 la orden? in Z\u00fcrich<\/a><\/li><li class=\"sitemap-item\"><a href=\"https:\/\/kolko.net\/askonline\/veranstaltungen\/romerotage-2022-24-26-maerz-im-romerohaus-luzern\">RomeroTage 2022: 24.\u200a\u2013\u200a26. M\u00e4rz im Romerohaus, Luzern<\/a><\/li><li class=\"sitemap-item\"><a href=\"https:\/\/kolko.net\/askonline\/veranstaltungen\/soli-brunch-und-jassturnier\">Soli Brunch und Jassturnier<\/a><\/li><li class=\"sitemap-item\"><a href=\"https:\/\/kolko.net\/askonline\/veranstaltungen\/soli-colombjass\">Soli colombJASS<\/a><\/li><li class=\"sitemap-item\"><a href=\"https:\/\/kolko.net\/askonline\/veranstaltungen\/colombie-mise-en-oeuvre-de-laccord-de-paix-le-difficile-chemin-vers-la-paix-et-la-reconciliation\">Tote Fl\u00fcsse, Rohstoffhandel und mein Handy<\/a><\/li><li class=\"sitemap-item\"><a href=\"https:\/\/kolko.net\/askonline\/veranstaltungen\/treffen-mit-vertreterinnen-der-ehemaligen-farc-ep\">Treffen mit VertreterInnen der ehemaligen FARC-EP<\/a><\/li><li class=\"sitemap-item\"><a href=\"https:\/\/kolko.net\/askonline\/veranstaltungen\/wahlen-und-gewalt-gegen-aktivistinnen-in-kolumbien\">Wahlen und Gewalt gegen Aktivist*innen in Kolumbien<\/a><\/li><li class=\"sitemap-item\"><a href=\"https:\/\/kolko.net\/askonline\/veranstaltungen\/zunehmende-gewalt-in-arauca-was-ist-die-situation-der-menschenrechtsverteigerinnen-und-der-sozialen-bewegungen\">Zunehmende Gewalt in Arauca \u2013 was ist die Situation der Menschenrechtsverteiger*innen und der sozialen Bewegungen<\/a><\/li><\/ul><\/div><div class=\"simple-sitemap-wrap wahrheit-und-gerechtigkeit\"><h3 class=\"term-tag\">Wahrheit &amp; Gerechtigkeit<\/h3><ul class=\"simple-sitemap-post main\"><li class=\"sitemap-item\"><a href=\"https:\/\/kolko.net\/askonline\/themen\/frieden\/es-wird-keinen-vollstaendigen-frieden-geben-bis-wir-die-verschwundenen-personen-nicht-wieder-bei-uns-haben-interview-mit-cesar-santoyo-vom-colectivo-orlando-fals-borda\">\u201cEs wird keinen vollst\u00e4ndigen Frieden geben, bis wir die verschwundenen Personen nicht wieder bei uns haben\u201d Interview mit Cesar Santoyo vom Colectivo Orlando Fals Borda<\/a><\/li><li class=\"sitemap-item\"><a href=\"https:\/\/kolko.net\/askonline\/themen\/aktueller-stand-der-landrueckerstattungen\">Aktueller Stand der Landr\u00fcckerstattungen<\/a><\/li><li class=\"sitemap-item\"><a href=\"https:\/\/kolko.net\/askonline\/themen\/frieden\/die-sonderjustiz-fuer-den-frieden-nimmt-fahrt-auf\">Die Sonderjustiz f\u00fcr den Frieden nimmt Fahrt auf<\/a><\/li><li class=\"sitemap-item\"><a href=\"https:\/\/kolko.net\/askonline\/themen\/frieden\/ein-gespraech-ohne-angst-ueber-die-nation-die-wir-sind\">Ein Gespr\u00e4ch ohne Angst \u00fcber die Nation, die wir sind<\/a><\/li><li class=\"sitemap-item\"><a href=\"https:\/\/kolko.net\/askonline\/themen\/frieden\/fort-und-rueckschritte-bei-der-umsetzung-des-friedensabkommens\">Fort- und R\u00fcckschritte bei der Umsetzung des Friedensabkommens<\/a><\/li><li class=\"sitemap-item\"><a href=\"https:\/\/kolko.net\/askonline\/themen\/frieden\/fortschritte-und-herausforderungen-der-geschlechterpolitik\">Fortschritte und Herausforderungen der Geschlechterpolitik<\/a><\/li><li class=\"sitemap-item\"><a href=\"https:\/\/kolko.net\/askonline\/themen\/frieden\/gerechtigkeit-und-die-illusion-des-postkonflikts\">Gerechtigkeit und die Illusion des Postkonflikts<\/a><\/li><li class=\"sitemap-item\"><a href=\"https:\/\/kolko.net\/askonline\/allgemein\/halbzeit-fuer-die-regierung-duque-schwieriger-friedensaufbau-in-kolumbien\">Halbzeit f\u00fcr die Regierung Duque \u2013 schwieriger Friedensaufbau in Kolumbien<\/a><\/li><li class=\"sitemap-item\"><a href=\"https:\/\/kolko.net\/askonline\/allgemein\/interview-mit-yolvi-lena-padilla-sepulveda-und-edisantiago-gutierrez-von-der-wahrheitskommision\">Interview mit Yolvi Lena Padilla Sep\u00falveda und Edisantiago Guti\u00e9rrez von der Wahrheitskommision<\/a><\/li><li class=\"sitemap-item\"><a href=\"https:\/\/kolko.net\/askonline\/themen\/frieden\/langsame-umsetzung-der-friedensabkommen\">Langsame Umsetzung der Friedensabkommen<\/a><\/li><li class=\"sitemap-item\"><a href=\"https:\/\/kolko.net\/askonline\/allgemein\/ohne-eine-regierung-mit-dem-politischen-willen-die-ursachen-der-gewalt-anzugehen-werden-wir-nie-in-ruhe-leben-koennen\">Ohne eine Regierung mit dem politischen Willen, die Ursachen der Gewalt anzugehen, werden wir nie in Ruhe leben k\u00f6nnen<\/a><\/li><li class=\"sitemap-item\"><a href=\"https:\/\/kolko.net\/askonline\/themen\/frieden\/politisches-schmierentheater\">Politisches Schmierentheater<\/a><\/li><li class=\"sitemap-item\"><a href=\"https:\/\/kolko.net\/askonline\/themen\/frieden\/postkonflikt-hartnaeckige-geschlechtsspezifische-gewalt\">Postkonflikt: hartn\u00e4ckige geschlechtsspezifische Gewalt<\/a><\/li><li class=\"sitemap-item\"><a href=\"https:\/\/kolko.net\/askonline\/themen\/frieden\/sonderjustiz-fuer-den-frieden-ein-gesetz-mit-maengeln\">Sonderjustiz f\u00fcr den Frieden: ein Gesetz mit M\u00e4ngeln<\/a><\/li><li class=\"sitemap-item\"><a href=\"https:\/\/kolko.net\/askonline\/themen\/frieden\/stand-der-umsetzung-des-friedensabkommens-dezember-2016-bis-mai-2018\">Stand der Umsetzung des Friedensabkommens (Dezember 2016 bis Mai 2018)<\/a><\/li><li class=\"sitemap-item\"><a href=\"https:\/\/kolko.net\/askonline\/allgemein\/wichtige-schritte-auf-dem-weg-der-wahrheit\">Wichtige Schritte auf dem Weg der Wahrheit<\/a><\/li><li class=\"sitemap-item\"><a href=\"https:\/\/kolko.net\/askonline\/allgemein\/wie-erreicht-kolumbien-den-totalen-frieden\">Wie erreicht Kolumbien den totalen Frieden?\u00a0<\/a><\/li><li class=\"sitemap-item\"><a href=\"https:\/\/kolko.net\/askonline\/themen\/frieden\/wie-geht-es-dem-frieden\">Wie geht es dem Frieden?<\/a><\/li><li class=\"sitemap-item\"><a href=\"https:\/\/kolko.net\/askonline\/themen\/frieden\/zwiespaeltige-bilanz-nach-18-monaten-implementierung-des-friedensabkommens\">Zwiesp\u00e4ltige Bilanz nach 18 Monaten Implementierung des Friedensabkommens<\/a><\/li><\/ul><\/div><div class=\"simple-sitemap-wrap wirtschaft-menschenrechte\"><h3 class=\"term-tag\">Wirtschaft &amp; Menschenrechte<\/h3><ul class=\"simple-sitemap-post main\"><li class=\"sitemap-item\"><a href=\"https:\/\/kolko.net\/askonline\/allgemein\/cerrejon-als-100-tochter-von-glencore-kaum-fortschritte-in-der-guajira\"><strong>Cerrej\u00f3n als 100%-Tochter von Glencore: Kaum Fortschritte in der Guajira<\/strong><\/a><\/li><li class=\"sitemap-item\"><a href=\"https:\/\/kolko.net\/askonline\/allgemein\/grosse-unsicherheit-im-kohlerevier-des-cesar-wie-weiter-mit-prodeco\"><strong>Grosse Unsicherheit im Kohlerevier des Cesar \u2013 Wie weiter mit Prodeco?<\/strong><\/a><\/li><li class=\"sitemap-item\"><a href=\"https:\/\/kolko.net\/askonline\/allgemein\/rueckzug-der-beschwerde-gegen-glencore-vor-dem-nationalen-kontaktpunkt-fuer-die-oecd-leitsaetze\"><strong>R\u00fcckzug der Beschwerde gegen Glencore vor dem Nationalen Kontaktpunkt f\u00fcr die OECD Leits\u00e4tze<\/strong><\/a><\/li><li class=\"sitemap-item\"><a href=\"https:\/\/kolko.net\/askonline\/allgemein\/14-gemeinschaften-des-cesar-fordern-das-kolumbianische-verfassungsgericht-auf-eine-grundrechtsklage-ueber-die-minenschliessung-zu-ueberpruefen\">14 Gemeinschaften des Cesar fordern das kolumbianische Verfassungsgericht auf, eine Grundrechtsklage \u00fcber die Minenschliessung zu \u00fcberpr\u00fcfen<\/a><\/li><li class=\"sitemap-item\"><a href=\"https:\/\/kolko.net\/askonline\/allgemein\/2023-war-ein-schwieriges-jahr-fuer-die-gemeinschaften-im-umfeld-von-prodeco\">2023 war ein schwieriges Jahr f\u00fcr die Gemeinschaften im Umfeld von Prodeco<\/a><\/li><li class=\"sitemap-item\"><a href=\"https:\/\/kolko.net\/askonline\/themen\/wirtschaft-menschenrechte\/abholzung-in-kolumbien-gefaengnis-fuer-kleinbauern-und-freie-hand-fuer-grossgrundbesitzer\">Abholzung in Kolumbien \u2013 Gef\u00e4ngnis f\u00fcr Kleinbauern und freie Hand f\u00fcr Grossgrundbesitzer<\/a><\/li><li class=\"sitemap-item\"><a href=\"https:\/\/kolko.net\/askonline\/themen\/wirtschaft-menschenrechte\/laendliche-entwicklung-und-agrarreform\/aktueller-stand-der-landrueckerstattungen-2\">Aktueller Stand der Landr\u00fcckerstattungen<\/a><\/li><li class=\"sitemap-item\"><a href=\"https:\/\/kolko.net\/askonline\/allgemein\/auch-aktionaerinnen-und-aktionaere-tragen-verantwortung\">Auch Aktion\u00e4rinnen und Aktion\u00e4re tragen Verantwortung<\/a><\/li><li class=\"sitemap-item\"><a href=\"https:\/\/kolko.net\/askonline\/themen\/wirtschaft-menschenrechte\/laendliche-entwicklung-und-agrarreform\/bodenverteilung-steigende-ungleichheit-in-kolumbien\">Bodenverteilung: steigende Ungleichheit in Kolumbien<\/a><\/li><li class=\"sitemap-item\"><a href=\"https:\/\/kolko.net\/askonline\/themen\/wirtschaft-menschenrechte\/schweizer-unternehmen\/cerrejon-sorgt-fuer-schlagzeilen-nichtigkeitsklage-der-gemeinschaften-persilschein-durch-bettercoal-und-ein-uebermuetiger-neuer-praesident\">Cerrej\u00f3n sorgt f\u00fcr Schlagzeilen: Nichtigkeitsklage der Gemeinschaften, Persilschein durch Bettercoal und ein \u00fcberm\u00fctiger neuer Pr\u00e4sident<\/a><\/li><li class=\"sitemap-item\"><a href=\"https:\/\/kolko.net\/askonline\/themen\/wirtschaft-menschenrechte\/natuerliche-ressourcen-energie-und-infrastruktur\/cienaga-de-la-zapatosa-erhaelt-ramsar-schutzstatus\">Ci\u00e9naga de la Zapatosa erh\u00e4lt Ramsar Schutzstatus<\/a><\/li><li class=\"sitemap-item\"><a href=\"https:\/\/kolko.net\/askonline\/allgemein\/communique-des-tisches-fuer-eine-gerechte-transition-und-territoriale-verteidigung-wegen-drohungen\">Communiqu\u00e9 des Tisches f\u00fcr eine gerechte Transition und territoriale Verteidigung  wegen Drohungen<\/a><\/li><li class=\"sitemap-item\"><a href=\"https:\/\/kolko.net\/askonline\/allgemein\/communique-des-uno-sonderberichterstatters-zu-provincial-sorgt-fuer-spannungen\">Communiqu\u00e9 des UNO-Sonderberichterstatters zu Provincial sorgt f\u00fcr Spannungen<\/a><\/li><li class=\"sitemap-item\"><a href=\"https:\/\/kolko.net\/askonline\/allgemein\/das-menschenrechtskomitee-der-uno-in-genf-verurteilt-den-kolumbianischen-staat-wegen-der-ermordung-eines-gewerkschafters-bei-coca-cola\">Das Menschenrechtskomitee der UNO in Genf verurteilt den kolumbianischen Staat wegen der Ermordung eines Gewerkschafters bei Coca Cola<\/a><\/li><li class=\"sitemap-item\"><a href=\"https:\/\/kolko.net\/askonline\/allgemein\/das-recht-auf-eine-saubere-umwelt-und-auf-wasser-gemeinschaften-im-wiederstand-gegen-cerrejon\">Das Recht auf eine saubere Umwelt und auf Wasser: Gemeinschaften im Wiederstand gegen Cerrej\u00f3n<\/a><\/li><li class=\"sitemap-item\"><a href=\"https:\/\/kolko.net\/askonline\/allgemein\/der-juristische-kampf-um-den-zukuenftigen-betrieb-der-kohlemine-el-cerrejon-geht-weiter\">Der juristische Kampf um den zuk\u00fcnftigen Betrieb der Kohlemine El Cerrej\u00f3n geht weiter<\/a><\/li><li class=\"sitemap-item\"><a href=\"https:\/\/kolko.net\/askonline\/themen\/der-kampf-der-kleinbauern-fuer-die-anerkennung-ihrer-rechte-als-politische-subjekte\">Der Kampf der Kleinbauern f\u00fcr die Anerkennung ihrer Rechte als politische Subjekte<\/a><\/li><li class=\"sitemap-item\"><a href=\"https:\/\/kolko.net\/askonline\/themen\/wirtschaft-menschenrechte\/schweizer-unternehmen\/desinformationskampagne-von-cerrejon-fuehrt-zu-massiven-drohungen-gegen-soziale-fuehrungspersonen\">Desinformationskampagne von Cerrej\u00f3n f\u00fchrt zu massiven Drohungen gegen soziale F\u00fchrungspersonen<\/a><\/li><li class=\"sitemap-item\"><a href=\"https:\/\/kolko.net\/askonline\/themen\/die-auswirkungen-der-corona-krise-auf-eine-verletzliche-region-wie-die-guajira\">Die Auswirkungen der Corona-Krise auf eine verletzliche Region wie die Guajira<\/a><\/li><li class=\"sitemap-item\"><a href=\"https:\/\/kolko.net\/askonline\/themen\/wirtschaft-menschenrechte\/die-rettung-des-bruno-flusses-steht-auf-messers-schneide%ef%bf%bc\">Die Rettung des Bruno-Flusses steht auf Messers Schneide\ufffc<\/a><\/li><li class=\"sitemap-item\"><a href=\"https:\/\/kolko.net\/askonline\/themen\/die-umsiedlung-von-el-hatillo-geraet-erneut-in-probleme\">Die Umsiedlung von El Hatillo ger\u00e4t erneut in Probleme<\/a><\/li><li class=\"sitemap-item\"><a href=\"https:\/\/kolko.net\/askonline\/themen\/wirtschaft-menschenrechte\/schweizer-unternehmen\/die-umstrittene-umleitung-des-arroyo-bruno\">Die umstrittene Umleitung des Arroyo Bruno<\/a><\/li><li class=\"sitemap-item\"><a href=\"https:\/\/kolko.net\/askonline\/allgemein\/die-unsicherheiten-ueber-die-zukunft-des-kohlesektors-werden-auf-dem-ruecken-der-arbeiter-und-der-gemeinschaften-ausgetragen\">Die Unsicherheiten \u00fcber die Zukunft des Kohlesektors werden auf dem R\u00fccken der Arbeiter und der Gemeinschaften ausgetragen<\/a><\/li><li class=\"sitemap-item\"><a href=\"https:\/\/kolko.net\/askonline\/allgemein\/die-verfassungswidrige-situation-in-der-guajira-haelt-an\">Die verfassungswidrige Situation in der Guajira h\u00e4lt an<\/a><\/li><li class=\"sitemap-item\"><a href=\"https:\/\/kolko.net\/askonline\/themen\/wirtschaft-menschenrechte\/diskriminierung-von-frauen-im-laendlichen-kolumbien\">Diskriminierung von Frauen im l\u00e4ndlichen Kolumbien<\/a><\/li><li class=\"sitemap-item\"><a href=\"https:\/\/kolko.net\/askonline\/allgemein\/dorfgemeinschaften-und-zivilgesellschaftliche-organisationen-fordern-vom-neuen-ceo-von-glencore-einen-kurswechsel-in-umwelt-und-menschenrechtsfragen\">Dorfgemeinschaften und Zivilgesellschaftliche Organisationen fordern vom neuen CEO von Glencore einen Kurswechsel in Umwelt-und Menschenrechtsfragen<\/a><\/li><li class=\"sitemap-item\"><a href=\"https:\/\/kolko.net\/askonline\/allgemein\/dreifache-krise-fuer-prodeco-corona-fallende-preise-und-gerichtsurteile\">Dreifache Krise f\u00fcr Prodeco: Corona, fallende Preise und Gerichtsurteile<\/a><\/li><li class=\"sitemap-item\"><a href=\"https:\/\/kolko.net\/askonline\/allgemein\/drogenbekaempfung-wiederaufnahme-der-spruehfluege-mit-glyphosat-weiterhin-umstritten\">Drogenbek\u00e4mpfung: Wiederaufnahme der Spr\u00fchfl\u00fcge mit Glyphosat weiterhin umstritten<\/a><\/li><li class=\"sitemap-item\"><a href=\"https:\/\/kolko.net\/askonline\/allgemein\/e-book-ueber-illegalen-goldabbau-mit-schweren-maschinen-im-choco\">E-Book \u00fcber illegalen Goldabbau mit schweren Maschinen im Choc\u00f3<\/a><\/li><li class=\"sitemap-item\"><a href=\"https:\/\/kolko.net\/askonline\/themen\/wirtschaft-menschenrechte\/laendliche-entwicklung-und-agrarreform\/ein-gesetzesprojekt-will-erneut-die-agrarreform-zerstoeren\">Ein Gesetzesprojekt will erneut die Agrarreform zerst\u00f6ren<\/a><\/li><li class=\"sitemap-item\"><a href=\"https:\/\/kolko.net\/askonline\/allgemein\/eingabe-beim-schweizer-nationalen-kontaktpunkt-der-oecd-gegen-glencore\">Eingabe beim Schweizer Nationalen Kontaktpunkt der OECD gegen Glencore<\/a><\/li><li class=\"sitemap-item\"><a href=\"https:\/\/kolko.net\/askonline\/themen\/frieden\/entwaldung-in-kolumbiens-nationalparks-nach-unterzeichnung-des-friedensabkommens\">Entwaldung in Kolumbiens Nationalparks nach Unterzeichnung des Friedensabkommens<\/a><\/li><li class=\"sitemap-item\"><a href=\"https:\/\/kolko.net\/askonline\/themen\/erdoel-und-bergbaufirmen-finanzieren-die-staatlichen-sicherheitskraefte-und-die-staatsanwaltschaft\">Erd\u00f6l- und Bergbaufirmen finanzieren die staatlichen Sicherheitskr\u00e4fte und die Staatsanwaltschaft<\/a><\/li><li class=\"sitemap-item\"><a href=\"https:\/\/kolko.net\/askonline\/allgemein\/erfolgreiche-proteste-der-ethnischen-gemeinschaften-im-einflussbereich-von-cerrejon\">Erfolgreiche Proteste der ethnischen Gemeinschaften im Einflussbereich von Cerrej\u00f3n \u00a0<\/a><\/li><li class=\"sitemap-item\"><a href=\"https:\/\/kolko.net\/askonline\/themen\/ermordung-von-drei-arbeitern-bei-nestle-kolumbien-gewerkschaften-und-nichtregierungsorganisationen-fordern-nestle-auf-fuer-die-sicherheit-der-arbeiterinnen-zu-sorgen\">Ermordung von drei Arbeitern bei Nestl\u00e9 Kolumbien: Gewerkschaften und Nichtregierungsorganisationen fordern Nestl\u00e9 auf, f\u00fcr die Sicherheit der ArbeiterInnen zu sorgen<\/a><\/li><li class=\"sitemap-item\"><a href=\"https:\/\/kolko.net\/askonline\/allgemein\/erneute-konflikte-um-die-praesenz-von-kleinbauern-und-kleinbaeuerinnen-in-den-nationalparks\">Erneute Konflikte um die Pr\u00e4senz von Kleinbauern und Kleinb\u00e4uerinnen in den Nationalparks<\/a><\/li><li class=\"sitemap-item\"><a href=\"https:\/\/kolko.net\/askonline\/allgemein\/erste-erfolge-der-betroffenen-bevoelkerung-fuer-transparenz-und-mitgestaltung-bei-prodecos-minenschliessung\">Erste Erfolge der betroffenen Bev\u00f6lkerung f\u00fcr Transparenz und Mitgestaltung bei Prodecos Minenschliessung<\/a><\/li><li class=\"sitemap-item\"><a href=\"https:\/\/kolko.net\/askonline\/themen\/wirtschaft-menschenrechte\/es-geht-in-die-zweite-runde\">Es geht in die zweite Runde<\/a><\/li><li class=\"sitemap-item\"><a href=\"https:\/\/kolko.net\/askonline\/themen\/wirtschaft-menschenrechte\/fleischkonsum-abholzung-und-unnachvollziehbare-zusammenhaenge\">Fleischkonsum, Abholzung und (un)nachvollziehbare Zusammenh\u00e4nge<\/a><\/li><li class=\"sitemap-item\"><a href=\"https:\/\/kolko.net\/askonline\/themen\/wirtschaft-menschenrechte\/unternehmensverantwortung-und-wirtschaftspolitik\/freihandelsabkommen-der-schweiz-mit-kolumbien-in-kraft\">Freihandelsabkommen der Schweiz mit Kolumbien in Kraft<\/a><\/li><li class=\"sitemap-item\"><a href=\"https:\/\/kolko.net\/askonline\/themen\/wirtschaft-menschenrechte\/gefahr-fuer-die-umwelt-durch-den-nationalen-entwicklungsplan\">Gefahr f\u00fcr die Umwelt durch den Nationalen Entwicklungsplan<\/a><\/li><li class=\"sitemap-item\"><a href=\"https:\/\/kolko.net\/askonline\/allgemein\/gemeinschaft-von-canaverales-blockiert-kohletagebau-der-tuerkischen-yildirim-holding-in-der-guajira\">Gemeinschaft von Ca\u00f1averales blockiert Kohletagebau der t\u00fcrkischen Yildirim Holding in der Guajira<\/a><\/li><li class=\"sitemap-item\"><a href=\"https:\/\/kolko.net\/askonline\/allgemein\/gemeinschaften-blockieren-cerrejon-mine-und-protestieren-fuer-ihre-rechte\">Gemeinschaften blockieren Cerrej\u00f3n Mine und protestieren f\u00fcr ihre Rechte<\/a><\/li><li class=\"sitemap-item\"><a href=\"https:\/\/kolko.net\/askonline\/allgemein\/gemeinschaften-im-einflussbereich-von-glencore-prodeco-helft-uns-gehoert-zu-werden-wir-fordern-gerechtigkeit\">Gemeinschaften im Einflussbereich von Glencore Prodeco: HELFT UNS, GEH\u00d6RT ZU WERDEN, WIR FORDERN GERECHTIGKEIT!<\/a><\/li><li class=\"sitemap-item\"><a href=\"https:\/\/kolko.net\/askonline\/themen\/wirtschaft-menschenrechte\/unternehmensverantwortung-und-wirtschaftspolitik\/gewerkschaftsrechte-und-freihandelsabkommen-drei-jahre-unerfuellte-versprechen\">Gewerkschaftsrechte und Freihandelsabkommen: drei Jahre unerf\u00fcllte Versprechen<\/a><\/li><li class=\"sitemap-item\"><a href=\"https:\/\/kolko.net\/askonline\/allgemein\/glencore-aktionaersversammlung-verbesserung-der-selbstdarstellung\">Glencore Aktion\u00e4rsversammlung: Verbesserung der Selbstdarstellung<\/a><\/li><li class=\"sitemap-item\"><a href=\"https:\/\/kolko.net\/askonline\/allgemein\/glencore-antapaccay-und-die-bevoelkerung-espinars-ein-nicht-endender-konflikt\">Glencore Antapaccay und die Bev\u00f6lkerung Espinars \u2013 ein nicht endender Konflikt<\/a><\/li><li class=\"sitemap-item\"><a href=\"https:\/\/kolko.net\/askonline\/themen\/glencore-gegen-kolumbien-ein-suess-saures-urteil\">Glencore gegen Kolumbien \u2013 ein s\u00fcss-saures Urteil<\/a><\/li><li class=\"sitemap-item\"><a href=\"https:\/\/kolko.net\/askonline\/allgemein\/glencore-prodeco-will-die-bergbaukonzessionen-an-den-staat-zurueckgeben-und-sich-aus-kolumbien-zurueckziehen\">Glencore Prodeco will die Bergbaukonzessionen an den Staat zur\u00fcckgeben und sich aus Kolumbien zur\u00fcckziehen<\/a><\/li><li class=\"sitemap-item\"><a href=\"https:\/\/kolko.net\/askonline\/allgemein\/glencores-nachhaltigkeitsbericht-nach-wie-vor-ungenuegend\">Glencores Nachhaltigkeitsbericht nach wie vor ungen\u00fcgend<\/a><\/li><li class=\"sitemap-item\"><a href=\"https:\/\/kolko.net\/askonline\/themen\/wirtschaft-menschenrechte\/goldexportfirma-mit-schweizer-bezug-im-zentrum-eines-geldwaeschereiskandals\">Goldexportfirma mit Schweizer Bezug im Zentrum eines Geldw\u00e4schereiskandals<\/a><\/li><li class=\"sitemap-item\"><a href=\"https:\/\/kolko.net\/askonline\/allgemein\/gravierende-luecken-bei-der-kontrolle-von-edelmetallen\">Gravierende L\u00fccken bei der Kontrolle von Edelmetallen<\/a><\/li><li class=\"sitemap-item\"><a href=\"https:\/\/kolko.net\/askonline\/allgemein\/harte-verhandlungen-und-streik-bei-cerrejon\">Harte Verhandlungen und Streik bei Cerrej\u00f3n<\/a><\/li><li class=\"sitemap-item\"><a href=\"https:\/\/kolko.net\/askonline\/allgemein\/hohe-manager-von-drummond-angeklagt-paramilitaers-finanziert-zu-haben\">Hohe Manager von Drummond angeklagt, Paramilit\u00e4rs finanziert zu haben<\/a><\/li><li class=\"sitemap-item\"><a href=\"https:\/\/kolko.net\/askonline\/themen\/wirtschaft-menschenrechte\/schweizer-unternehmen\/rohstoffe-und-infrastruktur\/holcim-vom-geschaeft-mit-kiesgruben-mitten-in-bogota\">Holcim \u2013 Vom Gesch\u00e4ft mit Kiesgruben mitten in Bogot\u00e1<\/a><\/li><li class=\"sitemap-item\"><a href=\"https:\/\/kolko.net\/askonline\/themen\/wirtschaft-menschenrechte\/unternehmensverantwortung-und-wirtschaftspolitik\/keine-griffigen-schutzmassnahmen-fuer-menschenrechte-im-freihandel-der-eu-mit-kolumbien\">Keine griffigen Schutzmassnahmen f\u00fcr Menschenrechte im Freihandel der EU mit Kolumbien<\/a><\/li><li class=\"sitemap-item\"><a href=\"https:\/\/kolko.net\/askonline\/allgemein\/klaegerinnen-von-provincial-erbost-ueber-luegen-von-cerrejon\">Kl\u00e4gerinnen von Provincial erbost \u00fcber \u201eL\u00fcgen\u201c von Cerrej\u00f3n<\/a><\/li><li class=\"sitemap-item\"><a href=\"https:\/\/kolko.net\/askonline\/allgemein\/kohle-und-cesar-ungewissheit-wegen-prodecos-weggang-hoffnung-auf-reaktivierung\">Kohle und Cesar: Ungewissheit wegen Prodecos Weggang \u2013 Hoffnung auf Reaktivierung \u00a0<\/a><\/li><li class=\"sitemap-item\"><a href=\"https:\/\/kolko.net\/askonline\/allgemein\/kohleabbau-gerechte-transition-und-klimapartnerschaft\">Kohleabbau, gerechte Transition und Klimapartnerschaft\u00a0<\/a><\/li><li class=\"sitemap-item\"><a href=\"https:\/\/kolko.net\/askonline\/allgemein\/kolumbien-hauptthema-an-der-diesjaehrigen-glencore-aktionaersversammlung\">Kolumbien Hauptthema an der diesj\u00e4hrigen Glencore Aktion\u00e4rsversammlung<\/a><\/li><li class=\"sitemap-item\"><a href=\"https:\/\/kolko.net\/askonline\/allgemein\/kolumbien-ist-das-zweitgefaehrlichste-land-fuer-menschenrechtsverteidiger-die-sich-gegen-negative-auswirkungen-von-unternehmen-wehren\">Kolumbien ist das zweitgef\u00e4hrlichste Land f\u00fcr Menschenrechtsverteidiger, die sich gegen negative Auswirkungen von Unternehmen wehren<\/a><\/li><li class=\"sitemap-item\"><a href=\"https:\/\/kolko.net\/askonline\/allgemein\/kolumbien-bericht-fordert-schliessungsplan-fuer-glencore-mine\">Kolumbien: Bericht fordert Schliessungsplan f\u00fcr Glencore-Mine<\/a><\/li><li class=\"sitemap-item\"><a href=\"https:\/\/kolko.net\/askonline\/allgemein\/kolumbiens-bergbaubehoerde-lehnt-suspension-des-kohleabbaus-durch-prodeco-ab\">Kolumbiens Bergbaubeh\u00f6rde lehnt Suspension des Kohleabbaus durch Prodeco ab<\/a><\/li><li class=\"sitemap-item\"><a href=\"https:\/\/kolko.net\/askonline\/themen\/wirtschaft-menschenrechte\/natuerliche-ressourcen-energie-und-infrastruktur\/kolumbiens-groesster-paramo-durch-tourismus-und-erdoelfoerderung-bedroht\">Kolumbiens gr\u00f6sster P\u00e1ramo: durch Tourismus und Erd\u00f6lf\u00f6rderung bedroht<\/a><\/li><li class=\"sitemap-item\"><a href=\"https:\/\/kolko.net\/askonline\/themen\/wirtschaft-menschenrechte\/konzernlobby-gewinnt-im-staenderat-alibi-gegenvorschlag-ohne-wirkung-verabschiedet\">Konzernlobby gewinnt im St\u00e4nderat: Alibi-Gegenvorschlag ohne Wirkung verabschiedet<\/a><\/li><li class=\"sitemap-item\"><a href=\"https:\/\/kolko.net\/askonline\/allgemein\/massive-praesenz-von-gewerkschaften-und-betroffenen-gemeinschaften-an-der-glencore-gv\">Massive Pr\u00e4senz von Gewerkschaften und betroffenen Gemeinschaften an der Glencore GV<\/a><\/li><li class=\"sitemap-item\"><a href=\"https:\/\/kolko.net\/askonline\/themen\/wirtschaft-menschenrechte\/schweizer-unternehmen\/massive-umweltbelastung-gesundheitsprobleme-und-eine-ungewisse-zukunft-praegen-viele-gemeinschaften-im-einflussbereich-der-kohlenmine-el-cerrejon\">Massive Umweltbelastung, Gesundheitsprobleme und eine ungewisse Zukunft pr\u00e4gen viele Gemeinschaften im Einflussbereich der Kohlenmine El Cerrej\u00f3n<\/a><\/li><li class=\"sitemap-item\"><a href=\"https:\/\/kolko.net\/askonline\/allgemein\/menschenrechtliche-folgeabschaetzungen-zeigen-weiterhin-keine-wirkung\">Menschenrechtliche Folgeabsch\u00e4tzungen zeigen weiterhin keine Wirkung<\/a><\/li><li class=\"sitemap-item\"><a href=\"https:\/\/kolko.net\/askonline\/allgemein\/mit-frischem-wind-in-eine-gruene-zukunft\">Mit frischem Wind in eine gr\u00fcne Zukunft?<\/a><\/li><li class=\"sitemap-item\"><a href=\"https:\/\/kolko.net\/askonline\/themen\/wirtschaft-menschenrechte\/schweizer-unternehmen\/lebensmittel-gesundheit-und-agrarsektor\/mord-an-nestle-arbeiter-romero-in-kolumbien-beschwerde-gegen-die-schweiz-vor-dem-europaeischen-gerichtshof-fuer-menschenrechte\">Mord an Nestl\u00e9-Arbeiter Romero in Kolumbien: Beschwerde gegen die Schweiz vor dem Europ\u00e4ischen Gerichtshof f\u00fcr Menschenrechte<\/a><\/li><li class=\"sitemap-item\"><a href=\"https:\/\/kolko.net\/askonline\/allgemein\/morde-und-todesdrohungen-gegen-landrechtskaempfer-und-verteidigerinnen-des-territoriums-reissen-nicht-ab\">Morde und Todesdrohungen gegen Landrechtsk\u00e4mpfer und VerteidigerInnen des Territoriums reissen nicht ab\u00a0<\/a><\/li><li class=\"sitemap-item\"><a href=\"https:\/\/kolko.net\/askonline\/themen\/wirtschaft-menschenrechte\/musterprozess-gegen-ehemals-groessten-kolumbianischen-goldexporteuer-wegen-geldwaesche-und-terrorfinanzierung-vor-gericht-gescheitert%ef%bf%bc\">Musterprozess gegen ehemals gr\u00f6ssten kolumbianischen Goldexporteuer wegen Geldw\u00e4sche und Terrorfinanzierung vor Gericht gescheitert\ufffc<\/a><\/li><li class=\"sitemap-item\"><a href=\"https:\/\/kolko.net\/askonline\/themen\/wirtschaft-menschenrechte\/novartis-gegen-kolumbien\">Novartis gegen Kolumbien<\/a><\/li><li class=\"sitemap-item\"><a href=\"https:\/\/kolko.net\/askonline\/allgemein\/offener-brief-der-sechs-autoritaeten-der-yukpa-an-den-generalstaatsanwalt-kolumbiens\">Offener Brief der sechs Autorit\u00e4ten der Yukpa an den Generalstaatsanwalt Kolumbiens<\/a><\/li><li class=\"sitemap-item\"><a href=\"https:\/\/kolko.net\/askonline\/allgemein\/ohne-eine-regierung-mit-dem-politischen-willen-die-ursachen-der-gewalt-anzugehen-werden-wir-nie-in-ruhe-leben-koennen\">Ohne eine Regierung mit dem politischen Willen, die Ursachen der Gewalt anzugehen, werden wir nie in Ruhe leben k\u00f6nnen<\/a><\/li><li class=\"sitemap-item\"><a href=\"https:\/\/kolko.net\/askonline\/allgemein\/organizaciones-internacionales-denuncian-al-gigante-minero-anglo-american-por-sus-impactos-en-america-latina-y-su-respuesta-al-covid19\">Organizaciones internacionales denuncian al gigante minero Anglo American por sus impactos en Am\u00e9rica Latina y su respuesta al Covid19<\/a><\/li><li class=\"sitemap-item\"><a href=\"https:\/\/kolko.net\/askonline\/allgemein\/petro-will-die-campesinos-als-rechtssubjekte-anerkennen-und-endlich-die-agrarreform-umsetzen\">Petro will die Campesinos als Rechtssubjekte anerkennen und endlich die Agrarreform umsetzen<\/a><\/li><li class=\"sitemap-item\"><a href=\"https:\/\/kolko.net\/askonline\/allgemein\/prodeco-unternehmensverantwortung-und-menschenrechte-im-bergbaukorridor-des-departements-cesar\">PRODECO: Unternehmensverantwortung und Menschenrechte im Bergbaukorridor des Departements Cesar<\/a><\/li><li class=\"sitemap-item\"><a href=\"https:\/\/kolko.net\/askonline\/allgemein\/prodecos-erster-menschenrechtsbericht-ueber-die-sorgfaltspflicht-ist-klar-ungenuegend\">Prodecos erster Menschenrechtsbericht \u00fcber die Sorgfaltspflicht ist klar ungen\u00fcgend<\/a><\/li><li class=\"sitemap-item\"><a href=\"https:\/\/kolko.net\/askonline\/allgemein\/proteste-in-el-hatillo-wegen-verzoegerungen-bei-der-umsiedlung\">Proteste in El Hatillo wegen Verz\u00f6gerungen bei der Umsiedlung<\/a><\/li><li class=\"sitemap-item\"><a href=\"https:\/\/kolko.net\/askonline\/allgemein\/provincial-das-indigene-reservat-das-waehrend-der-pandemie-einer-seiner-besten-momente-durchlebte\">Provincial, das indigene Reservat, das w\u00e4hrend der Pandemie einer seiner besten Momente durchlebte<\/a><\/li><li class=\"sitemap-item\"><a href=\"https:\/\/kolko.net\/askonline\/themen\/punkt-4-des-friedensabkommens-drogen-und-frieden\">Punkt 4 des Friedensabkommens: Drogen und Frieden<\/a><\/li><li class=\"sitemap-item\"><a href=\"https:\/\/kolko.net\/askonline\/allgemein\/rohstoffsektor-und-agrobusiness-nutzen-die-pandemie-um-ethnische-und-umweltrechte-zu-beschraenken\">Rohstoffsektor und Agrobusiness nutzen die Pandemie, um ethnische und Umweltrechte zu beschr\u00e4nken<\/a><\/li><li class=\"sitemap-item\"><a href=\"https:\/\/kolko.net\/askonline\/themen\/wirtschaft-menschenrechte\/rueckgabe-der-bergbautitel-von-prodeco-erfolgt-auf-dem-ruecken-der-arbeiter\">R\u00fcckgabe der Bergbautitel von Prodeco erfolgt auf dem R\u00fccken der Arbeiter<\/a><\/li><li class=\"sitemap-item\"><a href=\"https:\/\/kolko.net\/askonline\/allgemein\/rueckgabe-der-kohleminen-von-prodeco-und-erfuellung-der-sozialen-und-umweltauflagen-weiterhin-ungewiss\">R\u00fcckgabe der Kohleminen von Prodeco und Erf\u00fcllung der sozialen und Umweltauflagen weiterhin ungewiss<\/a><\/li><li class=\"sitemap-item\"><a href=\"https:\/\/kolko.net\/askonline\/themen\/wirtschaft-menschenrechte\/schweizer-goldraffinerie-abnehmerin-von-gold-zweifelhafter-herkunft\">Schweizer Goldraffinerie Abnehmerin von Gold zweifelhafter Herkunft!<\/a><\/li><li class=\"sitemap-item\"><a href=\"https:\/\/kolko.net\/askonline\/allgemein\/so-steht-es-um-den-friedensprozess-die-versaeumnisse-der-agrarreform\">So steht es um den Friedensprozess: die Vers\u00e4umnisse der Agrarreform<\/a><\/li><li class=\"sitemap-item\"><a href=\"https:\/\/kolko.net\/askonline\/allgemein\/soziale-fuehrungspersonen-erneut-unter-beschuss\">Soziale F\u00fchrungspersonen erneut unter Beschuss<\/a><\/li><li class=\"sitemap-item\"><a href=\"https:\/\/kolko.net\/askonline\/allgemein\/streik-bei-cerrejon-nach-91-tagen-beigelegt-zukunft-der-kohlemine-bleibt-aber-ungewiss\">Streik bei Cerrej\u00f3n nach 91 Tagen beigelegt, Zukunft der Kohlemine bleibt aber ungewiss<\/a><\/li><li class=\"sitemap-item\"><a href=\"https:\/\/kolko.net\/askonline\/themen\/wirtschaft-menschenrechte\/schweizer-unternehmen\/streit-zwischen-novartis-und-kolumbien-ueber-zwangslizenz-fuer-krebsmedikament-eskaliert\">Streit zwischen Novartis und Kolumbien \u00fcber Zwangslizenz f\u00fcr Krebsmedikament eskaliert<\/a><\/li><li class=\"sitemap-item\"><a href=\"https:\/\/kolko.net\/askonline\/allgemein\/tabaco-23-jahre-vertrieben-es-ist-zeit-zu-reagieren\">Tabaco 23 Jahre vertrieben: Es ist Zeit zu reagieren.<\/a><\/li><li class=\"sitemap-item\"><a href=\"https:\/\/kolko.net\/askonline\/allgemein\/trotz-pandemie-morde-und-drohungen-gegen-kleinbauernfuehrerinnen-und-gewaltsame-kokaausrottung\">Trotz Pandemie: Morde und Drohungen gegen Kleinbauernf\u00fchrerInnen und gewaltsame Kokaausrottung<\/a><\/li><li class=\"sitemap-item\"><a href=\"https:\/\/kolko.net\/askonline\/allgemein\/ueberraschende-wende-im-kolumbianischen-kohlegeschaeft\">\u00dcberraschende Wende im kolumbianischen Kohlegesch\u00e4ft<\/a><\/li><li class=\"sitemap-item\"><a href=\"https:\/\/kolko.net\/askonline\/allgemein\/umsiedlung-von-el-hatillo-unterbrochen-rechtsverletzungen-und-hungerkrise-drohen\">Umsiedlung von El Hatillo unterbrochen \u2013 Rechtsverletzungen und Hungerkrise drohen<\/a><\/li><li class=\"sitemap-item\"><a href=\"https:\/\/kolko.net\/askonline\/themen\/wirtschaft-menschenrechte\/umstrittenes-abkommen-mit-dem-viehzuechterverband-fedegan-soll-der-agrarreform-zum-durchbruch-verhelfen\">Umstrittenes Abkommen mit dem Viehz\u00fcchterverband FEDEGAN soll der Agrarreform zum Durchbruch verhelfen<\/a><\/li><li class=\"sitemap-item\"><a href=\"https:\/\/kolko.net\/askonline\/allgemein\/umstrittenes-urteil-des-weltbankschiedsgerichts-gegen-kolumbien\">Umstrittenes Urteil des Weltbankschiedsgerichts gegen Kolumbien<\/a><\/li><li class=\"sitemap-item\"><a href=\"https:\/\/kolko.net\/askonline\/themen\/wirtschaft-menschenrechte\/ungeloeste-vergangene-und-aktuelle-menschenrechtliche-herausforderungen-in-der-kohleabbauregion-des-cesar\">Ungel\u00f6ste vergangene und aktuelle menschenrechtliche Herausforderungen in der Kohleabbauregion des Cesar<\/a><\/li><li class=\"sitemap-item\"><a href=\"https:\/\/kolko.net\/askonline\/themen\/wirtschaft-menschenrechte\/ungleiche-verhandlungen-um-die-lunge-der-erde\">Ungleiche Verhandlungen um die Lunge der Erde<\/a><\/li><li class=\"sitemap-item\"><a href=\"https:\/\/kolko.net\/askonline\/allgemein\/uno-sonderberichterstatter-fuer-umwelt-und-menschenrechte-verlangt-unterbruch-der-bergbauoperationen-von-cerrejon\">UNO Sonderberichterstatter f\u00fcr Umwelt und Menschenrechte verlangt Unterbruch der Bergbauoperationen von Cerrej\u00f3n<\/a><\/li><li class=\"sitemap-item\"><a href=\"https:\/\/kolko.net\/askonline\/allgemein\/urteil-des-kolumbianischen-verfassungsgerichts-im-ersten-kolumbianischen-fall-der-schliessung-eines-kohlebergwerks-schuetzt-die-rechte-von-gemeinschaften-und-entlassenen-arbeitern\">URTEIL DES KOLUMBIANISCHEN VERFASSUNGSGERICHTS IM ERSTEN KOLUMBIANISCHEN FALL DER SCHLIESSUNG EINES KOHLEBERGWERKS SCH\u00dcTZT DIE RECHTE VON GEMEINSCHAFTEN UND ENTLASSENEN ARBEITERN<\/a><\/li><li class=\"sitemap-item\"><a href=\"https:\/\/kolko.net\/askonline\/themen\/wirtschaft-menschenrechte\/natuerliche-ressourcen-energie-und-infrastruktur\/viele-offene-fragen-um-das-wasserkraftprojekt-hidroituango\">Viele offene Fragen um das Wasserkraftprojekt Hidroituango<\/a><\/li><li class=\"sitemap-item\"><a href=\"https:\/\/kolko.net\/askonline\/allgemein\/vom-versuch-der-abholzung-einhalt-zu-gebieten\">Vom Versuch, der Abholzung Einhalt zu gebieten<\/a><\/li><li class=\"sitemap-item\"><a href=\"https:\/\/kolko.net\/askonline\/allgemein\/warum-freiwilligkeit-bei-menschenrechtlicher-sorgfaltspflicht-nicht-genuegt\">Warum Freiwilligkeit bei menschenrechtlicher Sorgfaltspflicht nicht gen\u00fcgt<\/a><\/li><li class=\"sitemap-item\"><a href=\"https:\/\/kolko.net\/askonline\/themen\/wirtschaft-menschenrechte\/wasserverschmutzung-und-bleibelastung-im-tota-see\">Wasserverschmutzung und Bleibelastung im Tota-See<\/a><\/li><li class=\"sitemap-item\"><a href=\"https:\/\/kolko.net\/askonline\/themen\/wirtschaft-menschenrechte\/wegweisendes-urteil-des-verfassungsgerichtes-fuer-die-umwelt-und-gesundheit-in-provincial\">Wegweisendes Urteil des Verfassungsgerichtes f\u00fcr die Umwelt und Gesundheit in Provincial<\/a><\/li><li class=\"sitemap-item\"><a href=\"https:\/\/kolko.net\/askonline\/themen\/wirtschaft-menschenrechte\/natuerliche-ressourcen-energie-und-infrastruktur\/wegweisendes-urteil-des-verfassungsgerichtes-zum-schutz-des-amazonaswaldes\">Wegweisendes Urteil des Verfassungsgerichtes zum Schutz des Amazonaswaldes<\/a><\/li><li class=\"sitemap-item\"><a href=\"https:\/\/kolko.net\/askonline\/allgemein\/weitere-proteste-und-grosse-unsicherheit-bezueglich-der-umsiedlung-von-el-hatillo\">Weitere Proteste und grosse Unsicherheit bez\u00fcglich der Umsiedlung von El Hatillo<\/a><\/li><li class=\"sitemap-item\"><a href=\"https:\/\/kolko.net\/askonline\/allgemein\/weiterhin-grosse-herausforderungen-und-soziale-probleme-in-der-kohlenregion-des-cesar\">Weiterhin grosse Herausforderungen und soziale Probleme in der Kohlenregion des Cesar<\/a><\/li><li class=\"sitemap-item\"><a href=\"https:\/\/kolko.net\/askonline\/allgemein\/weshalb-freiwillige-menschenrechtsinstrumente-fuer-konzerne-nicht-genuegen-und-es-die-kvi-braucht\">Weshalb freiwillige Menschenrechtsinstrumente f\u00fcr Konzerne nicht gen\u00fcgen und es die KVI braucht<\/a><\/li><li class=\"sitemap-item\"><a href=\"https:\/\/kolko.net\/askonline\/themen\/wirtschaft-menschenrechte-und-friedensfoerderung-in-kolumbien-der-standpunkt-der-ask\">Wirtschaft, Menschenrechte und Friedensf\u00f6rderung in Kolumbien: Der Standpunkt der ask<\/a><\/li><li class=\"sitemap-item\"><a href=\"https:\/\/kolko.net\/askonline\/themen\/wirtschaft-menschenrechte\/unternehmensverantwortung-und-wirtschaftspolitik\/wirtschaft-menschenrechte-und-friedensfoerderung-in-kolumbien-der-standpunkt-der-ask-2\">Wirtschaft, Menschenrechte und Friedensf\u00f6rderung in Kolumbien: Der Standpunkt der ask<\/a><\/li><li class=\"sitemap-item\"><a href=\"https:\/\/kolko.net\/askonline\/allgemein\/zehn-jahre-nach-den-umsiedlungen-immer-noch-keine-nachhaltigen-gemeinschaften-trotz-neuen-verhandlungen-mit-cerrejon-waechst-die-ungeduld\">Zehn Jahre nach den Umsiedlungen immer noch keine nachhaltigen Gemeinschaften \u2013 trotz neuen Verhandlungen mit Cerrej\u00f3n w\u00e4chst die Ungeduld<\/a><\/li><\/ul><\/div><\/div><br style=\"clear: both\">\n<p>[\/et_pb_text][et_pb_divider _builder_version=&#8220;3.27.4&#8243; custom_margin=&#8220;-47px|||||&#8220;][\/et_pb_divider][\/et_pb_column][\/et_pb_row][\/et_pb_section]<\/p>\n","protected":false},"excerpt":{"rendered":"<p>[et_pb_section fb_built=&#8220;1&#8243; admin_label=&#8220;Header&#8220; _builder_version=&#8220;3.27.4&#8243; use_background_color_gradient=&#8220;on&#8220; background_color_gradient_start=&#8220;rgba(165,206,199,0.6)&#8220; background_color_gradient_end=&#8220;#151f33&#8243; background_color_gradient_type=&#8220;radial&#8220; background_color_gradient_overlays_image=&#8220;on&#8220; background_enable_image=&#8220;off&#8220; custom_padding=&#8220;0vw||0||false|false&#8220; locked=&#8220;off&#8220; background_color_gradient_start__hover=&#8220;#2b87da&#8220; background_color_gradient_start__hover_enabled=&#8220;#2b87da&#8220; background_color_gradient_end__hover=&#8220;#29c4a9&#8243; background_color_gradient_end__hover_enabled=&#8220;#29c4a9&#8243; use_background_color_gradient__hover=&#8220;off&#8220; use_background_color_gradient__hover_enabled=&#8220;off&#8220; background_color_gradient_type__hover=&#8220;linear&#8220; background_color_gradient_type__hover_enabled=&#8220;linear&#8220; background_color_gradient_direction__hover=&#8220;180deg&#8220; background_color_gradient_direction__hover_enabled=&#8220;180deg&#8220; background_color_gradient_direction_radial__hover=&#8220;center&#8220; background_color_gradient_direction_radial__hover_enabled=&#8220;center&#8220; background_color_gradient_start_position__hover=&#8220;0%&#8220; background_color_gradient_start_position__hover_enabled=&#8220;0%&#8220; background_color_gradient_end_position__hover=&#8220;100%&#8220; background_color_gradient_end_position__hover_enabled=&#8220;100%&#8220; background_color_gradient_overlays_image__hover=&#8220;off&#8220; background_color_gradient_overlays_image__hover_enabled=&#8220;off&#8220;][et_pb_row _builder_version=&#8220;3.27.4&#8243; max_width=&#8220;80%&#8220; use_custom_width=&#8220;on&#8220; width_unit=&#8220;off&#8220; custom_width_px__hover=&#8220;1080px&#8220; custom_width_px__hover_enabled=&#8220;1080px&#8220; custom_width_percent__hover=&#8220;80%&#8220; custom_width_percent__hover_enabled=&#8220;80%&#8220; gutter_width__hover=&#8220;3&#8243; gutter_width__hover_enabled=&#8220;3&#8243; parallax_1__hover=&#8220;off&#8220; parallax_1__hover_enabled=&#8220;off&#8220; parallax_2__hover=&#8220;off&#8220; parallax_2__hover_enabled=&#8220;off&#8220; parallax_3__hover=&#8220;off&#8220; parallax_3__hover_enabled=&#8220;off&#8220; parallax_4__hover=&#8220;off&#8220; parallax_4__hover_enabled=&#8220;off&#8220; parallax_5__hover=&#8220;off&#8220; parallax_5__hover_enabled=&#8220;off&#8220; parallax_6__hover=&#8220;off&#8220; parallax_6__hover_enabled=&#8220;off&#8220; parallax_method_1__hover=&#8220;on&#8220; parallax_method_1__hover_enabled=&#8220;on&#8220; parallax_method_2__hover=&#8220;on&#8220; [&hellip;]<\/p>\n","protected":false},"author":1,"featured_media":0,"parent":0,"menu_order":0,"comment_status":"closed","ping_status":"closed","template":"","meta":{"_et_pb_use_builder":"on","_et_pb_old_content":"","_et_gb_content_width":"","footnotes":""},"class_list":["post-633","page","type-page","status-publish","hentry"],"_links":{"self":[{"href":"https:\/\/kolko.net\/askonline\/wp-json\/wp\/v2\/pages\/633","targetHints":{"allow":["GET"]}}],"collection":[{"href":"https:\/\/kolko.net\/askonline\/wp-json\/wp\/v2\/pages"}],"about":[{"href":"https:\/\/kolko.net\/askonline\/wp-json\/wp\/v2\/types\/page"}],"author":[{"embeddable":true,"href":"https:\/\/kolko.net\/askonline\/wp-json\/wp\/v2\/users\/1"}],"replies":[{"embeddable":true,"href":"https:\/\/kolko.net\/askonline\/wp-json\/wp\/v2\/comments?post=633"}],"version-history":[{"count":13,"href":"https:\/\/kolko.net\/askonline\/wp-json\/wp\/v2\/pages\/633\/revisions"}],"predecessor-version":[{"id":5992,"href":"https:\/\/kolko.net\/askonline\/wp-json\/wp\/v2\/pages\/633\/revisions\/5992"}],"wp:attachment":[{"href":"https:\/\/kolko.net\/askonline\/wp-json\/wp\/v2\/media?parent=633"}],"curies":[{"name":"wp","href":"https:\/\/api.w.org\/{rel}","templated":true}]}}