{"id":4482,"date":"2019-09-25T18:16:03","date_gmt":"2019-09-25T16:16:03","guid":{"rendered":"http:\/\/ask.almargen.de\/?page_id=4482"},"modified":"2019-09-25T18:27:23","modified_gmt":"2019-09-25T16:27:23","slug":"ein-kurzer-blick-zurueck","status":"publish","type":"page","link":"https:\/\/kolko.net\/askonline\/ueber-kolumbien\/ein-kurzer-blick-zurueck","title":{"rendered":"Ein kurzer Blick zur\u00fcck"},"content":{"rendered":"<p>[et_pb_section fb_built=&#8220;1&#8243; admin_label=&#8220;Header&#8220; _builder_version=&#8220;3.27.4&#8243; background_enable_image=&#8220;off&#8220; custom_margin=&#8220;25px||||false|false&#8220; custom_padding=&#8220;0vw||0||false|false&#8220; locked=&#8220;off&#8220; fb_built=&#8220;1&#8243; bb_built=&#8220;1&#8243; background_color_gradient_start__hover=&#8220;#2b87da&#8220; background_color_gradient_start__hover_enabled=&#8220;#2b87da&#8220; background_color_gradient_end__hover=&#8220;#29c4a9&#8243; background_color_gradient_end__hover_enabled=&#8220;#29c4a9&#8243; use_background_color_gradient__hover=&#8220;off&#8220; use_background_color_gradient__hover_enabled=&#8220;off&#8220; background_color_gradient_type__hover=&#8220;linear&#8220; background_color_gradient_type__hover_enabled=&#8220;linear&#8220; background_color_gradient_direction__hover=&#8220;180deg&#8220; background_color_gradient_direction__hover_enabled=&#8220;180deg&#8220; background_color_gradient_direction_radial__hover=&#8220;center&#8220; background_color_gradient_direction_radial__hover_enabled=&#8220;center&#8220; background_color_gradient_start_position__hover=&#8220;0%&#8220; background_color_gradient_start_position__hover_enabled=&#8220;0%&#8220; background_color_gradient_end_position__hover=&#8220;100%&#8220; background_color_gradient_end_position__hover_enabled=&#8220;100%&#8220; background_color_gradient_overlays_image__hover=&#8220;off&#8220; background_color_gradient_overlays_image__hover_enabled=&#8220;off&#8220; _i=&#8220;0&#8243; _address=&#8220;0&#8243;][et_pb_row _builder_version=&#8220;3.27.4&#8243; use_background_color_gradient=&#8220;on&#8220; background_color_gradient_start=&#8220;rgba(165,206,199,0.6)&#8220; background_color_gradient_end=&#8220;#151f33&#8243; background_color_gradient_type=&#8220;radial&#8220; background_color_gradient_overlays_image=&#8220;on&#8220; background_enable_image=&#8220;off&#8220; max_width=&#8220;960px&#8220; custom_margin=&#8220;||40px|0px&#8220; custom_padding=&#8220;27px|108px||10%|false|false&#8220; animation_style=&#8220;slide&#8220; animation_direction=&#8220;left&#8220; animation_intensity_slide=&#8220;2%&#8220; border_radii=&#8220;||6px|6px|&#8220; border_color_all=&#8220;rgba(0,0,0,0)&#8220; border_width_right=&#8220;30px&#8220; border_color_right=&#8220;rgba(224,153,0,0.66)&#8220; box_shadow_style=&#8220;preset3&#8243; box_shadow_vertical=&#8220;35px&#8220; box_shadow_blur=&#8220;70px&#8220; box_shadow_spread=&#8220;-35px&#8220; box_shadow_color=&#8220;rgba(0,0,0,0.6)&#8220; use_custom_width=&#8220;on&#8220; custom_width_px=&#8220;960px&#8220; _i=&#8220;0&#8243; _address=&#8220;0.0&#8243; use_background_color_gradient__hover=&#8220;off&#8220; use_background_color_gradient__hover_enabled=&#8220;off&#8220; background_color_gradient_start__hover=&#8220;#2b87da&#8220; background_color_gradient_start__hover_enabled=&#8220;#2b87da&#8220; background_color_gradient_end__hover=&#8220;#29c4a9&#8243; background_color_gradient_end__hover_enabled=&#8220;#29c4a9&#8243; background_color_gradient_type__hover=&#8220;linear&#8220; background_color_gradient_type__hover_enabled=&#8220;linear&#8220; background_color_gradient_direction__hover=&#8220;180deg&#8220; background_color_gradient_direction__hover_enabled=&#8220;180deg&#8220; background_color_gradient_direction_radial__hover=&#8220;center&#8220; background_color_gradient_direction_radial__hover_enabled=&#8220;center&#8220; background_color_gradient_start_position__hover=&#8220;0%&#8220; background_color_gradient_start_position__hover_enabled=&#8220;0%&#8220; background_color_gradient_end_position__hover=&#8220;100%&#8220; background_color_gradient_end_position__hover_enabled=&#8220;100%&#8220; background_color_gradient_overlays_image__hover=&#8220;off&#8220; background_color_gradient_overlays_image__hover_enabled=&#8220;off&#8220;][et_pb_column type=&#8220;4_4&#8243; _builder_version=&#8220;3.27.4&#8243; custom_padding=&#8220;|||&#8220; custom_padding_tablet=&#8220;|||10%&#8220; custom_padding_last_edited=&#8220;off|desktop&#8220; _i=&#8220;0&#8243; _address=&#8220;0.0.0&#8243; custom_padding__hover=&#8220;|||&#8220;][et_pb_text admin_label=&#8220;Title&#8220; _builder_version=&#8220;3.29.3&#8243; text_font=&#8220;Noto Serif||||||||&#8220; header_font=&#8220;Noto Serif||||||||&#8220; header_text_align=&#8220;center&#8220; header_font_size=&#8220;50px&#8220; header_line_height=&#8220;1.2em&#8220; header_4_font=&#8220;||||||||&#8220; background_layout=&#8220;dark&#8220; custom_margin=&#8220;|||&#8220; custom_padding=&#8220;|||&#8220; header_font_size_tablet=&#8220;40px&#8220; header_font_size_last_edited=&#8220;on|tablet&#8220; _i=&#8220;0&#8243; _address=&#8220;0.0.0.0&#8243;]<\/p>\n<h1>Ein kurzer Blick zur\u00fcck<\/h1>\n<p>[\/et_pb_text][\/et_pb_column][\/et_pb_row][\/et_pb_section][et_pb_section fb_built=&#8220;1&#8243; custom_padding_last_edited=&#8220;on|tablet&#8220; admin_label=&#8220;Themen&#8220; _builder_version=&#8220;3.27.4&#8243; min_height=&#8220;1031px&#8220; custom_margin=&#8220;80px||||false|false&#8220; custom_padding=&#8220;0|0px|0px|0px|false|false&#8220; custom_padding_tablet=&#8220;|10vw||10vw||true&#8220; custom_width_px__hover=&#8220;1080px&#8220; custom_width_px__hover_enabled=&#8220;1080px&#8220; custom_width_percent__hover=&#8220;80%&#8220; custom_width_percent__hover_enabled=&#8220;80%&#8220; locked=&#8220;off&#8220; fb_built=&#8220;1&#8243; bb_built=&#8220;1&#8243; parallax_1__hover=&#8220;off&#8220; parallax_1__hover_enabled=&#8220;off&#8220; parallax_2__hover=&#8220;off&#8220; parallax_2__hover_enabled=&#8220;off&#8220; parallax_3__hover=&#8220;off&#8220; parallax_3__hover_enabled=&#8220;off&#8220; parallax_method_1__hover=&#8220;on&#8220; parallax_method_1__hover_enabled=&#8220;on&#8220; parallax_method_2__hover=&#8220;on&#8220; parallax_method_2__hover_enabled=&#8220;on&#8220; parallax_method_3__hover=&#8220;on&#8220; parallax_method_3__hover_enabled=&#8220;on&#8220; use_background_color_gradient__hover=&#8220;off&#8220; use_background_color_gradient__hover_enabled=&#8220;off&#8220; background_color_gradient_start__hover=&#8220;#2b87da&#8220; background_color_gradient_start__hover_enabled=&#8220;#2b87da&#8220; background_color_gradient_end__hover=&#8220;#29c4a9&#8243; background_color_gradient_end__hover_enabled=&#8220;#29c4a9&#8243; background_color_gradient_type__hover=&#8220;linear&#8220; background_color_gradient_type__hover_enabled=&#8220;linear&#8220; background_color_gradient_direction__hover=&#8220;180deg&#8220; background_color_gradient_direction__hover_enabled=&#8220;180deg&#8220; background_color_gradient_direction_radial__hover=&#8220;center&#8220; background_color_gradient_direction_radial__hover_enabled=&#8220;center&#8220; background_color_gradient_start_position__hover=&#8220;0%&#8220; background_color_gradient_start_position__hover_enabled=&#8220;0%&#8220; background_color_gradient_end_position__hover=&#8220;100%&#8220; background_color_gradient_end_position__hover_enabled=&#8220;100%&#8220; background_color_gradient_overlays_image__hover=&#8220;off&#8220; background_color_gradient_overlays_image__hover_enabled=&#8220;off&#8220; parallax__hover=&#8220;off&#8220; parallax__hover_enabled=&#8220;off&#8220; parallax_method__hover=&#8220;on&#8220; parallax_method__hover_enabled=&#8220;on&#8220; background_size__hover=&#8220;cover&#8220; background_size__hover_enabled=&#8220;cover&#8220; background_position__hover=&#8220;center&#8220; background_position__hover_enabled=&#8220;center&#8220; background_repeat__hover=&#8220;no-repeat&#8220; background_repeat__hover_enabled=&#8220;no-repeat&#8220; background_blend__hover=&#8220;normal&#8220; background_blend__hover_enabled=&#8220;normal&#8220; allow_player_pause__hover=&#8220;off&#8220; allow_player_pause__hover_enabled=&#8220;off&#8220; background_video_pause_outside_viewport__hover=&#8220;on&#8220; background_video_pause_outside_viewport__hover_enabled=&#8220;on&#8220; inner_shadow__hover=&#8220;off&#8220; inner_shadow__hover_enabled=&#8220;off&#8220; make_fullwidth__hover=&#8220;off&#8220; make_fullwidth__hover_enabled=&#8220;off&#8220; use_custom_width__hover=&#8220;off&#8220; use_custom_width__hover_enabled=&#8220;off&#8220; width_unit__hover=&#8220;on&#8220; width_unit__hover_enabled=&#8220;on&#8220; make_equal__hover=&#8220;off&#8220; make_equal__hover_enabled=&#8220;off&#8220; use_custom_gutter__hover=&#8220;off&#8220; use_custom_gutter__hover_enabled=&#8220;off&#8220; border_radii__hover=&#8220;on||||&#8220; border_radii__hover_enabled=&#8220;on||||&#8220; box_shadow_style__hover=&#8220;none&#8220; box_shadow_style__hover_enabled=&#8220;none&#8220; box_shadow_color__hover=&#8220;rgba(0,0,0,0.3)&#8220; box_shadow_color__hover_enabled=&#8220;rgba(0,0,0,0.3)&#8220; max_width__hover=&#8220;100%&#8220; max_width__hover_enabled=&#8220;100%&#8220; filter_hue_rotate__hover=&#8220;0deg&#8220; filter_hue_rotate__hover_enabled=&#8220;0deg&#8220; filter_saturate__hover=&#8220;100%&#8220; filter_saturate__hover_enabled=&#8220;100%&#8220; filter_brightness__hover=&#8220;100%&#8220; filter_brightness__hover_enabled=&#8220;100%&#8220; filter_contrast__hover=&#8220;100%&#8220; filter_contrast__hover_enabled=&#8220;100%&#8220; filter_invert__hover=&#8220;0%&#8220; filter_invert__hover_enabled=&#8220;0%&#8220; filter_sepia__hover=&#8220;0%&#8220; filter_sepia__hover_enabled=&#8220;0%&#8220; filter_opacity__hover=&#8220;100%&#8220; filter_opacity__hover_enabled=&#8220;100%&#8220; filter_blur__hover=&#8220;0px&#8220; filter_blur__hover_enabled=&#8220;0px&#8220; mix_blend_mode__hover=&#8220;normal&#8220; mix_blend_mode__hover_enabled=&#8220;normal&#8220; animation_style__hover=&#8220;none&#8220; animation_style__hover_enabled=&#8220;none&#8220; animation_repeat__hover=&#8220;once&#8220; animation_repeat__hover_enabled=&#8220;once&#8220; animation_direction__hover=&#8220;center&#8220; animation_direction__hover_enabled=&#8220;center&#8220; animation_duration__hover=&#8220;1000ms&#8220; animation_duration__hover_enabled=&#8220;1000ms&#8220; animation_delay__hover=&#8220;0ms&#8220; animation_delay__hover_enabled=&#8220;0ms&#8220; animation_intensity_slide__hover=&#8220;50%&#8220; animation_intensity_slide__hover_enabled=&#8220;50%&#8220; animation_intensity_zoom__hover=&#8220;50%&#8220; animation_intensity_zoom__hover_enabled=&#8220;50%&#8220; animation_intensity_flip__hover=&#8220;50%&#8220; animation_intensity_flip__hover_enabled=&#8220;50%&#8220; animation_intensity_fold__hover=&#8220;50%&#8220; animation_intensity_fold__hover_enabled=&#8220;50%&#8220; animation_intensity_roll__hover=&#8220;50%&#8220; animation_intensity_roll__hover_enabled=&#8220;50%&#8220; animation_starting_opacity__hover=&#8220;0%&#8220; animation_starting_opacity__hover_enabled=&#8220;0%&#8220; animation_speed_curve__hover=&#8220;ease-in-out&#8220; animation_speed_curve__hover_enabled=&#8220;ease-in-out&#8220; hover_transition_duration__hover=&#8220;300ms&#8220; hover_transition_duration__hover_enabled=&#8220;300ms&#8220; hover_transition_delay__hover=&#8220;0ms&#8220; hover_transition_delay__hover_enabled=&#8220;0ms&#8220; hover_transition_speed_curve__hover=&#8220;ease&#8220; hover_transition_speed_curve__hover_enabled=&#8220;ease&#8220; _i=&#8220;1&#8243; _address=&#8220;1&#8243;][et_pb_row padding_top_bottom_link_1=&#8220;false&#8220; _builder_version=&#8220;3.27.4&#8243; width=&#8220;100%&#8220; max_width=&#8220;100%&#8220; module_alignment=&#8220;right&#8220; custom_padding=&#8220;0px|133px|0px||true|&#8220; use_custom_width=&#8220;on&#8220; width_unit=&#8220;off&#8220; custom_width_percent=&#8220;100%&#8220; _i=&#8220;0&#8243; _address=&#8220;1.0&#8243;][et_pb_column type=&#8220;4_4&#8243; _builder_version=&#8220;3.25&#8243; custom_padding=&#8220;4vw|||10vw&#8220; custom_padding_tablet=&#8220;|0px||0px|true|true&#8220; custom_padding_last_edited=&#8220;on|tablet&#8220; _i=&#8220;0&#8243; _address=&#8220;1.0.0&#8243; custom_padding__hover=&#8220;|||&#8220;][et_pb_button button_url=&#8220;\/wp-content\/uploads\/2019\/09\/Chronologie_Kolumbien_31.08.071.pdf&#8220; url_new_window=&#8220;on&#8220; button_text=&#8220;Download als PDF&#8220; button_alignment=&#8220;center&#8220; _builder_version=&#8220;3.29.3&#8243; custom_button=&#8220;on&#8220; button_text_size=&#8220;16px&#8220; button_bg_color=&#8220;#55677f&#8220; button_border_width=&#8220;2px&#8220; button_border_color=&#8220;rgba(0,0,0,0)&#8220; button_border_radius=&#8220;0px&#8220; button_letter_spacing=&#8220;4px&#8220; button_font=&#8220;Source Sans Pro|700||on|||||&#8220; button_icon=&#8220;%%266%%&#8220; button_icon_color=&#8220;#ffffff&#8220; button_icon_placement=&#8220;left&#8220; background_layout=&#8220;dark&#8220; custom_margin=&#8220;||&#8220; custom_padding=&#8220;12px|87px|12px|87px|true|true&#8220; locked=&#8220;off&#8220; _i=&#8220;0&#8243; _address=&#8220;1.0.0.0&#8243;]<br \/>\n[\/et_pb_button][et_pb_divider color=&#8220;#FFBA5A&#8220; divider_weight=&#8220;3px&#8220; _builder_version=&#8220;3.27.4&#8243; max_width=&#8220;80px&#8220; height=&#8220;3px&#8220; custom_margin=&#8220;-50px||||false|false&#8220; custom_padding=&#8220;||||false|false&#8220; locked=&#8220;off&#8220; _i=&#8220;1&#8243; _address=&#8220;1.0.0.1&#8243;]<br \/>\n[\/et_pb_divider][et_pb_text _builder_version=&#8220;3.29.3&#8243; text_font=&#8220;Noto Serif||||||||&#8220; text_font_size=&#8220;16px&#8220; header_font=&#8220;Noto Serif||||||||&#8220; header_2_font=&#8220;||||||||&#8220; custom_margin=&#8220;51px|||||&#8220; custom_padding=&#8220;0px||0px|||&#8220; text_font_size_tablet=&#8220;14px&#8220; text_font_size_last_edited=&#8220;on|tablet&#8220; locked=&#8220;off&#8220; _i=&#8220;2&#8243; _address=&#8220;1.0.0.2&#8243;]<\/p>\n<h1>Ein kurzer Blick zur\u00fcck<\/h1>\n<p>&nbsp;<\/p>\n<p>&#8222;Kolumbien verstehen \u2013 Geschichte und Gegenwart eines zerrissenen Landes&#8220; heisst der Titel einer wichtigen deutschsprachigen Publikation von Werner H\u00f6rtner zu Kolumbien. Anhand der Publikation haben ask!-Mitglieder eine kurze Chronologie erstellt, die wichtige Ereignisse in der kolumbianischen Geschichte aufzeigt.<\/p>\n<h1><\/h1>\n<h1>Chronologie<\/h1>\n<p>&nbsp;<\/p>\n<ul>\n<li><strong>1781<\/strong><span>\u00a0<\/span>Aufstand der<span>\u00a0<\/span><strong>Comuneros<\/strong><span>\u00a0<\/span>gegen koloniale Beh\u00f6rde. Beginn in Santander. Jos\u00e9 Antonio Gal\u00e1n. Francisco Berbeo, Kaufmann. Erzbischof Antonio Caballero y G\u00f3ngora Verr\u00e4ter: Es wird ein Abkommen mit den Comuneros ausgehandelt. Nach der Aufl\u00f6sung des Protestes werden die F\u00fchrungsleute ermordet.<\/li>\n<\/ul>\n<ul>\n<li><strong>1821<\/strong><span>\u00a0<\/span>Unabh\u00e4ngigkeit.<span>\u00a0<\/span><strong>Bol\u00edvar<\/strong><span>\u00a0<\/span>Pr\u00e4sident der Republik Grosskolumbien (der heutigen L\u00e4nder Panam\u00e1, Venezuela, Kolumbien und Ecuador), Francisco de Paula Santander, Vizepr\u00e4sident<\/li>\n<\/ul>\n<ul>\n<li><strong>1830\u00a0<\/strong>Tod Bolivars<\/li>\n<\/ul>\n<ul>\n<li><strong>1833\u00a0Santander<\/strong><span>\u00a0<\/span>Pr\u00e4sident von Neugranada.<\/li>\n<\/ul>\n<ul>\n<li><strong>1848<\/strong><span>\u00a0<\/span>Ezequiel Rojas legt liberales Programm vor. Sammelbecken der aus sozialen und wirtschaftlichen Gr\u00fcnden an Reformen interessierten Gruppen: H\u00e4ndler und Kaufleute, Handwerker, Kleinbauern und Sklaven. Trennung von Staat und Kirche, Dezentralisierung.<\/li>\n<\/ul>\n<ul>\n<li><strong>1849<\/strong><span>\u00a0<\/span><strong>Mariano Ospina<\/strong><span>\u00a0<\/span>und Jos\u00e9 Eusebio Caro formulieren das<span>\u00a0<\/span><span>konservative<\/span><span>\u00a0<\/span>Programm. Grossgrundbesitzer. Der gr\u00f6sste von ihnen: Die katholische Kirche. Klerikal, starke Zentralgewalt<\/li>\n<\/ul>\n<ul>\n<li><strong>1849<\/strong><span>\u00a0<\/span>Der liberale<span>\u00a0<\/span><span>Jos\u00e9 Hilario L\u00f3pez<\/span><span>\u00a0<\/span>wird Pr\u00e4sident. Grundlegende liberale Reformen. Landesverweis der Jesuiten.<span>\u00a0<\/span><span>Aufl\u00f6sung der Resguardos<\/span>, damit Proletarisierung der Indios.<\/li>\n<\/ul>\n<ul>\n<li><span><strong>1853<\/strong>\u00a0<\/span>Staatsstreich des Generals Jos\u00e9 Mar\u00eda Melo gegen L\u00f3pez.<\/li>\n<\/ul>\n<ul>\n<li><strong>1856<\/strong> Wahlen. Erstmals allgemeines M\u00e4nnerwahlrecht.<span>\u00a0<\/span><span>Mariano Ospina<\/span><span>\u00a0<\/span>gewinnt.<\/li>\n<\/ul>\n<ul>\n<li><strong>1861<\/strong><span>\u00a0<\/span>Liberale initiieren B\u00fcrgerkrieg und \u00fcbernehmen Regierungsmacht.<\/li>\n<\/ul>\n<ul>\n<li><strong>1865<\/strong><span>\u00a0<\/span>Vatikan erkl\u00e4rt Liberalismus als Irrlehre.<\/li>\n<\/ul>\n<ul>\n<li><strong>1876\/77\u00a0<\/strong>B\u00fcrgerkrieg, den Liberale gewinnen<\/li>\n<\/ul>\n<ul>\n<li><strong>1880<\/strong><span>\u00a0<\/span>Rafael Nu\u00f1ez, fr\u00fcher liberal, gewinnt Wahlen f\u00fcr Konservative. \u201e<span>Regeneraci\u00f3n<\/span>\u201c setzt ein.<\/li>\n<\/ul>\n<ul>\n<li><span><strong>1886<\/strong>\u00a0<\/span>Neue Verfassung schafft F\u00f6deralismus ab. Diese Verfassung bleibt bis 1991 g\u00fcltig. Einheitliches Berufsheer.<\/li>\n<\/ul>\n<ul>\n<li><strong>1887<\/strong><span>\u00a0<\/span>Konkordat mit Vatikan<\/li>\n<\/ul>\n<ul>\n<li><strong>1891<\/strong><span>\u00a0<\/span>Erste Milit\u00e4rschule unter der Leitung eines<span>\u00a0<\/span><span>US-Milit\u00e4rs<\/span><span>\u00a0<\/span>(Lemly).<\/li>\n<\/ul>\n<ul>\n<li><span>1899<\/span><span>\u00a0<\/span><span>B\u00fcrgerkrieg \u201eder 1000 Tage\u201c<\/span><span>\u00a0<\/span>von Liberalen initiiert. Liberale in lokalen Guerillaverb\u00e4nden. 100&#8217;000 Tote. Resultat: Verw\u00fcstetes, in Chaos versunkenes Land.<\/li>\n<\/ul>\n<ul>\n<li><span>1903<\/span>, 3.11. Abl\u00f6sung von<span>\u00a0<\/span><span>Panama<\/span>, als Nebenprodukt des Krieges und aufgrund der US-Interessen am Bau des Panam\u00e1-Kanals.<\/li>\n<\/ul>\n<ul>\n<li><span>1904<\/span><span>\u00a0<\/span><span>Rafael Reyes<\/span>, General, wird Pr\u00e4sident, legt Grundlagen f\u00fcr modernen Staat. Periode des Friedens beginnt. Explosionsartiges Wachstum des<span>\u00a0Kaffeeanbaus<\/span><\/li>\n<\/ul>\n<ul>\n<li><span>1909<\/span><span>\u00a0<\/span>Volksaufstand zwingt Pr\u00e4sidenten zum R\u00fccktritt<\/li>\n<\/ul>\n<ul>\n<li><span>1910<\/span><span>\u00a0<\/span>Carlos E. Restrepo, neuer Pr\u00e4sident. Gibt der liberalen Partei Minderheitenstatus in Parlament und Verwaltung<\/li>\n<\/ul>\n<ul>\n<li><span>1914<\/span><span>\u00a0<\/span>Anerkennung der Unabh\u00e4ngigkeit Panamas<\/li>\n<\/ul>\n<ul>\n<li><span>1914<\/span><span>\u00a0<\/span>Direktwahl des Pr\u00e4sidenten wird, erstmals seit 1857, wieder eingef\u00fchrt.<\/li>\n<\/ul>\n<ul>\n<li><span>1926<\/span><span>\u00a0<\/span>Partido Socialista Revolucionario (PSR) gegr\u00fcndet, neues Sammelbecken der Linksopposition.<\/li>\n<\/ul>\n<ul>\n<li><span>1926<\/span><span>\u00a0<\/span><span>Miguel Abad\u00eda M\u00e9ndez<\/span>, Pr\u00e4sident.<\/li>\n<\/ul>\n<ul>\n<li><span>1928<\/span><span>\u00a0<\/span><span>Streik bei United Fruit Company<\/span>, blutige Niederschlagung durch die Armee, bis zu 1500 Tote (in Ci\u00e9naga), die wirkliche Zahl der Toten ist bis heute nicht klar, andere Quellen sprechen von rund 3&#8217;000 Toten.<\/li>\n<\/ul>\n<ul>\n<li><span>1930<\/span><span>\u00a0<\/span>PSR gr\u00fcndet sich neu als<span>\u00a0<\/span><span>Kommunistische Partei<\/span><span>\u00a0<\/span>Kolumbien.<\/li>\n<\/ul>\n<ul>\n<li><span>1930<\/span><span>\u00a0<\/span>Wahlen. Konservative 2 Kandidaten. Es gewinnt der Liberale<span>\u00a0<\/span><span>Enrique Olaya Herrera<\/span>, der umfassende Reformierung einleitet. Expansion Exportwirtschaft.<\/li>\n<\/ul>\n<ul>\n<li><span>1931<\/span><span>\u00a0<\/span>Gr\u00fcndung der<span>\u00a0<\/span><span>CTC<\/span><span>\u00a0<\/span>(Confederaci\u00f3n de Trabajadores de Colombia)<\/li>\n<\/ul>\n<ul>\n<li><span>1934<\/span><span>\u00a0<\/span>Bankier<span>\u00a0<\/span><span>Alfonso L\u00f3pez Pumarejo<\/span>. Typischer Vertreter des neuen Kapitalismus. Reform der Agrarbesitzstrukturen. \u201eRevoluci\u00f3n en marcha\u201c. Frauen und Opposition zu wenig ber\u00fccksichtigt.<\/li>\n<\/ul>\n<ul>\n<li><span>1938<\/span><span>\u00a0<\/span><span>Eduardo Santos<\/span>, Herausgeber von EL Tiempo wird Pr\u00e4sident<\/li>\n<\/ul>\n<ul>\n<li><span>1942<\/span><span>\u00a0<\/span>2. Amtsperiode von<span>\u00a0<\/span><span>L\u00f3pez Pumarejo<\/span>. Gegenspieler Laureano G\u00f3mez, F\u00fchrer der Konservativen. Faschistischer Franquist. Rechtsliberale suchen Zusammenarbeit mit Konservativen gegen Schreckgespenst Kommunismus.<\/li>\n<\/ul>\n<ul>\n<li><span>1944\/45<\/span><span>\u00a0<\/span>Arbeitsgesetzgebung wird sp\u00fcrbar verbessert.<\/li>\n<\/ul>\n<ul>\n<li><span>1945<\/span><span>\u00a0<\/span>L\u00f3pez Pumarejo tritt zur\u00fcck. Alberto Lleras Restrepo \u00dcbergangspr\u00e4sident.<\/li>\n<\/ul>\n<ul>\n<li><span>1946<\/span><span>\u00a0<\/span>Wahlen. Liberale Kandidaten: Gabriel Turbay und Jorge Eli\u00e9cer Gait\u00e1n. Es gewinnt der konservative<span>\u00a0<\/span><span>Mariano Ospina P\u00e9rez<\/span>.<\/li>\n<\/ul>\n<ul>\n<li><span>1946<\/span><span>\u00a0<\/span>Gr\u00fcndung der konservativen Gewerkschaftsbewegung UTC (Uni\u00f3n de Trabajadores de Colombia). Starke Basis auf dem Land.<\/li>\n<\/ul>\n<ul>\n<li><span>1947<\/span><span>\u00a0<\/span><span>Jorge Eli\u00e9cer Gait\u00e1n<\/span><span>\u00a0<\/span>wird Parteichef der Liberalen und er\u00f6ffnet Kampagne f\u00fcr Pr\u00e4sidentschaft.<\/li>\n<\/ul>\n<ul>\n<li><span>1948<\/span>, 9.4. Gait\u00e1n wird ermordet.<span>\u00a0<\/span><span>El Bogotazo<\/span>, bis zu 5000 Tote. Auftakt zur<span>\u00a0<\/span><span>Violencia<\/span>. Spontane Volksaufst\u00e4nde.<\/li>\n<\/ul>\n<ul>\n<li><span>1949<\/span><span>\u00a0<\/span><span>Laureano G\u00f3mez<\/span><span>\u00a0<\/span>kommt aus spanischem Exil zur\u00fcck, um zu kandidieren. Liberale boykottieren Wahlen. G\u00f3mez wird Pr\u00e4sident.<span>\u00a0<\/span><span>Violencia<\/span><span>\u00a0<\/span>nun staatlich geplante Vernichtungskampagnegegen Liberale und Kommunisten, gegen Protestanten und Freimaurer. Kirche ruft zum Heiligen Krieg auf und spricht alle konservativen Gewaltt\u00e4ter von vorneherein von jeglicher Schuld frei. Liberale Partei verteilt ihren Anh\u00e4ngern Waffen. Parteif\u00fchrung lehnt aber den bewaffneten Widerstand ab. Das Volk soll ruhig bluten, w\u00e4hrend sich die Politiker die H\u00e4nde nicht schmutzig machen.\u2026 Bildung krimineller Banden. Wirtschaftspolitik im Sinne des US-Kapitals.<span>\u00a0<\/span><span>Wirtschaftsaufschwung<\/span><span>\u00a0<\/span>w\u00e4hrend das Land ausblutet.<span>\u00a0<\/span><span>Erste Guerillaverb\u00e4nde<\/span><span>\u00a0<\/span>entstehen. Violencia fordert<span>\u00a0<\/span><span>200 \u2013 300&#8217;000<\/span><span>\u00a0<\/span><span>Tote<\/span>.<\/li>\n<\/ul>\n<ul>\n<li><span>1953<\/span><span>\u00a0<\/span>Kandidaten f\u00fcr Wahlen 1954: Laureano G\u00f3mez und Mariano Ospina.<\/li>\n<\/ul>\n<ul>\n<li><span>1953<\/span>, Juni<span>\u00a0<\/span><span>General Rojas Pinilla<\/span><span>\u00a0<\/span>putscht. Mit Unterst\u00fctzung gem\u00e4ssigter Konservativer und der liberalen Partei. Guerillaverb\u00e4nde l\u00f6sen sich bei Amnestie wieder auf. Bei wachsenden innenpolitischen Schwierigkeiten setzt Rojas auf Repression.<\/li>\n<\/ul>\n<ul>\n<li><span>1956<\/span><span>\u00a0<\/span>Der liberale<span>\u00a0Alberto Lleras Camargo<\/span><span>\u00a0<\/span>und<span>\u00a0<\/span><span>Laureano G\u00f3mez\u00a0<\/span>f\u00fchren in Spanien Gespr\u00e4che \u00fcber ein Ende der Violencia.<\/li>\n<\/ul>\n<ul>\n<li><span>1957<\/span><span>\u00a0<\/span>In Benidorm, Spanien, unterzeichnen sie den Vertrag f\u00fcr das Proporzsystem \u201e<span>Frente Nacional<\/span>\u201c.<\/li>\n<\/ul>\n<ul>\n<li><span>1957<\/span><span>\u00a0<\/span>Generalstreik.<span>\u00a0<\/span><span>Rojas<\/span><span>\u00a0<\/span>wird zum R\u00fccktritt gezwungen. Milit\u00e4rjunta regiert weiter.<\/li>\n<\/ul>\n<ul>\n<li><span>1958<\/span><span>\u00a0<\/span>Abstimmung \u00fcber Benidorm-Abkommen. Zum ersten Mal stimmen auch Frauen.<span>\u00a0Alberto Lleras Camargo<\/span><span>\u00a0<\/span>wird gew\u00e4hlt. Es beginnt die vereinbarte Periode des \u201eFrente Nacional\u201c: alle 4 Jahre sollen sich konservative und liberale im Pr\u00e4sidentenamt abl\u00f6sen und die Regierung wird parit\u00e4tisch zusammengesetzt. Offizielle Dauer des Frente Nacional auf 16 Jahre angesetzt, hatte aber weit \u00fcber diese Zeit hinaus informell Bestand.<\/li>\n<\/ul>\n<ul>\n<li><span>1959<\/span><span>\u00a0<\/span>Gr\u00fcndung des<span>\u00a0<\/span><span>MOEC<\/span><span>\u00a0<\/span>(Movimiento obrero estudiantil campesino), das bald aufgerieben wird.<\/li>\n<\/ul>\n<ul>\n<li><span>1962<\/span>, Febr. Mission der<span>\u00a0<\/span><span>US-Kriegsschule<\/span><span>\u00a0<\/span>Fort Bragg besucht Kolumbien.<span>\u00a0<\/span><span>Geburtsstunde des politischen Paramilitarismus<\/span>. Empfehlung an kolumbianische Regierung: Aus Zivilisten und Milit\u00e4rs zusammengesetzte Gruppen bilden, um die Sympathisanten des Kommunismus zu bek\u00e4mpfen und \u201eum paramilit\u00e4rische terroristische Aktivit\u00e4ten durchzuf\u00fchren\u201c.<\/li>\n<\/ul>\n<ul>\n<li><span>1962 Guillermo Valencia\u00a0<\/span>Pr\u00e4sident.<\/li>\n<\/ul>\n<ul>\n<li><span>1964<\/span><span>\u00a0<\/span>Pedro Antonio Mar\u00edn, alias<span>\u00a0<\/span><span>Manuel Marulanda Velez<\/span>, alias Tirofijo siedelt mit 48 Verb\u00fcndeten in Marquetalia. Dieses wird bombardiert und zerst\u00f6rt.<\/li>\n<\/ul>\n<ul>\n<li><span>1964<\/span><span>\u00a0<\/span>Rojas Pinilla gr\u00fcndet<span>\u00a0<\/span><span>ANAPO<\/span><span>\u00a0<\/span>(Nationale Volksallianz)<\/li>\n<\/ul>\n<ul>\n<li><span>1965<\/span><span>\u00a0<\/span>Jan<span>\u00a0<\/span><span>ELN<\/span><span>\u00a0<\/span>tritt am 5. Jahrestag der Gr\u00fcndung des MOEC zum 1. Mal an die \u00d6ffentlichkeit. Ende Jahr tritt<span>\u00a0<\/span><span>Camilo Torres<\/span><span>\u00a0<\/span>in die ELN ein.<\/li>\n<\/ul>\n<ul>\n<li><span>1965<\/span>, Ende<span>\u00a0<\/span><span>Gesetz 48: legale Grundlage zur Schaffung paramilit\u00e4rischer Strukturen<\/span><\/li>\n<\/ul>\n<ul>\n<li><span>1966<\/span>, 16.2.<span>\u00a0<\/span><span>Camilo Torres\u00a0<\/span>f\u00e4llt.<\/li>\n<\/ul>\n<ul>\n<li><span>1966<\/span><span>\u00a0<\/span><span>Carlos Lleras Restrepo<\/span><span>\u00a0<\/span>wird Pr\u00e4sident.<span>\u00a0<\/span><span>FARC<\/span><span>\u00a0<\/span>gegr\u00fcndet.<\/li>\n<\/ul>\n<ul>\n<li><span>1968<\/span><span>\u00a0<\/span>Drei spanische Priester Jos\u00e9 Antonio Jim\u00e9nez Com\u00edn (\u20201971), Domingo La\u00edn S\u00e1enz (\u20201974) und Jos\u00e9 Manuel P\u00e9rez (\u20201998) treten in<span>\u00a0<\/span><span>ELN\u00a0<\/span>ein.<\/li>\n<\/ul>\n<ul>\n<li><span>1970<\/span>, 19.4. Wahlen. ANAPO erreicht Mehrheit. Stimmausz\u00e4hlung wird abgebrochen.<span>\u00a0Misael Pastrana<\/span><span>\u00a0<\/span>wird zum Pr\u00e4sidenten ausgerufen<\/li>\n<\/ul>\n<ul>\n<li><span>1972<\/span><span>\u00a0<\/span>Als Folge des Wahlbetrugs von 1970 entsteht aus der ANAPO heraus die \u201e<span>Bewegung M-19<\/span>\u201c, auf das Wahldatum 19. M\u00e4rz verweisend. Leiter: Jaime Bateman (ehemals FARC)<\/li>\n<\/ul>\n<ul>\n<li>1973 Die<span>\u00a0<\/span><span>Bauernbewegung ANUC\u00a0<\/span>spaltet sich. \u201eArmenia\u201c: regierungsnah; \u201eSincelejo\u201c: bisherige ANUC. Gr\u00fcndung des Sekretariates des Zentralen Oberkommandos der FARC. Jacobo Arenas wird Chefideologe.<\/li>\n<\/ul>\n<ul>\n<li><span>1974<\/span>, Jan M-19 \u201eentf\u00fchrt\u201c Schwert von Sim\u00f3n Bol\u00edvar<\/li>\n<\/ul>\n<ul>\n<li><span>1974<\/span><span>\u00a0<\/span>Wahlen: Der Liberale<span>\u00a0<\/span><span>Alfonso L\u00f3pez Michelsen<\/span><span>\u00a0<\/span>wird Pr\u00e4sident<\/li>\n<\/ul>\n<ul>\n<li><span>1978<\/span><span>\u00a0<\/span>Pr\u00e4sident<span>\u00a0<\/span><span>Turbay Ayala<\/span>.<span>\u00a0<\/span><span>Sicherheitsstatut<\/span>. Erweiterung staatlicher Repressionsinstrumente und Aufbau paramilit\u00e4rischer Todesschwadronen.<\/li>\n<\/ul>\n<ul>\n<li><span>1979<\/span>, Jan M-19 klaut 5000 Waffen aus Armeehauptquartier in Bogot\u00e1.<\/li>\n<\/ul>\n<ul>\n<li><span>1979<\/span><span>\u00a0<\/span>Inhaftierung zehntausender Oppositioneller. Systematische Anwendung der Folter.<\/li>\n<\/ul>\n<ul>\n<li><span>1980<\/span><span>\u00a0<\/span><span>M-19 besetzt Dominikanische Botschaft<\/span>. 12 Botschafter Geiseln. Nach 61 Tagen frei gelassen.<\/li>\n<\/ul>\n<ul>\n<li><span>1981<\/span><span>\u00a0<\/span>Aufschwung des<span>\u00a0<\/span><span>Drogenhandels<\/span>. Gr\u00fcndung von<span>\u00a0MAS<\/span><span>\u00a0<\/span>(Muerte a los Secuestradores). Hohe Milit\u00e4rs geh\u00f6ren mit zu den Gr\u00fcndern<\/li>\n<\/ul>\n<ul>\n<li><span>1982<\/span><span>\u00a0<\/span><span>Belisario Betancur<\/span>, der \u201ePhilosoph und Humanist\u201c Generalamnestie f\u00fcr politische Gefangene. L\u00e4sst Aktivit\u00e4ten des MAS untersuchen. Milit\u00e4r geht auf Opposition. Drogenh\u00e4ndler werden zu gr\u00f6ssten Latifundisten.<\/li>\n<\/ul>\n<ul>\n<li><span>1983<\/span><span>\u00a0<\/span>April:<span>\u00a0Jaime Bateman<\/span><span>\u00a0<\/span>(M-19) kommt bei einem Flugzeugabsturz ums Leben. Juli: Vater von Alvaro Uribe wird ermordet.<\/li>\n<\/ul>\n<ul>\n<li><span>1984<\/span><span>\u00a0<\/span>Paramilit\u00e4rs erschiessen im August Chef der M-19<span>\u00a0<\/span><span>Carlos Toledo Plata<\/span>. Grosser Aufschwung der Paramilit\u00e4rs. Waffenstillstand mit FARC (M\u00e4rz), EPL und M-19 (August). Der inidgene Priester Alvaro Ulcu\u00e9 wird im Auftrag von Grossgrundbesitzern undArmee ermordet (Nov.) Ende 1984 greifen Milit\u00e4rs Guerillalager an.<\/li>\n<\/ul>\n<ul>\n<li><span>1985<\/span>, 30.3. Gr\u00fcndung der linken Sammelpartei Uni\u00f3n Patri\u00f3tica UP.<\/li>\n<\/ul>\n<ul>\n<li><span>1985<\/span><span>\u00a0<\/span>Mai: Bombenanschlag auf F\u00fchrungsleute des M-19, darunter Antonio Navarro Wolf, Juni: M-19 k\u00fcndigt Waffenstillstandabkommen auf, August: Ivan Marino Ospina f\u00e4llt. Talw\u00e4rts-Entwicklung der Wirtschaft<\/li>\n<\/ul>\n<ul>\n<li><span>1985<\/span>, 6.11.<span>\u00a0Besetzung des Justizpalastes<\/span><span>\u00a0<\/span>durch den M-19, St\u00fcrmung durch die Armee, 100 Tote und 11 Verschwundene.<\/li>\n<\/ul>\n<ul>\n<li><span>1985<\/span>, 14.11. Eine Schlammlawine begr\u00e4bt nach einem<span>\u00a0<\/span><span>Ausbruch des Vulkan Nevado del Ru\u00edz<\/span><span>\u00a0<\/span>die Stadt Armero unter sich, 26&#8217;000 Tote.<\/li>\n<\/ul>\n<ul>\n<li><span>1986 Virgilio Barco<\/span><span>\u00a0<\/span>wird Pr\u00e4sident. Milit\u00e4rische Offensiven gegen FARC. Verfolgung und Ermordung von Mitgliedern der UP. Bald Koexistenz. Gesetz 48 wird aufgehoben. Dekret 1194 stellt F\u00f6rderung paramilit\u00e4rischer Gruppen unter Strafe. Ohne Konsequenzen. 2\/3 der schweren MR-Verletzungen gehen auf Konto der<span>\u00a0<\/span><span>Paras<\/span>. (70er-Jahre: 2\/3 Milit\u00e4r). Zwischen1985 und 1995 25&#8217;000 Ermordete durch Paras.<\/li>\n<\/ul>\n<ul>\n<li><span>1987<\/span><span>\u00a0<\/span>Nationale<span>\u00a0<\/span><span>Guerillakoordination<\/span><span>\u00a0<\/span>Sim\u00f3n Bol\u00edvar. Der<span>\u00a0<\/span><span>Pr\u00e4sidentschaftskandidat der Uni\u00f3n Patri\u00f3tica UP Pardo Leal<\/span><span>\u00a0<\/span>wird von Sicario ermordet. (Okt)<\/li>\n<\/ul>\n<ul>\n<li><span>1988<\/span><span>\u00a0<\/span>bis 1990 313 Massaker an Landbev\u00f6lkerung. 9500 Menschen aus politischen Gr\u00fcnden ermordet.<\/li>\n<\/ul>\n<ul>\n<li><span>1989<\/span><span>\u00a0<\/span>Aug.<span>\u00a0Luis Carlos Gal\u00e1n Sarmiento<\/span>, liberaler Pr\u00e4sidentschaftskandidat (neuer Liberalismus) erschossen.<\/li>\n<\/ul>\n<ul>\n<li><span>1989<\/span>, Sept.<span>\u00a0<\/span><span>M-19<\/span><span>\u00a0<\/span>legt Waffen nieder. Politische Partei Alianza Democr\u00e1tica.<\/li>\n<\/ul>\n<ul>\n<li><span>1990<\/span><span>\u00a0<\/span>M\u00e4rz:<span>\u00a0<\/span><span>Bernardo Jaramillo<\/span><span>\u00a0<\/span>UP ermordet. 3\u2019000 &#8211; 5000 Mitglieder der UP wurden ermordet. April:<span>\u00a0<\/span><span>Carlos Pizarro<\/span>, Parteif\u00fchrer des M-19 wird im Auftrag von Carlos Casta\u00f1o ermordet. Sein Nachfolger ist Antonio Navarro Wolf.<\/li>\n<\/ul>\n<ul>\n<li><span>1990<\/span>, Aug<span>\u00a0<\/span><span>C\u00e9sar Gaviria<\/span><span>\u00a0<\/span>wird Pr\u00e4sident.<\/li>\n<\/ul>\n<ul>\n<li><span>1991<\/span>, 4.7.<span>\u00a0Neue Verfassung<\/span>. Struktur der Streitkr\u00e4fte und Wirtschaftsmonopole nicht angetastet. Rechte der indigenen und afrokolumbianischen Gemeinschaften erstmals aufgenommen*. Unabh\u00e4ngiger Verfassungsgerichtshofs, unabh\u00e4ngige Staatsanwaltschaft, MR-Ombudsmann (Defensor der Pueblo). Straflosigkeit bleibt\u2026 (* 81 indigene Ethnien, 600 \u2013 800&#8217;000 Menschen, (Pa\u00e9z 120&#8217;000), 14 Sprachfamilien, rund 10 Mio. AfrokolumbianerInnen.)<\/li>\n<\/ul>\n<ul>\n<li><span>1991<\/span><span>\u00a0<\/span>Gaviria l\u00e4sst das Hauptquartier der FARC bombardieren<\/li>\n<\/ul>\n<ul>\n<li><span>1992<\/span>, Juni Gespr\u00e4che zwischen Regierung und Guerilla-Koordination werden abgebrochen.<\/li>\n<\/ul>\n<ul>\n<li><span>1992<\/span>, Nov. Garc\u00eda Marquez, Fernando Botero und andere ver\u00f6ffentlichen einen kritischen Brief an die Guerilla-Koordination Sim\u00f3n Bol\u00edvar.<\/li>\n<\/ul>\n<ul>\n<li><span>1993 Ausf\u00fchrungsgesetz 70<\/span><span>\u00a0<\/span>\u201eGesetz der Schwarzengemeinschaften\u201c f\u00f6rdert die Organisierung der Gemeinschaften und die Erteilung kollektiver Landtitel.<\/li>\n<\/ul>\n<ul>\n<li><span>1993<\/span><span>\u00a0<\/span>Die Pepes (Perseguidos por Pablo Escobar) arbeiten mit Sicherheitskr\u00e4ften zusammen, Drogenzar<span>\u00a0<\/span><span>Escobar<\/span><span>\u00a0<\/span>wird erschossen. Medell\u00edn-Kartell f\u00e4llt zusammen.<\/li>\n<\/ul>\n<ul>\n<li><span>1994<\/span><span>\u00a0<\/span>Schaffung l\u00e4ndlicher Sicherheitskooperativen \u201e<span>Convivir<\/span>\u201c. Casta\u00f1o ruft \u201eB\u00e4uerliche Selbstverteidigungsgruppen\u201c von C\u00f3rdoba und Urab\u00e1 ins Leben.<\/li>\n<\/ul>\n<ul>\n<li><span>1994<\/span><span>\u00a0<\/span><span>Ernesto Samper<\/span><span>\u00a0<\/span>wird Pr\u00e4sident. Im Wahlkampf vom Drogenkartell Cali unterst\u00fctzt. Zeit der verlorenen Jahre. Paras und Guerilla wachsen ungehemmt.<\/li>\n<\/ul>\n<ul>\n<li><span>1995<\/span><span>\u00a0<\/span>Bischofskonferenz ruft Kommission der Nationalen Vers\u00f6hnung ins Leben. Alvaro Uribe wird Gouverneur von Antioquia. F\u00f6rdert die Schaffung von Convivir.<\/li>\n<\/ul>\n<ul>\n<li><span>1996 Gloria Cuartas<\/span><span>\u00a0<\/span>wird von Unesco ausgezeichnet als \u201eB\u00fcrgermeisterin f\u00fcr den Frieden\u201c. Sie stand der Gemeinde Apartad\u00f3 in Urab\u00e1 vor. In Gemeinde Riosucio im Choc\u00f3 werden erstmals kollektive Landtitel an Schwarzengemeinschaften vergeben. Einen Monat sp\u00e4ter werden sie (30&#8217;000) von Milit\u00e4r und Paras vertrieben (\u201eOperation Genesis\u201c).<\/li>\n<\/ul>\n<ul>\n<li><span>1997<\/span><span>\u00a0<\/span><span>Gr\u00fcndung der AUC<\/span>, Dachverband der Vereinigten Selbstverteidigungsgruppen Gr\u00fcndung der \u201eKommission Leben, Gerechtigkeit und Frieden\u201c der Di\u00f6zese Quibd\u00f3.<\/li>\n<\/ul>\n<ul>\n<li><span>1997<\/span>, 23.3.<span>\u00a0<\/span><span>San Jos\u00e9 de Apartad\u00f3<\/span><span>\u00a0<\/span>wird \u201eFriedensgemeinde\u201c<\/li>\n<\/ul>\n<ul>\n<li><span>1998<\/span>, Mai Andr\u00e9s Pastrana<span><\/span><span>\u00a0<\/span>wird als Pr\u00e4sident gew\u00e4hlt.<\/li>\n<\/ul>\n<ul>\n<li><span>1998<\/span><span>\u00a0<\/span>Pastrana stellt Konzept Plan Colombia (Marshallplan f\u00fcr den Frieden) vor Rahmenabkommen f\u00fcr Ablauf eines Friedensprozesses mit der FARC.<\/li>\n<\/ul>\n<ul>\n<li><span>1999<\/span><span>\u00a0<\/span>Convivir aufgel\u00f6st Ein v\u00f6llig ver\u00e4nderter Plan Colombia wird vom US-Kongress akzeptiert. (1.6 Mia Dollar f\u00fcr 3 Jahre; 70% f\u00fcr Aufr\u00fcstung und Drogenbek\u00e4mpfung. 1999 \u2013 2006 4.17 Mia Dollar f\u00fcr Milit\u00e4r- und Polizeihilfe)<\/li>\n<\/ul>\n<ul>\n<li><span>2000<\/span>, M\u00e4rz Der Chef der Paramilit\u00e4rs Carlos Casta\u00f1o tritt \u00f6ffentlich im Fernsehen auf.<\/li>\n<\/ul>\n<ul>\n<li><span>2001<\/span>, April Paramilit\u00e4rische Kontrolle \u00fcber die Erd\u00f6lf\u00f6rderstadt Barrancabermeja: Letztes Massaker in der 1. Para-Phase der massiven Terrorisierung der Zivilbev\u00f6lkerung. 2. Phase: Selektive Repression. Paras milit\u00e4risch-zivile Ordnungsmacht. In der dritten Phase legale Organisierung der Bev\u00f6lkerung im sozialen, wirtschaftlichen und kulturellen Bereich. \u00dcbernahme der politischen Macht. In der letzten Phase ist das \u00f6ffentliche Leben (fast) total kontrolliert. \u201eDemobilisierung\u201c beschr\u00e4nkt Para-Macht nicht mehr.<\/li>\n<\/ul>\n<ul>\n<li><span>2002<\/span>, Febr<span>\u00a0<\/span><span>Bojay\u00e1<\/span>, Choc\u00f3. K\u00e4mpfe zwischen FARC und Paramilit\u00e4rs. Eine Granate der FARC verursacht Tod von \u00fcber 100 Zivilisten. FARC kidnappt Flugzeug. Pastrana erkl\u00e4rt Friedensprozess f\u00fcr beendet. (20.2.). Aug. 600 Frauenorganisationen organisieren Demonstration f\u00fcr den Frieden, 40&#8217;000 Frauen aus dem ganzen Land versammeln sich auf dem Bolivar-Platz.<\/li>\n<\/ul>\n<ul>\n<li><span>2002<\/span><span>\u00a0<\/span><span>Alvaro Uribe V\u00e9lez<\/span><span>\u00a0<\/span>wird Pr\u00e4sident.2002, Gesetz 782 f\u00fcr<span>\u00a0<\/span><span>Demobilisierung<\/span><span>\u00a0<\/span>der Paras<\/li>\n<\/ul>\n<ul>\n<li><span>2003<\/span><span>\u00a0<\/span>Juni: Massive<span>\u00a0Aufr\u00fcstung<\/span>. Netz von 2 Mio Kollaborateuren. Plan Patriota gegen Guerilla. (800 Leute aus USA unterst\u00fctzen diesen.) Sept.: Uribe attackiert \u00f6ffentlich NGOs.Flusspilgerfahrt auf dem R\u00edo AtratoOkt:<span>\u00a0<\/span><span>Lucho Garz\u00f3n<\/span><span>\u00a0<\/span>wird B\u00fcrgermeister in Bogot\u00e1.<\/li>\n<\/ul>\n<ul>\n<li><span>2003<\/span>, Nov 1. Demobilisierung der AUC (in Medell\u00edn).<\/li>\n<\/ul>\n<ul>\n<li><span>2004<\/span>, April Vicente Casta\u00f1o l\u00e4sst seinen Bruder Carlos Casta\u00f1o wegen interner Auseinandersetzungenermorden.<\/li>\n<\/ul>\n<ul>\n<li><span>2005<\/span>, 21.2. 8 Mitglieder der Friedensgemeinde von San Jos\u00e9 de Apartad\u00f3 werden vermutlich von der Armee ermordet.\u00a0<span>Gesetz 975<\/span><span>\u00a0<\/span>\u201eGerechtigkeit und Frieden\u201c f\u00fcr Paras, die nicht unter die Amnestie-Regeln fallen (Dekret 123 von 2003). Gespr\u00e4che zwischen Regierung und<span>\u00a0<\/span><span>ELN<\/span>.<span>\u00a0<\/span><span>R\u00fcck\u00fcberweisungen<\/span><span>\u00a0<\/span>an Angeh\u00f6rige in Kolumbien: 4.2 Mia Dollar.<\/li>\n<\/ul>\n<ul>\n<li><span>2006<\/span>, M\u00e4rz: Bericht der NGO Global Right: 61% der Personen, die durch das Gesetz 70 Landtitel bekamen, haben diese durch Vertreibung wieder verloren. Mai Verfassungsgerichtshof erkl\u00e4rt Teile des Gesetzes 975 als verfassungswidrig. 28.5.<span>\u00a0<\/span><span>Wahlen<\/span>: Uribe im 1. Wahlgang mit 62% der Stimmen gew\u00e4hlt. Carlos Gaviria 22%. \u00dcber 30&#8217;000 Paras wollen demobilisieren (resp. sich legalisieren.).Paras werden wieder aktiv.<\/li>\n<\/ul>\n<ul>\n<li><span><strong>2007<\/strong> Bodenkonzentration<\/span>: 0,4% besitzen 61,2% des Bodens, 57,3% 1,7%. In den letzten 2 Jahrzehnten sind 5.5 Mio KolumbianerInnen ins Ausland gefl\u00fcchtet. 3.5 Mio intern Vertriebene.<\/li>\n<\/ul>\n<p>[\/et_pb_text][\/et_pb_column][\/et_pb_row][\/et_pb_section][et_pb_section fb_built=&#8220;1&#8243; admin_label=&#8220;Footer&#8220; _builder_version=&#8220;3.27.4&#8243; background_color=&#8220;#151f33&#8243; custom_margin=&#8220;34px||-79px|||&#8220; custom_padding=&#8220;38px||0px|||&#8220; custom_padding_tablet=&#8220;0px||0px|&#8220; transparent_background=&#8220;off&#8220; padding_mobile=&#8220;on&#8220; make_fullwidth=&#8220;off&#8220; use_custom_width=&#8220;off&#8220; width_unit=&#8220;on&#8220; global_module=&#8220;3916&#8243; fb_built=&#8220;1&#8243; _i=&#8220;0&#8243; _address=&#8220;2&#8243;][et_pb_row column_structure=&#8220;1_2,1_4,1_4&#8243; use_custom_gutter=&#8220;on&#8220; gutter_width=&#8220;2&#8243; padding_mobile=&#8220;on&#8220; column_padding_mobile=&#8220;on&#8220; admin_label=&#8220;Row&#8220; _builder_version=&#8220;3.25&#8243; background_size=&#8220;initial&#8220; background_position=&#8220;top_left&#8220; background_repeat=&#8220;repeat&#8220; custom_margin=&#8220;19px|auto||auto||&#8220; custom_padding=&#8220;0px||50px|||&#8220; make_fullwidth=&#8220;off&#8220; use_custom_width=&#8220;off&#8220; width_unit=&#8220;on&#8220; _i=&#8220;0&#8243; _address=&#8220;2.0&#8243;][et_pb_column type=&#8220;1_2&#8243; _builder_version=&#8220;3.25&#8243; custom_padding=&#8220;|||&#8220; _i=&#8220;0&#8243; _address=&#8220;2.0.0&#8243; custom_padding__hover=&#8220;|||&#8220;][et_pb_text admin_label=&#8220;Text&#8220; _builder_version=&#8220;3.27.4&#8243; text_font=&#8220;Noto Serif||||||||&#8220; text_text_color=&#8220;#f39900&#8243; text_font_size=&#8220;20px&#8220; text_line_height=&#8220;1.4em&#8220; background_size=&#8220;initial&#8220; background_position=&#8220;top_left&#8220; background_repeat=&#8220;repeat&#8220; background_layout=&#8220;dark&#8220; custom_margin=&#8220;||8px|&#8220; custom_css_main_element=&#8220;font-weight: 900;&#8220; use_border_color=&#8220;off&#8220; border_color=&#8220;#ffffff&#8220; border_style=&#8220;solid&#8220; _i=&#8220;0&#8243; _address=&#8220;2.0.0.0&#8243;]<\/p>\n<p>ASK Arbeitsgruppe Schweiz Kolumbien<\/p>\n<p>[\/et_pb_text][et_pb_text admin_label=&#8220;Text&#8220; _builder_version=&#8220;3.27.4&#8243; text_font=&#8220;Noto Serif||||||||&#8220; text_text_color=&#8220;#f39900&#8243; text_font_size=&#8220;16&#8243; text_line_height=&#8220;1.5em&#8220; background_size=&#8220;initial&#8220; background_position=&#8220;top_left&#8220; background_repeat=&#8220;repeat&#8220; max_width=&#8220;300px&#8220; custom_margin=&#8220;30px||30px||false|false&#8220; custom_margin_tablet=&#8220;||10px|&#8220; custom_margin_last_edited=&#8220;on|tablet&#8220; custom_padding=&#8220;0px|||&#8220; use_border_color=&#8220;off&#8220; border_color=&#8220;#ffffff&#8220; border_style=&#8220;solid&#8220; _i=&#8220;1&#8243; _address=&#8220;2.0.0.1&#8243;]<\/p>\n<p>Schwanengasse 9 &#8211; CH 3011 Bern &#8211; Switzerland<br \/> Tel 031 311 40 20<br \/> PC-Konto 60-186321-2<br \/> IBAN CH33 0900 0000 6018 6321 2<br \/> BIC POFICHBEXXX<br \/> E-Mail:\u00a0<span style=\"color: #f39900;\"><a href=\"mailto:kommunikation@askonline.ch\" target=\"_blank\" rel=\"noopener noreferrer\" style=\"color: #f39900;\">kommunikation@askonline.ch<\/a><\/span><\/p>\n<p>[\/et_pb_text][\/et_pb_column][et_pb_column type=&#8220;1_4&#8243; _builder_version=&#8220;3.25&#8243; custom_padding=&#8220;|||&#8220; _i=&#8220;1&#8243; _address=&#8220;2.0.1&#8243; custom_padding__hover=&#8220;|||&#8220;][et_pb_divider _builder_version=&#8220;3.27.4&#8243; width=&#8220;37%&#8220; module_alignment=&#8220;left&#8220; custom_margin=&#8220;15px||-10px||false|false&#8220; _i=&#8220;0&#8243; _address=&#8220;2.0.1.0&#8243;][\/et_pb_divider][et_pb_text admin_label=&#8220;Text&#8220; _builder_version=&#8220;3.27.4&#8243; text_font=&#8220;Noto Serif||||||||&#8220; text_text_color=&#8220;#f39900&#8243; text_font_size=&#8220;16px&#8220; text_line_height=&#8220;2.2em&#8220; background_size=&#8220;initial&#8220; background_position=&#8220;top_left&#8220; background_repeat=&#8220;repeat&#8220; background_layout=&#8220;dark&#8220; custom_padding=&#8220;0px|||&#8220; use_border_color=&#8220;off&#8220; border_color=&#8220;#ffffff&#8220; border_style=&#8220;solid&#8220; _i=&#8220;1&#8243; _address=&#8220;2.0.1.1&#8243;]<\/p>\n<p><span style=\"color: #f39900f;\"><a href=\"\/impressum\/\" style=\"color: #f39900;\">Impressum<br \/><\/a><\/span><span style=\"color: #f39900f;\"><a href=\"\/kontakt\/\" style=\"color: #f39900;\">Kontakt<br \/><\/a><\/span><span style=\"color: #f39900f;\"><a href=\"\/datenschutzerklaerung\/\" style=\"color: #f39900;\">Datenschutzerkl\u00e4rung<br \/><\/a><\/span><span style=\"color: #f39900f;\"><a href=\"\/newsletter\/\" style=\"color: #f39900;\">Newsletter<br \/><\/a><\/span><span style=\"color: #f39900f;\"><a href=\"\/sitemap\/\" style=\"color: #f39900;\">Sitemap<br \/> <\/a><\/span><\/p>\n<p>[\/et_pb_text][\/et_pb_column][et_pb_column type=&#8220;1_4&#8243; _builder_version=&#8220;3.25&#8243; custom_padding=&#8220;|||&#8220; _i=&#8220;2&#8243; _address=&#8220;2.0.2&#8243; custom_padding__hover=&#8220;|||&#8220;][et_pb_divider _builder_version=&#8220;3.27.4&#8243; width=&#8220;37%&#8220; module_alignment=&#8220;left&#8220; custom_margin=&#8220;15px||-10px||false|false&#8220; _i=&#8220;0&#8243; _address=&#8220;2.0.2.0&#8243;][\/et_pb_divider][et_pb_text admin_label=&#8220;Text&#8220; _builder_version=&#8220;3.27.4&#8243; text_font=&#8220;Noto Serif||||||||&#8220; text_text_color=&#8220;#f39900&#8243; text_font_size=&#8220;16px&#8220; text_line_height=&#8220;2.2em&#8220; background_size=&#8220;initial&#8220; background_position=&#8220;top_left&#8220; background_repeat=&#8220;repeat&#8220; background_layout=&#8220;dark&#8220; custom_padding=&#8220;0px|||&#8220; use_border_color=&#8220;off&#8220; border_color=&#8220;#ffffff&#8220; border_style=&#8220;solid&#8220; _i=&#8220;1&#8243; _address=&#8220;2.0.2.1&#8243;]<span style=\"color: #f39900f;\"><a href=\"\/ueber-uns\/\" style=\"color: #f39900;\">\u00dcber uns<br \/>\n<\/a><\/span><span style=\"color: #f39900f;\"><a href=\"\/unterstuetzen\/\" style=\"color: #f39900;\">Unterst\u00fctzen<br \/>\n<\/a><\/span><span style=\"color: #f39900f;\"><a href=\"\/ueber-kolumbien\/\" style=\"color: #f39900;\">\u00dcber Kolumbien<br \/>\n<\/a><\/span><span style=\"color: #f39900f;\"><a href=\"\/publikationen\/\" style=\"color: #f39900;\">Publikationen<br \/>\n<\/a><\/span><span style=\"color: #f39900f;\"><a href=\"\/links\/\" style=\"color: #f39900;\">Links<br \/>\n<\/a><\/span>[\/et_pb_text][\/et_pb_column][\/et_pb_row][\/et_pb_section]<\/p>\n","protected":false},"excerpt":{"rendered":"<p>Ein kurzer Blick zur\u00fcck Ein kurzer Blick zur\u00fcck &nbsp; &#8222;Kolumbien verstehen \u2013 Geschichte und Gegenwart eines zerrissenen Landes&#8220; heisst der Titel einer wichtigen deutschsprachigen Publikation von Werner H\u00f6rtner zu Kolumbien. Anhand der Publikation haben ask!-Mitglieder eine kurze Chronologie erstellt, die wichtige Ereignisse in der kolumbianischen Geschichte aufzeigt. Chronologie &nbsp; 1781\u00a0Aufstand der\u00a0Comuneros\u00a0gegen koloniale Beh\u00f6rde. Beginn in [&hellip;]<\/p>\n","protected":false},"author":1,"featured_media":0,"parent":4004,"menu_order":0,"comment_status":"closed","ping_status":"closed","template":"","meta":{"_et_pb_use_builder":"on","_et_pb_old_content":"","_et_gb_content_width":"","footnotes":""},"class_list":["post-4482","page","type-page","status-publish","hentry"],"_links":{"self":[{"href":"https:\/\/kolko.net\/askonline\/wp-json\/wp\/v2\/pages\/4482","targetHints":{"allow":["GET"]}}],"collection":[{"href":"https:\/\/kolko.net\/askonline\/wp-json\/wp\/v2\/pages"}],"about":[{"href":"https:\/\/kolko.net\/askonline\/wp-json\/wp\/v2\/types\/page"}],"author":[{"embeddable":true,"href":"https:\/\/kolko.net\/askonline\/wp-json\/wp\/v2\/users\/1"}],"replies":[{"embeddable":true,"href":"https:\/\/kolko.net\/askonline\/wp-json\/wp\/v2\/comments?post=4482"}],"version-history":[{"count":6,"href":"https:\/\/kolko.net\/askonline\/wp-json\/wp\/v2\/pages\/4482\/revisions"}],"predecessor-version":[{"id":4498,"href":"https:\/\/kolko.net\/askonline\/wp-json\/wp\/v2\/pages\/4482\/revisions\/4498"}],"up":[{"embeddable":true,"href":"https:\/\/kolko.net\/askonline\/wp-json\/wp\/v2\/pages\/4004"}],"wp:attachment":[{"href":"https:\/\/kolko.net\/askonline\/wp-json\/wp\/v2\/media?parent=4482"}],"curies":[{"name":"wp","href":"https:\/\/api.w.org\/{rel}","templated":true}]}}